{"id":6148,"date":"2022-05-20T10:28:40","date_gmt":"2022-05-20T10:28:40","guid":{"rendered":"https:\/\/well-grounded.org\/?page_id=6148"},"modified":"2024-10-02T10:53:26","modified_gmt":"2024-10-02T10:53:26","slug":"blog","status":"publish","type":"page","link":"https:\/\/well-grounded.org\/fr\/blog\/","title":{"rendered":"Nouvelles et vues"},"content":{"rendered":"<p><div class=\"fusion-fullwidth fullwidth-box fusion-builder-row-1 fusion-flex-container nonhundred-percent-fullwidth non-hundred-percent-height-scrolling\" style=\"--awb-background-position:left top;--awb-border-sizes-top:0px;--awb-border-sizes-bottom:0px;--awb-border-sizes-left:0px;--awb-border-sizes-right:0px;--awb-border-radius-top-left:0px;--awb-border-radius-top-right:0px;--awb-border-radius-bottom-right:0px;--awb-border-radius-bottom-left:0px;--awb-flex-wrap:wrap;\" ><div class=\"fusion-builder-row fusion-row fusion-flex-align-items-stretch fusion-flex-content-wrap\" style=\"max-width:1331.2px;margin-left: calc(-4% \/ 2 );margin-right: calc(-4% \/ 2 );\"><div class=\"fusion-layout-column fusion_builder_column fusion-builder-column-0 fusion_builder_column_1_1 1_1 fusion-flex-column\" style=\"--awb-bg-size:cover;--awb-width-large:100%;--awb-margin-top-large:10px;--awb-spacing-right-large:1.92%;--awb-margin-bottom-large:3%;--awb-spacing-left-large:1.92%;--awb-width-medium:100%;--awb-spacing-right-medium:1.92%;--awb-spacing-left-medium:1.92%;--awb-width-small:100%;--awb-spacing-right-small:1.92%;--awb-spacing-left-small:1.92%;\"><div class=\"fusion-column-wrapper fusion-flex-justify-content-flex-start fusion-content-layout-column\"><div class=\"fusion-blog-shortcode fusion-blog-shortcode-1 fusion-blog-archive fusion-blog-layout-medium fusion-blog-no\"><div class=\"fusion-posts-container fusion-posts-container-no fusion-blog-rollover\" data-pages=\"0\"><article id=\"blog-1-post-12070\" class=\"fusion-post-medium post-12070 post type-post status-publish format-standard has-post-thumbnail hentry category-leadership category-parcours-inspirants\">\n\t<style type=\"text\/css\">\n\t\t\n\t\t\n\t\t\n\t\t\n\t\t\t<\/style>\n\n\n\t\t\t<div class=\"fusion-flexslider flexslider fusion-flexslider-loading fusion-post-slideshow\" style=\"\">\n\t\t<ul class=\"slides\">\n\t\t\t\n\t\t\t\t\t\t\t\t\t\t\t\t\t\t<li><div  class=\"fusion-image-wrapper fusion-image-size-fixed\" aria-haspopup=\"true\">\n\t\t\t\t<img decoding=\"async\" width=\"320\" height=\"202\" src=\"https:\/\/i0.wp.com\/well-grounded.org\/wp-content\/uploads\/2025\/12\/image-6-1.png?resize=320%2C202&amp;ssl=1\" class=\"attachment-blog-medium size-blog-medium wp-post-image\" alt=\"Leadership Eastern DRC\" srcset=\"https:\/\/i0.wp.com\/well-grounded.org\/wp-content\/uploads\/2025\/12\/image-6-1.png?resize=320%2C202&amp;ssl=1 320w, https:\/\/i0.wp.com\/well-grounded.org\/wp-content\/uploads\/2025\/12\/image-6-1.png?zoom=2&amp;resize=320%2C202&amp;ssl=1 640w, https:\/\/i0.wp.com\/well-grounded.org\/wp-content\/uploads\/2025\/12\/image-6-1.png?resize=700%2C441&amp;ssl=1 700w, https:\/\/i0.wp.com\/well-grounded.org\/wp-content\/uploads\/2025\/12\/image-6-1.png?zoom=3&amp;resize=320%2C202&amp;ssl=1 960w, https:\/\/i0.wp.com\/well-grounded.org\/wp-content\/uploads\/2025\/12\/image-6-1.png?fit=1782%2C851&amp;ssl=1 1782w\" sizes=\"(max-width: 320px) 100vw, 320px\" \/><div class=\"fusion-rollover\">\n\t<div class=\"fusion-rollover-content\">\n\n\t\t\t\t\t\t\t\t\t\t\t\t\t\t<a class=\"fusion-rollover-link\" href=\"https:\/\/well-grounded.org\/fr\/des-recits-puissants-de-leadership-de-resilience-et-dapprentissage-en-provenance-de-lest-de-la-rdc\/\">Des r\u00e9cits puissants de leadership, de r\u00e9silience et d\u2019apprentissage en provenance de l\u2019Est de la RDC<\/a>\n\t\t\t\n\t\t\t\t\t\t\t\t\t\t\t\t\t\t\n\t\t\t\t\t\t\t\t\n\t\t\t\t\t\t\t\t\t\t\t\t\t<div class=\"fusion-rollover-sep\"><\/div>\n\t\t\t\t\n\t\t\t\t\t\t\t\t\t\t\t\t\t\t\t\t\t\t<a class=\"fusion-rollover-gallery\" href=\"https:\/\/i0.wp.com\/well-grounded.org\/wp-content\/uploads\/2025\/12\/image-6-1.png?fit=1782%2C851&ssl=1\" data-options=\"\" data-id=\"12070\" data-rel=\"iLightbox[gallery]\" data-title=\"image (6) (1)\" data-caption=\"\">\n\t\t\t\t\t\tGallery\t\t\t\t\t<\/a>\n\t\t\t\t\t\t\t\t\t\t\t\t\t\t\n\t\t\n\t\t\t\t\t\t\t\t\n\t\t\t\t\t\t\t\t\n\t\t\n\t\t\t\t\t\t<a class=\"fusion-link-wrapper\" href=\"https:\/\/well-grounded.org\/fr\/des-recits-puissants-de-leadership-de-resilience-et-dapprentissage-en-provenance-de-lest-de-la-rdc\/\" aria-label=\"Des r\u00e9cits puissants de leadership, de r\u00e9silience et d\u2019apprentissage en provenance de l\u2019Est de la RDC\"><\/a>\n\t<\/div>\n<\/div>\n<\/div>\n<\/li>\n\t\t\t\n\t\t\t\n\t\t\t\t\t\t\t\t<\/ul>\n\t<\/div>\n\t<div class=\"fusion-post-content post-content\"><h2 class=\"blog-shortcode-post-title entry-title\">Des r\u00e9cits puissants de leadership, de r\u00e9silience et d\u2019apprentissage en provenance de l\u2019Est de la RDC<\/h2><div class=\"fusion-post-content-container\"><p>Nous sommes fiers de partager les apprentissages et les r\u00e9flexions issus de la conclusion r\u00e9ussie de deux programmes de leadership en ligne men\u00e9s avec des leaders de l\u2019Est de la RDC. Au cours des derniers mois, nous avons travaill\u00e9 avec deux cohortes : des responsables de six organisations dynamiques de la soci\u00e9t\u00e9 civile \u0153uvrant autour du parc national de Kahuzi-Biega pour promouvoir une gouvernance foresti\u00e8re port\u00e9e par les communaut\u00e9s, ainsi<a href=\"https:\/\/well-grounded.org\/fr\/des-recits-puissants-de-leadership-de-resilience-et-dapprentissage-en-provenance-de-lest-de-la-rdc\/\"> [...]<\/a><\/p><\/div><\/div><div class=\"fusion-clearfix\"><\/div><div class=\"fusion-meta-info\"><div class=\"fusion-alignleft\"><span class=\"vcard\" style=\"display: none;\"><span class=\"fn\"><a href=\"https:\/\/well-grounded.org\/fr\/author\/well-grounded\/\" title=\"Articles par Well Grounded\" rel=\"author\">Well Grounded<\/a><\/span><\/span><span class=\"updated\" style=\"display:none;\">2025-12-19T09:10:06+00:00<\/span><span>d\u00e9cembre 18th, 2025<\/span><span class=\"fusion-inline-sep\">|<\/span>Categories: <a href=\"https:\/\/well-grounded.org\/fr\/category\/leadership\/\" rel=\"category tag\">Leadership<\/a>, <a href=\"https:\/\/well-grounded.org\/fr\/category\/parcours-inspirants\/\" rel=\"category tag\">Parcours inspirants<\/a><span class=\"fusion-inline-sep\">|<\/span><\/div><div class=\"fusion-alignright\"><a class=\"fusion-read-more\" href=\"https:\/\/well-grounded.org\/fr\/des-recits-puissants-de-leadership-de-resilience-et-dapprentissage-en-provenance-de-lest-de-la-rdc\/\" aria-label=\"More on Des r\u00e9cits puissants de leadership, de r\u00e9silience et d\u2019apprentissage en provenance de l\u2019Est de la RDC\">Read More<\/a><\/div><\/div><\/article>\n<article id=\"blog-1-post-12039\" class=\"fusion-post-medium post-12039 post type-post status-publish format-standard has-post-thumbnail hentry category-developpement-organisationnel category-nos-activites\">\n\t<style type=\"text\/css\">\n\t\t\n\t\t\n\t\t\n\t\t\n\t\t\t<\/style>\n\n\n\t\t\t<div class=\"fusion-flexslider flexslider fusion-flexslider-loading fusion-post-slideshow\" style=\"\">\n\t\t<ul class=\"slides\">\n\t\t\t\n\t\t\t\t\t\t\t\t\t\t\t\t\t\t<li><div  class=\"fusion-image-wrapper fusion-image-size-fixed\" aria-haspopup=\"true\">\n\t\t\t\t<img decoding=\"async\" width=\"320\" height=\"202\" src=\"https:\/\/i0.wp.com\/well-grounded.org\/wp-content\/uploads\/2025\/09\/Online-leadership-training-E.-DRC-2.png?resize=320%2C202&amp;ssl=1\" class=\"attachment-blog-medium size-blog-medium wp-post-image\" alt=\"Participants in online leadership training E. DRC\" srcset=\"https:\/\/i0.wp.com\/well-grounded.org\/wp-content\/uploads\/2025\/09\/Online-leadership-training-E.-DRC-2.png?resize=320%2C202&amp;ssl=1 320w, https:\/\/i0.wp.com\/well-grounded.org\/wp-content\/uploads\/2025\/09\/Online-leadership-training-E.-DRC-2.png?fit=512%2C219&amp;ssl=1 512w\" sizes=\"(max-width: 320px) 100vw, 320px\" \/><div class=\"fusion-rollover\">\n\t<div class=\"fusion-rollover-content\">\n\n\t\t\t\t\t\t\t\t\t\t\t\t\t\t<a class=\"fusion-rollover-link\" href=\"https:\/\/well-grounded.org\/fr\/la-technologie-au-service-de-la-resilience-notre-virage-vers-laccompagnement-en-ligne-de-la-societe-civile-dans-lest-de-la-rdc\/\">La technologie au service de la r\u00e9silience : notre virage vers l\u2019accompagnement en ligne de la soci\u00e9t\u00e9 civile dans l\u2019Est de la RDC<\/a>\n\t\t\t\n\t\t\t\t\t\t\t\t\t\t\t\t\t\t\n\t\t\t\t\t\t\t\t\n\t\t\t\t\t\t\t\t\t\t\t\t\t<div class=\"fusion-rollover-sep\"><\/div>\n\t\t\t\t\n\t\t\t\t\t\t\t\t\t\t\t\t\t\t\t\t\t\t<a class=\"fusion-rollover-gallery\" href=\"https:\/\/i0.wp.com\/well-grounded.org\/wp-content\/uploads\/2025\/09\/Online-leadership-training-E.-DRC-2.png?fit=512%2C219&ssl=1\" data-options=\"\" data-id=\"12039\" data-rel=\"iLightbox[gallery]\" data-title=\"Online leadership training E. DRC 2\" data-caption=\"\">\n\t\t\t\t\t\tGallery\t\t\t\t\t<\/a>\n\t\t\t\t\t\t\t\t\t\t\t\t\t\t\n\t\t\n\t\t\t\t\t\t\t\t\n\t\t\t\t\t\t\t\t\n\t\t\n\t\t\t\t\t\t<a class=\"fusion-link-wrapper\" href=\"https:\/\/well-grounded.org\/fr\/la-technologie-au-service-de-la-resilience-notre-virage-vers-laccompagnement-en-ligne-de-la-societe-civile-dans-lest-de-la-rdc\/\" aria-label=\"La technologie au service de la r\u00e9silience : notre virage vers l\u2019accompagnement en ligne de la soci\u00e9t\u00e9 civile dans l\u2019Est de la RDC\"><\/a>\n\t<\/div>\n<\/div>\n<\/div>\n<\/li>\n\t\t\t\n\t\t\t\n\t\t\t\t\t\t\t\t<\/ul>\n\t<\/div>\n\t<div class=\"fusion-post-content post-content\"><h2 class=\"blog-shortcode-post-title entry-title\">La technologie au service de la r\u00e9silience : notre virage vers l\u2019accompagnement en ligne de la soci\u00e9t\u00e9 civile dans l\u2019Est de la RDC<\/h2><div class=\"fusion-post-content-container\"><p>A l\u2019Est de la R\u00e9publique D\u00e9mocratique du Congo, le conflit arm\u00e9 persistant a consid\u00e9rablement perturb\u00e9 le travail des organisations de la soci\u00e9t\u00e9 civile (OSC), en particulier celles engag\u00e9es dans la protection de l\u2019environnement. L\u2019escalade du conflit au d\u00e9but de l\u2019ann\u00e9e 2025 nous a \u00e9galement contraints \u00e0 suspendre nos activit\u00e9s de facilitation en pr\u00e9sentiel sur le leadership et le d\u00e9veloppement organisationnel. Mais nous ne voulions pas retirer notre soutien aux leaders<a href=\"https:\/\/well-grounded.org\/fr\/la-technologie-au-service-de-la-resilience-notre-virage-vers-laccompagnement-en-ligne-de-la-societe-civile-dans-lest-de-la-rdc\/\"> [...]<\/a><\/p><\/div><\/div><div class=\"fusion-clearfix\"><\/div><div class=\"fusion-meta-info\"><div class=\"fusion-alignleft\"><span class=\"vcard\" style=\"display: none;\"><span class=\"fn\"><a href=\"https:\/\/well-grounded.org\/fr\/author\/well-grounded\/\" title=\"Articles par Well Grounded\" rel=\"author\">Well Grounded<\/a><\/span><\/span><span class=\"updated\" style=\"display:none;\">2025-09-19T13:45:54+00:00<\/span><span>septembre 19th, 2025<\/span><span class=\"fusion-inline-sep\">|<\/span>Categories: <a href=\"https:\/\/well-grounded.org\/fr\/category\/developpement-organisationnel\/\" rel=\"category tag\">D\u00e9veloppement Organisationnel<\/a>, <a href=\"https:\/\/well-grounded.org\/fr\/category\/nos-activites\/\" rel=\"category tag\">Nos activit\u00e9s<\/a><span class=\"fusion-inline-sep\">|<\/span><\/div><div class=\"fusion-alignright\"><a class=\"fusion-read-more\" href=\"https:\/\/well-grounded.org\/fr\/la-technologie-au-service-de-la-resilience-notre-virage-vers-laccompagnement-en-ligne-de-la-societe-civile-dans-lest-de-la-rdc\/\" aria-label=\"More on La technologie au service de la r\u00e9silience : notre virage vers l\u2019accompagnement en ligne de la soci\u00e9t\u00e9 civile dans l\u2019Est de la RDC\">Read More<\/a><\/div><\/div><\/article>\n<article id=\"blog-1-post-12012\" class=\"fusion-post-medium post-12012 post type-post status-publish format-standard has-post-thumbnail hentry category-opinion-2\">\n\t<style type=\"text\/css\">\n\t\t\n\t\t\n\t\t\n\t\t\n\t\t\t<\/style>\n\n\n\t\t\t<div class=\"fusion-flexslider flexslider fusion-flexslider-loading fusion-post-slideshow\" style=\"\">\n\t\t<ul class=\"slides\">\n\t\t\t\n\t\t\t\t\t\t\t\t\t\t\t\t\t\t<li><div  class=\"fusion-image-wrapper fusion-image-size-fixed\" aria-haspopup=\"true\">\n\t\t\t\t<img decoding=\"async\" width=\"320\" height=\"202\" src=\"https:\/\/i0.wp.com\/well-grounded.org\/wp-content\/uploads\/2025\/08\/Timothee-Emini.jpg?resize=320%2C202&amp;ssl=1\" class=\"attachment-blog-medium size-blog-medium wp-post-image\" alt=\"Timothee Emini\" srcset=\"https:\/\/i0.wp.com\/well-grounded.org\/wp-content\/uploads\/2025\/08\/Timothee-Emini.jpg?resize=320%2C202&amp;ssl=1 320w, https:\/\/i0.wp.com\/well-grounded.org\/wp-content\/uploads\/2025\/08\/Timothee-Emini.jpg?fit=512%2C341&amp;ssl=1 512w\" sizes=\"(max-width: 320px) 100vw, 320px\" \/><div class=\"fusion-rollover\">\n\t<div class=\"fusion-rollover-content\">\n\n\t\t\t\t\t\t\t\t\t\t\t\t\t\t<a class=\"fusion-rollover-link\" href=\"https:\/\/well-grounded.org\/fr\/un-leadership-enracinee\/\">Un leadership enracin\u00e9e: Une conversation avec Dr EMINI Timoth\u00e9e<\/a>\n\t\t\t\n\t\t\t\t\t\t\t\t\t\t\t\t\t\t\n\t\t\t\t\t\t\t\t\n\t\t\t\t\t\t\t\t\t\t\t\t\t<div class=\"fusion-rollover-sep\"><\/div>\n\t\t\t\t\n\t\t\t\t\t\t\t\t\t\t\t\t\t\t\t\t\t\t<a class=\"fusion-rollover-gallery\" href=\"https:\/\/i0.wp.com\/well-grounded.org\/wp-content\/uploads\/2025\/08\/Timothee-Emini.jpg?fit=512%2C341&ssl=1\" data-options=\"\" data-id=\"12012\" data-rel=\"iLightbox[gallery]\" data-title=\"Timothee Emini\" data-caption=\"\">\n\t\t\t\t\t\tGallery\t\t\t\t\t<\/a>\n\t\t\t\t\t\t\t\t\t\t\t\t\t\t\n\t\t\n\t\t\t\t\t\t\t\t\n\t\t\t\t\t\t\t\t\n\t\t\n\t\t\t\t\t\t<a class=\"fusion-link-wrapper\" href=\"https:\/\/well-grounded.org\/fr\/un-leadership-enracinee\/\" aria-label=\"Un leadership enracin\u00e9e: Une conversation avec Dr EMINI Timoth\u00e9e\"><\/a>\n\t<\/div>\n<\/div>\n<\/div>\n<\/li>\n\t\t\t\n\t\t\t\n\t\t\t\t\t\t\t\t<\/ul>\n\t<\/div>\n\t<div class=\"fusion-post-content post-content\"><h2 class=\"blog-shortcode-post-title entry-title\">Un leadership enracin\u00e9e: Une conversation avec Dr EMINI Timoth\u00e9e<\/h2><div class=\"fusion-post-content-container\"><p>\u00c0 l\u2019occasion de la Journ\u00e9e internationale des peuples autochtones, nous partageons une conversation avec Dr EMINI Timoth\u00e9e, autochtone Baka originaire de la r\u00e9gion de l\u2019Est du Cameroun, et Coordonnateur du Programme de Leadership Autochtone chez Well Grounded. Timoth\u00e9e est une figure embl\u00e9matique : il est le tout premier autochtone des for\u00eats au Cameroun et en Afrique centrale \u00e0 avoir soutenu publiquement une th\u00e8se de doctorat PhD, une victoire symbolique et<a href=\"https:\/\/well-grounded.org\/fr\/un-leadership-enracinee\/\"> [...]<\/a><\/p><\/div><\/div><div class=\"fusion-clearfix\"><\/div><div class=\"fusion-meta-info\"><div class=\"fusion-alignleft\"><span class=\"vcard\" style=\"display: none;\"><span class=\"fn\"><a href=\"https:\/\/well-grounded.org\/fr\/author\/well-grounded\/\" title=\"Articles par Well Grounded\" rel=\"author\">Well Grounded<\/a><\/span><\/span><span class=\"updated\" style=\"display:none;\">2025-08-08T15:04:33+00:00<\/span><span>ao\u00fbt 8th, 2025<\/span><span class=\"fusion-inline-sep\">|<\/span>Categories: <a href=\"https:\/\/well-grounded.org\/fr\/category\/opinion-2\/\" rel=\"category tag\">Opinion<\/a><span class=\"fusion-inline-sep\">|<\/span><\/div><div class=\"fusion-alignright\"><a class=\"fusion-read-more\" href=\"https:\/\/well-grounded.org\/fr\/un-leadership-enracinee\/\" aria-label=\"More on Un leadership enracin\u00e9e: Une conversation avec Dr EMINI Timoth\u00e9e\">Read More<\/a><\/div><\/div><\/article>\n<article id=\"blog-1-post-11262\" class=\"fusion-post-medium post-11262 post type-post status-publish format-standard has-post-thumbnail hentry category-evenement category-nouvelles tag-les-eclaireuses-fr\">\n\t<style type=\"text\/css\">\n\t\t\n\t\t\n\t\t\n\t\t\n\t\t\t<\/style>\n\n\n\t\t\t<div class=\"fusion-flexslider flexslider fusion-flexslider-loading fusion-post-slideshow\" style=\"\">\n\t\t<ul class=\"slides\">\n\t\t\t\n\t\t\t\t\t\t\t\t\t\t\t\t\t\t<li><div  class=\"fusion-image-wrapper fusion-image-size-fixed\" aria-haspopup=\"true\">\n\t\t\t\t<img decoding=\"async\" width=\"320\" height=\"202\" src=\"https:\/\/i0.wp.com\/well-grounded.org\/wp-content\/uploads\/2023\/11\/Kisantu-Retreat.jpg?resize=320%2C202&amp;ssl=1\" class=\"attachment-blog-medium size-blog-medium wp-post-image\" alt=\"\" srcset=\"https:\/\/i0.wp.com\/well-grounded.org\/wp-content\/uploads\/2023\/11\/Kisantu-Retreat.jpg?resize=320%2C202&amp;ssl=1 320w, https:\/\/i0.wp.com\/well-grounded.org\/wp-content\/uploads\/2023\/11\/Kisantu-Retreat.jpg?zoom=2&amp;resize=320%2C202&amp;ssl=1 640w, https:\/\/i0.wp.com\/well-grounded.org\/wp-content\/uploads\/2023\/11\/Kisantu-Retreat.jpg?resize=700%2C441&amp;ssl=1 700w, https:\/\/i0.wp.com\/well-grounded.org\/wp-content\/uploads\/2023\/11\/Kisantu-Retreat.jpg?zoom=3&amp;resize=320%2C202&amp;ssl=1 960w, https:\/\/i0.wp.com\/well-grounded.org\/wp-content\/uploads\/2023\/11\/Kisantu-Retreat.jpg?fit=2004%2C1501&amp;ssl=1 2004w\" sizes=\"(max-width: 320px) 100vw, 320px\" \/><div class=\"fusion-rollover\">\n\t<div class=\"fusion-rollover-content\">\n\n\t\t\t\t\t\t\t\t\t\t\t\t\t\t<a class=\"fusion-rollover-link\" href=\"https:\/\/well-grounded.org\/fr\/bakokoli-annonce-de-la-derniere-cohorte-de-leaders-ecofeministes\/\">Bakokoli : Annonce de la derni\u00e8re cohorte de leaders \u00e9cof\u00e9ministes<\/a>\n\t\t\t\n\t\t\t\t\t\t\t\t\t\t\t\t\t\t\n\t\t\t\t\t\t\t\t\n\t\t\t\t\t\t\t\t\t\t\t\t\t<div class=\"fusion-rollover-sep\"><\/div>\n\t\t\t\t\n\t\t\t\t\t\t\t\t\t\t\t\t\t\t\t\t\t\t<a class=\"fusion-rollover-gallery\" href=\"https:\/\/i0.wp.com\/well-grounded.org\/wp-content\/uploads\/2023\/11\/Kisantu-Retreat.jpg?fit=2004%2C1501&ssl=1\" data-options=\"\" data-id=\"11262\" data-rel=\"iLightbox[gallery]\" data-title=\"Kisantu Retreat\" data-caption=\"\">\n\t\t\t\t\t\tGallery\t\t\t\t\t<\/a>\n\t\t\t\t\t\t\t\t\t\t\t\t\t\t\n\t\t\n\t\t\t\t\t\t\t\t\n\t\t\t\t\t\t\t\t\n\t\t\n\t\t\t\t\t\t<a class=\"fusion-link-wrapper\" href=\"https:\/\/well-grounded.org\/fr\/bakokoli-annonce-de-la-derniere-cohorte-de-leaders-ecofeministes\/\" aria-label=\"Bakokoli : Annonce de la derni\u00e8re cohorte de leaders \u00e9cof\u00e9ministes\"><\/a>\n\t<\/div>\n<\/div>\n<\/div>\n<\/li>\n\t\t\t\n\t\t\t\n\t\t\t\t\t\t\t\t<\/ul>\n\t<\/div>\n\t<div class=\"fusion-post-content post-content\"><h2 class=\"blog-shortcode-post-title entry-title\">Bakokoli : Annonce de la derni\u00e8re cohorte de leaders \u00e9cof\u00e9ministes<\/h2><div class=\"fusion-post-content-container\"><p> Une joyeuse c\u00e9r\u00e9monie en ligne marque la cl\u00f4ture d'un chapitre transformateur pour 19 participant.e.s de notre programme de leadership \u00e9cof\u00e9ministe, mais leur voyage continue 26 octobre 2023 Nous sommes ravis de partager avec vous l'excitation entourant la r\u00e9ussite de la derni\u00e8re \u00e9dition de notre programme de leadership \u00e9cof\u00e9ministe. Cette cohorte a suivi un voyage transformateur, se concluant par une c\u00e9r\u00e9monie de cl\u00f4ture la semaine derni\u00e8re - une c\u00e9l\u00e9bration partag\u00e9e<a href=\"https:\/\/well-grounded.org\/fr\/bakokoli-annonce-de-la-derniere-cohorte-de-leaders-ecofeministes\/\"> [...]<\/a><\/p><\/div><\/div><div class=\"fusion-clearfix\"><\/div><div class=\"fusion-meta-info\"><div class=\"fusion-alignleft\"><span class=\"vcard\" style=\"display: none;\"><span class=\"fn\"><a href=\"https:\/\/well-grounded.org\/fr\/author\/well-grounded\/\" title=\"Articles par Well Grounded\" rel=\"author\">Well Grounded<\/a><\/span><\/span><span class=\"updated\" style=\"display:none;\">2024-10-02T10:39:44+00:00<\/span><span>novembre 6th, 2023<\/span><span class=\"fusion-inline-sep\">|<\/span>Categories: <a href=\"https:\/\/well-grounded.org\/fr\/category\/evenement\/\" rel=\"category tag\">\u00c9v\u00e9nement<\/a>, <a href=\"https:\/\/well-grounded.org\/fr\/category\/nouvelles\/\" rel=\"category tag\">Nouvelles<\/a><span class=\"fusion-inline-sep\">|<\/span><span class=\"meta-tags\">Tags: <a href=\"https:\/\/well-grounded.org\/fr\/tag\/les-eclaireuses-fr\/\" rel=\"tag\">Programme Les Eclaireuses<\/a><\/span><span class=\"fusion-inline-sep\">|<\/span><\/div><div class=\"fusion-alignright\"><a class=\"fusion-read-more\" href=\"https:\/\/well-grounded.org\/fr\/bakokoli-annonce-de-la-derniere-cohorte-de-leaders-ecofeministes\/\" aria-label=\"More on Bakokoli : Annonce de la derni\u00e8re cohorte de leaders \u00e9cof\u00e9ministes\">Read More<\/a><\/div><\/div><\/article>\n<article id=\"blog-1-post-11117\" class=\"fusion-post-medium post-11117 post type-post status-publish format-standard has-post-thumbnail hentry category-evenement tag-leadership-des-peuples-autochtones\">\n\t<style type=\"text\/css\">\n\t\t\n\t\t\n\t\t\n\t\t\n\t\t\t<\/style>\n\n\n\t\t\t<div class=\"fusion-flexslider flexslider fusion-flexslider-loading fusion-post-slideshow\" style=\"\">\n\t\t<ul class=\"slides\">\n\t\t\t\n\t\t\t\t\t\t\t\t\t\t\t\t\t\t<li><div  class=\"fusion-image-wrapper fusion-image-size-fixed\" aria-haspopup=\"true\">\n\t\t\t\t<img decoding=\"async\" width=\"320\" height=\"202\" src=\"https:\/\/i0.wp.com\/well-grounded.org\/wp-content\/uploads\/2023\/10\/Reunion-communautaire-village-Baka-de-Miatta-scaled.jpg?resize=320%2C202&amp;ssl=1\" class=\"attachment-blog-medium size-blog-medium wp-post-image\" alt=\"\" srcset=\"https:\/\/i0.wp.com\/well-grounded.org\/wp-content\/uploads\/2023\/10\/Reunion-communautaire-village-Baka-de-Miatta-scaled.jpg?resize=320%2C202&amp;ssl=1 320w, https:\/\/i0.wp.com\/well-grounded.org\/wp-content\/uploads\/2023\/10\/Reunion-communautaire-village-Baka-de-Miatta-scaled.jpg?zoom=2&amp;resize=320%2C202&amp;ssl=1 640w, https:\/\/i0.wp.com\/well-grounded.org\/wp-content\/uploads\/2023\/10\/Reunion-communautaire-village-Baka-de-Miatta-scaled.jpg?resize=700%2C441&amp;ssl=1 700w, https:\/\/i0.wp.com\/well-grounded.org\/wp-content\/uploads\/2023\/10\/Reunion-communautaire-village-Baka-de-Miatta-scaled.jpg?zoom=3&amp;resize=320%2C202&amp;ssl=1 960w, https:\/\/i0.wp.com\/well-grounded.org\/wp-content\/uploads\/2023\/10\/Reunion-communautaire-village-Baka-de-Miatta-scaled.jpg?fit=2560%2C1920&amp;ssl=1 2560w\" sizes=\"(max-width: 320px) 100vw, 320px\" \/><div class=\"fusion-rollover\">\n\t<div class=\"fusion-rollover-content\">\n\n\t\t\t\t\t\t\t\t\t\t\t\t\t\t<a class=\"fusion-rollover-link\" href=\"https:\/\/well-grounded.org\/fr\/reconstruire-lidentite-autochtone-dans-les-espaces-forestiers-recemment-octroyes-ou-acquis\/\">Reconstruire l\u2019identit\u00e9 autochtone dans les espaces forestiers r\u00e9cemment octroy\u00e9s ou acquis<\/a>\n\t\t\t\n\t\t\t\t\t\t\t\t\t\t\t\t\t\t\n\t\t\t\t\t\t\t\t\n\t\t\t\t\t\t\t\t\t\t\t\t\t<div class=\"fusion-rollover-sep\"><\/div>\n\t\t\t\t\n\t\t\t\t\t\t\t\t\t\t\t\t\t\t\t\t\t\t<a class=\"fusion-rollover-gallery\" href=\"https:\/\/i0.wp.com\/well-grounded.org\/wp-content\/uploads\/2023\/10\/Reunion-communautaire-village-Baka-de-Miatta-scaled.jpg?fit=2560%2C1920&ssl=1\" data-options=\"\" data-id=\"11117\" data-rel=\"iLightbox[gallery]\" data-title=\"Re\u0301union communautaire, village Baka de Miatta.\" data-caption=\"\">\n\t\t\t\t\t\tGallery\t\t\t\t\t<\/a>\n\t\t\t\t\t\t\t\t\t\t\t\t\t\t\n\t\t\n\t\t\t\t\t\t\t\t\n\t\t\t\t\t\t\t\t\n\t\t\n\t\t\t\t\t\t<a class=\"fusion-link-wrapper\" href=\"https:\/\/well-grounded.org\/fr\/reconstruire-lidentite-autochtone-dans-les-espaces-forestiers-recemment-octroyes-ou-acquis\/\" aria-label=\"Reconstruire l\u2019identit\u00e9 autochtone dans les espaces forestiers r\u00e9cemment octroy\u00e9s ou acquis\"><\/a>\n\t<\/div>\n<\/div>\n<\/div>\n<\/li>\n\t\t\t\n\t\t\t\n\t\t\t\t\t\t\t\t<\/ul>\n\t<\/div>\n\t<div class=\"fusion-post-content post-content\"><h2 class=\"blog-shortcode-post-title entry-title\">Reconstruire l\u2019identit\u00e9 autochtone dans les espaces forestiers r\u00e9cemment octroy\u00e9s ou acquis<\/h2><div class=\"fusion-post-content-container\"><p>Webinaire dans notre s\u00e9rie d'\u00e9v\u00e9nements en ligne visant la d\u00e9couverte de l\u2019h\u00e9ritage positif des Peuples Autochtones du Bassin du Congo Mercredi 11 Octobre 2023 13h00 - 14h30 (Afrique Centrale et de l\u2019Ouest - UTC+1) \/ 14h00 - 15h30 (Afrique de l\u2019Est - UTC + 3) \u00a0 Dans le cadre du d\u00e9veloppement de son Programme de Leadership Autochtone, Well Grounded a le plaisir de vous inviter \u00e0 participer au quatri\u00e8me \u00e9v\u00e9nement<a href=\"https:\/\/well-grounded.org\/fr\/reconstruire-lidentite-autochtone-dans-les-espaces-forestiers-recemment-octroyes-ou-acquis\/\"> [...]<\/a><\/p><\/div><\/div><div class=\"fusion-clearfix\"><\/div><div class=\"fusion-meta-info\"><div class=\"fusion-alignleft\"><span class=\"vcard\" style=\"display: none;\"><span class=\"fn\"><a href=\"https:\/\/well-grounded.org\/fr\/author\/well-grounded\/\" title=\"Articles par Well Grounded\" rel=\"author\">Well Grounded<\/a><\/span><\/span><span class=\"updated\" style=\"display:none;\">2024-10-02T10:44:47+00:00<\/span><span>octobre 9th, 2023<\/span><span class=\"fusion-inline-sep\">|<\/span>Categories: <a href=\"https:\/\/well-grounded.org\/fr\/category\/evenement\/\" rel=\"category tag\">\u00c9v\u00e9nement<\/a><span class=\"fusion-inline-sep\">|<\/span><span class=\"meta-tags\">Tags: <a href=\"https:\/\/well-grounded.org\/fr\/tag\/leadership-des-peuples-autochtones\/\" rel=\"tag\">Programme de leadership des peuples autochtones<\/a><\/span><span class=\"fusion-inline-sep\">|<\/span><\/div><div class=\"fusion-alignright\"><a class=\"fusion-read-more\" href=\"https:\/\/well-grounded.org\/fr\/reconstruire-lidentite-autochtone-dans-les-espaces-forestiers-recemment-octroyes-ou-acquis\/\" aria-label=\"More on Reconstruire l\u2019identit\u00e9 autochtone dans les espaces forestiers r\u00e9cemment octroy\u00e9s ou acquis\">Read More<\/a><\/div><\/div><\/article>\n<article id=\"blog-1-post-11025\" class=\"fusion-post-medium post-11025 post type-post status-publish format-standard has-post-thumbnail hentry category-evenement tag-leadership-des-peuples-autochtones\">\n\t<style type=\"text\/css\">\n\t\t\n\t\t\n\t\t\n\t\t\n\t\t\t<\/style>\n\n\n\t\t\t<div class=\"fusion-flexslider flexslider fusion-flexslider-loading fusion-post-slideshow\" style=\"\">\n\t\t<ul class=\"slides\">\n\t\t\t\n\t\t\t\t\t\t\t\t\t\t\t\t\t\t<li><div  class=\"fusion-image-wrapper fusion-image-size-fixed\" aria-haspopup=\"true\">\n\t\t\t\t<img decoding=\"async\" width=\"320\" height=\"202\" src=\"https:\/\/i0.wp.com\/well-grounded.org\/wp-content\/uploads\/2023\/09\/Well-Grounded-dance-group-with-Timothe-.jpg?resize=320%2C202&amp;ssl=1\" class=\"attachment-blog-medium size-blog-medium wp-post-image\" alt=\"\" srcset=\"https:\/\/i0.wp.com\/well-grounded.org\/wp-content\/uploads\/2023\/09\/Well-Grounded-dance-group-with-Timothe-.jpg?resize=320%2C202&amp;ssl=1 320w, https:\/\/i0.wp.com\/well-grounded.org\/wp-content\/uploads\/2023\/09\/Well-Grounded-dance-group-with-Timothe-.jpg?zoom=2&amp;resize=320%2C202&amp;ssl=1 640w, https:\/\/i0.wp.com\/well-grounded.org\/wp-content\/uploads\/2023\/09\/Well-Grounded-dance-group-with-Timothe-.jpg?resize=700%2C441&amp;ssl=1 700w, https:\/\/i0.wp.com\/well-grounded.org\/wp-content\/uploads\/2023\/09\/Well-Grounded-dance-group-with-Timothe-.jpg?fit=853%2C677&amp;ssl=1 853w\" sizes=\"(max-width: 320px) 100vw, 320px\" \/><div class=\"fusion-rollover\">\n\t<div class=\"fusion-rollover-content\">\n\n\t\t\t\t\t\t\t\t\t\t\t\t\t\t<a class=\"fusion-rollover-link\" href=\"https:\/\/well-grounded.org\/fr\/experiences-reussites-et-defis-dans-la-securisation-des-terres-coutumierement-gerees-par-les-peuples-autochtones-du-bassin-du-congo\/\">Exp\u00e9riences, r\u00e9ussites et d\u00e9fis dans la s\u00e9curisation des terres coutumi\u00e8rement g\u00e9r\u00e9es par les Peuples Autochtones du Bassin du Congo<\/a>\n\t\t\t\n\t\t\t\t\t\t\t\t\t\t\t\t\t\t\n\t\t\t\t\t\t\t\t\n\t\t\t\t\t\t\t\t\t\t\t\t\t<div class=\"fusion-rollover-sep\"><\/div>\n\t\t\t\t\n\t\t\t\t\t\t\t\t\t\t\t\t\t\t\t\t\t\t<a class=\"fusion-rollover-gallery\" href=\"https:\/\/i0.wp.com\/well-grounded.org\/wp-content\/uploads\/2023\/09\/Well-Grounded-dance-group-with-Timothe-.jpg?fit=853%2C677&ssl=1\" data-options=\"\" data-id=\"11025\" data-rel=\"iLightbox[gallery]\" data-title=\"Well Grounded dance group with Timothe\u0301\" data-caption=\"\">\n\t\t\t\t\t\tGallery\t\t\t\t\t<\/a>\n\t\t\t\t\t\t\t\t\t\t\t\t\t\t\n\t\t\n\t\t\t\t\t\t\t\t\n\t\t\t\t\t\t\t\t\n\t\t\n\t\t\t\t\t\t<a class=\"fusion-link-wrapper\" href=\"https:\/\/well-grounded.org\/fr\/experiences-reussites-et-defis-dans-la-securisation-des-terres-coutumierement-gerees-par-les-peuples-autochtones-du-bassin-du-congo\/\" aria-label=\"Exp\u00e9riences, r\u00e9ussites et d\u00e9fis dans la s\u00e9curisation des terres coutumi\u00e8rement g\u00e9r\u00e9es par les Peuples Autochtones du Bassin du Congo\"><\/a>\n\t<\/div>\n<\/div>\n<\/div>\n<\/li>\n\t\t\t\n\t\t\t\n\t\t\t\t\t\t\t\t<\/ul>\n\t<\/div>\n\t<div class=\"fusion-post-content post-content\"><h2 class=\"blog-shortcode-post-title entry-title\">Exp\u00e9riences, r\u00e9ussites et d\u00e9fis dans la s\u00e9curisation des terres coutumi\u00e8rement g\u00e9r\u00e9es par les Peuples Autochtones du Bassin du Congo<\/h2><div class=\"fusion-post-content-container\"><p>Webinaire dans notre s\u00e9rie d'\u00e9v\u00e9nements en ligne visant la d\u00e9couverte de l\u2019h\u00e9ritage positif des Peuples Autochtones du Bassin du Congo 14 Septembre 2023, 13h00 - 14h30 (Afrique Centrale et de l\u2019Ouest - UTC+1) \/ 14h00 - 15h30 (Afrique de l\u2019Est - UTC + 3) \u00a0 \u00a0 Dans le cadre du d\u00e9veloppement de son Programme de Leadership Autochtone, Well Grounded a le plaisir de vous inviter \u00e0 participer au troisi\u00e8me \u00e9v\u00e9nement<a href=\"https:\/\/well-grounded.org\/fr\/experiences-reussites-et-defis-dans-la-securisation-des-terres-coutumierement-gerees-par-les-peuples-autochtones-du-bassin-du-congo\/\"> [...]<\/a><\/p><\/div><\/div><div class=\"fusion-clearfix\"><\/div><div class=\"fusion-meta-info\"><div class=\"fusion-alignleft\"><span class=\"vcard\" style=\"display: none;\"><span class=\"fn\"><a href=\"https:\/\/well-grounded.org\/fr\/author\/well-grounded\/\" title=\"Articles par Well Grounded\" rel=\"author\">Well Grounded<\/a><\/span><\/span><span class=\"updated\" style=\"display:none;\">2024-10-02T10:45:42+00:00<\/span><span>septembre 8th, 2023<\/span><span class=\"fusion-inline-sep\">|<\/span>Categories: <a href=\"https:\/\/well-grounded.org\/fr\/category\/evenement\/\" rel=\"category tag\">\u00c9v\u00e9nement<\/a><span class=\"fusion-inline-sep\">|<\/span><span class=\"meta-tags\">Tags: <a href=\"https:\/\/well-grounded.org\/fr\/tag\/leadership-des-peuples-autochtones\/\" rel=\"tag\">Programme de leadership des peuples autochtones<\/a><\/span><span class=\"fusion-inline-sep\">|<\/span><\/div><div class=\"fusion-alignright\"><a class=\"fusion-read-more\" href=\"https:\/\/well-grounded.org\/fr\/experiences-reussites-et-defis-dans-la-securisation-des-terres-coutumierement-gerees-par-les-peuples-autochtones-du-bassin-du-congo\/\" aria-label=\"More on Exp\u00e9riences, r\u00e9ussites et d\u00e9fis dans la s\u00e9curisation des terres coutumi\u00e8rement g\u00e9r\u00e9es par les Peuples Autochtones du Bassin du Congo\">Read More<\/a><\/div><\/div><\/article>\n<article id=\"blog-1-post-10328\" class=\"fusion-post-medium post-10328 post type-post status-publish format-standard has-post-thumbnail hentry category-evenement tag-programme-de-facilitateurs-du-changement\">\n\t<style type=\"text\/css\">\n\t\t\n\t\t\n\t\t\n\t\t\n\t\t\t<\/style>\n\n\n\t\t\t<div class=\"fusion-flexslider flexslider fusion-flexslider-loading fusion-post-slideshow\" style=\"\">\n\t\t<ul class=\"slides\">\n\t\t\t\n\t\t\t\t\t\t\t\t\t\t\t\t\t\t<li><div  class=\"fusion-image-wrapper fusion-image-size-fixed\" aria-haspopup=\"true\">\n\t\t\t\t<img decoding=\"async\" width=\"320\" height=\"202\" src=\"https:\/\/i0.wp.com\/well-grounded.org\/wp-content\/uploads\/2023\/03\/IMG-20230315-WA0108.jpg?resize=320%2C202&amp;ssl=1\" class=\"attachment-blog-medium size-blog-medium wp-post-image\" alt=\"\" srcset=\"https:\/\/i0.wp.com\/well-grounded.org\/wp-content\/uploads\/2023\/03\/IMG-20230315-WA0108.jpg?resize=320%2C202&amp;ssl=1 320w, https:\/\/i0.wp.com\/well-grounded.org\/wp-content\/uploads\/2023\/03\/IMG-20230315-WA0108.jpg?zoom=2&amp;resize=320%2C202&amp;ssl=1 640w, https:\/\/i0.wp.com\/well-grounded.org\/wp-content\/uploads\/2023\/03\/IMG-20230315-WA0108.jpg?resize=700%2C441&amp;ssl=1 700w, https:\/\/i0.wp.com\/well-grounded.org\/wp-content\/uploads\/2023\/03\/IMG-20230315-WA0108.jpg?zoom=3&amp;resize=320%2C202&amp;ssl=1 960w, https:\/\/i0.wp.com\/well-grounded.org\/wp-content\/uploads\/2023\/03\/IMG-20230315-WA0108.jpg?fit=1600%2C1066&amp;ssl=1 1600w\" sizes=\"(max-width: 320px) 100vw, 320px\" \/><div class=\"fusion-rollover\">\n\t<div class=\"fusion-rollover-content\">\n\n\t\t\t\t\t\t\t\t\t\t\t\t\t\t<a class=\"fusion-rollover-link\" href=\"https:\/\/well-grounded.org\/fr\/la-session-de-cloture-de-notre-programme-facilitateurs-de-changement-marquera-la-fin-dune-annee-reussie\/\">La c\u00e9r\u00e9monie de remise des dipl\u00f4mes de Facilitators For Change (F4C) c\u00e9l\u00e8bre 22 praticien.ne.s du d\u00e9veloppement organisationnel nouvellement form\u00e9.e.s<\/a>\n\t\t\t\n\t\t\t\t\t\t\t\t\t\t\t\t\t\t\n\t\t\t\t\t\t\t\t\n\t\t\t\t\t\t\t\t\t\t\t\t\t<div class=\"fusion-rollover-sep\"><\/div>\n\t\t\t\t\n\t\t\t\t\t\t\t\t\t\t\t\t\t\t\t\t\t\t<a class=\"fusion-rollover-gallery\" href=\"https:\/\/i0.wp.com\/well-grounded.org\/wp-content\/uploads\/2023\/03\/IMG-20230315-WA0108.jpg?fit=1600%2C1066&ssl=1\" data-options=\"\" data-id=\"10328\" data-rel=\"iLightbox[gallery]\" data-title=\"IMG-20230315-WA0108\" data-caption=\"\">\n\t\t\t\t\t\tGallery\t\t\t\t\t<\/a>\n\t\t\t\t\t\t\t\t\t\t\t\t\t\t\n\t\t\n\t\t\t\t\t\t\t\t\n\t\t\t\t\t\t\t\t\n\t\t\n\t\t\t\t\t\t<a class=\"fusion-link-wrapper\" href=\"https:\/\/well-grounded.org\/fr\/la-session-de-cloture-de-notre-programme-facilitateurs-de-changement-marquera-la-fin-dune-annee-reussie\/\" aria-label=\"La c\u00e9r\u00e9monie de remise des dipl\u00f4mes de Facilitators For Change (F4C) c\u00e9l\u00e8bre 22 praticien.ne.s du d\u00e9veloppement organisationnel nouvellement form\u00e9.e.s\"><\/a>\n\t<\/div>\n<\/div>\n<\/div>\n<\/li>\n\t\t\t\n\t\t\t\n\t\t\t\t\t\t\t\t<\/ul>\n\t<\/div>\n\t<div class=\"fusion-post-content post-content\"><h2 class=\"blog-shortcode-post-title entry-title\">La c\u00e9r\u00e9monie de remise des dipl\u00f4mes de Facilitators For Change (F4C) c\u00e9l\u00e8bre 22 praticien.ne.s du d\u00e9veloppement organisationnel nouvellement form\u00e9.e.s<\/h2><div class=\"fusion-post-content-container\"><p> 31 mars 2023 Le programme Facilitateurs pour le changement (F4C) de Well Grounded s'est achev\u00e9 par une c\u00e9r\u00e9monie de remise des dipl\u00f4mes aux 22 participant.e.s le 31 mars 2023. Le programme a dur\u00e9 un an et a form\u00e9 des consultant.e.s bas\u00e9.e.s dans la r\u00e9gion du Bassin du Congo sur la facilitation des processus de d\u00e9veloppement organisationnel.     Le programme F4C vise \u00e0 doter des personnes tr\u00e8s<a href=\"https:\/\/well-grounded.org\/fr\/la-session-de-cloture-de-notre-programme-facilitateurs-de-changement-marquera-la-fin-dune-annee-reussie\/\"> [...]<\/a><\/p><\/div><\/div><div class=\"fusion-clearfix\"><\/div><div class=\"fusion-meta-info\"><div class=\"fusion-alignleft\"><span class=\"vcard\" style=\"display: none;\"><span class=\"fn\"><a href=\"https:\/\/well-grounded.org\/fr\/author\/well-grounded\/\" title=\"Articles par Well Grounded\" rel=\"author\">Well Grounded<\/a><\/span><\/span><span class=\"updated\" style=\"display:none;\">2024-10-02T10:46:33+00:00<\/span><span>ao\u00fbt 7th, 2023<\/span><span class=\"fusion-inline-sep\">|<\/span>Categories: <a href=\"https:\/\/well-grounded.org\/fr\/category\/evenement\/\" rel=\"category tag\">\u00c9v\u00e9nement<\/a><span class=\"fusion-inline-sep\">|<\/span><span class=\"meta-tags\">Tags: <a href=\"https:\/\/well-grounded.org\/fr\/tag\/programme-de-facilitateurs-du-changement\/\" rel=\"tag\">Programme de facilitateurs du changement<\/a><\/span><span class=\"fusion-inline-sep\">|<\/span><\/div><div class=\"fusion-alignright\"><a class=\"fusion-read-more\" href=\"https:\/\/well-grounded.org\/fr\/la-session-de-cloture-de-notre-programme-facilitateurs-de-changement-marquera-la-fin-dune-annee-reussie\/\" aria-label=\"More on La c\u00e9r\u00e9monie de remise des dipl\u00f4mes de Facilitators For Change (F4C) c\u00e9l\u00e8bre 22 praticien.ne.s du d\u00e9veloppement organisationnel nouvellement form\u00e9.e.s\">Read More<\/a><\/div><\/div><\/article>\n<article id=\"blog-1-post-10280\" class=\"fusion-post-medium post-10280 post type-post status-publish format-standard has-post-thumbnail hentry category-evenement tag-acca-fr tag-developpement-organisationnel tag-programme-de-facilitateurs-du-changement tag-les-eclaireuses-fr\">\n\t<style type=\"text\/css\">\n\t\t\n\t\t\n\t\t\n\t\t\n\t\t\t<\/style>\n\n\n\t\t\t<div class=\"fusion-flexslider flexslider fusion-flexslider-loading fusion-post-slideshow\" style=\"\">\n\t\t<ul class=\"slides\">\n\t\t\t\n\t\t\t\t\t\t\t\t\t\t\t\t\t\t<li><div  class=\"fusion-image-wrapper fusion-image-size-fixed\" aria-haspopup=\"true\">\n\t\t\t\t<img decoding=\"async\" width=\"320\" height=\"202\" src=\"https:\/\/i0.wp.com\/well-grounded.org\/wp-content\/uploads\/2023\/03\/WG-Rainbow-Event-7.jpg?resize=320%2C202&amp;ssl=1\" class=\"attachment-blog-medium size-blog-medium wp-post-image\" alt=\"\" srcset=\"https:\/\/i0.wp.com\/well-grounded.org\/wp-content\/uploads\/2023\/03\/WG-Rainbow-Event-7.jpg?resize=320%2C202&amp;ssl=1 320w, https:\/\/i0.wp.com\/well-grounded.org\/wp-content\/uploads\/2023\/03\/WG-Rainbow-Event-7.jpg?fit=567%2C371&amp;ssl=1 567w\" sizes=\"(max-width: 320px) 100vw, 320px\" \/><div class=\"fusion-rollover\">\n\t<div class=\"fusion-rollover-content\">\n\n\t\t\t\t\t\t\t\t\t\t\t\t\t\t<a class=\"fusion-rollover-link\" href=\"https:\/\/well-grounded.org\/fr\/rencontre-equipe-cameroun-un-grand-succes-2\/\">Mise en relation de repr\u00e9sentants de la soci\u00e9t\u00e9 civile et d&rsquo;organisations d&rsquo;appui au d\u00e9veloppement<\/a>\n\t\t\t\n\t\t\t\t\t\t\t\t\t\t\t\t\t\t\n\t\t\t\t\t\t\t\t\n\t\t\t\t\t\t\t\t\t\t\t\t\t<div class=\"fusion-rollover-sep\"><\/div>\n\t\t\t\t\n\t\t\t\t\t\t\t\t\t\t\t\t\t\t\t\t\t\t<a class=\"fusion-rollover-gallery\" href=\"https:\/\/i0.wp.com\/well-grounded.org\/wp-content\/uploads\/2023\/03\/WG-Rainbow-Event-7.jpg?fit=567%2C371&ssl=1\" data-options=\"\" data-id=\"10280\" data-rel=\"iLightbox[gallery]\" data-title=\"WG Rainbow Event 7\" data-caption=\"\">\n\t\t\t\t\t\tGallery\t\t\t\t\t<\/a>\n\t\t\t\t\t\t\t\t\t\t\t\t\t\t\n\t\t\n\t\t\t\t\t\t\t\t\n\t\t\t\t\t\t\t\t\n\t\t\n\t\t\t\t\t\t<a class=\"fusion-link-wrapper\" href=\"https:\/\/well-grounded.org\/fr\/rencontre-equipe-cameroun-un-grand-succes-2\/\" aria-label=\"Mise en relation de repr\u00e9sentants de la soci\u00e9t\u00e9 civile et d&rsquo;organisations d&rsquo;appui au d\u00e9veloppement\"><\/a>\n\t<\/div>\n<\/div>\n<\/div>\n<\/li>\n\t\t\t\n\t\t\t\n\t\t\t\t\t\t\t\t<\/ul>\n\t<\/div>\n\t<div class=\"fusion-post-content post-content\"><h2 class=\"blog-shortcode-post-title entry-title\">Mise en relation de repr\u00e9sentants de la soci\u00e9t\u00e9 civile et d&rsquo;organisations d&rsquo;appui au d\u00e9veloppement<\/h2><div class=\"fusion-post-content-container\"><p> \u00c9v\u00e9nement Arc-en-ciel bien ancr\u00e9 - 24 et 25 janvier 2023 Notre \u00e9v\u00e9nement Rainbow, qui s'est tenu \u00e0 Douala, au Cameroun, en janvier, s'est av\u00e9r\u00e9 \u00e0 la fois m\u00e9morable et \u00e9difiant pour nous tous. L'\u00e9v\u00e9nement a rassembl\u00e9 des organisations de la soci\u00e9t\u00e9 civile avec lesquelles nous avons travaill\u00e9 dans le pass\u00e9 et des organisations partenaires du d\u00e9veloppement pour explorer des id\u00e9es et de l'inspiration et pour partager le plan strat\u00e9gique<a href=\"https:\/\/well-grounded.org\/fr\/rencontre-equipe-cameroun-un-grand-succes-2\/\"> [...]<\/a><\/p><\/div><\/div><div class=\"fusion-clearfix\"><\/div><div class=\"fusion-meta-info\"><div class=\"fusion-alignleft\"><span class=\"vcard\" style=\"display: none;\"><span class=\"fn\"><a href=\"https:\/\/well-grounded.org\/fr\/author\/well-grounded\/\" title=\"Articles par Well Grounded\" rel=\"author\">Well Grounded<\/a><\/span><\/span><span class=\"updated\" style=\"display:none;\">2024-10-02T10:50:23+00:00<\/span><span>mars 29th, 2023<\/span><span class=\"fusion-inline-sep\">|<\/span>Categories: <a href=\"https:\/\/well-grounded.org\/fr\/category\/evenement\/\" rel=\"category tag\">\u00c9v\u00e9nement<\/a><span class=\"fusion-inline-sep\">|<\/span><span class=\"meta-tags\">Tags: <a href=\"https:\/\/well-grounded.org\/fr\/tag\/acca-fr\/\" rel=\"tag\">Approche centr\u00e9e sur les actifs et la communaut\u00e9 (ACCA)<\/a>, <a href=\"https:\/\/well-grounded.org\/fr\/tag\/developpement-organisationnel\/\" rel=\"tag\">d\u00e9veloppement organisationnel<\/a>, <a href=\"https:\/\/well-grounded.org\/fr\/tag\/programme-de-facilitateurs-du-changement\/\" rel=\"tag\">Programme de facilitateurs du changement<\/a>, <a href=\"https:\/\/well-grounded.org\/fr\/tag\/les-eclaireuses-fr\/\" rel=\"tag\">Programme Les Eclaireuses<\/a><\/span><span class=\"fusion-inline-sep\">|<\/span><\/div><div class=\"fusion-alignright\"><a class=\"fusion-read-more\" href=\"https:\/\/well-grounded.org\/fr\/rencontre-equipe-cameroun-un-grand-succes-2\/\" aria-label=\"More on Mise en relation de repr\u00e9sentants de la soci\u00e9t\u00e9 civile et d&rsquo;organisations d&rsquo;appui au d\u00e9veloppement\">Read More<\/a><\/div><\/div><\/article>\n<article id=\"blog-1-post-10147\" class=\"fusion-post-medium post-10147 post type-post status-publish format-standard has-post-thumbnail hentry\">\n\t<style type=\"text\/css\">\n\t\t\n\t\t\n\t\t\n\t\t\n\t\t\t<\/style>\n\n\n\t\t\t<div class=\"fusion-flexslider flexslider fusion-flexslider-loading fusion-post-slideshow\" style=\"\">\n\t\t<ul class=\"slides\">\n\t\t\t\n\t\t\t\t\t\t\t\t\t\t\t\t\t\t<li><div  class=\"fusion-image-wrapper fusion-image-size-fixed\" aria-haspopup=\"true\">\n\t\t\t\t<img decoding=\"async\" width=\"320\" height=\"202\" src=\"https:\/\/i0.wp.com\/well-grounded.org\/wp-content\/uploads\/2023\/03\/21236244713_9f96d9b676_o-scaled.jpg?resize=320%2C202&amp;ssl=1\" class=\"attachment-blog-medium size-blog-medium wp-post-image\" alt=\"\" srcset=\"https:\/\/i0.wp.com\/well-grounded.org\/wp-content\/uploads\/2023\/03\/21236244713_9f96d9b676_o-scaled.jpg?resize=320%2C202&amp;ssl=1 320w, https:\/\/i0.wp.com\/well-grounded.org\/wp-content\/uploads\/2023\/03\/21236244713_9f96d9b676_o-scaled.jpg?zoom=2&amp;resize=320%2C202&amp;ssl=1 640w, https:\/\/i0.wp.com\/well-grounded.org\/wp-content\/uploads\/2023\/03\/21236244713_9f96d9b676_o-scaled.jpg?resize=700%2C441&amp;ssl=1 700w, https:\/\/i0.wp.com\/well-grounded.org\/wp-content\/uploads\/2023\/03\/21236244713_9f96d9b676_o-scaled.jpg?zoom=3&amp;resize=320%2C202&amp;ssl=1 960w, https:\/\/i0.wp.com\/well-grounded.org\/wp-content\/uploads\/2023\/03\/21236244713_9f96d9b676_o-scaled.jpg?fit=2560%2C1920&amp;ssl=1 2560w\" sizes=\"(max-width: 320px) 100vw, 320px\" \/><div class=\"fusion-rollover\">\n\t<div class=\"fusion-rollover-content\">\n\n\t\t\t\t\t\t\t\t\t\t\t\t\t\t<a class=\"fusion-rollover-link\" href=\"https:\/\/well-grounded.org\/fr\/journee-mondiale-de-la-vie-sauvage\/\">Journ\u00e9e mondiale de la vie sauvage<\/a>\n\t\t\t\n\t\t\t\t\t\t\t\t\t\t\t\t\t\t\n\t\t\t\t\t\t\t\t\n\t\t\t\t\t\t\t\t\t\t\t\t\t<div class=\"fusion-rollover-sep\"><\/div>\n\t\t\t\t\n\t\t\t\t\t\t\t\t\t\t\t\t\t\t\t\t\t\t<a class=\"fusion-rollover-gallery\" href=\"https:\/\/i0.wp.com\/well-grounded.org\/wp-content\/uploads\/2023\/03\/21236244713_9f96d9b676_o-scaled.jpg?fit=2560%2C1920&ssl=1\" data-options=\"\" data-id=\"10147\" data-rel=\"iLightbox[gallery]\" data-title=\"21236244713_9f96d9b676_o\" data-caption=\"\n\u00a9 mauro gambini\">\n\t\t\t\t\t\tGallery\t\t\t\t\t<\/a>\n\t\t\t\t\t\t\t\t\t\t\t\t\t\t\n\t\t\n\t\t\t\t\t\t\t\t\n\t\t\t\t\t\t\t\t\n\t\t\n\t\t\t\t\t\t<a class=\"fusion-link-wrapper\" href=\"https:\/\/well-grounded.org\/fr\/journee-mondiale-de-la-vie-sauvage\/\" aria-label=\"Journ\u00e9e mondiale de la vie sauvage\"><\/a>\n\t<\/div>\n<\/div>\n<\/div>\n<\/li>\n\t\t\t\n\t\t\t\n\t\t\t\t\t\t\t\t<\/ul>\n\t<\/div>\n\t<div class=\"fusion-post-content post-content\"><h2 class=\"blog-shortcode-post-title entry-title\">Journ\u00e9e mondiale de la vie sauvage<\/h2><div class=\"fusion-post-content-container\"><p> 3 marsrd est la Journ\u00e9e mondiale de la vie sauvage une journ\u00e9e internationale des Nations unies pour c\u00e9l\u00e9brer tous les animaux et plantes sauvages du monde et la contribution qu'ils apportent \u00e0 nos vies et \u00e0 la sant\u00e9 de la plan\u00e8te. Le th\u00e8me de cette ann\u00e9e, \"Partenariats pour la conservation de la faune sauvage\", souligne le r\u00f4le essentiel du travail en collaboration pour soutenir \u00e0 la fois les communaut\u00e9s<a href=\"https:\/\/well-grounded.org\/fr\/journee-mondiale-de-la-vie-sauvage\/\"> [...]<\/a><\/p><\/div><\/div><div class=\"fusion-clearfix\"><\/div><div class=\"fusion-meta-info\"><div class=\"fusion-alignleft\"><span class=\"vcard\" style=\"display: none;\"><span class=\"fn\"><a href=\"https:\/\/well-grounded.org\/fr\/author\/well-grounded\/\" title=\"Articles par Well Grounded\" rel=\"author\">Well Grounded<\/a><\/span><\/span><span class=\"updated\" style=\"display:none;\">2023-03-06T09:47:29+00:00<\/span><span>mars 3rd, 2023<\/span><span class=\"fusion-inline-sep\">|<\/span>Categories: Non class\u00e9<span class=\"fusion-inline-sep\">|<\/span><\/div><div class=\"fusion-alignright\"><a class=\"fusion-read-more\" href=\"https:\/\/well-grounded.org\/fr\/journee-mondiale-de-la-vie-sauvage\/\" aria-label=\"More on Journ\u00e9e mondiale de la vie sauvage\">Read More<\/a><\/div><\/div><\/article>\n<article id=\"blog-1-post-9919\" class=\"fusion-post-medium post-9919 post type-post status-publish format-standard has-post-thumbnail hentry category-nouvelles tag-membres-de-lequipe-fr\">\n\t<style type=\"text\/css\">\n\t\t\n\t\t\n\t\t\n\t\t\n\t\t\t<\/style>\n\n\n\t\t\t<div class=\"fusion-flexslider flexslider fusion-flexslider-loading fusion-post-slideshow\" style=\"\">\n\t\t<ul class=\"slides\">\n\t\t\t\n\t\t\t\t\t\t\t\t\t\t\t\t\t\t<li><div  class=\"fusion-image-wrapper fusion-image-size-fixed\" aria-haspopup=\"true\">\n\t\t\t\t<img decoding=\"async\" width=\"320\" height=\"202\" src=\"https:\/\/i0.wp.com\/well-grounded.org\/wp-content\/uploads\/2023\/02\/Well-Grounded-Kitty-Brayne.jpg?resize=320%2C202&amp;ssl=1\" class=\"attachment-blog-medium size-blog-medium wp-post-image\" alt=\"\" srcset=\"https:\/\/i0.wp.com\/well-grounded.org\/wp-content\/uploads\/2023\/02\/Well-Grounded-Kitty-Brayne.jpg?resize=320%2C202&amp;ssl=1 320w, https:\/\/i0.wp.com\/well-grounded.org\/wp-content\/uploads\/2023\/02\/Well-Grounded-Kitty-Brayne.jpg?zoom=2&amp;resize=320%2C202&amp;ssl=1 640w, https:\/\/i0.wp.com\/well-grounded.org\/wp-content\/uploads\/2023\/02\/Well-Grounded-Kitty-Brayne.jpg?resize=700%2C441&amp;ssl=1 700w, https:\/\/i0.wp.com\/well-grounded.org\/wp-content\/uploads\/2023\/02\/Well-Grounded-Kitty-Brayne.jpg?fit=938%2C1236&amp;ssl=1 938w\" sizes=\"(max-width: 320px) 100vw, 320px\" \/><div class=\"fusion-rollover\">\n\t<div class=\"fusion-rollover-content\">\n\n\t\t\t\t\t\t\t\t\t\t\t\t\t\t<a class=\"fusion-rollover-link\" href=\"https:\/\/well-grounded.org\/fr\/9915\/\">Kitty Brayne rejoint Well Grounded en tant que co-directrice : Programmes et partenariats<\/a>\n\t\t\t\n\t\t\t\t\t\t\t\t\t\t\t\t\t\t\n\t\t\t\t\t\t\t\t\n\t\t\t\t\t\t\t\t\t\t\t\t\t<div class=\"fusion-rollover-sep\"><\/div>\n\t\t\t\t\n\t\t\t\t\t\t\t\t\t\t\t\t\t\t\t\t\t\t<a class=\"fusion-rollover-gallery\" href=\"https:\/\/i0.wp.com\/well-grounded.org\/wp-content\/uploads\/2023\/02\/Well-Grounded-Kitty-Brayne.jpg?fit=938%2C1236&ssl=1\" data-options=\"\" data-id=\"9919\" data-rel=\"iLightbox[gallery]\" data-title=\"Well Grounded Kitty Brayne\" data-caption=\"\">\n\t\t\t\t\t\tGallery\t\t\t\t\t<\/a>\n\t\t\t\t\t\t\t\t\t\t\t\t\t\t\n\t\t\n\t\t\t\t\t\t\t\t\n\t\t\t\t\t\t\t\t\n\t\t\n\t\t\t\t\t\t<a class=\"fusion-link-wrapper\" href=\"https:\/\/well-grounded.org\/fr\/9915\/\" aria-label=\"Kitty Brayne rejoint Well Grounded en tant que co-directrice : Programmes et partenariats\"><\/a>\n\t<\/div>\n<\/div>\n<\/div>\n<\/li>\n\t\t\t\n\t\t\t\n\t\t\t\t\t\t\t\t<\/ul>\n\t<\/div>\n\t<div class=\"fusion-post-content post-content\"><h2 class=\"blog-shortcode-post-title entry-title\">Kitty Brayne rejoint Well Grounded en tant que co-directrice : Programmes et partenariats<\/h2><div class=\"fusion-post-content-container\"><p> Nous sommes ravis d'annoncer la nomination de Kitty Brayne en tant que nouvelle co-directrice : Programmes et partenariats. Kitty prendra ses fonctions en avril, \u00e0 un moment cl\u00e9 pour Well Grounded, alors que nous nous appuyons sur les solides fondations d'une d\u00e9cennie de renforcement de la justice environnementale et sociale dans le bassin du Congo, et que l'int\u00e9r\u00eat mondial pour la r\u00e9gion d'un point de vue climatique augmente. La<a href=\"https:\/\/well-grounded.org\/fr\/9915\/\"> [...]<\/a><\/p><\/div><\/div><div class=\"fusion-clearfix\"><\/div><div class=\"fusion-meta-info\"><div class=\"fusion-alignleft\"><span class=\"vcard\" style=\"display: none;\"><span class=\"fn\"><a href=\"https:\/\/well-grounded.org\/fr\/author\/well-grounded\/\" title=\"Articles par Well Grounded\" rel=\"author\">Well Grounded<\/a><\/span><\/span><span class=\"updated\" style=\"display:none;\">2024-10-02T10:58:03+00:00<\/span><span>f\u00e9vrier 9th, 2023<\/span><span class=\"fusion-inline-sep\">|<\/span>Categories: <a href=\"https:\/\/well-grounded.org\/fr\/category\/nouvelles\/\" rel=\"category tag\">Nouvelles<\/a><span class=\"fusion-inline-sep\">|<\/span><span class=\"meta-tags\">Tags: <a href=\"https:\/\/well-grounded.org\/fr\/tag\/membres-de-lequipe-fr\/\" rel=\"tag\">Membres de l\u2019\u00e9quipe<\/a><\/span><span class=\"fusion-inline-sep\">|<\/span><\/div><div class=\"fusion-alignright\"><a class=\"fusion-read-more\" href=\"https:\/\/well-grounded.org\/fr\/9915\/\" aria-label=\"More on Kitty Brayne rejoint Well Grounded en tant que co-directrice : Programmes et partenariats\">Read More<\/a><\/div><\/div><\/article>\n<article id=\"blog-1-post-5930\" class=\"fusion-post-medium post-5930 post type-post status-publish format-standard has-post-thumbnail hentry category-editorial\">\n\t<style type=\"text\/css\">\n\t\t\n\t\t\n\t\t\n\t\t\n\t\t\t<\/style>\n\n\n\t\t\t<div class=\"fusion-flexslider flexslider fusion-flexslider-loading fusion-post-slideshow\" style=\"\">\n\t\t<ul class=\"slides\">\n\t\t\t\n\t\t\t\t\t\t\t\t\t\t\t\t\t\t<li><div  class=\"fusion-image-wrapper fusion-image-size-fixed\" aria-haspopup=\"true\">\n\t\t\t\t<img decoding=\"async\" width=\"320\" height=\"202\" src=\"https:\/\/i0.wp.com\/well-grounded.org\/wp-content\/uploads\/2022\/03\/Well-Grounded-IT-Skills.jpg?resize=320%2C202&amp;ssl=1\" class=\"attachment-blog-medium size-blog-medium wp-post-image\" alt=\"\" srcset=\"https:\/\/i0.wp.com\/well-grounded.org\/wp-content\/uploads\/2022\/03\/Well-Grounded-IT-Skills.jpg?resize=320%2C202&amp;ssl=1 320w, https:\/\/i0.wp.com\/well-grounded.org\/wp-content\/uploads\/2022\/03\/Well-Grounded-IT-Skills.jpg?zoom=2&amp;resize=320%2C202&amp;ssl=1 640w, https:\/\/i0.wp.com\/well-grounded.org\/wp-content\/uploads\/2022\/03\/Well-Grounded-IT-Skills.jpg?resize=700%2C441&amp;ssl=1 700w, https:\/\/i0.wp.com\/well-grounded.org\/wp-content\/uploads\/2022\/03\/Well-Grounded-IT-Skills.jpg?zoom=3&amp;resize=320%2C202&amp;ssl=1 960w, https:\/\/i0.wp.com\/well-grounded.org\/wp-content\/uploads\/2022\/03\/Well-Grounded-IT-Skills.jpg?fit=1400%2C788&amp;ssl=1 1400w\" sizes=\"(max-width: 320px) 100vw, 320px\" \/><div class=\"fusion-rollover\">\n\t<div class=\"fusion-rollover-content\">\n\n\t\t\t\t\t\t\t\t\t\t\t\t\t\t<a class=\"fusion-rollover-link\" href=\"https:\/\/well-grounded.org\/fr\/quelles-competences-sont-importantes-de-nos-jours\/\">Quelles comp\u00e9tences informatiques sont-elles importantes de nos jours<\/a>\n\t\t\t\n\t\t\t\t\t\t\t\t\t\t\t\t\t\t\n\t\t\t\t\t\t\t\t\n\t\t\t\t\t\t\t\t\t\t\t\t\t<div class=\"fusion-rollover-sep\"><\/div>\n\t\t\t\t\n\t\t\t\t\t\t\t\t\t\t\t\t\t\t\t\t\t\t<a class=\"fusion-rollover-gallery\" href=\"https:\/\/i0.wp.com\/well-grounded.org\/wp-content\/uploads\/2022\/03\/Well-Grounded-IT-Skills.jpg?fit=1400%2C788&ssl=1\" data-options=\"\" data-id=\"5930\" data-rel=\"iLightbox[gallery]\" data-title=\"Well Grounded IT Skills\" data-caption=\"\">\n\t\t\t\t\t\tGallery\t\t\t\t\t<\/a>\n\t\t\t\t\t\t\t\t\t\t\t\t\t\t\n\t\t\n\t\t\t\t\t\t\t\t\n\t\t\t\t\t\t\t\t\n\t\t\n\t\t\t\t\t\t<a class=\"fusion-link-wrapper\" href=\"https:\/\/well-grounded.org\/fr\/quelles-competences-sont-importantes-de-nos-jours\/\" aria-label=\"Quelles comp\u00e9tences informatiques sont-elles importantes de nos jours\"><\/a>\n\t<\/div>\n<\/div>\n<\/div>\n<\/li>\n\t\t\t\n\t\t\t\n\t\t\t\t\t\t\t\t<\/ul>\n\t<\/div>\n\t<div class=\"fusion-post-content post-content\"><h2 class=\"blog-shortcode-post-title entry-title\">Quelles comp\u00e9tences informatiques sont-elles importantes de nos jours<\/h2><div class=\"fusion-post-content-container\"><p>Je lisais r\u00e9cemment une offre d\u2019emploi pour un coordinateur de projet. En termes de comp\u00e9tences requises, il n\u2019y avait qu\u2019une seule ligne laconique : Word\/Excel\/Outlook\/Teams. Il n\u2019y avait aucune indication des comp\u00e9tences r\u00e9elles requises. Presque tout le monde peut ouvrir un fichier Excel et saisir des donn\u00e9es. Mais qui peut faire un tableau crois\u00e9 dynamique\u00a0? Il est assez courant de demander aux candidats ce genre de comp\u00e9tences, mais je me<a href=\"https:\/\/well-grounded.org\/fr\/quelles-competences-sont-importantes-de-nos-jours\/\"> [...]<\/a><\/p><\/div><\/div><div class=\"fusion-clearfix\"><\/div><div class=\"fusion-meta-info\"><div class=\"fusion-alignleft\"><span class=\"vcard\" style=\"display: none;\"><span class=\"fn\"><a href=\"https:\/\/well-grounded.org\/fr\/author\/admin\/\" title=\"Articles par admin\" rel=\"author\">admin<\/a><\/span><\/span><span class=\"updated\" style=\"display:none;\">2024-10-02T10:33:38+00:00<\/span><span>avril 8th, 2022<\/span><span class=\"fusion-inline-sep\">|<\/span>Categories: <a href=\"https:\/\/well-grounded.org\/fr\/category\/editorial\/\" rel=\"category tag\">\u00c9ditorial<\/a><span class=\"fusion-inline-sep\">|<\/span><\/div><div class=\"fusion-alignright\"><a class=\"fusion-read-more\" href=\"https:\/\/well-grounded.org\/fr\/quelles-competences-sont-importantes-de-nos-jours\/\" aria-label=\"More on Quelles comp\u00e9tences informatiques sont-elles importantes de nos jours\">Read More<\/a><\/div><\/div><\/article>\n<article id=\"blog-1-post-5229\" class=\"fusion-post-medium post-5229 post type-post status-publish format-standard has-post-thumbnail hentry category-temoignages-du-terrain tag-agilite tag-apprentissage tag-innovation tag-processus-de-financement\">\n\t<style type=\"text\/css\">\n\t\t\n\t\t\n\t\t\n\t\t\n\t\t\t<\/style>\n\n\n\t\t\t<div class=\"fusion-flexslider flexslider fusion-flexslider-loading fusion-post-slideshow\" style=\"\">\n\t\t<ul class=\"slides\">\n\t\t\t\n\t\t\t\t\t\t\t\t\t\t\t\t\t\t<li><div  class=\"fusion-image-wrapper fusion-image-size-fixed\" aria-haspopup=\"true\">\n\t\t\t\t<img decoding=\"async\" width=\"320\" height=\"202\" src=\"https:\/\/i0.wp.com\/well-grounded.org\/wp-content\/uploads\/2022\/03\/article-blog-guillaume-marche-forcee-illustration.png?resize=320%2C202&amp;ssl=1\" class=\"attachment-blog-medium size-blog-medium wp-post-image\" alt=\"\" srcset=\"https:\/\/i0.wp.com\/well-grounded.org\/wp-content\/uploads\/2022\/03\/article-blog-guillaume-marche-forcee-illustration.png?resize=320%2C202&amp;ssl=1 320w, https:\/\/i0.wp.com\/well-grounded.org\/wp-content\/uploads\/2022\/03\/article-blog-guillaume-marche-forcee-illustration.png?fit=660%2C720&amp;ssl=1 660w\" sizes=\"(max-width: 320px) 100vw, 320px\" \/><div class=\"fusion-rollover\">\n\t<div class=\"fusion-rollover-content\">\n\n\t\t\t\t\t\t\t\t\t\t\t\t\t\t<a class=\"fusion-rollover-link\" href=\"https:\/\/well-grounded.org\/fr\/essai-et-apprentissage-ou-mise-en-oeuvre-a-marche-forcee\/\">Test et apprentissage, ou mise en place \u00e0 marche forc\u00e9e<\/a>\n\t\t\t\n\t\t\t\t\t\t\t\t\t\t\t\t\t\t\n\t\t\t\t\t\t\t\t\n\t\t\t\t\t\t\t\t\t\t\t\t\t<div class=\"fusion-rollover-sep\"><\/div>\n\t\t\t\t\n\t\t\t\t\t\t\t\t\t\t\t\t\t\t\t\t\t\t<a class=\"fusion-rollover-gallery\" href=\"https:\/\/i0.wp.com\/well-grounded.org\/wp-content\/uploads\/2022\/03\/article-blog-guillaume-marche-forcee-illustration.png?fit=660%2C720&ssl=1\" data-options=\"\" data-id=\"5229\" data-rel=\"iLightbox[gallery]\" data-title=\"article-blog-guillaume-marche-forcee-illustration\" data-caption=\"\">\n\t\t\t\t\t\tGallery\t\t\t\t\t<\/a>\n\t\t\t\t\t\t\t\t\t\t\t\t\t\t\n\t\t\n\t\t\t\t\t\t\t\t\n\t\t\t\t\t\t\t\t\n\t\t\n\t\t\t\t\t\t<a class=\"fusion-link-wrapper\" href=\"https:\/\/well-grounded.org\/fr\/essai-et-apprentissage-ou-mise-en-oeuvre-a-marche-forcee\/\" aria-label=\"Test et apprentissage, ou mise en place \u00e0 marche forc\u00e9e\"><\/a>\n\t<\/div>\n<\/div>\n<\/div>\n<\/li>\n\t\t\t\n\t\t\t\n\t\t\t\t\t\t\t\t<\/ul>\n\t<\/div>\n\t<div class=\"fusion-post-content post-content\"><h2 class=\"blog-shortcode-post-title entry-title\">Test et apprentissage, ou mise en place \u00e0 marche forc\u00e9e<\/h2><div class=\"fusion-post-content-container\"><p>Lorsqu'un donateur lance un appel \u00e0 propositions, le d\u00e9lai entre la soumission de la proposition et le d\u00e9but du projet peut g\u00e9n\u00e9ralement prendre de 6 mois \u00e0 un an. Cela suppose que les circonstances soient rest\u00e9es les m\u00eames \u2013 ce qui est \u00e9videmment faux !De plus, les organisations disposent souvent de peu de temps et de moyens pour r\u00e9diger des propositions. Bien s\u00fbr, elles connaissent leur travail, leurs objectifs et<a href=\"https:\/\/well-grounded.org\/fr\/essai-et-apprentissage-ou-mise-en-oeuvre-a-marche-forcee\/\"> [...]<\/a><\/p><\/div><\/div><div class=\"fusion-clearfix\"><\/div><div class=\"fusion-meta-info\"><div class=\"fusion-alignleft\"><span class=\"vcard\" style=\"display: none;\"><span class=\"fn\"><a href=\"https:\/\/well-grounded.org\/fr\/author\/admin\/\" title=\"Articles par admin\" rel=\"author\">admin<\/a><\/span><\/span><span class=\"updated\" style=\"display:none;\">2022-06-29T13:36:16+00:00<\/span><span>ao\u00fbt 30th, 2020<\/span><span class=\"fusion-inline-sep\">|<\/span>Categories: <a href=\"https:\/\/well-grounded.org\/fr\/category\/temoignages-du-terrain\/\" rel=\"category tag\">T\u00e9moignages du terrain<\/a><span class=\"fusion-inline-sep\">|<\/span><span class=\"meta-tags\">Tags: <a href=\"https:\/\/well-grounded.org\/fr\/tag\/agilite\/\" rel=\"tag\">agilit\u00e9<\/a>, <a href=\"https:\/\/well-grounded.org\/fr\/tag\/apprentissage\/\" rel=\"tag\">apprentissage<\/a>, <a href=\"https:\/\/well-grounded.org\/fr\/tag\/innovation\/\" rel=\"tag\">innovation<\/a>, <a href=\"https:\/\/well-grounded.org\/fr\/tag\/processus-de-financement\/\" rel=\"tag\">processus de financement<\/a><\/span><span class=\"fusion-inline-sep\">|<\/span><\/div><div class=\"fusion-alignright\"><a class=\"fusion-read-more\" href=\"https:\/\/well-grounded.org\/fr\/essai-et-apprentissage-ou-mise-en-oeuvre-a-marche-forcee\/\" aria-label=\"More on Test et apprentissage, ou mise en place \u00e0 marche forc\u00e9e\">Read More<\/a><\/div><\/div><\/article>\n<article id=\"blog-1-post-5228\" class=\"fusion-post-medium post-5228 post type-post status-publish format-standard has-post-thumbnail hentry category-temoignages-du-terrain tag-la-coherence tag-organisme tag-valeurs\">\n\t<style type=\"text\/css\">\n\t\t\n\t\t\n\t\t\n\t\t\n\t\t\t<\/style>\n\n\n\t\t\t<div class=\"fusion-flexslider flexslider fusion-flexslider-loading fusion-post-slideshow\" style=\"\">\n\t\t<ul class=\"slides\">\n\t\t\t\n\t\t\t\t\t\t\t\t\t\t\t\t\t\t<li><div  class=\"fusion-image-wrapper fusion-image-size-fixed\" aria-haspopup=\"true\">\n\t\t\t\t<img decoding=\"async\" width=\"320\" height=\"202\" src=\"https:\/\/i0.wp.com\/well-grounded.org\/wp-content\/uploads\/2022\/03\/article-blog-hermine-image-valeurs.png?resize=320%2C202&amp;ssl=1\" class=\"attachment-blog-medium size-blog-medium wp-post-image\" alt=\"\" srcset=\"https:\/\/i0.wp.com\/well-grounded.org\/wp-content\/uploads\/2022\/03\/article-blog-hermine-image-valeurs.png?resize=320%2C202&amp;ssl=1 320w, https:\/\/i0.wp.com\/well-grounded.org\/wp-content\/uploads\/2022\/03\/article-blog-hermine-image-valeurs.png?fit=652%2C435&amp;ssl=1 652w\" sizes=\"(max-width: 320px) 100vw, 320px\" \/><div class=\"fusion-rollover\">\n\t<div class=\"fusion-rollover-content\">\n\n\t\t\t\t\t\t\t\t\t\t\t\t\t\t<a class=\"fusion-rollover-link\" href=\"https:\/\/well-grounded.org\/fr\/quelle-importance-sont-mes-valeurs-pour-moi\/\">Quelle est l\u2019importance de mes valeurs \u00e0 mes yeux ?<\/a>\n\t\t\t\n\t\t\t\t\t\t\t\t\t\t\t\t\t\t\n\t\t\t\t\t\t\t\t\n\t\t\t\t\t\t\t\t\t\t\t\t\t<div class=\"fusion-rollover-sep\"><\/div>\n\t\t\t\t\n\t\t\t\t\t\t\t\t\t\t\t\t\t\t\t\t\t\t<a class=\"fusion-rollover-gallery\" href=\"https:\/\/i0.wp.com\/well-grounded.org\/wp-content\/uploads\/2022\/03\/article-blog-hermine-image-valeurs.png?fit=652%2C435&ssl=1\" data-options=\"\" data-id=\"5228\" data-rel=\"iLightbox[gallery]\" data-title=\"article-blog-hermine-image-valeurs\" data-caption=\"\">\n\t\t\t\t\t\tGallery\t\t\t\t\t<\/a>\n\t\t\t\t\t\t\t\t\t\t\t\t\t\t\n\t\t\n\t\t\t\t\t\t\t\t\n\t\t\t\t\t\t\t\t\n\t\t\n\t\t\t\t\t\t<a class=\"fusion-link-wrapper\" href=\"https:\/\/well-grounded.org\/fr\/quelle-importance-sont-mes-valeurs-pour-moi\/\" aria-label=\"Quelle est l\u2019importance de mes valeurs \u00e0 mes yeux ?\"><\/a>\n\t<\/div>\n<\/div>\n<\/div>\n<\/li>\n\t\t\t\n\t\t\t\n\t\t\t\t\t\t\t\t<\/ul>\n\t<\/div>\n\t<div class=\"fusion-post-content post-content\"><h2 class=\"blog-shortcode-post-title entry-title\">Quelle est l\u2019importance de mes valeurs \u00e0 mes yeux ?<\/h2><div class=\"fusion-post-content-container\"><p> Il y a environ une semaine, j\u2019ai rencontr\u00e9 un ami de longue date qui travaille pour une ONG locale de d\u00e9fense des droits humains. Il avait l\u2019air vraiment boulevers\u00e9 et a admis avec regret qu\u2019il \u00e9tait d\u00e9sabus\u00e9 car, a-t-il expliqu\u00e9 : \u00a0\u00ab\u00a0dans notre\u00a0organisation, les effectifs sont estim\u00e9s \u00e0 20 personnes ; 50 % d\u2019entre eux sont des stagiaires sans contrat\u2026 Depuis plus de 5 ans, beaucoup d\u2019entre eux n\u2019ont<a href=\"https:\/\/well-grounded.org\/fr\/quelle-importance-sont-mes-valeurs-pour-moi\/\"> [...]<\/a><\/p><\/div><\/div><div class=\"fusion-clearfix\"><\/div><div class=\"fusion-meta-info\"><div class=\"fusion-alignleft\"><span class=\"vcard\" style=\"display: none;\"><span class=\"fn\"><a href=\"https:\/\/well-grounded.org\/fr\/author\/admin\/\" title=\"Articles par admin\" rel=\"author\">admin<\/a><\/span><\/span><span class=\"updated\" style=\"display:none;\">2022-06-29T13:37:57+00:00<\/span><span>juillet 30th, 2020<\/span><span class=\"fusion-inline-sep\">|<\/span>Categories: <a href=\"https:\/\/well-grounded.org\/fr\/category\/temoignages-du-terrain\/\" rel=\"category tag\">T\u00e9moignages du terrain<\/a><span class=\"fusion-inline-sep\">|<\/span><span class=\"meta-tags\">Tags: <a href=\"https:\/\/well-grounded.org\/fr\/tag\/la-coherence\/\" rel=\"tag\">la coh\u00e9rence<\/a>, <a href=\"https:\/\/well-grounded.org\/fr\/tag\/organisme\/\" rel=\"tag\">organisme<\/a>, <a href=\"https:\/\/well-grounded.org\/fr\/tag\/valeurs\/\" rel=\"tag\">Valeurs<\/a><\/span><span class=\"fusion-inline-sep\">|<\/span><\/div><div class=\"fusion-alignright\"><a class=\"fusion-read-more\" href=\"https:\/\/well-grounded.org\/fr\/quelle-importance-sont-mes-valeurs-pour-moi\/\" aria-label=\"More on Quelle est l\u2019importance de mes valeurs \u00e0 mes yeux ?\">Read More<\/a><\/div><\/div><\/article>\n<article id=\"blog-1-post-5227\" class=\"fusion-post-medium post-5227 post type-post status-publish format-standard has-post-thumbnail hentry category-temoignages-du-terrain tag-contexte tag-deresponsabilisation tag-exemplarite tag-gouvernance tag-osc tag-responsabilite\">\n\t<style type=\"text\/css\">\n\t\t\n\t\t\n\t\t\n\t\t\n\t\t\t<\/style>\n\n\n\t\t\t<div class=\"fusion-flexslider flexslider fusion-flexslider-loading fusion-post-slideshow\" style=\"\">\n\t\t<ul class=\"slides\">\n\t\t\t\n\t\t\t\t\t\t\t\t\t\t\t\t\t\t<li><div  class=\"fusion-image-wrapper fusion-image-size-fixed\" aria-haspopup=\"true\">\n\t\t\t\t<img decoding=\"async\" width=\"320\" height=\"202\" src=\"https:\/\/i0.wp.com\/well-grounded.org\/wp-content\/uploads\/2022\/03\/ley-uwera-16.jpg?resize=320%2C202&amp;ssl=1\" class=\"attachment-blog-medium size-blog-medium wp-post-image\" alt=\"\" srcset=\"https:\/\/i0.wp.com\/well-grounded.org\/wp-content\/uploads\/2022\/03\/ley-uwera-16.jpg?resize=320%2C202&amp;ssl=1 320w, https:\/\/i0.wp.com\/well-grounded.org\/wp-content\/uploads\/2022\/03\/ley-uwera-16.jpg?zoom=2&amp;resize=320%2C202&amp;ssl=1 640w, https:\/\/i0.wp.com\/well-grounded.org\/wp-content\/uploads\/2022\/03\/ley-uwera-16.jpg?resize=700%2C441&amp;ssl=1 700w, https:\/\/i0.wp.com\/well-grounded.org\/wp-content\/uploads\/2022\/03\/ley-uwera-16.jpg?zoom=3&amp;resize=320%2C202&amp;ssl=1 960w, https:\/\/i0.wp.com\/well-grounded.org\/wp-content\/uploads\/2022\/03\/ley-uwera-16.jpg?fit=1920%2C1280&amp;ssl=1 1920w\" sizes=\"(max-width: 320px) 100vw, 320px\" \/><div class=\"fusion-rollover\">\n\t<div class=\"fusion-rollover-content\">\n\n\t\t\t\t\t\t\t\t\t\t\t\t\t\t<a class=\"fusion-rollover-link\" href=\"https:\/\/well-grounded.org\/fr\/vous-ne-pouvez-pas-etre-ce-que-vous-ne-pouvez-pas-voir-aurelie-salvaire\/\">\u00ab Vous ne pouvez pas \u00eatre ce que vous ne pouvez pas voir\u00bb (Aur\u00e9lie Salvaire)<\/a>\n\t\t\t\n\t\t\t\t\t\t\t\t\t\t\t\t\t\t\n\t\t\t\t\t\t\t\t\n\t\t\t\t\t\t\t\t\t\t\t\t\t<div class=\"fusion-rollover-sep\"><\/div>\n\t\t\t\t\n\t\t\t\t\t\t\t\t\t\t\t\t\t\t\t\t\t\t<a class=\"fusion-rollover-gallery\" href=\"https:\/\/i0.wp.com\/well-grounded.org\/wp-content\/uploads\/2022\/03\/ley-uwera-16.jpg?fit=1920%2C1280&ssl=1\" data-options=\"\" data-id=\"5227\" data-rel=\"iLightbox[gallery]\" data-title=\"ley-uwera-16\" data-caption=\"\">\n\t\t\t\t\t\tGallery\t\t\t\t\t<\/a>\n\t\t\t\t\t\t\t\t\t\t\t\t\t\t\n\t\t\n\t\t\t\t\t\t\t\t\n\t\t\t\t\t\t\t\t\n\t\t\n\t\t\t\t\t\t<a class=\"fusion-link-wrapper\" href=\"https:\/\/well-grounded.org\/fr\/vous-ne-pouvez-pas-etre-ce-que-vous-ne-pouvez-pas-voir-aurelie-salvaire\/\" aria-label=\"\u00ab Vous ne pouvez pas \u00eatre ce que vous ne pouvez pas voir\u00bb (Aur\u00e9lie Salvaire)\"><\/a>\n\t<\/div>\n<\/div>\n<\/div>\n<\/li>\n\t\t\t\n\t\t\t\n\t\t\t\t\t\t\t\t<\/ul>\n\t<\/div>\n\t<div class=\"fusion-post-content post-content\"><h2 class=\"blog-shortcode-post-title entry-title\">\u00ab Vous ne pouvez pas \u00eatre ce que vous ne pouvez pas voir\u00bb (Aur\u00e9lie Salvaire)<\/h2><div class=\"fusion-post-content-container\"><p> Cela fait vingt ans que je me suis engag\u00e9e au sein de la soci\u00e9t\u00e9 civile d\u2019abord comme travailleuse humanitaire et ensuite en tant que praticienne de d\u00e9veloppement organisationnel. Mon travail de tous les jours est d\u2019accompagner les organisations de la soci\u00e9t\u00e9 civile afin qu\u2019elles atteignent leur potentiel et deviennent r\u00e9silientes et strat\u00e9giques. Travailler aux c\u00f4t\u00e9s des organisations de la soci\u00e9t\u00e9 civile m\u2019a permis d\u2019avoir une vue d\u2019ensemble sur les<a href=\"https:\/\/well-grounded.org\/fr\/vous-ne-pouvez-pas-etre-ce-que-vous-ne-pouvez-pas-voir-aurelie-salvaire\/\"> [...]<\/a><\/p><\/div><\/div><div class=\"fusion-clearfix\"><\/div><div class=\"fusion-meta-info\"><div class=\"fusion-alignleft\"><span class=\"vcard\" style=\"display: none;\"><span class=\"fn\"><a href=\"https:\/\/well-grounded.org\/fr\/author\/admin\/\" title=\"Articles par admin\" rel=\"author\">admin<\/a><\/span><\/span><span class=\"updated\" style=\"display:none;\">2022-06-29T13:42:30+00:00<\/span><span>juin 30th, 2020<\/span><span class=\"fusion-inline-sep\">|<\/span>Categories: <a href=\"https:\/\/well-grounded.org\/fr\/category\/temoignages-du-terrain\/\" rel=\"category tag\">T\u00e9moignages du terrain<\/a><span class=\"fusion-inline-sep\">|<\/span><span class=\"meta-tags\">Tags: <a href=\"https:\/\/well-grounded.org\/fr\/tag\/contexte\/\" rel=\"tag\">contexte<\/a>, <a href=\"https:\/\/well-grounded.org\/fr\/tag\/deresponsabilisation\/\" rel=\"tag\">d\u00e9responsabilisation<\/a>, <a href=\"https:\/\/well-grounded.org\/fr\/tag\/exemplarite\/\" rel=\"tag\">exemplarit\u00e9<\/a>, <a href=\"https:\/\/well-grounded.org\/fr\/tag\/gouvernance\/\" rel=\"tag\">gouvernance<\/a>, <a href=\"https:\/\/well-grounded.org\/fr\/tag\/osc\/\" rel=\"tag\">OSC<\/a>, <a href=\"https:\/\/well-grounded.org\/fr\/tag\/responsabilite\/\" rel=\"tag\">responsabilit\u00e9<\/a><\/span><span class=\"fusion-inline-sep\">|<\/span><\/div><div class=\"fusion-alignright\"><a class=\"fusion-read-more\" href=\"https:\/\/well-grounded.org\/fr\/vous-ne-pouvez-pas-etre-ce-que-vous-ne-pouvez-pas-voir-aurelie-salvaire\/\" aria-label=\"More on \u00ab Vous ne pouvez pas \u00eatre ce que vous ne pouvez pas voir\u00bb (Aur\u00e9lie Salvaire)\">Read More<\/a><\/div><\/div><\/article>\n<article id=\"blog-1-post-5226\" class=\"fusion-post-medium post-5226 post type-post status-publish format-standard has-post-thumbnail hentry category-temoignages-du-terrain tag-bailleurs-de-fond tag-clientelisme tag-financement tag-procedures tag-rigidite\">\n\t<style type=\"text\/css\">\n\t\t\n\t\t\n\t\t\n\t\t\n\t\t\t<\/style>\n\n\n\t\t\t<div class=\"fusion-flexslider flexslider fusion-flexslider-loading fusion-post-slideshow\" style=\"\">\n\t\t<ul class=\"slides\">\n\t\t\t\n\t\t\t\t\t\t\t\t\t\t\t\t\t\t<li><div  class=\"fusion-image-wrapper fusion-image-size-fixed\" aria-haspopup=\"true\">\n\t\t\t\t<img decoding=\"async\" width=\"320\" height=\"202\" src=\"https:\/\/i0.wp.com\/well-grounded.org\/wp-content\/uploads\/2022\/03\/istockphoto-bribe2.jpg?resize=320%2C202&amp;ssl=1\" class=\"attachment-blog-medium size-blog-medium wp-post-image\" alt=\"\" srcset=\"https:\/\/i0.wp.com\/well-grounded.org\/wp-content\/uploads\/2022\/03\/istockphoto-bribe2.jpg?resize=200%2C125&amp;ssl=1 200w, https:\/\/i0.wp.com\/well-grounded.org\/wp-content\/uploads\/2022\/03\/istockphoto-bribe2.jpg?resize=300%2C188&amp;ssl=1 300w, https:\/\/i0.wp.com\/well-grounded.org\/wp-content\/uploads\/2022\/03\/istockphoto-bribe2.jpg?resize=320%2C202&amp;ssl=1 320w, https:\/\/i0.wp.com\/well-grounded.org\/wp-content\/uploads\/2022\/03\/istockphoto-bribe2.jpg?fit=612%2C383&amp;ssl=1 612w\" sizes=\"(max-width: 320px) 100vw, 320px\" \/><div class=\"fusion-rollover\">\n\t<div class=\"fusion-rollover-content\">\n\n\t\t\t\t\t\t\t\t\t\t\t\t\t\t<a class=\"fusion-rollover-link\" href=\"https:\/\/well-grounded.org\/fr\/financement-propre-des-organisations-de-la-societe-civile-entre-ethique-et-affairisme-au-cameroun\/\">Financement propre des organisations de la soci\u00e9t\u00e9 civile : entre \u00e9thique et affairisme au Cameroun<\/a>\n\t\t\t\n\t\t\t\t\t\t\t\t\t\t\t\t\t\t\n\t\t\t\t\t\t\t\t\n\t\t\t\t\t\t\t\t\t\t\t\t\t<div class=\"fusion-rollover-sep\"><\/div>\n\t\t\t\t\n\t\t\t\t\t\t\t\t\t\t\t\t\t\t\t\t\t\t<a class=\"fusion-rollover-gallery\" href=\"https:\/\/i0.wp.com\/well-grounded.org\/wp-content\/uploads\/2022\/03\/istockphoto-bribe2.jpg?fit=612%2C383&ssl=1\" data-options=\"\" data-id=\"5226\" data-rel=\"iLightbox[gallery]\" data-title=\"flat design character. vector illustration\" data-caption=\"\">\n\t\t\t\t\t\tGallery\t\t\t\t\t<\/a>\n\t\t\t\t\t\t\t\t\t\t\t\t\t\t\n\t\t\n\t\t\t\t\t\t\t\t\n\t\t\t\t\t\t\t\t\n\t\t\n\t\t\t\t\t\t<a class=\"fusion-link-wrapper\" href=\"https:\/\/well-grounded.org\/fr\/financement-propre-des-organisations-de-la-societe-civile-entre-ethique-et-affairisme-au-cameroun\/\" aria-label=\"Financement propre des organisations de la soci\u00e9t\u00e9 civile : entre \u00e9thique et affairisme au Cameroun\"><\/a>\n\t<\/div>\n<\/div>\n<\/div>\n<\/li>\n\t\t\t\n\t\t\t\n\t\t\t\t\t\t\t\t<\/ul>\n\t<\/div>\n\t<div class=\"fusion-post-content post-content\"><h2 class=\"blog-shortcode-post-title entry-title\">Financement propre des organisations de la soci\u00e9t\u00e9 civile : entre \u00e9thique et affairisme au Cameroun<\/h2><div class=\"fusion-post-content-container\"><p> Cr\u00e9dibilit\u00e9 des proc\u00e9dures des bailleurs de fonds Les bailleurs de fonds intervenant dans le Bassin du Congo en appui aux actions des organisations de la soci\u00e9t\u00e9 civile en faveur de la pr\u00e9servation de l\u2019environnement, d\u00e9fendent la r\u00e9putation d\u2019\u00eatre et de rechercher la transparence, l\u2019efficacit\u00e9 et l\u2019efficience dans les initiatives qu\u2019ils soutiennent. Ceci se d\u00e9montre par la rigidit\u00e9 des proc\u00e9dures encadrant les processus d\u2019octroi des financements (accessibles \u00e0 une \u00e9lite<a href=\"https:\/\/well-grounded.org\/fr\/financement-propre-des-organisations-de-la-societe-civile-entre-ethique-et-affairisme-au-cameroun\/\"> [...]<\/a><\/p><\/div><\/div><div class=\"fusion-clearfix\"><\/div><div class=\"fusion-meta-info\"><div class=\"fusion-alignleft\"><span class=\"vcard\" style=\"display: none;\"><span class=\"fn\"><a href=\"https:\/\/well-grounded.org\/fr\/author\/admin\/\" title=\"Articles par admin\" rel=\"author\">admin<\/a><\/span><\/span><span class=\"updated\" style=\"display:none;\">2022-06-29T13:48:56+00:00<\/span><span>mai 30th, 2020<\/span><span class=\"fusion-inline-sep\">|<\/span>Categories: <a href=\"https:\/\/well-grounded.org\/fr\/category\/temoignages-du-terrain\/\" rel=\"category tag\">T\u00e9moignages du terrain<\/a><span class=\"fusion-inline-sep\">|<\/span><span class=\"meta-tags\">Tags: <a href=\"https:\/\/well-grounded.org\/fr\/tag\/bailleurs-de-fond\/\" rel=\"tag\">bailleurs de fond<\/a>, <a href=\"https:\/\/well-grounded.org\/fr\/tag\/clientelisme\/\" rel=\"tag\">client\u00e9lisme<\/a>, <a href=\"https:\/\/well-grounded.org\/fr\/tag\/financement\/\" rel=\"tag\">financement<\/a>, <a href=\"https:\/\/well-grounded.org\/fr\/tag\/procedures\/\" rel=\"tag\">proc\u00e9dures<\/a>, <a href=\"https:\/\/well-grounded.org\/fr\/tag\/rigidite\/\" rel=\"tag\">rigidit\u00e9<\/a><\/span><span class=\"fusion-inline-sep\">|<\/span><\/div><div class=\"fusion-alignright\"><a class=\"fusion-read-more\" href=\"https:\/\/well-grounded.org\/fr\/financement-propre-des-organisations-de-la-societe-civile-entre-ethique-et-affairisme-au-cameroun\/\" aria-label=\"More on Financement propre des organisations de la soci\u00e9t\u00e9 civile : entre \u00e9thique et affairisme au Cameroun\">Read More<\/a><\/div><\/div><\/article>\n<article id=\"blog-1-post-5225\" class=\"fusion-post-medium post-5225 post type-post status-publish format-standard has-post-thumbnail hentry category-temoignages-du-terrain tag-desequilibre tag-ongi tag-osc tag-partenariat\">\n\t<style type=\"text\/css\">\n\t\t\n\t\t\n\t\t\n\t\t\n\t\t\t<\/style>\n\n\n\t\t\t<div class=\"fusion-flexslider flexslider fusion-flexslider-loading fusion-post-slideshow\" style=\"\">\n\t\t<ul class=\"slides\">\n\t\t\t\n\t\t\t\t\t\t\t\t\t\t\t\t\t\t<li><div  class=\"fusion-image-wrapper fusion-image-size-fixed\" aria-haspopup=\"true\">\n\t\t\t\t<img decoding=\"async\" width=\"320\" height=\"202\" src=\"https:\/\/i0.wp.com\/well-grounded.org\/wp-content\/uploads\/2022\/03\/blog-article-emma-uppotential-partnership-clip-art.png?resize=320%2C202&amp;ssl=1\" class=\"attachment-blog-medium size-blog-medium wp-post-image\" alt=\"\" srcset=\"https:\/\/i0.wp.com\/well-grounded.org\/wp-content\/uploads\/2022\/03\/blog-article-emma-uppotential-partnership-clip-art.png?resize=320%2C202&amp;ssl=1 320w, https:\/\/i0.wp.com\/well-grounded.org\/wp-content\/uploads\/2022\/03\/blog-article-emma-uppotential-partnership-clip-art.png?zoom=2&amp;resize=320%2C202&amp;ssl=1 640w, https:\/\/i0.wp.com\/well-grounded.org\/wp-content\/uploads\/2022\/03\/blog-article-emma-uppotential-partnership-clip-art.png?resize=700%2C441&amp;ssl=1 700w, https:\/\/i0.wp.com\/well-grounded.org\/wp-content\/uploads\/2022\/03\/blog-article-emma-uppotential-partnership-clip-art.png?fit=917%2C917&amp;ssl=1 917w\" sizes=\"(max-width: 320px) 100vw, 320px\" \/><div class=\"fusion-rollover\">\n\t<div class=\"fusion-rollover-content\">\n\n\t\t\t\t\t\t\t\t\t\t\t\t\t\t<a class=\"fusion-rollover-link\" href=\"https:\/\/well-grounded.org\/fr\/que-signifie-vraiment-un-partenariat\/\">Que signifie vraiment un partenariat?<\/a>\n\t\t\t\n\t\t\t\t\t\t\t\t\t\t\t\t\t\t\n\t\t\t\t\t\t\t\t\n\t\t\t\t\t\t\t\t\t\t\t\t\t<div class=\"fusion-rollover-sep\"><\/div>\n\t\t\t\t\n\t\t\t\t\t\t\t\t\t\t\t\t\t\t\t\t\t\t<a class=\"fusion-rollover-gallery\" href=\"https:\/\/i0.wp.com\/well-grounded.org\/wp-content\/uploads\/2022\/03\/blog-article-emma-uppotential-partnership-clip-art.png?fit=917%2C917&ssl=1\" data-options=\"\" data-id=\"5225\" data-rel=\"iLightbox[gallery]\" data-title=\"blog-article-emma-uppotential-partnership-clip-art\" data-caption=\"\">\n\t\t\t\t\t\tGallery\t\t\t\t\t<\/a>\n\t\t\t\t\t\t\t\t\t\t\t\t\t\t\n\t\t\n\t\t\t\t\t\t\t\t\n\t\t\t\t\t\t\t\t\n\t\t\n\t\t\t\t\t\t<a class=\"fusion-link-wrapper\" href=\"https:\/\/well-grounded.org\/fr\/que-signifie-vraiment-un-partenariat\/\" aria-label=\"Que signifie vraiment un partenariat?\"><\/a>\n\t<\/div>\n<\/div>\n<\/div>\n<\/li>\n\t\t\t\n\t\t\t\n\t\t\t\t\t\t\t\t<\/ul>\n\t<\/div>\n\t<div class=\"fusion-post-content post-content\"><h2 class=\"blog-shortcode-post-title entry-title\">Que signifie vraiment un partenariat?<\/h2><div class=\"fusion-post-content-container\"><p> Les relations entre les bailleurs et les organisations impliquent-elles n\u00e9cessairement une forme de tension? Existe-t-il forc\u00e9ment une dynamique de pouvoir entre les Organisations Non Gouvernementales Internationales (ONGI) et les Organisations de la Soci\u00e9t\u00e9 Civile (OSC)? Certains diront que ce n\u2019est pas toujours le cas, mais il est difficile de nier que ces relations tombent souvent dans ce pi\u00e8ge. Les partenariats sont essentiels pour notre travail et notre secteur. Sans<a href=\"https:\/\/well-grounded.org\/fr\/que-signifie-vraiment-un-partenariat\/\"> [...]<\/a><\/p><\/div><\/div><div class=\"fusion-clearfix\"><\/div><div class=\"fusion-meta-info\"><div class=\"fusion-alignleft\"><span class=\"vcard\" style=\"display: none;\"><span class=\"fn\"><a href=\"https:\/\/well-grounded.org\/fr\/author\/admin\/\" title=\"Articles par admin\" rel=\"author\">admin<\/a><\/span><\/span><span class=\"updated\" style=\"display:none;\">2022-06-29T13:50:21+00:00<\/span><span>avril 24th, 2020<\/span><span class=\"fusion-inline-sep\">|<\/span>Categories: <a href=\"https:\/\/well-grounded.org\/fr\/category\/temoignages-du-terrain\/\" rel=\"category tag\">T\u00e9moignages du terrain<\/a><span class=\"fusion-inline-sep\">|<\/span><span class=\"meta-tags\">Tags: <a href=\"https:\/\/well-grounded.org\/fr\/tag\/desequilibre\/\" rel=\"tag\">D\u00e9s\u00e9quilibre<\/a>, <a href=\"https:\/\/well-grounded.org\/fr\/tag\/ongi\/\" rel=\"tag\">ONGI<\/a>, <a href=\"https:\/\/well-grounded.org\/fr\/tag\/osc\/\" rel=\"tag\">OSC<\/a>, <a href=\"https:\/\/well-grounded.org\/fr\/tag\/partenariat\/\" rel=\"tag\">partenariat<\/a><\/span><span class=\"fusion-inline-sep\">|<\/span><\/div><div class=\"fusion-alignright\"><a class=\"fusion-read-more\" href=\"https:\/\/well-grounded.org\/fr\/que-signifie-vraiment-un-partenariat\/\" aria-label=\"More on Que signifie vraiment un partenariat?\">Read More<\/a><\/div><\/div><\/article>\n<article id=\"blog-1-post-5223\" class=\"fusion-post-medium post-5223 post type-post status-publish format-standard has-post-thumbnail hentry category-temoignages-du-terrain tag-influence tag-plaidoyer tag-strategie\">\n\t<style type=\"text\/css\">\n\t\t\n\t\t\n\t\t\n\t\t\n\t\t\t<\/style>\n\n\n\t\t\t<div class=\"fusion-flexslider flexslider fusion-flexslider-loading fusion-post-slideshow\" style=\"\">\n\t\t<ul class=\"slides\">\n\t\t\t\n\t\t\t\t\t\t\t\t\t\t\t\t\t\t<li><div  class=\"fusion-image-wrapper fusion-image-size-fixed\" aria-haspopup=\"true\">\n\t\t\t\t<img decoding=\"async\" width=\"320\" height=\"202\" src=\"https:\/\/i0.wp.com\/well-grounded.org\/wp-content\/uploads\/2022\/03\/Processus-plaidoyer-FR.jpg?resize=320%2C202&amp;ssl=1\" class=\"attachment-blog-medium size-blog-medium wp-post-image\" alt=\"\" srcset=\"https:\/\/i0.wp.com\/well-grounded.org\/wp-content\/uploads\/2022\/03\/Processus-plaidoyer-FR.jpg?resize=320%2C202&amp;ssl=1 320w, https:\/\/i0.wp.com\/well-grounded.org\/wp-content\/uploads\/2022\/03\/Processus-plaidoyer-FR.jpg?zoom=2&amp;resize=320%2C202&amp;ssl=1 640w, https:\/\/i0.wp.com\/well-grounded.org\/wp-content\/uploads\/2022\/03\/Processus-plaidoyer-FR.jpg?resize=700%2C441&amp;ssl=1 700w, https:\/\/i0.wp.com\/well-grounded.org\/wp-content\/uploads\/2022\/03\/Processus-plaidoyer-FR.jpg?zoom=3&amp;resize=320%2C202&amp;ssl=1 960w, https:\/\/i0.wp.com\/well-grounded.org\/wp-content\/uploads\/2022\/03\/Processus-plaidoyer-FR.jpg?fit=1038%2C516&amp;ssl=1 1038w\" sizes=\"(max-width: 320px) 100vw, 320px\" \/><div class=\"fusion-rollover\">\n\t<div class=\"fusion-rollover-content\">\n\n\t\t\t\t\t\t\t\t\t\t\t\t\t\t<a class=\"fusion-rollover-link\" href=\"https:\/\/well-grounded.org\/fr\/recherche-de-changement-action\/\">Vous voulez du changement ? Action !<\/a>\n\t\t\t\n\t\t\t\t\t\t\t\t\t\t\t\t\t\t\n\t\t\t\t\t\t\t\t\n\t\t\t\t\t\t\t\t\t\t\t\t\t<div class=\"fusion-rollover-sep\"><\/div>\n\t\t\t\t\n\t\t\t\t\t\t\t\t\t\t\t\t\t\t\t\t\t\t<a class=\"fusion-rollover-gallery\" href=\"https:\/\/i0.wp.com\/well-grounded.org\/wp-content\/uploads\/2022\/03\/Processus-plaidoyer-FR.jpg?fit=1038%2C516&ssl=1\" data-options=\"\" data-id=\"5223\" data-rel=\"iLightbox[gallery]\" data-title=\"Processus-plaidoyer-FR\" data-caption=\"\">\n\t\t\t\t\t\tGallery\t\t\t\t\t<\/a>\n\t\t\t\t\t\t\t\t\t\t\t\t\t\t\n\t\t\n\t\t\t\t\t\t\t\t\n\t\t\t\t\t\t\t\t\n\t\t\n\t\t\t\t\t\t<a class=\"fusion-link-wrapper\" href=\"https:\/\/well-grounded.org\/fr\/recherche-de-changement-action\/\" aria-label=\"Vous voulez du changement ? Action !\"><\/a>\n\t<\/div>\n<\/div>\n<\/div>\n<\/li>\n\t\t\t\n\t\t\t\n\t\t\t\t\t\t\t\t<\/ul>\n\t<\/div>\n\t<div class=\"fusion-post-content post-content\"><h2 class=\"blog-shortcode-post-title entry-title\">Vous voulez du changement ? Action !<\/h2><div class=\"fusion-post-content-container\"><p> Le plaidoyer semble \u00eatre \u00ab \u00e0 la mode \u00bb et figure dans les plans de nombreuses plateformes et organisations individuelles comme un domaine strat\u00e9gique important de leur travail. Le mettre dans un plan est une chose, mais le mettre en pratique en est une autre. De nombreux efforts de plaidoyer se terminent par la soumission d'un document de position \u00e0 un haut responsable gouvernemental. Si votre objectif est d'influencer<a href=\"https:\/\/well-grounded.org\/fr\/recherche-de-changement-action\/\"> [...]<\/a><\/p><\/div><\/div><div class=\"fusion-clearfix\"><\/div><div class=\"fusion-meta-info\"><div class=\"fusion-alignleft\"><span class=\"vcard\" style=\"display: none;\"><span class=\"fn\"><a href=\"https:\/\/well-grounded.org\/fr\/author\/admin\/\" title=\"Articles par admin\" rel=\"author\">admin<\/a><\/span><\/span><span class=\"updated\" style=\"display:none;\">2022-06-29T13:54:41+00:00<\/span><span>avril 13th, 2020<\/span><span class=\"fusion-inline-sep\">|<\/span>Categories: <a href=\"https:\/\/well-grounded.org\/fr\/category\/temoignages-du-terrain\/\" rel=\"category tag\">T\u00e9moignages du terrain<\/a><span class=\"fusion-inline-sep\">|<\/span><span class=\"meta-tags\">Tags: <a href=\"https:\/\/well-grounded.org\/fr\/tag\/influence\/\" rel=\"tag\">influence<\/a>, <a href=\"https:\/\/well-grounded.org\/fr\/tag\/plaidoyer\/\" rel=\"tag\">plaidoyer<\/a>, <a href=\"https:\/\/well-grounded.org\/fr\/tag\/strategie\/\" rel=\"tag\">strat\u00e9gie<\/a><\/span><span class=\"fusion-inline-sep\">|<\/span><\/div><div class=\"fusion-alignright\"><a class=\"fusion-read-more\" href=\"https:\/\/well-grounded.org\/fr\/recherche-de-changement-action\/\" aria-label=\"More on Vous voulez du changement ? Action !\">Read More<\/a><\/div><\/div><\/article>\n<article id=\"blog-1-post-5224\" class=\"fusion-post-medium post-5224 post type-post status-publish format-standard has-post-thumbnail hentry category-temoignages-du-terrain tag-connaissance-de-soi tag-covid-19-fr tag-encadrement tag-leadership tag-monnaie tag-resilience\">\n\t<style type=\"text\/css\">\n\t\t\n\t\t\n\t\t\n\t\t\n\t\t\t<\/style>\n\n\n\t\t\t<div class=\"fusion-flexslider flexslider fusion-flexslider-loading fusion-post-slideshow\" style=\"\">\n\t\t<ul class=\"slides\">\n\t\t\t\n\t\t\t\t\t\t\t\t\t\t\t\t\t\t<li><div  class=\"fusion-image-wrapper fusion-image-size-fixed\" aria-haspopup=\"true\">\n\t\t\t\t<img decoding=\"async\" width=\"320\" height=\"202\" src=\"https:\/\/i0.wp.com\/well-grounded.org\/wp-content\/uploads\/2022\/03\/ley-uwera-31.jpg?resize=320%2C202&amp;ssl=1\" class=\"attachment-blog-medium size-blog-medium wp-post-image\" alt=\"\" srcset=\"https:\/\/i0.wp.com\/well-grounded.org\/wp-content\/uploads\/2022\/03\/ley-uwera-31.jpg?resize=320%2C202&amp;ssl=1 320w, https:\/\/i0.wp.com\/well-grounded.org\/wp-content\/uploads\/2022\/03\/ley-uwera-31.jpg?zoom=2&amp;resize=320%2C202&amp;ssl=1 640w, https:\/\/i0.wp.com\/well-grounded.org\/wp-content\/uploads\/2022\/03\/ley-uwera-31.jpg?resize=700%2C441&amp;ssl=1 700w, https:\/\/i0.wp.com\/well-grounded.org\/wp-content\/uploads\/2022\/03\/ley-uwera-31.jpg?zoom=3&amp;resize=320%2C202&amp;ssl=1 960w, https:\/\/i0.wp.com\/well-grounded.org\/wp-content\/uploads\/2022\/03\/ley-uwera-31.jpg?fit=1920%2C1280&amp;ssl=1 1920w\" sizes=\"(max-width: 320px) 100vw, 320px\" \/><div class=\"fusion-rollover\">\n\t<div class=\"fusion-rollover-content\">\n\n\t\t\t\t\t\t\t\t\t\t\t\t\t\t<a class=\"fusion-rollover-link\" href=\"https:\/\/well-grounded.org\/fr\/reveillez-le-leader-resilient-en-vous\/\">R\u00e9veillez le leader r\u00e9silient en vous&nbsp;!<\/a>\n\t\t\t\n\t\t\t\t\t\t\t\t\t\t\t\t\t\t\n\t\t\t\t\t\t\t\t\n\t\t\t\t\t\t\t\t\t\t\t\t\t<div class=\"fusion-rollover-sep\"><\/div>\n\t\t\t\t\n\t\t\t\t\t\t\t\t\t\t\t\t\t\t\t\t\t\t<a class=\"fusion-rollover-gallery\" href=\"https:\/\/i0.wp.com\/well-grounded.org\/wp-content\/uploads\/2022\/03\/ley-uwera-31.jpg?fit=1920%2C1280&ssl=1\" data-options=\"\" data-id=\"5224\" data-rel=\"iLightbox[gallery]\" data-title=\"ley-uwera-31\" data-caption=\"\">\n\t\t\t\t\t\tGallery\t\t\t\t\t<\/a>\n\t\t\t\t\t\t\t\t\t\t\t\t\t\t\n\t\t\n\t\t\t\t\t\t\t\t\n\t\t\t\t\t\t\t\t\n\t\t\n\t\t\t\t\t\t<a class=\"fusion-link-wrapper\" href=\"https:\/\/well-grounded.org\/fr\/reveillez-le-leader-resilient-en-vous\/\" aria-label=\"R\u00e9veillez le leader r\u00e9silient en vous&nbsp;!\"><\/a>\n\t<\/div>\n<\/div>\n<\/div>\n<\/li>\n\t\t\t\n\t\t\t\n\t\t\t\t\t\t\t\t<\/ul>\n\t<\/div>\n\t<div class=\"fusion-post-content post-content\"><h2 class=\"blog-shortcode-post-title entry-title\">R\u00e9veillez le leader r\u00e9silient en vous&nbsp;!<\/h2><div class=\"fusion-post-content-container\"><p> Nous vivons une \u00e9poque impr\u00e9visible au cours de laquelle nous ne pouvons pas savoir comment la pand\u00e9mie de Covid-19 va \u00e9voluer d'un jour \u00e0 l'autre.. Nous ne pouvons pas anticiper ni contr\u00f4ler les mesures que nos dirigeants prendront. J'ai l'impression d'avoir v\u00e9cu cela auparavant, avec une dimension diff\u00e9rente. Je suis congolais de Goma et je fais partie de la g\u00e9n\u00e9ration malchanceuse ou chanceuse qui vit dans un Congo en<a href=\"https:\/\/well-grounded.org\/fr\/reveillez-le-leader-resilient-en-vous\/\"> [...]<\/a><\/p><\/div><\/div><div class=\"fusion-clearfix\"><\/div><div class=\"fusion-meta-info\"><div class=\"fusion-alignleft\"><span class=\"vcard\" style=\"display: none;\"><span class=\"fn\"><a href=\"https:\/\/well-grounded.org\/fr\/author\/admin\/\" title=\"Articles par admin\" rel=\"author\">admin<\/a><\/span><\/span><span class=\"updated\" style=\"display:none;\">2022-06-29T13:58:14+00:00<\/span><span>mars 26th, 2020<\/span><span class=\"fusion-inline-sep\">|<\/span>Categories: <a href=\"https:\/\/well-grounded.org\/fr\/category\/temoignages-du-terrain\/\" rel=\"category tag\">T\u00e9moignages du terrain<\/a><span class=\"fusion-inline-sep\">|<\/span><span class=\"meta-tags\">Tags: <a href=\"https:\/\/well-grounded.org\/fr\/tag\/connaissance-de-soi\/\" rel=\"tag\">connaissance de soi<\/a>, <a href=\"https:\/\/well-grounded.org\/fr\/tag\/covid-19-fr\/\" rel=\"tag\">covid 19<\/a>, <a href=\"https:\/\/well-grounded.org\/fr\/tag\/encadrement\/\" rel=\"tag\">encadrement<\/a>, <a href=\"https:\/\/well-grounded.org\/fr\/tag\/leadership\/\" rel=\"tag\">leadership<\/a>, <a href=\"https:\/\/well-grounded.org\/fr\/tag\/monnaie\/\" rel=\"tag\">monnaie<\/a>, <a href=\"https:\/\/well-grounded.org\/fr\/tag\/resilience\/\" rel=\"tag\">r\u00e9silience<\/a><\/span><span class=\"fusion-inline-sep\">|<\/span><\/div><div class=\"fusion-alignright\"><a class=\"fusion-read-more\" href=\"https:\/\/well-grounded.org\/fr\/reveillez-le-leader-resilient-en-vous\/\" aria-label=\"More on R\u00e9veillez le leader r\u00e9silient en vous&nbsp;!\">Read More<\/a><\/div><\/div><\/article>\n<article id=\"blog-1-post-5222\" class=\"fusion-post-medium post-5222 post type-post status-publish format-standard has-post-thumbnail hentry category-bien-fonde category-temoignages-du-terrain tag-autonomie tag-desequilibre tag-leadership tag-ong tag-partenariat tag-sud\">\n\t<style type=\"text\/css\">\n\t\t\n\t\t\n\t\t\n\t\t\n\t\t\t<\/style>\n\n\n\t\t\t<div class=\"fusion-flexslider flexslider fusion-flexslider-loading fusion-post-slideshow\" style=\"\">\n\t\t<ul class=\"slides\">\n\t\t\t\n\t\t\t\t\t\t\t\t\t\t\t\t\t\t<li><div  class=\"fusion-image-wrapper fusion-image-size-fixed\" aria-haspopup=\"true\">\n\t\t\t\t<img decoding=\"async\" width=\"320\" height=\"202\" src=\"https:\/\/i0.wp.com\/well-grounded.org\/wp-content\/uploads\/2022\/03\/Article-blog-Mathilde_Superman-crashing.jpg?resize=320%2C202&amp;ssl=1\" class=\"attachment-blog-medium size-blog-medium wp-post-image\" alt=\"\" srcset=\"https:\/\/i0.wp.com\/well-grounded.org\/wp-content\/uploads\/2022\/03\/Article-blog-Mathilde_Superman-crashing.jpg?resize=320%2C202&amp;ssl=1 320w, https:\/\/i0.wp.com\/well-grounded.org\/wp-content\/uploads\/2022\/03\/Article-blog-Mathilde_Superman-crashing.jpg?zoom=2&amp;resize=320%2C202&amp;ssl=1 640w, https:\/\/i0.wp.com\/well-grounded.org\/wp-content\/uploads\/2022\/03\/Article-blog-Mathilde_Superman-crashing.jpg?resize=700%2C441&amp;ssl=1 700w, https:\/\/i0.wp.com\/well-grounded.org\/wp-content\/uploads\/2022\/03\/Article-blog-Mathilde_Superman-crashing.jpg?zoom=3&amp;resize=320%2C202&amp;ssl=1 960w, https:\/\/i0.wp.com\/well-grounded.org\/wp-content\/uploads\/2022\/03\/Article-blog-Mathilde_Superman-crashing.jpg?fit=1600%2C1600&amp;ssl=1 1600w\" sizes=\"(max-width: 320px) 100vw, 320px\" \/><div class=\"fusion-rollover\">\n\t<div class=\"fusion-rollover-content\">\n\n\t\t\t\t\t\t\t\t\t\t\t\t\t\t<a class=\"fusion-rollover-link\" href=\"https:\/\/well-grounded.org\/fr\/comment-les-interventions-dans-le-nord-peuvent-menacer-le-leadership-dans-le-sud\/\">Comment les interventions au \u00ab Nord \u00bb peuvent compromettre le leadership au \u00ab Sud \u00bb<\/a>\n\t\t\t\n\t\t\t\t\t\t\t\t\t\t\t\t\t\t\n\t\t\t\t\t\t\t\t\n\t\t\t\t\t\t\t\t\t\t\t\t\t<div class=\"fusion-rollover-sep\"><\/div>\n\t\t\t\t\n\t\t\t\t\t\t\t\t\t\t\t\t\t\t\t\t\t\t<a class=\"fusion-rollover-gallery\" href=\"https:\/\/i0.wp.com\/well-grounded.org\/wp-content\/uploads\/2022\/03\/Article-blog-Mathilde_Superman-crashing.jpg?fit=1600%2C1600&ssl=1\" data-options=\"\" data-id=\"5222\" data-rel=\"iLightbox[gallery]\" data-title=\"Article-blog-Mathilde_Superman-crashing\" data-caption=\"\">\n\t\t\t\t\t\tGallery\t\t\t\t\t<\/a>\n\t\t\t\t\t\t\t\t\t\t\t\t\t\t\n\t\t\n\t\t\t\t\t\t\t\t\n\t\t\t\t\t\t\t\t\n\t\t\n\t\t\t\t\t\t<a class=\"fusion-link-wrapper\" href=\"https:\/\/well-grounded.org\/fr\/comment-les-interventions-dans-le-nord-peuvent-menacer-le-leadership-dans-le-sud\/\" aria-label=\"Comment les interventions au \u00ab Nord \u00bb peuvent compromettre le leadership au \u00ab Sud \u00bb\"><\/a>\n\t<\/div>\n<\/div>\n<\/div>\n<\/li>\n\t\t\t\n\t\t\t\n\t\t\t\t\t\t\t\t<\/ul>\n\t<\/div>\n\t<div class=\"fusion-post-content post-content\"><h2 class=\"blog-shortcode-post-title entry-title\">Comment les interventions au \u00ab Nord \u00bb peuvent compromettre le leadership au \u00ab Sud \u00bb<\/h2><div class=\"fusion-post-content-container\"><p> Derri\u00e8re les concepts populaires, de vrais d\u00e9s\u00e9quilibres subsistent Travaillant longtemps avec des ONG europ\u00e9ennes li\u00e9es \u00e0 l'Afrique, j'ai souvent \u00e9t\u00e9 g\u00ean\u00e9 par le rapport vertical inavou\u00e9, et par le d\u00e9s\u00e9quilibre qui se produit souvent entre une ONG du Nord et une organisation partenaire du Sud. Les ONG du Nord, et les bailleurs de fonds, veulent mettre en \u0153uvre les projets et programmes dont ils ont la charge et r\u00e9pondre<a href=\"https:\/\/well-grounded.org\/fr\/comment-les-interventions-dans-le-nord-peuvent-menacer-le-leadership-dans-le-sud\/\"> [...]<\/a><\/p><\/div><\/div><div class=\"fusion-clearfix\"><\/div><div class=\"fusion-meta-info\"><div class=\"fusion-alignleft\"><span class=\"vcard\" style=\"display: none;\"><span class=\"fn\"><a href=\"https:\/\/well-grounded.org\/fr\/author\/admin\/\" title=\"Articles par admin\" rel=\"author\">admin<\/a><\/span><\/span><span class=\"updated\" style=\"display:none;\">2022-06-29T14:08:24+00:00<\/span><span>mars 5th, 2020<\/span><span class=\"fusion-inline-sep\">|<\/span>Categories: <a href=\"https:\/\/well-grounded.org\/fr\/category\/bien-fonde\/\" rel=\"category tag\">Bien fond\u00e9<\/a>, <a href=\"https:\/\/well-grounded.org\/fr\/category\/temoignages-du-terrain\/\" rel=\"category tag\">T\u00e9moignages du terrain<\/a><span class=\"fusion-inline-sep\">|<\/span><span class=\"meta-tags\">Tags: <a href=\"https:\/\/well-grounded.org\/fr\/tag\/autonomie\/\" rel=\"tag\">autonomie<\/a>, <a href=\"https:\/\/well-grounded.org\/fr\/tag\/desequilibre\/\" rel=\"tag\">D\u00e9s\u00e9quilibre<\/a>, <a href=\"https:\/\/well-grounded.org\/fr\/tag\/leadership\/\" rel=\"tag\">leadership<\/a>, <a href=\"https:\/\/well-grounded.org\/fr\/tag\/ong\/\" rel=\"tag\">ONG<\/a>, <a href=\"https:\/\/well-grounded.org\/fr\/tag\/partenariat\/\" rel=\"tag\">partenariat<\/a>, <a href=\"https:\/\/well-grounded.org\/fr\/tag\/sud\/\" rel=\"tag\">sud<\/a><\/span><span class=\"fusion-inline-sep\">|<\/span><\/div><div class=\"fusion-alignright\"><a class=\"fusion-read-more\" href=\"https:\/\/well-grounded.org\/fr\/comment-les-interventions-dans-le-nord-peuvent-menacer-le-leadership-dans-le-sud\/\" aria-label=\"More on Comment les interventions au \u00ab Nord \u00bb peuvent compromettre le leadership au \u00ab Sud \u00bb\">Read More<\/a><\/div><\/div><\/article>\n<article id=\"blog-1-post-5221\" class=\"fusion-post-medium post-5221 post type-post status-publish format-standard has-post-thumbnail hentry category-developpement-organisationnel tag-collectif tag-comportement tag-equipe tag-foule tag-rencontre\">\n\t<style type=\"text\/css\">\n\t\t\n\t\t\n\t\t\n\t\t\n\t\t\t<\/style>\n\n\n\t\t\t<div class=\"fusion-flexslider flexslider fusion-flexslider-loading fusion-post-slideshow\" style=\"\">\n\t\t<ul class=\"slides\">\n\t\t\t\n\t\t\t\t\t\t\t\t\t\t\t\t\t\t<li><div  class=\"fusion-image-wrapper fusion-image-size-fixed\" aria-haspopup=\"true\">\n\t\t\t\t<img decoding=\"async\" width=\"320\" height=\"202\" src=\"https:\/\/i0.wp.com\/well-grounded.org\/wp-content\/uploads\/2022\/03\/protestors-hold-up-mobile-phones-scaled.jpg?resize=320%2C202&amp;ssl=1\" class=\"attachment-blog-medium size-blog-medium wp-post-image\" alt=\"\" srcset=\"https:\/\/i0.wp.com\/well-grounded.org\/wp-content\/uploads\/2022\/03\/protestors-hold-up-mobile-phones-scaled.jpg?resize=320%2C202&amp;ssl=1 320w, https:\/\/i0.wp.com\/well-grounded.org\/wp-content\/uploads\/2022\/03\/protestors-hold-up-mobile-phones-scaled.jpg?zoom=2&amp;resize=320%2C202&amp;ssl=1 640w, https:\/\/i0.wp.com\/well-grounded.org\/wp-content\/uploads\/2022\/03\/protestors-hold-up-mobile-phones-scaled.jpg?resize=700%2C441&amp;ssl=1 700w, https:\/\/i0.wp.com\/well-grounded.org\/wp-content\/uploads\/2022\/03\/protestors-hold-up-mobile-phones-scaled.jpg?zoom=3&amp;resize=320%2C202&amp;ssl=1 960w, https:\/\/i0.wp.com\/well-grounded.org\/wp-content\/uploads\/2022\/03\/protestors-hold-up-mobile-phones-scaled.jpg?fit=2560%2C1707&amp;ssl=1 2560w\" sizes=\"(max-width: 320px) 100vw, 320px\" \/><div class=\"fusion-rollover\">\n\t<div class=\"fusion-rollover-content\">\n\n\t\t\t\t\t\t\t\t\t\t\t\t\t\t<a class=\"fusion-rollover-link\" href=\"https:\/\/well-grounded.org\/fr\/intelligence-collective-ou-betise-collective\/\">Intelligence collective ou b\u00eatise collective ?<\/a>\n\t\t\t\n\t\t\t\t\t\t\t\t\t\t\t\t\t\t\n\t\t\t\t\t\t\t\t\n\t\t\t\t\t\t\t\t\t\t\t\t\t<div class=\"fusion-rollover-sep\"><\/div>\n\t\t\t\t\n\t\t\t\t\t\t\t\t\t\t\t\t\t\t\t\t\t\t<a class=\"fusion-rollover-gallery\" href=\"https:\/\/i0.wp.com\/well-grounded.org\/wp-content\/uploads\/2022\/03\/protestors-hold-up-mobile-phones-scaled.jpg?fit=2560%2C1707&ssl=1\" data-options=\"\" data-id=\"5221\" data-rel=\"iLightbox[gallery]\" data-title=\"protestors-hold-up-mobile-phones\" data-caption=\"\">\n\t\t\t\t\t\tGallery\t\t\t\t\t<\/a>\n\t\t\t\t\t\t\t\t\t\t\t\t\t\t\n\t\t\n\t\t\t\t\t\t\t\t\n\t\t\t\t\t\t\t\t\n\t\t\n\t\t\t\t\t\t<a class=\"fusion-link-wrapper\" href=\"https:\/\/well-grounded.org\/fr\/intelligence-collective-ou-betise-collective\/\" aria-label=\"Intelligence collective ou b\u00eatise collective ?\"><\/a>\n\t<\/div>\n<\/div>\n<\/div>\n<\/li>\n\t\t\t\n\t\t\t\n\t\t\t\t\t\t\t\t<\/ul>\n\t<\/div>\n\t<div class=\"fusion-post-content post-content\"><h2 class=\"blog-shortcode-post-title entry-title\">Intelligence collective ou b\u00eatise collective ?<\/h2><div class=\"fusion-post-content-container\"><p> On parle souvent d'intelligence collective, ou de la mani\u00e8re dont on peut tirer parti des connaissances de chacun pour trouver des solutions que l'on serait incapable de trouver individuellement. On parle aussi des dangers d'une foule.\u00a0Nous voyons des personnes dans un groupe se comporter d'une mani\u00e8re qui contredit leur comportement habituel, en opposition \u00e0 leurs valeurs. Comment se fait-il que le groupe r\u00e9v\u00e8le parfois le meilleur de nous-m\u00eames et<a href=\"https:\/\/well-grounded.org\/fr\/intelligence-collective-ou-betise-collective\/\"> [...]<\/a><\/p><\/div><\/div><div class=\"fusion-clearfix\"><\/div><div class=\"fusion-meta-info\"><div class=\"fusion-alignleft\"><span class=\"vcard\" style=\"display: none;\"><span class=\"fn\"><a href=\"https:\/\/well-grounded.org\/fr\/author\/admin\/\" title=\"Articles par admin\" rel=\"author\">admin<\/a><\/span><\/span><span class=\"updated\" style=\"display:none;\">2022-06-29T14:09:41+00:00<\/span><span>septembre 23rd, 2019<\/span><span class=\"fusion-inline-sep\">|<\/span>Categories: <a href=\"https:\/\/well-grounded.org\/fr\/category\/developpement-organisationnel\/\" rel=\"category tag\">D\u00e9veloppement Organisationnel<\/a><span class=\"fusion-inline-sep\">|<\/span><span class=\"meta-tags\">Tags: <a href=\"https:\/\/well-grounded.org\/fr\/tag\/collectif\/\" rel=\"tag\">collectif<\/a>, <a href=\"https:\/\/well-grounded.org\/fr\/tag\/comportement\/\" rel=\"tag\">comportement<\/a>, <a href=\"https:\/\/well-grounded.org\/fr\/tag\/equipe\/\" rel=\"tag\">\u00e9quipe<\/a>, <a href=\"https:\/\/well-grounded.org\/fr\/tag\/foule\/\" rel=\"tag\">foule<\/a>, <a href=\"https:\/\/well-grounded.org\/fr\/tag\/rencontre\/\" rel=\"tag\">Rencontre<\/a><\/span><span class=\"fusion-inline-sep\">|<\/span><\/div><div class=\"fusion-alignright\"><a class=\"fusion-read-more\" href=\"https:\/\/well-grounded.org\/fr\/intelligence-collective-ou-betise-collective\/\" aria-label=\"More on Intelligence collective ou b\u00eatise collective ?\">Read More<\/a><\/div><\/div><\/article>\n<article id=\"blog-1-post-5220\" class=\"fusion-post-medium post-5220 post type-post status-publish format-standard has-post-thumbnail hentry category-parcours-inspirants tag-foresterie-communautaire tag-liberia tag-politique tag-rdc tag-republique-centrafricaine tag-titres-fonciers\">\n\t<style type=\"text\/css\">\n\t\t\n\t\t\n\t\t\n\t\t\n\t\t\t<\/style>\n\n\n\t\t\t<div class=\"fusion-flexslider flexslider fusion-flexslider-loading fusion-post-slideshow\" style=\"\">\n\t\t<ul class=\"slides\">\n\t\t\t\n\t\t\t\t\t\t\t\t\t\t\t\t\t\t<li><div  class=\"fusion-image-wrapper fusion-image-size-fixed\" aria-haspopup=\"true\">\n\t\t\t\t<img decoding=\"async\" width=\"320\" height=\"202\" src=\"https:\/\/i0.wp.com\/well-grounded.org\/wp-content\/uploads\/2022\/03\/image004-1.jpg?resize=320%2C202&amp;ssl=1\" class=\"attachment-blog-medium size-blog-medium wp-post-image\" alt=\"\" srcset=\"https:\/\/i0.wp.com\/well-grounded.org\/wp-content\/uploads\/2022\/03\/image004-1.jpg?resize=320%2C202&amp;ssl=1 320w, https:\/\/i0.wp.com\/well-grounded.org\/wp-content\/uploads\/2022\/03\/image004-1.jpg?fit=526%2C359&amp;ssl=1 526w\" sizes=\"(max-width: 320px) 100vw, 320px\" \/><div class=\"fusion-rollover\">\n\t<div class=\"fusion-rollover-content\">\n\n\t\t\t\t\t\t\t\t\t\t\t\t\t\t<a class=\"fusion-rollover-link\" href=\"https:\/\/well-grounded.org\/fr\/lespoir-nest-pas-une-espece-menacee\/\">L&rsquo;espoir n&rsquo;est pas une esp\u00e8ce en voie de disparition<\/a>\n\t\t\t\n\t\t\t\t\t\t\t\t\t\t\t\t\t\t\n\t\t\t\t\t\t\t\t\n\t\t\t\t\t\t\t\t\t\t\t\t\t<div class=\"fusion-rollover-sep\"><\/div>\n\t\t\t\t\n\t\t\t\t\t\t\t\t\t\t\t\t\t\t\t\t\t\t<a class=\"fusion-rollover-gallery\" href=\"https:\/\/i0.wp.com\/well-grounded.org\/wp-content\/uploads\/2022\/03\/image004-1.jpg?fit=526%2C359&ssl=1\" data-options=\"\" data-id=\"5220\" data-rel=\"iLightbox[gallery]\" data-title=\"image004-1\" data-caption=\"\">\n\t\t\t\t\t\tGallery\t\t\t\t\t<\/a>\n\t\t\t\t\t\t\t\t\t\t\t\t\t\t\n\t\t\n\t\t\t\t\t\t\t\t\n\t\t\t\t\t\t\t\t\n\t\t\n\t\t\t\t\t\t<a class=\"fusion-link-wrapper\" href=\"https:\/\/well-grounded.org\/fr\/lespoir-nest-pas-une-espece-menacee\/\" aria-label=\"L&rsquo;espoir n&rsquo;est pas une esp\u00e8ce en voie de disparition\"><\/a>\n\t<\/div>\n<\/div>\n<\/div>\n<\/li>\n\t\t\t\n\t\t\t\n\t\t\t\t\t\t\t\t<\/ul>\n\t<\/div>\n\t<div class=\"fusion-post-content post-content\"><h2 class=\"blog-shortcode-post-title entry-title\">L&rsquo;espoir n&rsquo;est pas une esp\u00e8ce en voie de disparition<\/h2><div class=\"fusion-post-content-container\"><p> Albert Einstein a dit un jour : \u00ab\u00a0On ne peut pas r\u00e9soudre un probl\u00e8me avec le m\u00eame mode de pens\u00e9e que celui qui a g\u00e9n\u00e9r\u00e9 le probl\u00e8me\u00a0\u00bb.\u00a0Ses mots me sont venus quand on m'a demand\u00e9 d'\u00e9crire un article de blog sur la crise de la biodiversit\u00e9.\u00a0J'ai commenc\u00e9 \u00e0 lire comment des scientifiques de l'Alaska ont constat\u00e9 que le r\u00e9chauffement de la plan\u00e8te se produit beaucoup plus rapidement que ce<a href=\"https:\/\/well-grounded.org\/fr\/lespoir-nest-pas-une-espece-menacee\/\"> [...]<\/a><\/p><\/div><\/div><div class=\"fusion-clearfix\"><\/div><div class=\"fusion-meta-info\"><div class=\"fusion-alignleft\"><span class=\"vcard\" style=\"display: none;\"><span class=\"fn\"><a href=\"https:\/\/well-grounded.org\/fr\/author\/admin\/\" title=\"Articles par admin\" rel=\"author\">admin<\/a><\/span><\/span><span class=\"updated\" style=\"display:none;\">2022-06-29T14:11:00+00:00<\/span><span>ao\u00fbt 30th, 2019<\/span><span class=\"fusion-inline-sep\">|<\/span>Categories: <a href=\"https:\/\/well-grounded.org\/fr\/category\/parcours-inspirants\/\" rel=\"category tag\">Parcours inspirants<\/a><span class=\"fusion-inline-sep\">|<\/span><span class=\"meta-tags\">Tags: <a href=\"https:\/\/well-grounded.org\/fr\/tag\/foresterie-communautaire\/\" rel=\"tag\">foresterie communautaire<\/a>, <a href=\"https:\/\/well-grounded.org\/fr\/tag\/liberia\/\" rel=\"tag\">Liberia<\/a>, <a href=\"https:\/\/well-grounded.org\/fr\/tag\/politique\/\" rel=\"tag\">politique<\/a>, <a href=\"https:\/\/well-grounded.org\/fr\/tag\/rdc\/\" rel=\"tag\">RDC<\/a>, <a href=\"https:\/\/well-grounded.org\/fr\/tag\/republique-centrafricaine\/\" rel=\"tag\">R\u00e9publique Centrafricaine<\/a>, <a href=\"https:\/\/well-grounded.org\/fr\/tag\/titres-fonciers\/\" rel=\"tag\">titres fonciers<\/a><\/span><span class=\"fusion-inline-sep\">|<\/span><\/div><div class=\"fusion-alignright\"><a class=\"fusion-read-more\" href=\"https:\/\/well-grounded.org\/fr\/lespoir-nest-pas-une-espece-menacee\/\" aria-label=\"More on L&rsquo;espoir n&rsquo;est pas une esp\u00e8ce en voie de disparition\">Read More<\/a><\/div><\/div><\/article>\n<article id=\"blog-1-post-5219\" class=\"fusion-post-medium post-5219 post type-post status-publish format-standard has-post-thumbnail hentry category-nos-activites tag-apv tag-cameroun tag-collaboration tag-projets-communs\">\n\t<style type=\"text\/css\">\n\t\t\n\t\t\n\t\t\n\t\t\n\t\t\t<\/style>\n\n\n\t\t\t<div class=\"fusion-flexslider flexslider fusion-flexslider-loading fusion-post-slideshow\" style=\"\">\n\t\t<ul class=\"slides\">\n\t\t\t\n\t\t\t\t\t\t\t\t\t\t\t\t\t\t<li><div  class=\"fusion-image-wrapper fusion-image-size-fixed\" aria-haspopup=\"true\">\n\t\t\t\t<img decoding=\"async\" width=\"320\" height=\"202\" src=\"https:\/\/i0.wp.com\/well-grounded.org\/wp-content\/uploads\/2022\/03\/Multi-stake-holder-collaboration.jpg?resize=320%2C202&amp;ssl=1\" class=\"attachment-blog-medium size-blog-medium wp-post-image\" alt=\"\" srcset=\"https:\/\/i0.wp.com\/well-grounded.org\/wp-content\/uploads\/2022\/03\/Multi-stake-holder-collaboration.jpg?resize=320%2C202&amp;ssl=1 320w, https:\/\/i0.wp.com\/well-grounded.org\/wp-content\/uploads\/2022\/03\/Multi-stake-holder-collaboration.jpg?fit=572%2C372&amp;ssl=1 572w\" sizes=\"(max-width: 320px) 100vw, 320px\" \/><div class=\"fusion-rollover\">\n\t<div class=\"fusion-rollover-content\">\n\n\t\t\t\t\t\t\t\t\t\t\t\t\t\t<a class=\"fusion-rollover-link\" href=\"https:\/\/well-grounded.org\/fr\/de-nouvelles-collaborations-multi-acteurs-en-vue-au-cameroun\/\">De nouvelles collaborations multi-acteurs en vue au Cameroun<\/a>\n\t\t\t\n\t\t\t\t\t\t\t\t\t\t\t\t\t\t\n\t\t\t\t\t\t\t\t\n\t\t\t\t\t\t\t\t\t\t\t\t\t<div class=\"fusion-rollover-sep\"><\/div>\n\t\t\t\t\n\t\t\t\t\t\t\t\t\t\t\t\t\t\t\t\t\t\t<a class=\"fusion-rollover-gallery\" href=\"https:\/\/i0.wp.com\/well-grounded.org\/wp-content\/uploads\/2022\/03\/Multi-stake-holder-collaboration.jpg?fit=572%2C372&ssl=1\" data-options=\"\" data-id=\"5219\" data-rel=\"iLightbox[gallery]\" data-title=\"Multi-stake-holder-collaboration\" data-caption=\"\">\n\t\t\t\t\t\tGallery\t\t\t\t\t<\/a>\n\t\t\t\t\t\t\t\t\t\t\t\t\t\t\n\t\t\n\t\t\t\t\t\t\t\t\n\t\t\t\t\t\t\t\t\n\t\t\n\t\t\t\t\t\t<a class=\"fusion-link-wrapper\" href=\"https:\/\/well-grounded.org\/fr\/de-nouvelles-collaborations-multi-acteurs-en-vue-au-cameroun\/\" aria-label=\"De nouvelles collaborations multi-acteurs en vue au Cameroun\"><\/a>\n\t<\/div>\n<\/div>\n<\/div>\n<\/li>\n\t\t\t\n\t\t\t\n\t\t\t\t\t\t\t\t<\/ul>\n\t<\/div>\n\t<div class=\"fusion-post-content post-content\"><h2 class=\"blog-shortcode-post-title entry-title\">De nouvelles collaborations multi-acteurs en vue au Cameroun<\/h2><div class=\"fusion-post-content-container\"><p> Ils \u00e9taient pr\u00e8s de 25 participants \u00e0 l\u2019atelier de trois jours organis\u00e9 \u00e0 Yaound\u00e9 :\u00a0associations de PME, organisations de la soci\u00e9t\u00e9 civile et groupements de For\u00eats Communautaires\u00a0se sont rencontr\u00e9s et ont \u00e9chang\u00e9 \u00e0 propos de leurs exp\u00e9riences des\u00a0Accords de Partenariat Volontaire\u00a0(APV). En 2010, le Cameroun a sign\u00e9 un Accord de Partenariat Volontaire (APV) avec l\u2019Union Europ\u00e9enne pour\u00a0d\u00e9velopper une fili\u00e8re bois l\u00e9gale et am\u00e9liorer la gouvernance foresti\u00e8re. Les grandes entreprises<a href=\"https:\/\/well-grounded.org\/fr\/de-nouvelles-collaborations-multi-acteurs-en-vue-au-cameroun\/\"> [...]<\/a><\/p><\/div><\/div><div class=\"fusion-clearfix\"><\/div><div class=\"fusion-meta-info\"><div class=\"fusion-alignleft\"><span class=\"vcard\" style=\"display: none;\"><span class=\"fn\"><a href=\"https:\/\/well-grounded.org\/fr\/author\/admin\/\" title=\"Articles par admin\" rel=\"author\">admin<\/a><\/span><\/span><span class=\"updated\" style=\"display:none;\">2022-06-29T14:13:00+00:00<\/span><span>janvier 9th, 2019<\/span><span class=\"fusion-inline-sep\">|<\/span>Categories: <a href=\"https:\/\/well-grounded.org\/fr\/category\/nos-activites\/\" rel=\"category tag\">Nos activit\u00e9s<\/a><span class=\"fusion-inline-sep\">|<\/span><span class=\"meta-tags\">Tags: <a href=\"https:\/\/well-grounded.org\/fr\/tag\/apv\/\" rel=\"tag\">APV<\/a>, <a href=\"https:\/\/well-grounded.org\/fr\/tag\/cameroun\/\" rel=\"tag\">Cameroun<\/a>, <a href=\"https:\/\/well-grounded.org\/fr\/tag\/collaboration\/\" rel=\"tag\">Collaboration<\/a>, <a href=\"https:\/\/well-grounded.org\/fr\/tag\/projets-communs\/\" rel=\"tag\">projets communs<\/a><\/span><span class=\"fusion-inline-sep\">|<\/span><\/div><div class=\"fusion-alignright\"><a class=\"fusion-read-more\" href=\"https:\/\/well-grounded.org\/fr\/de-nouvelles-collaborations-multi-acteurs-en-vue-au-cameroun\/\" aria-label=\"More on De nouvelles collaborations multi-acteurs en vue au Cameroun\">Read More<\/a><\/div><\/div><\/article>\n<article id=\"blog-1-post-5218\" class=\"fusion-post-medium post-5218 post type-post status-publish format-standard has-post-thumbnail hentry category-nos-partenaires tag-formulation-de-projet tag-gestion-de-projet tag-indicateurs tag-suivi\">\n\t<style type=\"text\/css\">\n\t\t\n\t\t\n\t\t\n\t\t\n\t\t\t<\/style>\n\n\n\t\t\t<div class=\"fusion-flexslider flexslider fusion-flexslider-loading fusion-post-slideshow\" style=\"\">\n\t\t<ul class=\"slides\">\n\t\t\t\n\t\t\t\t\t\t\t\t\t\t\t\t\t\t<li><div  class=\"fusion-image-wrapper fusion-image-size-fixed\" aria-haspopup=\"true\">\n\t\t\t\t<img decoding=\"async\" width=\"320\" height=\"202\" src=\"https:\/\/i0.wp.com\/well-grounded.org\/wp-content\/uploads\/2022\/03\/Indicateurs-satisfaction-client.png?resize=320%2C202&amp;ssl=1\" class=\"attachment-blog-medium size-blog-medium wp-post-image\" alt=\"\" srcset=\"https:\/\/i0.wp.com\/well-grounded.org\/wp-content\/uploads\/2022\/03\/Indicateurs-satisfaction-client.png?resize=320%2C202&amp;ssl=1 320w, https:\/\/i0.wp.com\/well-grounded.org\/wp-content\/uploads\/2022\/03\/Indicateurs-satisfaction-client.png?zoom=2&amp;resize=320%2C202&amp;ssl=1 640w, https:\/\/i0.wp.com\/well-grounded.org\/wp-content\/uploads\/2022\/03\/Indicateurs-satisfaction-client.png?fit=900%2C360&amp;ssl=1 900w\" sizes=\"(max-width: 320px) 100vw, 320px\" \/><div class=\"fusion-rollover\">\n\t<div class=\"fusion-rollover-content\">\n\n\t\t\t\t\t\t\t\t\t\t\t\t\t\t<a class=\"fusion-rollover-link\" href=\"https:\/\/well-grounded.org\/fr\/comment-definir-de-bons-indicateurs\/\">Comment d\u00e9finir de bons indicateurs pour vos projets ?<\/a>\n\t\t\t\n\t\t\t\t\t\t\t\t\t\t\t\t\t\t\n\t\t\t\t\t\t\t\t\n\t\t\t\t\t\t\t\t\t\t\t\t\t<div class=\"fusion-rollover-sep\"><\/div>\n\t\t\t\t\n\t\t\t\t\t\t\t\t\t\t\t\t\t\t\t\t\t\t<a class=\"fusion-rollover-gallery\" href=\"https:\/\/i0.wp.com\/well-grounded.org\/wp-content\/uploads\/2022\/03\/Indicateurs-satisfaction-client.png?fit=900%2C360&ssl=1\" data-options=\"\" data-id=\"5218\" data-rel=\"iLightbox[gallery]\" data-title=\"Indicateurs-satisfaction-client\" data-caption=\"\">\n\t\t\t\t\t\tGallery\t\t\t\t\t<\/a>\n\t\t\t\t\t\t\t\t\t\t\t\t\t\t\n\t\t\n\t\t\t\t\t\t\t\t\n\t\t\t\t\t\t\t\t\n\t\t\n\t\t\t\t\t\t<a class=\"fusion-link-wrapper\" href=\"https:\/\/well-grounded.org\/fr\/comment-definir-de-bons-indicateurs\/\" aria-label=\"Comment d\u00e9finir de bons indicateurs pour vos projets ?\"><\/a>\n\t<\/div>\n<\/div>\n<\/div>\n<\/li>\n\t\t\t\n\t\t\t\n\t\t\t\t\t\t\t\t<\/ul>\n\t<\/div>\n\t<div class=\"fusion-post-content post-content\"><h2 class=\"blog-shortcode-post-title entry-title\">Comment d\u00e9finir de bons indicateurs pour vos projets ?<\/h2><div class=\"fusion-post-content-container\"><p> Les bailleurs, les b\u00e9n\u00e9ficiaires, mais aussi le public, nous demandent de plus en plus de prouver l\u2019efficacit\u00e9 de notre action de fa\u00e7on rigoureuse et objective. Au-del\u00e0 des exigences de redevabilit\u00e9, de bons indicateurs permettent \u00e9galement d\u2019\u00e9valuer la qualit\u00e9 de notre action, et de la corriger si n\u00e9cessaire. Dans cet article, vous trouverez quelques astuces pour bien d\u00e9finir et utiliser les indicateurs dans la conception et le suivi de vos<a href=\"https:\/\/well-grounded.org\/fr\/comment-definir-de-bons-indicateurs\/\"> [...]<\/a><\/p><\/div><\/div><div class=\"fusion-clearfix\"><\/div><div class=\"fusion-meta-info\"><div class=\"fusion-alignleft\"><span class=\"vcard\" style=\"display: none;\"><span class=\"fn\"><a href=\"https:\/\/well-grounded.org\/fr\/author\/admin\/\" title=\"Articles par admin\" rel=\"author\">admin<\/a><\/span><\/span><span class=\"updated\" style=\"display:none;\">2022-06-29T14:15:08+00:00<\/span><span>septembre 14th, 2018<\/span><span class=\"fusion-inline-sep\">|<\/span>Categories: <a href=\"https:\/\/well-grounded.org\/fr\/category\/nos-partenaires\/\" rel=\"category tag\">Nos partenaires<\/a><span class=\"fusion-inline-sep\">|<\/span><span class=\"meta-tags\">Tags: <a href=\"https:\/\/well-grounded.org\/fr\/tag\/formulation-de-projet\/\" rel=\"tag\">formulation de projet<\/a>, <a href=\"https:\/\/well-grounded.org\/fr\/tag\/gestion-de-projet\/\" rel=\"tag\">gestion de projet<\/a>, <a href=\"https:\/\/well-grounded.org\/fr\/tag\/indicateurs\/\" rel=\"tag\">indicateurs<\/a>, <a href=\"https:\/\/well-grounded.org\/fr\/tag\/suivi\/\" rel=\"tag\">suivi<\/a><\/span><span class=\"fusion-inline-sep\">|<\/span><\/div><div class=\"fusion-alignright\"><a class=\"fusion-read-more\" href=\"https:\/\/well-grounded.org\/fr\/comment-definir-de-bons-indicateurs\/\" aria-label=\"More on Comment d\u00e9finir de bons indicateurs pour vos projets ?\">Read More<\/a><\/div><\/div><\/article>\n<article id=\"blog-1-post-5217\" class=\"fusion-post-medium post-5217 post type-post status-publish format-standard has-post-thumbnail hentry category-developpement-organisationnel tag-astuces tag-bailleur tag-collecte-de-fonds tag-donateur tag-fundraising tag-proposition-de-projet\">\n\t<style type=\"text\/css\">\n\t\t\n\t\t\n\t\t\n\t\t\n\t\t\t<\/style>\n\n\n\t\t\t<div class=\"fusion-flexslider flexslider fusion-flexslider-loading fusion-post-slideshow\" style=\"\">\n\t\t<ul class=\"slides\">\n\t\t\t\n\t\t\t\t\t\t\t\t\t\t\t\t\t\t<li><div  class=\"fusion-image-wrapper fusion-image-size-fixed\" aria-haspopup=\"true\">\n\t\t\t\t<img decoding=\"async\" width=\"320\" height=\"202\" src=\"https:\/\/i0.wp.com\/well-grounded.org\/wp-content\/uploads\/2022\/03\/Successful-proposal.jpg?resize=320%2C202&amp;ssl=1\" class=\"attachment-blog-medium size-blog-medium wp-post-image\" alt=\"\" srcset=\"https:\/\/i0.wp.com\/well-grounded.org\/wp-content\/uploads\/2022\/03\/Successful-proposal.jpg?resize=320%2C202&amp;ssl=1 320w, https:\/\/i0.wp.com\/well-grounded.org\/wp-content\/uploads\/2022\/03\/Successful-proposal.jpg?fit=518%2C308&amp;ssl=1 518w\" sizes=\"(max-width: 320px) 100vw, 320px\" \/><div class=\"fusion-rollover\">\n\t<div class=\"fusion-rollover-content\">\n\n\t\t\t\t\t\t\t\t\t\t\t\t\t\t<a class=\"fusion-rollover-link\" href=\"https:\/\/well-grounded.org\/fr\/comment-ecrire-une-proposition-de-projet-reussie\/\">Comment \u00e9crire une proposition de projet r\u00e9ussie<\/a>\n\t\t\t\n\t\t\t\t\t\t\t\t\t\t\t\t\t\t\n\t\t\t\t\t\t\t\t\n\t\t\t\t\t\t\t\t\t\t\t\t\t<div class=\"fusion-rollover-sep\"><\/div>\n\t\t\t\t\n\t\t\t\t\t\t\t\t\t\t\t\t\t\t\t\t\t\t<a class=\"fusion-rollover-gallery\" href=\"https:\/\/i0.wp.com\/well-grounded.org\/wp-content\/uploads\/2022\/03\/Successful-proposal.jpg?fit=518%2C308&ssl=1\" data-options=\"\" data-id=\"5217\" data-rel=\"iLightbox[gallery]\" data-title=\"Successful-proposal\" data-caption=\"\">\n\t\t\t\t\t\tGallery\t\t\t\t\t<\/a>\n\t\t\t\t\t\t\t\t\t\t\t\t\t\t\n\t\t\n\t\t\t\t\t\t\t\t\n\t\t\t\t\t\t\t\t\n\t\t\n\t\t\t\t\t\t<a class=\"fusion-link-wrapper\" href=\"https:\/\/well-grounded.org\/fr\/comment-ecrire-une-proposition-de-projet-reussie\/\" aria-label=\"Comment \u00e9crire une proposition de projet r\u00e9ussie\"><\/a>\n\t<\/div>\n<\/div>\n<\/div>\n<\/li>\n\t\t\t\n\t\t\t\n\t\t\t\t\t\t\t\t<\/ul>\n\t<\/div>\n\t<div class=\"fusion-post-content post-content\"><h2 class=\"blog-shortcode-post-title entry-title\">Comment \u00e9crire une proposition de projet r\u00e9ussie<\/h2><div class=\"fusion-post-content-container\"><p> Les bailleurs sont comme vous et moi: ce sont des personnes occup\u00e9es, et elles n\u2019ont souvent pas le temps d\u2019\u00e9valuer en profondeur toutes les propositions qu\u2019elles re\u00e7oivent. Si vous leur facilitez le travail, vous augmenterez fortement la probabilit\u00e9 d\u2019attirer leur regard, en suivant ces conseils simples : S\u00e9lectionnez les bons donateurs Envoyer la m\u00eame proposition de projet \u00e0 n\u2019importe quel bailleur dont vous avez entendu parler ne fonctionnera pas.<a href=\"https:\/\/well-grounded.org\/fr\/comment-ecrire-une-proposition-de-projet-reussie\/\"> [...]<\/a><\/p><\/div><\/div><div class=\"fusion-clearfix\"><\/div><div class=\"fusion-meta-info\"><div class=\"fusion-alignleft\"><span class=\"vcard\" style=\"display: none;\"><span class=\"fn\"><a href=\"https:\/\/well-grounded.org\/fr\/author\/admin\/\" title=\"Articles par admin\" rel=\"author\">admin<\/a><\/span><\/span><span class=\"updated\" style=\"display:none;\">2022-06-29T14:17:11+00:00<\/span><span>mai 8th, 2018<\/span><span class=\"fusion-inline-sep\">|<\/span>Categories: <a href=\"https:\/\/well-grounded.org\/fr\/category\/developpement-organisationnel\/\" rel=\"category tag\">D\u00e9veloppement Organisationnel<\/a><span class=\"fusion-inline-sep\">|<\/span><span class=\"meta-tags\">Tags: <a href=\"https:\/\/well-grounded.org\/fr\/tag\/astuces\/\" rel=\"tag\">astuces<\/a>, <a href=\"https:\/\/well-grounded.org\/fr\/tag\/bailleur\/\" rel=\"tag\">bailleur<\/a>, <a href=\"https:\/\/well-grounded.org\/fr\/tag\/collecte-de-fonds\/\" rel=\"tag\">collecte de fonds<\/a>, <a href=\"https:\/\/well-grounded.org\/fr\/tag\/donateur\/\" rel=\"tag\">donateur<\/a>, <a href=\"https:\/\/well-grounded.org\/fr\/tag\/fundraising\/\" rel=\"tag\">fundraising<\/a>, <a href=\"https:\/\/well-grounded.org\/fr\/tag\/proposition-de-projet\/\" rel=\"tag\">proposition de projet<\/a><\/span><span class=\"fusion-inline-sep\">|<\/span><\/div><div class=\"fusion-alignright\"><a class=\"fusion-read-more\" href=\"https:\/\/well-grounded.org\/fr\/comment-ecrire-une-proposition-de-projet-reussie\/\" aria-label=\"More on Comment \u00e9crire une proposition de projet r\u00e9ussie\">Read More<\/a><\/div><\/div><\/article>\n<article id=\"blog-1-post-5216\" class=\"fusion-post-medium post-5216 post type-post status-publish format-standard has-post-thumbnail hentry category-nos-partenaires tag-baka tag-cameroun tag-conservation tag-droits-humains\">\n\t<style type=\"text\/css\">\n\t\t\n\t\t\n\t\t\n\t\t\n\t\t\t<\/style>\n\n\n\t\t\t<div class=\"fusion-flexslider flexslider fusion-flexslider-loading fusion-post-slideshow\" style=\"\">\n\t\t<ul class=\"slides\">\n\t\t\t\n\t\t\t\t\t\t\t\t\t\t\t\t\t\t<li><div  class=\"fusion-image-wrapper fusion-image-size-fixed\" aria-haspopup=\"true\">\n\t\t\t\t<img decoding=\"async\" width=\"320\" height=\"202\" src=\"https:\/\/i0.wp.com\/well-grounded.org\/wp-content\/uploads\/2022\/03\/forestpeoples.jpg?resize=320%2C202&amp;ssl=1\" class=\"attachment-blog-medium size-blog-medium wp-post-image\" alt=\"\" srcset=\"https:\/\/i0.wp.com\/well-grounded.org\/wp-content\/uploads\/2022\/03\/forestpeoples.jpg?resize=320%2C202&amp;ssl=1 320w, https:\/\/i0.wp.com\/well-grounded.org\/wp-content\/uploads\/2022\/03\/forestpeoples.jpg?zoom=2&amp;resize=320%2C202&amp;ssl=1 640w, https:\/\/i0.wp.com\/well-grounded.org\/wp-content\/uploads\/2022\/03\/forestpeoples.jpg?resize=700%2C441&amp;ssl=1 700w, https:\/\/i0.wp.com\/well-grounded.org\/wp-content\/uploads\/2022\/03\/forestpeoples.jpg?fit=767%2C575&amp;ssl=1 767w\" sizes=\"(max-width: 320px) 100vw, 320px\" \/><div class=\"fusion-rollover\">\n\t<div class=\"fusion-rollover-content\">\n\n\t\t\t\t\t\t\t\t\t\t\t\t\t\t<a class=\"fusion-rollover-link\" href=\"https:\/\/well-grounded.org\/fr\/plainte-abandonnee-mais-les-violations-systematiques-des-droits-humains-continuent-pour-les-communautes-autochtones-baka-du-cameroun\/\">Plainte abandonn\u00e9e, mais les violations syst\u00e9matiques des droits humains continuent pour les communaut\u00e9s autochtones Baka du Cameroun<\/a>\n\t\t\t\n\t\t\t\t\t\t\t\t\t\t\t\t\t\t\n\t\t\t\t\t\t\t\t\n\t\t\t\t\t\t\t\t\t\t\t\t\t<div class=\"fusion-rollover-sep\"><\/div>\n\t\t\t\t\n\t\t\t\t\t\t\t\t\t\t\t\t\t\t\t\t\t\t<a class=\"fusion-rollover-gallery\" href=\"https:\/\/i0.wp.com\/well-grounded.org\/wp-content\/uploads\/2022\/03\/forestpeoples.jpg?fit=767%2C575&ssl=1\" data-options=\"\" data-id=\"5216\" data-rel=\"iLightbox[gallery]\" data-title=\"forestpeoples\" data-caption=\"\">\n\t\t\t\t\t\tGallery\t\t\t\t\t<\/a>\n\t\t\t\t\t\t\t\t\t\t\t\t\t\t\n\t\t\n\t\t\t\t\t\t\t\t\n\t\t\t\t\t\t\t\t\n\t\t\n\t\t\t\t\t\t<a class=\"fusion-link-wrapper\" href=\"https:\/\/well-grounded.org\/fr\/plainte-abandonnee-mais-les-violations-systematiques-des-droits-humains-continuent-pour-les-communautes-autochtones-baka-du-cameroun\/\" aria-label=\"Plainte abandonn\u00e9e, mais les violations syst\u00e9matiques des droits humains continuent pour les communaut\u00e9s autochtones Baka du Cameroun\"><\/a>\n\t<\/div>\n<\/div>\n<\/div>\n<\/li>\n\t\t\t\n\t\t\t\n\t\t\t\t\t\t\t\t<\/ul>\n\t<\/div>\n\t<div class=\"fusion-post-content post-content\"><h2 class=\"blog-shortcode-post-title entry-title\">Plainte abandonn\u00e9e, mais les violations syst\u00e9matiques des droits humains continuent pour les communaut\u00e9s autochtones Baka du Cameroun<\/h2><div class=\"fusion-post-content-container\"><p> En septembre 2017, Survival International\u00a0\u00a0annon\u00e7ait\u00a0qu\u2019il s\u2019\u00e9tait retir\u00e9 de la m\u00e9diation de l\u2019OCDE avec le WWF, suite \u00e0 sa plainte de 2016 d\u00e9pos\u00e9e contre l\u2019organisation concernant (entre autres) le mauvais traitement des Baka au Cameroun dans le cadre de ses activit\u00e9s de conservation. Bien que la plainte formelle de Survival International soit arriv\u00e9e \u00e0 son terme, les graves violations des droits humains des peuples autochtones associ\u00e9es aux activit\u00e9s de conservation<a href=\"https:\/\/well-grounded.org\/fr\/plainte-abandonnee-mais-les-violations-systematiques-des-droits-humains-continuent-pour-les-communautes-autochtones-baka-du-cameroun\/\"> [...]<\/a><\/p><\/div><\/div><div class=\"fusion-clearfix\"><\/div><div class=\"fusion-meta-info\"><div class=\"fusion-alignleft\"><span class=\"vcard\" style=\"display: none;\"><span class=\"fn\"><a href=\"https:\/\/well-grounded.org\/fr\/author\/admin\/\" title=\"Articles par admin\" rel=\"author\">admin<\/a><\/span><\/span><span class=\"updated\" style=\"display:none;\">2022-06-29T14:22:25+00:00<\/span><span>mars 15th, 2018<\/span><span class=\"fusion-inline-sep\">|<\/span>Categories: <a href=\"https:\/\/well-grounded.org\/fr\/category\/nos-partenaires\/\" rel=\"category tag\">Nos partenaires<\/a><span class=\"fusion-inline-sep\">|<\/span><span class=\"meta-tags\">Tags: <a href=\"https:\/\/well-grounded.org\/fr\/tag\/baka\/\" rel=\"tag\">Baka<\/a>, <a href=\"https:\/\/well-grounded.org\/fr\/tag\/cameroun\/\" rel=\"tag\">Cameroun<\/a>, <a href=\"https:\/\/well-grounded.org\/fr\/tag\/conservation\/\" rel=\"tag\">conservation<\/a>, <a href=\"https:\/\/well-grounded.org\/fr\/tag\/droits-humains\/\" rel=\"tag\">droits humains<\/a><\/span><span class=\"fusion-inline-sep\">|<\/span><\/div><div class=\"fusion-alignright\"><a class=\"fusion-read-more\" href=\"https:\/\/well-grounded.org\/fr\/plainte-abandonnee-mais-les-violations-systematiques-des-droits-humains-continuent-pour-les-communautes-autochtones-baka-du-cameroun\/\" aria-label=\"More on Plainte abandonn\u00e9e, mais les violations syst\u00e9matiques des droits humains continuent pour les communaut\u00e9s autochtones Baka du Cameroun\">Read More<\/a><\/div><\/div><\/article>\n<article id=\"blog-1-post-5215\" class=\"fusion-post-medium post-5215 post type-post status-publish format-standard has-post-thumbnail hentry category-nos-clients category-nos-partenaires tag-diversite-et-inclusion tag-droits-humains tag-foresterie-communautaire\">\n\t<style type=\"text\/css\">\n\t\t\n\t\t\n\t\t\n\t\t\n\t\t\t<\/style>\n\n\n\t\t\t<div class=\"fusion-flexslider flexslider fusion-flexslider-loading fusion-post-slideshow\" style=\"\">\n\t\t<ul class=\"slides\">\n\t\t\t\n\t\t\t\t\t\t\t\t\t\t\t\t\t\t<li><div  class=\"fusion-image-wrapper fusion-image-size-fixed\" aria-haspopup=\"true\">\n\t\t\t\t<img decoding=\"async\" width=\"320\" height=\"202\" src=\"https:\/\/i0.wp.com\/well-grounded.org\/wp-content\/uploads\/2022\/03\/Foto-apaisada-mision-1.jpg?resize=320%2C202&amp;ssl=1\" class=\"attachment-blog-medium size-blog-medium wp-post-image\" alt=\"\" srcset=\"https:\/\/i0.wp.com\/well-grounded.org\/wp-content\/uploads\/2022\/03\/Foto-apaisada-mision-1.jpg?resize=320%2C202&amp;ssl=1 320w, https:\/\/i0.wp.com\/well-grounded.org\/wp-content\/uploads\/2022\/03\/Foto-apaisada-mision-1.jpg?fit=534%2C300&amp;ssl=1 534w\" sizes=\"(max-width: 320px) 100vw, 320px\" \/><div class=\"fusion-rollover\">\n\t<div class=\"fusion-rollover-content\">\n\n\t\t\t\t\t\t\t\t\t\t\t\t\t\t<a class=\"fusion-rollover-link\" href=\"https:\/\/well-grounded.org\/fr\/diversite-et-inclusion-les-droits-de-la-personne-dans-le-processus-de-foresterie-communautaire-en-rdc\/\">Diversit\u00e9 et Inclusion : Les droits de la personne dans le processus de foresterie communautaire en RDC<\/a>\n\t\t\t\n\t\t\t\t\t\t\t\t\t\t\t\t\t\t\n\t\t\t\t\t\t\t\t\n\t\t\t\t\t\t\t\t\t\t\t\t\t<div class=\"fusion-rollover-sep\"><\/div>\n\t\t\t\t\n\t\t\t\t\t\t\t\t\t\t\t\t\t\t\t\t\t\t<a class=\"fusion-rollover-gallery\" href=\"https:\/\/i0.wp.com\/well-grounded.org\/wp-content\/uploads\/2022\/03\/Foto-apaisada-mision-1.jpg?fit=534%2C300&ssl=1\" data-options=\"\" data-id=\"5215\" data-rel=\"iLightbox[gallery]\" data-title=\"Foto-apaisada-mision-1\" data-caption=\"\">\n\t\t\t\t\t\tGallery\t\t\t\t\t<\/a>\n\t\t\t\t\t\t\t\t\t\t\t\t\t\t\n\t\t\n\t\t\t\t\t\t\t\t\n\t\t\t\t\t\t\t\t\n\t\t\n\t\t\t\t\t\t<a class=\"fusion-link-wrapper\" href=\"https:\/\/well-grounded.org\/fr\/diversite-et-inclusion-les-droits-de-la-personne-dans-le-processus-de-foresterie-communautaire-en-rdc\/\" aria-label=\"Diversit\u00e9 et Inclusion : Les droits de la personne dans le processus de foresterie communautaire en RDC\"><\/a>\n\t<\/div>\n<\/div>\n<\/div>\n<\/li>\n\t\t\t\n\t\t\t\n\t\t\t\t\t\t\t\t<\/ul>\n\t<\/div>\n\t<div class=\"fusion-post-content post-content\"><h2 class=\"blog-shortcode-post-title entry-title\">Diversit\u00e9 et Inclusion : Les droits de la personne dans le processus de foresterie communautaire en RDC<\/h2><div class=\"fusion-post-content-container\"><p> S\u00e9curiser les droits des communaut\u00e9s locales et peuples autochtones constitue un d\u00e9fi majeur en R\u00e9publique D\u00e9mocratique du Congo (RDC). La situation des droits humains y est l\u2019une des plus critiques au monde. Le droit est appliqu\u00e9 de fa\u00e7on erratique et les biens, dont la terre, sont r\u00e9guli\u00e8rement spoli\u00e9s. La plupart des lois favorables \u00e0 une \u00e9ventuelle reconnaissance des pratiques et des droits coutumiers des populations rurales demeurent lettre morte.<a href=\"https:\/\/well-grounded.org\/fr\/diversite-et-inclusion-les-droits-de-la-personne-dans-le-processus-de-foresterie-communautaire-en-rdc\/\"> [...]<\/a><\/p><\/div><\/div><div class=\"fusion-clearfix\"><\/div><div class=\"fusion-meta-info\"><div class=\"fusion-alignleft\"><span class=\"vcard\" style=\"display: none;\"><span class=\"fn\"><a href=\"https:\/\/well-grounded.org\/fr\/author\/admin\/\" title=\"Articles par admin\" rel=\"author\">admin<\/a><\/span><\/span><span class=\"updated\" style=\"display:none;\">2022-06-29T14:23:44+00:00<\/span><span>mars 2nd, 2018<\/span><span class=\"fusion-inline-sep\">|<\/span>Categories: <a href=\"https:\/\/well-grounded.org\/fr\/category\/nos-clients\/\" rel=\"category tag\">Nos clients<\/a>, <a href=\"https:\/\/well-grounded.org\/fr\/category\/nos-partenaires\/\" rel=\"category tag\">Nos partenaires<\/a><span class=\"fusion-inline-sep\">|<\/span><span class=\"meta-tags\">Tags: <a href=\"https:\/\/well-grounded.org\/fr\/tag\/diversite-et-inclusion\/\" rel=\"tag\">diversit\u00e9 et inclusion<\/a>, <a href=\"https:\/\/well-grounded.org\/fr\/tag\/droits-humains\/\" rel=\"tag\">droits humains<\/a>, <a href=\"https:\/\/well-grounded.org\/fr\/tag\/foresterie-communautaire\/\" rel=\"tag\">foresterie communautaire<\/a><\/span><span class=\"fusion-inline-sep\">|<\/span><\/div><div class=\"fusion-alignright\"><a class=\"fusion-read-more\" href=\"https:\/\/well-grounded.org\/fr\/diversite-et-inclusion-les-droits-de-la-personne-dans-le-processus-de-foresterie-communautaire-en-rdc\/\" aria-label=\"More on Diversit\u00e9 et Inclusion : Les droits de la personne dans le processus de foresterie communautaire en RDC\">Read More<\/a><\/div><\/div><\/article>\n<article id=\"blog-1-post-5214\" class=\"fusion-post-medium post-5214 post type-post status-publish format-standard has-post-thumbnail hentry category-developpement-organisationnel tag-association tag-camaleo tag-gratuit tag-internet tag-ong tag-osc tag-outils tag-ressources\">\n\t<style type=\"text\/css\">\n\t\t\n\t\t\n\t\t\n\t\t\n\t\t\t<\/style>\n\n\n\t\t\t<div class=\"fusion-flexslider flexslider fusion-flexslider-loading fusion-post-slideshow\" style=\"\">\n\t\t<ul class=\"slides\">\n\t\t\t\n\t\t\t\t\t\t\t\t\t\t\t\t\t\t<li><div  class=\"fusion-image-wrapper fusion-image-size-fixed\" aria-haspopup=\"true\">\n\t\t\t\t<img decoding=\"async\" width=\"320\" height=\"202\" src=\"https:\/\/i0.wp.com\/well-grounded.org\/wp-content\/uploads\/2022\/03\/45074-o4g1gx.jpg?resize=320%2C202&amp;ssl=1\" class=\"attachment-blog-medium size-blog-medium wp-post-image\" alt=\"\" srcset=\"https:\/\/i0.wp.com\/well-grounded.org\/wp-content\/uploads\/2022\/03\/45074-o4g1gx.jpg?resize=320%2C202&amp;ssl=1 320w, https:\/\/i0.wp.com\/well-grounded.org\/wp-content\/uploads\/2022\/03\/45074-o4g1gx.jpg?fit=620%2C310&amp;ssl=1 620w\" sizes=\"(max-width: 320px) 100vw, 320px\" \/><div class=\"fusion-rollover\">\n\t<div class=\"fusion-rollover-content\">\n\n\t\t\t\t\t\t\t\t\t\t\t\t\t\t<a class=\"fusion-rollover-link\" href=\"https:\/\/well-grounded.org\/fr\/ressources-gratuites-pour-les-osc-les-outils-testes-et-approuves\/\">Ressources gratuites pour les OSC : les outils test\u00e9s et approuv\u00e9s !<\/a>\n\t\t\t\n\t\t\t\t\t\t\t\t\t\t\t\t\t\t\n\t\t\t\t\t\t\t\t\n\t\t\t\t\t\t\t\t\t\t\t\t\t<div class=\"fusion-rollover-sep\"><\/div>\n\t\t\t\t\n\t\t\t\t\t\t\t\t\t\t\t\t\t\t\t\t\t\t<a class=\"fusion-rollover-gallery\" href=\"https:\/\/i0.wp.com\/well-grounded.org\/wp-content\/uploads\/2022\/03\/45074-o4g1gx.jpg?fit=620%2C310&ssl=1\" data-options=\"\" data-id=\"5214\" data-rel=\"iLightbox[gallery]\" data-title=\"45074-o4g1gx\" data-caption=\"\">\n\t\t\t\t\t\tGallery\t\t\t\t\t<\/a>\n\t\t\t\t\t\t\t\t\t\t\t\t\t\t\n\t\t\n\t\t\t\t\t\t\t\t\n\t\t\t\t\t\t\t\t\n\t\t\n\t\t\t\t\t\t<a class=\"fusion-link-wrapper\" href=\"https:\/\/well-grounded.org\/fr\/ressources-gratuites-pour-les-osc-les-outils-testes-et-approuves\/\" aria-label=\"Ressources gratuites pour les OSC : les outils test\u00e9s et approuv\u00e9s !\"><\/a>\n\t<\/div>\n<\/div>\n<\/div>\n<\/li>\n\t\t\t\n\t\t\t\n\t\t\t\t\t\t\t\t<\/ul>\n\t<\/div>\n\t<div class=\"fusion-post-content post-content\"><h2 class=\"blog-shortcode-post-title entry-title\">Ressources gratuites pour les OSC : les outils test\u00e9s et approuv\u00e9s !<\/h2><div class=\"fusion-post-content-container\"><p> Travailler dans une petite organisation n\u2019est pas facile. Les ressources humaines et financi\u00e8res y sont souvent rares, et m\u00eame si les OSC savent qu\u2019il existe d\u2019innombrables ressources et outils gratuits\u00a0qui pourraient leur rendre la vie plus facile, elles sont souvent tellement d\u00e9bord\u00e9es qu\u2019elles n\u2019arrivent pas \u00e0 investir le temps n\u00e9cessaire pour les trouver, et pour s\u00e9lectionner ceux qui correspondraient \u00e0 leurs besoins. Vous trouverez ici quelques ressources que nous<a href=\"https:\/\/well-grounded.org\/fr\/ressources-gratuites-pour-les-osc-les-outils-testes-et-approuves\/\"> [...]<\/a><\/p><\/div><\/div><div class=\"fusion-clearfix\"><\/div><div class=\"fusion-meta-info\"><div class=\"fusion-alignleft\"><span class=\"vcard\" style=\"display: none;\"><span class=\"fn\"><a href=\"https:\/\/well-grounded.org\/fr\/author\/admin\/\" title=\"Articles par admin\" rel=\"author\">admin<\/a><\/span><\/span><span class=\"updated\" style=\"display:none;\">2022-06-29T14:27:33+00:00<\/span><span>f\u00e9vrier 1st, 2018<\/span><span class=\"fusion-inline-sep\">|<\/span>Categories: <a href=\"https:\/\/well-grounded.org\/fr\/category\/developpement-organisationnel\/\" rel=\"category tag\">D\u00e9veloppement Organisationnel<\/a><span class=\"fusion-inline-sep\">|<\/span><span class=\"meta-tags\">Tags: <a href=\"https:\/\/well-grounded.org\/fr\/tag\/association\/\" rel=\"tag\">association<\/a>, <a href=\"https:\/\/well-grounded.org\/fr\/tag\/camaleo\/\" rel=\"tag\">Camaleo<\/a>, <a href=\"https:\/\/well-grounded.org\/fr\/tag\/gratuit\/\" rel=\"tag\">gratuit<\/a>, <a href=\"https:\/\/well-grounded.org\/fr\/tag\/internet\/\" rel=\"tag\">internet<\/a>, <a href=\"https:\/\/well-grounded.org\/fr\/tag\/ong\/\" rel=\"tag\">ONG<\/a>, <a href=\"https:\/\/well-grounded.org\/fr\/tag\/osc\/\" rel=\"tag\">OSC<\/a>, <a href=\"https:\/\/well-grounded.org\/fr\/tag\/outils\/\" rel=\"tag\">outils<\/a>, <a href=\"https:\/\/well-grounded.org\/fr\/tag\/ressources\/\" rel=\"tag\">ressources<\/a><\/span><span class=\"fusion-inline-sep\">|<\/span><\/div><div class=\"fusion-alignright\"><a class=\"fusion-read-more\" href=\"https:\/\/well-grounded.org\/fr\/ressources-gratuites-pour-les-osc-les-outils-testes-et-approuves\/\" aria-label=\"More on Ressources gratuites pour les OSC : les outils test\u00e9s et approuv\u00e9s !\">Read More<\/a><\/div><\/div><\/article>\n<article id=\"blog-1-post-5213\" class=\"fusion-post-medium post-5213 post type-post status-publish format-standard has-post-thumbnail hentry category-developpement-organisationnel tag-bassin-du-congo tag-leaders tag-leadership tag-osc tag-programme-de-developpement-du-leadership\">\n\t<style type=\"text\/css\">\n\t\t\n\t\t\n\t\t\n\t\t\n\t\t\t<\/style>\n\n\n\t\t\t<div class=\"fusion-flexslider flexslider fusion-flexslider-loading fusion-post-slideshow\" style=\"\">\n\t\t<ul class=\"slides\">\n\t\t\t\n\t\t\t\t\t\t\t\t\t\t\t\t\t\t<li><div  class=\"fusion-image-wrapper fusion-image-size-fixed\" aria-haspopup=\"true\">\n\t\t\t\t<img decoding=\"async\" width=\"320\" height=\"202\" src=\"https:\/\/i0.wp.com\/well-grounded.org\/wp-content\/uploads\/2022\/03\/leadership_0.jpg?resize=320%2C202&amp;ssl=1\" class=\"attachment-blog-medium size-blog-medium wp-post-image\" alt=\"\" srcset=\"https:\/\/i0.wp.com\/well-grounded.org\/wp-content\/uploads\/2022\/03\/leadership_0.jpg?resize=320%2C202&amp;ssl=1 320w, https:\/\/i0.wp.com\/well-grounded.org\/wp-content\/uploads\/2022\/03\/leadership_0.jpg?fit=620%2C310&amp;ssl=1 620w\" sizes=\"(max-width: 320px) 100vw, 320px\" \/><div class=\"fusion-rollover\">\n\t<div class=\"fusion-rollover-content\">\n\n\t\t\t\t\t\t\t\t\t\t\t\t\t\t<a class=\"fusion-rollover-link\" href=\"https:\/\/well-grounded.org\/fr\/developpement-du-leadership-un-element-indispensable-pour-des-organisations-efficaces\/\">D\u00e9veloppement du leadership: Un \u00e9l\u00e9ment indispensable pour des organisations efficaces<\/a>\n\t\t\t\n\t\t\t\t\t\t\t\t\t\t\t\t\t\t\n\t\t\t\t\t\t\t\t\n\t\t\t\t\t\t\t\t\t\t\t\t\t<div class=\"fusion-rollover-sep\"><\/div>\n\t\t\t\t\n\t\t\t\t\t\t\t\t\t\t\t\t\t\t\t\t\t\t<a class=\"fusion-rollover-gallery\" href=\"https:\/\/i0.wp.com\/well-grounded.org\/wp-content\/uploads\/2022\/03\/leadership_0.jpg?fit=620%2C310&ssl=1\" data-options=\"\" data-id=\"5213\" data-rel=\"iLightbox[gallery]\" data-title=\"leadership_0\" data-caption=\"\">\n\t\t\t\t\t\tGallery\t\t\t\t\t<\/a>\n\t\t\t\t\t\t\t\t\t\t\t\t\t\t\n\t\t\n\t\t\t\t\t\t\t\t\n\t\t\t\t\t\t\t\t\n\t\t\n\t\t\t\t\t\t<a class=\"fusion-link-wrapper\" href=\"https:\/\/well-grounded.org\/fr\/developpement-du-leadership-un-element-indispensable-pour-des-organisations-efficaces\/\" aria-label=\"D\u00e9veloppement du leadership: Un \u00e9l\u00e9ment indispensable pour des organisations efficaces\"><\/a>\n\t<\/div>\n<\/div>\n<\/div>\n<\/li>\n\t\t\t\n\t\t\t\n\t\t\t\t\t\t\t\t<\/ul>\n\t<\/div>\n\t<div class=\"fusion-post-content post-content\"><h2 class=\"blog-shortcode-post-title entry-title\">D\u00e9veloppement du leadership: Un \u00e9l\u00e9ment indispensable pour des organisations efficaces<\/h2><div class=\"fusion-post-content-container\"><p> Le leadership est un \u00e9l\u00e9ment essentiel qui contribue au succ\u00e8s ou \u00e0 l\u2019\u00e9chec des Organisations de la Soci\u00e9t\u00e9 Civile (OSC). Lorsqu\u2019il est correctement cultiv\u00e9 dans une organisation, il peut repr\u00e9senter la panac\u00e9e qui contribuera \u00e0 la stabilit\u00e9 et la croissance des OSC. Pourtant, il constitue souvent le maillon faible dans les OSC travaillant dans le Bassin du Congo. D\u2019apr\u00e8s l\u2019exp\u00e9rience de Well Grounded dans la r\u00e9gion, le leadership \u00ab\u00a0affecte<a href=\"https:\/\/well-grounded.org\/fr\/developpement-du-leadership-un-element-indispensable-pour-des-organisations-efficaces\/\"> [...]<\/a><\/p><\/div><\/div><div class=\"fusion-clearfix\"><\/div><div class=\"fusion-meta-info\"><div class=\"fusion-alignleft\"><span class=\"vcard\" style=\"display: none;\"><span class=\"fn\"><a href=\"https:\/\/well-grounded.org\/fr\/author\/admin\/\" title=\"Articles par admin\" rel=\"author\">admin<\/a><\/span><\/span><span class=\"updated\" style=\"display:none;\">2022-06-29T15:38:26+00:00<\/span><span>janvier 12th, 2018<\/span><span class=\"fusion-inline-sep\">|<\/span>Categories: <a href=\"https:\/\/well-grounded.org\/fr\/category\/developpement-organisationnel\/\" rel=\"category tag\">D\u00e9veloppement Organisationnel<\/a><span class=\"fusion-inline-sep\">|<\/span><span class=\"meta-tags\">Tags: <a href=\"https:\/\/well-grounded.org\/fr\/tag\/bassin-du-congo\/\" rel=\"tag\">Bassin du Congo<\/a>, <a href=\"https:\/\/well-grounded.org\/fr\/tag\/leaders\/\" rel=\"tag\">leaders<\/a>, <a href=\"https:\/\/well-grounded.org\/fr\/tag\/leadership\/\" rel=\"tag\">leadership<\/a>, <a href=\"https:\/\/well-grounded.org\/fr\/tag\/osc\/\" rel=\"tag\">OSC<\/a>, <a href=\"https:\/\/well-grounded.org\/fr\/tag\/programme-de-developpement-du-leadership\/\" rel=\"tag\">programme de d\u00e9veloppement du leadership<\/a><\/span><span class=\"fusion-inline-sep\">|<\/span><\/div><div class=\"fusion-alignright\"><a class=\"fusion-read-more\" href=\"https:\/\/well-grounded.org\/fr\/developpement-du-leadership-un-element-indispensable-pour-des-organisations-efficaces\/\" aria-label=\"More on D\u00e9veloppement du leadership: Un \u00e9l\u00e9ment indispensable pour des organisations efficaces\">Read More<\/a><\/div><\/div><\/article>\n<article id=\"blog-1-post-5179\" class=\"fusion-post-medium post-5179 post type-post status-publish format-standard has-post-thumbnail hentry category-nos-clients category-nos-partenaires tag-femmes tag-foresterie-communautaire tag-genre tag-participation\">\n\t<style type=\"text\/css\">\n\t\t\n\t\t\n\t\t\n\t\t\n\t\t\t<\/style>\n\n\n\t\t\t<div class=\"fusion-flexslider flexslider fusion-flexslider-loading fusion-post-slideshow\" style=\"\">\n\t\t<ul class=\"slides\">\n\t\t\t\n\t\t\t\t\t\t\t\t\t\t\t\t\t\t<li><div  class=\"fusion-image-wrapper fusion-image-size-fixed\" aria-haspopup=\"true\">\n\t\t\t\t<img decoding=\"async\" width=\"320\" height=\"202\" src=\"https:\/\/i0.wp.com\/well-grounded.org\/wp-content\/uploads\/2022\/03\/ruth_rfuk.png?resize=320%2C202&amp;ssl=1\" class=\"attachment-blog-medium size-blog-medium wp-post-image\" alt=\"\" srcset=\"https:\/\/i0.wp.com\/well-grounded.org\/wp-content\/uploads\/2022\/03\/ruth_rfuk.png?resize=320%2C202&amp;ssl=1 320w, https:\/\/i0.wp.com\/well-grounded.org\/wp-content\/uploads\/2022\/03\/ruth_rfuk.png?zoom=2&amp;resize=320%2C202&amp;ssl=1 640w, https:\/\/i0.wp.com\/well-grounded.org\/wp-content\/uploads\/2022\/03\/ruth_rfuk.png?fit=700%2C510&amp;ssl=1 700w\" sizes=\"(max-width: 320px) 100vw, 320px\" \/><div class=\"fusion-rollover\">\n\t<div class=\"fusion-rollover-content\">\n\n\t\t\t\t\t\t\t\t\t\t\t\t\t\t<a class=\"fusion-rollover-link\" href=\"https:\/\/well-grounded.org\/fr\/comment-impliquer-les-femmes-dans-la-gestion-forestiere-lecons-apprises-en-rdc\/\">Comment impliquer les femmes dans la gestion foresti\u00e8re : Le\u00e7ons apprises en RDC<\/a>\n\t\t\t\n\t\t\t\t\t\t\t\t\t\t\t\t\t\t\n\t\t\t\t\t\t\t\t\n\t\t\t\t\t\t\t\t\t\t\t\t\t<div class=\"fusion-rollover-sep\"><\/div>\n\t\t\t\t\n\t\t\t\t\t\t\t\t\t\t\t\t\t\t\t\t\t\t<a class=\"fusion-rollover-gallery\" href=\"https:\/\/i0.wp.com\/well-grounded.org\/wp-content\/uploads\/2022\/03\/ruth_rfuk.png?fit=700%2C510&ssl=1\" data-options=\"\" data-id=\"5179\" data-rel=\"iLightbox[gallery]\" data-title=\"ruth_rfuk\" data-caption=\"\">\n\t\t\t\t\t\tGallery\t\t\t\t\t<\/a>\n\t\t\t\t\t\t\t\t\t\t\t\t\t\t\n\t\t\n\t\t\t\t\t\t\t\t\n\t\t\t\t\t\t\t\t\n\t\t\n\t\t\t\t\t\t<a class=\"fusion-link-wrapper\" href=\"https:\/\/well-grounded.org\/fr\/comment-impliquer-les-femmes-dans-la-gestion-forestiere-lecons-apprises-en-rdc\/\" aria-label=\"Comment impliquer les femmes dans la gestion foresti\u00e8re : Le\u00e7ons apprises en RDC\"><\/a>\n\t<\/div>\n<\/div>\n<\/div>\n<\/li>\n\t\t\t\n\t\t\t\n\t\t\t\t\t\t\t\t<\/ul>\n\t<\/div>\n\t<div class=\"fusion-post-content post-content\"><h2 class=\"blog-shortcode-post-title entry-title\">Comment impliquer les femmes dans la gestion foresti\u00e8re : Le\u00e7ons apprises en RDC<\/h2><div class=\"fusion-post-content-container\"><p>\u00ab Les femmes, et en particulier les femmes autochtones, doivent \u00eatre incluses dans le processus de prise de d\u00e9cision sur l\u2019utilisation des \u00e9cosyst\u00e8mes \u00e0 tous les niveaux, du fait du r\u00f4le essentiel qu\u2019elles ont \u00e0 jouer dans la pr\u00e9servation de notre plan\u00e8te. \u00bb \u2013 ONU Femmes Ruth Badubaye travaille depuis plusieurs ann\u00e9es avec des communaut\u00e9s vivant dans les for\u00eats tropicales de la R\u00e9publique D\u00e9mocratique du Congo (RDC). Auparavant technicienne SIG<a href=\"https:\/\/well-grounded.org\/fr\/comment-impliquer-les-femmes-dans-la-gestion-forestiere-lecons-apprises-en-rdc\/\"> [...]<\/a><\/p><\/div><\/div><div class=\"fusion-clearfix\"><\/div><div class=\"fusion-meta-info\"><div class=\"fusion-alignleft\"><span class=\"vcard\" style=\"display: none;\"><span class=\"fn\"><a href=\"https:\/\/well-grounded.org\/fr\/author\/admin\/\" title=\"Articles par admin\" rel=\"author\">admin<\/a><\/span><\/span><span class=\"updated\" style=\"display:none;\">2022-06-30T10:34:02+00:00<\/span><span>d\u00e9cembre 5th, 2017<\/span><span class=\"fusion-inline-sep\">|<\/span>Categories: <a href=\"https:\/\/well-grounded.org\/fr\/category\/nos-clients\/\" rel=\"category tag\">Nos clients<\/a>, <a href=\"https:\/\/well-grounded.org\/fr\/category\/nos-partenaires\/\" rel=\"category tag\">Nos partenaires<\/a><span class=\"fusion-inline-sep\">|<\/span><span class=\"meta-tags\">Tags: <a href=\"https:\/\/well-grounded.org\/fr\/tag\/femmes\/\" rel=\"tag\">femmes<\/a>, <a href=\"https:\/\/well-grounded.org\/fr\/tag\/foresterie-communautaire\/\" rel=\"tag\">foresterie communautaire<\/a>, <a href=\"https:\/\/well-grounded.org\/fr\/tag\/genre\/\" rel=\"tag\">genre<\/a>, <a href=\"https:\/\/well-grounded.org\/fr\/tag\/participation\/\" rel=\"tag\">participation<\/a><\/span><span class=\"fusion-inline-sep\">|<\/span><\/div><div class=\"fusion-alignright\"><a class=\"fusion-read-more\" href=\"https:\/\/well-grounded.org\/fr\/comment-impliquer-les-femmes-dans-la-gestion-forestiere-lecons-apprises-en-rdc\/\" aria-label=\"More on Comment impliquer les femmes dans la gestion foresti\u00e8re : Le\u00e7ons apprises en RDC\">Read More<\/a><\/div><\/div><\/article>\n<article id=\"blog-1-post-5180\" class=\"fusion-post-medium post-5180 post type-post status-publish format-standard has-post-thumbnail hentry category-nos-clients tag-activites tag-cameroun tag-droits tag-okani tag-populations-autochtones\">\n\t<style type=\"text\/css\">\n\t\t\n\t\t\n\t\t\n\t\t\n\t\t\t<\/style>\n\n\n\t\t\t<div class=\"fusion-flexslider flexslider fusion-flexslider-loading fusion-post-slideshow\" style=\"\">\n\t\t<ul class=\"slides\">\n\t\t\t\n\t\t\t\t\t\t\t\t\t\t\t\t\t\t<li><div  class=\"fusion-image-wrapper fusion-image-size-fixed\" aria-haspopup=\"true\">\n\t\t\t\t<img decoding=\"async\" width=\"320\" height=\"202\" src=\"https:\/\/i0.wp.com\/well-grounded.org\/wp-content\/uploads\/2022\/03\/indigenous_cam_2.jpg?resize=320%2C202&amp;ssl=1\" class=\"attachment-blog-medium size-blog-medium wp-post-image\" alt=\"\" srcset=\"https:\/\/i0.wp.com\/well-grounded.org\/wp-content\/uploads\/2022\/03\/indigenous_cam_2.jpg?resize=320%2C202&amp;ssl=1 320w, https:\/\/i0.wp.com\/well-grounded.org\/wp-content\/uploads\/2022\/03\/indigenous_cam_2.jpg?fit=560%2C292&amp;ssl=1 560w\" sizes=\"(max-width: 320px) 100vw, 320px\" \/><div class=\"fusion-rollover\">\n\t<div class=\"fusion-rollover-content\">\n\n\t\t\t\t\t\t\t\t\t\t\t\t\t\t<a class=\"fusion-rollover-link\" href=\"https:\/\/well-grounded.org\/fr\/laction-dokani-dans-le-gbabandi-et-le-developpement-des-populations-autochtones\/\">L\u2019action d\u2019OKANI dans Gbabandi et le d\u00e9veloppement des populations autochtones<\/a>\n\t\t\t\n\t\t\t\t\t\t\t\t\t\t\t\t\t\t\n\t\t\t\t\t\t\t\t\n\t\t\t\t\t\t\t\t\t\t\t\t\t<div class=\"fusion-rollover-sep\"><\/div>\n\t\t\t\t\n\t\t\t\t\t\t\t\t\t\t\t\t\t\t\t\t\t\t<a class=\"fusion-rollover-gallery\" href=\"https:\/\/i0.wp.com\/well-grounded.org\/wp-content\/uploads\/2022\/03\/indigenous_cam_2.jpg?fit=560%2C292&ssl=1\" data-options=\"\" data-id=\"5180\" data-rel=\"iLightbox[gallery]\" data-title=\"indigenous_cam_2\" data-caption=\"\">\n\t\t\t\t\t\tGallery\t\t\t\t\t<\/a>\n\t\t\t\t\t\t\t\t\t\t\t\t\t\t\n\t\t\n\t\t\t\t\t\t\t\t\n\t\t\t\t\t\t\t\t\n\t\t\n\t\t\t\t\t\t<a class=\"fusion-link-wrapper\" href=\"https:\/\/well-grounded.org\/fr\/laction-dokani-dans-le-gbabandi-et-le-developpement-des-populations-autochtones\/\" aria-label=\"L\u2019action d\u2019OKANI dans Gbabandi et le d\u00e9veloppement des populations autochtones\"><\/a>\n\t<\/div>\n<\/div>\n<\/div>\n<\/li>\n\t\t\t\n\t\t\t\n\t\t\t\t\t\t\t\t<\/ul>\n\t<\/div>\n\t<div class=\"fusion-post-content post-content\"><h2 class=\"blog-shortcode-post-title entry-title\">L\u2019action d\u2019OKANI dans Gbabandi et le d\u00e9veloppement des populations autochtones<\/h2><div class=\"fusion-post-content-container\"><p> OKANI\u00a0est une organisation qui a pour vision \u00ab Une soci\u00e9t\u00e9 solidaire o\u00f9 le respect des Droits, l\u2019\u00e9quit\u00e9 et l\u2019\u00e9panouissement de tous les peuples autochtones des for\u00eats du Cameroun sont assur\u00e9s\u00bb.\u00a0La mission qui accompagne cette vision consiste \u00e0 \u00ab Accompagner les Peuples Autochtones des for\u00eats du Cameroun dans l\u2019am\u00e9lioration de leurs conditions de vie \u00e0 travers la promotion et le respect de leurs Droits \u00bb. Depuis sa cr\u00e9ation il y<a href=\"https:\/\/well-grounded.org\/fr\/laction-dokani-dans-le-gbabandi-et-le-developpement-des-populations-autochtones\/\"> [...]<\/a><\/p><\/div><\/div><div class=\"fusion-clearfix\"><\/div><div class=\"fusion-meta-info\"><div class=\"fusion-alignleft\"><span class=\"vcard\" style=\"display: none;\"><span class=\"fn\"><a href=\"https:\/\/well-grounded.org\/fr\/author\/admin\/\" title=\"Articles par admin\" rel=\"author\">admin<\/a><\/span><\/span><span class=\"updated\" style=\"display:none;\">2022-06-30T10:38:20+00:00<\/span><span>novembre 13th, 2017<\/span><span class=\"fusion-inline-sep\">|<\/span>Categories: <a href=\"https:\/\/well-grounded.org\/fr\/category\/nos-clients\/\" rel=\"category tag\">Nos clients<\/a><span class=\"fusion-inline-sep\">|<\/span><span class=\"meta-tags\">Tags: <a href=\"https:\/\/well-grounded.org\/fr\/tag\/activites\/\" rel=\"tag\">activit\u00e9s<\/a>, <a href=\"https:\/\/well-grounded.org\/fr\/tag\/cameroun\/\" rel=\"tag\">Cameroun<\/a>, <a href=\"https:\/\/well-grounded.org\/fr\/tag\/droits\/\" rel=\"tag\">droits<\/a>, <a href=\"https:\/\/well-grounded.org\/fr\/tag\/okani\/\" rel=\"tag\">Okani<\/a>, <a href=\"https:\/\/well-grounded.org\/fr\/tag\/populations-autochtones\/\" rel=\"tag\">populations autochtones<\/a><\/span><span class=\"fusion-inline-sep\">|<\/span><\/div><div class=\"fusion-alignright\"><a class=\"fusion-read-more\" href=\"https:\/\/well-grounded.org\/fr\/laction-dokani-dans-le-gbabandi-et-le-developpement-des-populations-autochtones\/\" aria-label=\"More on L\u2019action d\u2019OKANI dans Gbabandi et le d\u00e9veloppement des populations autochtones\">Read More<\/a><\/div><\/div><\/article>\n<article id=\"blog-1-post-5181\" class=\"fusion-post-medium post-5181 post type-post status-publish format-standard has-post-thumbnail hentry category-nos-clients tag-cameroun tag-defis tag-droit-a-la-terre tag-droits tag-populations-autochtones\">\n\t<style type=\"text\/css\">\n\t\t\n\t\t\n\t\t\n\t\t\n\t\t\t<\/style>\n\n\n\t\t\t<div class=\"fusion-flexslider flexslider fusion-flexslider-loading fusion-post-slideshow\" style=\"\">\n\t\t<ul class=\"slides\">\n\t\t\t\n\t\t\t\t\t\t\t\t\t\t\t\t\t\t<li><div  class=\"fusion-image-wrapper fusion-image-size-fixed\" aria-haspopup=\"true\">\n\t\t\t\t<img decoding=\"async\" width=\"320\" height=\"202\" src=\"https:\/\/i0.wp.com\/well-grounded.org\/wp-content\/uploads\/2022\/03\/pic_5_elodie-scaled.jpg?resize=320%2C202&amp;ssl=1\" class=\"attachment-blog-medium size-blog-medium wp-post-image\" alt=\"\" srcset=\"https:\/\/i0.wp.com\/well-grounded.org\/wp-content\/uploads\/2022\/03\/pic_5_elodie-scaled.jpg?resize=320%2C202&amp;ssl=1 320w, https:\/\/i0.wp.com\/well-grounded.org\/wp-content\/uploads\/2022\/03\/pic_5_elodie-scaled.jpg?zoom=2&amp;resize=320%2C202&amp;ssl=1 640w, https:\/\/i0.wp.com\/well-grounded.org\/wp-content\/uploads\/2022\/03\/pic_5_elodie-scaled.jpg?resize=700%2C441&amp;ssl=1 700w, https:\/\/i0.wp.com\/well-grounded.org\/wp-content\/uploads\/2022\/03\/pic_5_elodie-scaled.jpg?zoom=3&amp;resize=320%2C202&amp;ssl=1 960w, https:\/\/i0.wp.com\/well-grounded.org\/wp-content\/uploads\/2022\/03\/pic_5_elodie-scaled.jpg?fit=2560%2C1920&amp;ssl=1 2560w\" sizes=\"(max-width: 320px) 100vw, 320px\" \/><div class=\"fusion-rollover\">\n\t<div class=\"fusion-rollover-content\">\n\n\t\t\t\t\t\t\t\t\t\t\t\t\t\t<a class=\"fusion-rollover-link\" href=\"https:\/\/well-grounded.org\/fr\/les-droits-des-peuples-autochtones-au-cameroun-defis-et-enjeux\/\">Les Droits des Peuples Autochtones au Cameroun : D\u00e9fis et enjeux<\/a>\n\t\t\t\n\t\t\t\t\t\t\t\t\t\t\t\t\t\t\n\t\t\t\t\t\t\t\t\n\t\t\t\t\t\t\t\t\t\t\t\t\t<div class=\"fusion-rollover-sep\"><\/div>\n\t\t\t\t\n\t\t\t\t\t\t\t\t\t\t\t\t\t\t\t\t\t\t<a class=\"fusion-rollover-gallery\" href=\"https:\/\/i0.wp.com\/well-grounded.org\/wp-content\/uploads\/2022\/03\/pic_5_elodie-scaled.jpg?fit=2560%2C1920&ssl=1\" data-options=\"\" data-id=\"5181\" data-rel=\"iLightbox[gallery]\" data-title=\"pic_5_elodie\" data-caption=\"\">\n\t\t\t\t\t\tGallery\t\t\t\t\t<\/a>\n\t\t\t\t\t\t\t\t\t\t\t\t\t\t\n\t\t\n\t\t\t\t\t\t\t\t\n\t\t\t\t\t\t\t\t\n\t\t\n\t\t\t\t\t\t<a class=\"fusion-link-wrapper\" href=\"https:\/\/well-grounded.org\/fr\/les-droits-des-peuples-autochtones-au-cameroun-defis-et-enjeux\/\" aria-label=\"Les Droits des Peuples Autochtones au Cameroun : D\u00e9fis et enjeux\"><\/a>\n\t<\/div>\n<\/div>\n<\/div>\n<\/li>\n\t\t\t\n\t\t\t\n\t\t\t\t\t\t\t\t<\/ul>\n\t<\/div>\n\t<div class=\"fusion-post-content post-content\"><h2 class=\"blog-shortcode-post-title entry-title\">Les Droits des Peuples Autochtones au Cameroun : D\u00e9fis et enjeux<\/h2><div class=\"fusion-post-content-container\"><p> Cet article est le premier d\u2019une s\u00e9rie de deux, consacr\u00e9s \u00e0 la situation des peuples autochtones au Cameroun et \u00e9crits par une membre d\u2019Okani, l\u2019une de nos organisations clientes. Au Cameroun, lorsqu\u2019on parle des peuples autochtones des for\u00eats (PAF-CAM), on fait r\u00e9f\u00e9rence \u00e0 quatre groupes de populations distincts : les Baka vivent surtout dans les r\u00e9gions de l\u2019Est et du Sud Cameroun, les Bakola et les Bagy\u00e9li vivent sur<a href=\"https:\/\/well-grounded.org\/fr\/les-droits-des-peuples-autochtones-au-cameroun-defis-et-enjeux\/\"> [...]<\/a><\/p><\/div><\/div><div class=\"fusion-clearfix\"><\/div><div class=\"fusion-meta-info\"><div class=\"fusion-alignleft\"><span class=\"vcard\" style=\"display: none;\"><span class=\"fn\"><a href=\"https:\/\/well-grounded.org\/fr\/author\/admin\/\" title=\"Articles par admin\" rel=\"author\">admin<\/a><\/span><\/span><span class=\"updated\" style=\"display:none;\">2022-06-30T10:43:55+00:00<\/span><span>octobre 31st, 2017<\/span><span class=\"fusion-inline-sep\">|<\/span>Categories: <a href=\"https:\/\/well-grounded.org\/fr\/category\/nos-clients\/\" rel=\"category tag\">Nos clients<\/a><span class=\"fusion-inline-sep\">|<\/span><span class=\"meta-tags\">Tags: <a href=\"https:\/\/well-grounded.org\/fr\/tag\/cameroun\/\" rel=\"tag\">Cameroun<\/a>, <a href=\"https:\/\/well-grounded.org\/fr\/tag\/defis\/\" rel=\"tag\">d\u00e9fis<\/a>, <a href=\"https:\/\/well-grounded.org\/fr\/tag\/droit-a-la-terre\/\" rel=\"tag\">droit \u00e0 la terre<\/a>, <a href=\"https:\/\/well-grounded.org\/fr\/tag\/droits\/\" rel=\"tag\">droits<\/a>, <a href=\"https:\/\/well-grounded.org\/fr\/tag\/populations-autochtones\/\" rel=\"tag\">populations autochtones<\/a><\/span><span class=\"fusion-inline-sep\">|<\/span><\/div><div class=\"fusion-alignright\"><a class=\"fusion-read-more\" href=\"https:\/\/well-grounded.org\/fr\/les-droits-des-peuples-autochtones-au-cameroun-defis-et-enjeux\/\" aria-label=\"More on Les Droits des Peuples Autochtones au Cameroun : D\u00e9fis et enjeux\">Read More<\/a><\/div><\/div><\/article>\n<article id=\"blog-1-post-5182\" class=\"fusion-post-medium post-5182 post type-post status-publish format-standard has-post-thumbnail hentry category-nos-clients tag-communautes tag-conservation tag-foresterie-communautaire tag-societe-civile\">\n\t<style type=\"text\/css\">\n\t\t\n\t\t\n\t\t\n\t\t\n\t\t\t<\/style>\n\n\n\t\t\t<div class=\"fusion-flexslider flexslider fusion-flexslider-loading fusion-post-slideshow\" style=\"\">\n\t\t<ul class=\"slides\">\n\t\t\t\n\t\t\t\t\t\t\t\t\t\t\t\t\t\t<li><div  class=\"fusion-image-wrapper fusion-image-size-fixed\" aria-haspopup=\"true\">\n\t\t\t\t<img decoding=\"async\" width=\"320\" height=\"202\" src=\"https:\/\/i0.wp.com\/well-grounded.org\/wp-content\/uploads\/2022\/03\/img_5456.jpg?resize=320%2C202&amp;ssl=1\" class=\"attachment-blog-medium size-blog-medium wp-post-image\" alt=\"\" srcset=\"https:\/\/i0.wp.com\/well-grounded.org\/wp-content\/uploads\/2022\/03\/img_5456.jpg?resize=320%2C202&amp;ssl=1 320w, https:\/\/i0.wp.com\/well-grounded.org\/wp-content\/uploads\/2022\/03\/img_5456.jpg?fit=515%2C343&amp;ssl=1 515w\" sizes=\"(max-width: 320px) 100vw, 320px\" \/><div class=\"fusion-rollover\">\n\t<div class=\"fusion-rollover-content\">\n\n\t\t\t\t\t\t\t\t\t\t\t\t\t\t<a class=\"fusion-rollover-link\" href=\"https:\/\/well-grounded.org\/fr\/le-destin-des-forets-du-bassin-du-congo-doit-etre-entre-les-mains-de-ses-habitants\/\">Le destin des for\u00eats du Bassin du Congo doit \u00eatre entre les mains de ses habitants<\/a>\n\t\t\t\n\t\t\t\t\t\t\t\t\t\t\t\t\t\t\n\t\t\t\t\t\t\t\t\n\t\t\t\t\t\t\t\t\t\t\t\t\t<div class=\"fusion-rollover-sep\"><\/div>\n\t\t\t\t\n\t\t\t\t\t\t\t\t\t\t\t\t\t\t\t\t\t\t<a class=\"fusion-rollover-gallery\" href=\"https:\/\/i0.wp.com\/well-grounded.org\/wp-content\/uploads\/2022\/03\/img_5456.jpg?fit=515%2C343&ssl=1\" data-options=\"\" data-id=\"5182\" data-rel=\"iLightbox[gallery]\" data-title=\"img_5456\" data-caption=\"\">\n\t\t\t\t\t\tGallery\t\t\t\t\t<\/a>\n\t\t\t\t\t\t\t\t\t\t\t\t\t\t\n\t\t\n\t\t\t\t\t\t\t\t\n\t\t\t\t\t\t\t\t\n\t\t\n\t\t\t\t\t\t<a class=\"fusion-link-wrapper\" href=\"https:\/\/well-grounded.org\/fr\/le-destin-des-forets-du-bassin-du-congo-doit-etre-entre-les-mains-de-ses-habitants\/\" aria-label=\"Le destin des for\u00eats du Bassin du Congo doit \u00eatre entre les mains de ses habitants\"><\/a>\n\t<\/div>\n<\/div>\n<\/div>\n<\/li>\n\t\t\t\n\t\t\t\n\t\t\t\t\t\t\t\t<\/ul>\n\t<\/div>\n\t<div class=\"fusion-post-content post-content\"><h2 class=\"blog-shortcode-post-title entry-title\">Le destin des for\u00eats du Bassin du Congo doit \u00eatre entre les mains de ses habitants<\/h2><div class=\"fusion-post-content-container\"><p> Le souffle l\u00e9ger de d\u00e9mocratisation qui traverse actuellement le bassin du Congo est largement l\u2019\u0153uvre de la soci\u00e9t\u00e9 civile. En R\u00e9publique centrafricaine (RCA), la soci\u00e9t\u00e9 civile joue un r\u00f4le cl\u00e9 dans la reconstruction du pays. Au Cameroun, elle appuie les r\u00e9formes d\u00e9mocratiques face aux pressions souvent vives du gouvernement. En R\u00e9publique du Congo, la soci\u00e9t\u00e9 civile surveille les atteintes aux droits de l\u2019homme commises \u00e0 l\u2019encontre des communaut\u00e9s autochtones<a href=\"https:\/\/well-grounded.org\/fr\/le-destin-des-forets-du-bassin-du-congo-doit-etre-entre-les-mains-de-ses-habitants\/\"> [...]<\/a><\/p><\/div><\/div><div class=\"fusion-clearfix\"><\/div><div class=\"fusion-meta-info\"><div class=\"fusion-alignleft\"><span class=\"vcard\" style=\"display: none;\"><span class=\"fn\"><a href=\"https:\/\/well-grounded.org\/fr\/author\/admin\/\" title=\"Articles par admin\" rel=\"author\">admin<\/a><\/span><\/span><span class=\"updated\" style=\"display:none;\">2022-06-30T10:45:30+00:00<\/span><span>octobre 4th, 2017<\/span><span class=\"fusion-inline-sep\">|<\/span>Categories: <a href=\"https:\/\/well-grounded.org\/fr\/category\/nos-clients\/\" rel=\"category tag\">Nos clients<\/a><span class=\"fusion-inline-sep\">|<\/span><span class=\"meta-tags\">Tags: <a href=\"https:\/\/well-grounded.org\/fr\/tag\/communautes\/\" rel=\"tag\">communaut\u00e9s<\/a>, <a href=\"https:\/\/well-grounded.org\/fr\/tag\/conservation\/\" rel=\"tag\">conservation<\/a>, <a href=\"https:\/\/well-grounded.org\/fr\/tag\/foresterie-communautaire\/\" rel=\"tag\">foresterie communautaire<\/a>, <a href=\"https:\/\/well-grounded.org\/fr\/tag\/societe-civile\/\" rel=\"tag\">soci\u00e9t\u00e9 civile<\/a><\/span><span class=\"fusion-inline-sep\">|<\/span><\/div><div class=\"fusion-alignright\"><a class=\"fusion-read-more\" href=\"https:\/\/well-grounded.org\/fr\/le-destin-des-forets-du-bassin-du-congo-doit-etre-entre-les-mains-de-ses-habitants\/\" aria-label=\"More on Le destin des for\u00eats du Bassin du Congo doit \u00eatre entre les mains de ses habitants\">Read More<\/a><\/div><\/div><\/article>\n<article id=\"blog-1-post-5183\" class=\"fusion-post-medium post-5183 post type-post status-publish format-standard has-post-thumbnail hentry category-nos-clients tag-cadre-legal tag-communautes-locales tag-foresterie-communautaire tag-legislation tag-peuples-autochtones tag-rdc\">\n\t<style type=\"text\/css\">\n\t\t\n\t\t\n\t\t\n\t\t\n\t\t\t<\/style>\n\n\n\t\t\t<div class=\"fusion-flexslider flexslider fusion-flexslider-loading fusion-post-slideshow\" style=\"\">\n\t\t<ul class=\"slides\">\n\t\t\t\n\t\t\t\t\t\t\t\t\t\t\t\t\t\t<li><div  class=\"fusion-image-wrapper fusion-image-size-fixed\" aria-haspopup=\"true\">\n\t\t\t\t<img decoding=\"async\" width=\"320\" height=\"202\" src=\"https:\/\/i0.wp.com\/well-grounded.org\/wp-content\/uploads\/2022\/03\/congo1.jpg?resize=320%2C202&amp;ssl=1\" class=\"attachment-blog-medium size-blog-medium wp-post-image\" alt=\"\" srcset=\"https:\/\/i0.wp.com\/well-grounded.org\/wp-content\/uploads\/2022\/03\/congo1.jpg?resize=320%2C202&amp;ssl=1 320w, https:\/\/i0.wp.com\/well-grounded.org\/wp-content\/uploads\/2022\/03\/congo1.jpg?zoom=2&amp;resize=320%2C202&amp;ssl=1 640w, https:\/\/i0.wp.com\/well-grounded.org\/wp-content\/uploads\/2022\/03\/congo1.jpg?resize=700%2C441&amp;ssl=1 700w, https:\/\/i0.wp.com\/well-grounded.org\/wp-content\/uploads\/2022\/03\/congo1.jpg?zoom=3&amp;resize=320%2C202&amp;ssl=1 960w, https:\/\/i0.wp.com\/well-grounded.org\/wp-content\/uploads\/2022\/03\/congo1.jpg?fit=1022%2C677&amp;ssl=1 1022w\" sizes=\"(max-width: 320px) 100vw, 320px\" \/><div class=\"fusion-rollover\">\n\t<div class=\"fusion-rollover-content\">\n\n\t\t\t\t\t\t\t\t\t\t\t\t\t\t<a class=\"fusion-rollover-link\" href=\"https:\/\/well-grounded.org\/fr\/quest-ce-que-la-foresterie-communautaire\/\">Qu&rsquo;est ce que la foresterie communautaire?<\/a>\n\t\t\t\n\t\t\t\t\t\t\t\t\t\t\t\t\t\t\n\t\t\t\t\t\t\t\t\n\t\t\t\t\t\t\t\t\t\t\t\t\t<div class=\"fusion-rollover-sep\"><\/div>\n\t\t\t\t\n\t\t\t\t\t\t\t\t\t\t\t\t\t\t\t\t\t\t<a class=\"fusion-rollover-gallery\" href=\"https:\/\/i0.wp.com\/well-grounded.org\/wp-content\/uploads\/2022\/03\/congo1.jpg?fit=1022%2C677&ssl=1\" data-options=\"\" data-id=\"5183\" data-rel=\"iLightbox[gallery]\" data-title=\"congo1\" data-caption=\"\">\n\t\t\t\t\t\tGallery\t\t\t\t\t<\/a>\n\t\t\t\t\t\t\t\t\t\t\t\t\t\t\n\t\t\n\t\t\t\t\t\t\t\t\n\t\t\t\t\t\t\t\t\n\t\t\n\t\t\t\t\t\t<a class=\"fusion-link-wrapper\" href=\"https:\/\/well-grounded.org\/fr\/quest-ce-que-la-foresterie-communautaire\/\" aria-label=\"Qu&rsquo;est ce que la foresterie communautaire?\"><\/a>\n\t<\/div>\n<\/div>\n<\/div>\n<\/li>\n\t\t\t\n\t\t\t\n\t\t\t\t\t\t\t\t<\/ul>\n\t<\/div>\n\t<div class=\"fusion-post-content post-content\"><h2 class=\"blog-shortcode-post-title entry-title\">Qu&rsquo;est ce que la foresterie communautaire?<\/h2><div class=\"fusion-post-content-container\"><p> On entend r\u00e9guli\u00e8rement parler de la foresterie communautaire, mais comment fonctionne-t-elle vraiment, et quels sont ses avantages pour les populations? Ce mois-ci, c\u2019est Carmel Kifukieto, charg\u00e9 de programmes au\u00a0Centre d\u2019Appui \u00e0 la Gestion Durable des For\u00eats Tropicales\u00a0(CAGDFT), l\u2019une des organisations que nous soutenons en R\u00e9publique D\u00e9mocratique du Congo, qui nous r\u00e9pond au sujet des diff\u00e9rents aspects de cette pratique. Qu\u2019est-ce que la foresterie communautaire ? La foresterie communautaire est\u00a0un<a href=\"https:\/\/well-grounded.org\/fr\/quest-ce-que-la-foresterie-communautaire\/\"> [...]<\/a><\/p><\/div><\/div><div class=\"fusion-clearfix\"><\/div><div class=\"fusion-meta-info\"><div class=\"fusion-alignleft\"><span class=\"vcard\" style=\"display: none;\"><span class=\"fn\"><a href=\"https:\/\/well-grounded.org\/fr\/author\/admin\/\" title=\"Articles par admin\" rel=\"author\">admin<\/a><\/span><\/span><span class=\"updated\" style=\"display:none;\">2022-06-30T10:48:13+00:00<\/span><span>septembre 14th, 2017<\/span><span class=\"fusion-inline-sep\">|<\/span>Categories: <a href=\"https:\/\/well-grounded.org\/fr\/category\/nos-clients\/\" rel=\"category tag\">Nos clients<\/a><span class=\"fusion-inline-sep\">|<\/span><span class=\"meta-tags\">Tags: <a href=\"https:\/\/well-grounded.org\/fr\/tag\/cadre-legal\/\" rel=\"tag\">cadre l\u00e9gal<\/a>, <a href=\"https:\/\/well-grounded.org\/fr\/tag\/communautes-locales\/\" rel=\"tag\">communaut\u00e9s locales<\/a>, <a href=\"https:\/\/well-grounded.org\/fr\/tag\/foresterie-communautaire\/\" rel=\"tag\">foresterie communautaire<\/a>, <a href=\"https:\/\/well-grounded.org\/fr\/tag\/legislation\/\" rel=\"tag\">legislation<\/a>, <a href=\"https:\/\/well-grounded.org\/fr\/tag\/peuples-autochtones\/\" rel=\"tag\">peuples autochtones<\/a>, <a href=\"https:\/\/well-grounded.org\/fr\/tag\/rdc\/\" rel=\"tag\">RDC<\/a><\/span><span class=\"fusion-inline-sep\">|<\/span><\/div><div class=\"fusion-alignright\"><a class=\"fusion-read-more\" href=\"https:\/\/well-grounded.org\/fr\/quest-ce-que-la-foresterie-communautaire\/\" aria-label=\"More on Qu&rsquo;est ce que la foresterie communautaire?\">Read More<\/a><\/div><\/div><\/article>\n<article id=\"blog-1-post-5184\" class=\"fusion-post-medium post-5184 post type-post status-publish format-standard has-post-thumbnail hentry category-parcours-inspirants tag-activisme tag-bialowieza tag-foret tag-osc tag-pologne tag-polonais\">\n\t<style type=\"text\/css\">\n\t\t\n\t\t\n\t\t\n\t\t\n\t\t\t<\/style>\n\n\n\t\t\t<div class=\"fusion-flexslider flexslider fusion-flexslider-loading fusion-post-slideshow\" style=\"\">\n\t\t<ul class=\"slides\">\n\t\t\t\n\t\t\t\t\t\t\t\t\t\t\t\t\t\t<li><div  class=\"fusion-image-wrapper fusion-image-size-fixed\" aria-haspopup=\"true\">\n\t\t\t\t<img decoding=\"async\" width=\"320\" height=\"202\" src=\"https:\/\/i0.wp.com\/well-grounded.org\/wp-content\/uploads\/2022\/03\/poland.jpg?resize=320%2C202&amp;ssl=1\" class=\"attachment-blog-medium size-blog-medium wp-post-image\" alt=\"\" srcset=\"https:\/\/i0.wp.com\/well-grounded.org\/wp-content\/uploads\/2022\/03\/poland.jpg?resize=320%2C202&amp;ssl=1 320w, https:\/\/i0.wp.com\/well-grounded.org\/wp-content\/uploads\/2022\/03\/poland.jpg?zoom=2&amp;resize=320%2C202&amp;ssl=1 640w, https:\/\/i0.wp.com\/well-grounded.org\/wp-content\/uploads\/2022\/03\/poland.jpg?resize=700%2C441&amp;ssl=1 700w, https:\/\/i0.wp.com\/well-grounded.org\/wp-content\/uploads\/2022\/03\/poland.jpg?fit=800%2C600&amp;ssl=1 800w\" sizes=\"(max-width: 320px) 100vw, 320px\" \/><div class=\"fusion-rollover\">\n\t<div class=\"fusion-rollover-content\">\n\n\t\t\t\t\t\t\t\t\t\t\t\t\t\t<a class=\"fusion-rollover-link\" href=\"https:\/\/well-grounded.org\/fr\/lorsque-les-difficultes-surviennent-la-societe-civile-sorganise\/\">Lorsque les difficult\u00e9s surviennent, la soci\u00e9t\u00e9 civile s&rsquo;organise<\/a>\n\t\t\t\n\t\t\t\t\t\t\t\t\t\t\t\t\t\t\n\t\t\t\t\t\t\t\t\n\t\t\t\t\t\t\t\t\t\t\t\t\t<div class=\"fusion-rollover-sep\"><\/div>\n\t\t\t\t\n\t\t\t\t\t\t\t\t\t\t\t\t\t\t\t\t\t\t<a class=\"fusion-rollover-gallery\" href=\"https:\/\/i0.wp.com\/well-grounded.org\/wp-content\/uploads\/2022\/03\/poland.jpg?fit=800%2C600&ssl=1\" data-options=\"\" data-id=\"5184\" data-rel=\"iLightbox[gallery]\" data-title=\"poland\" data-caption=\"\">\n\t\t\t\t\t\tGallery\t\t\t\t\t<\/a>\n\t\t\t\t\t\t\t\t\t\t\t\t\t\t\n\t\t\n\t\t\t\t\t\t\t\t\n\t\t\t\t\t\t\t\t\n\t\t\n\t\t\t\t\t\t<a class=\"fusion-link-wrapper\" href=\"https:\/\/well-grounded.org\/fr\/lorsque-les-difficultes-surviennent-la-societe-civile-sorganise\/\" aria-label=\"Lorsque les difficult\u00e9s surviennent, la soci\u00e9t\u00e9 civile s&rsquo;organise\"><\/a>\n\t<\/div>\n<\/div>\n<\/div>\n<\/li>\n\t\t\t\n\t\t\t\n\t\t\t\t\t\t\t\t<\/ul>\n\t<\/div>\n\t<div class=\"fusion-post-content post-content\"><h2 class=\"blog-shortcode-post-title entry-title\">Lorsque les difficult\u00e9s surviennent, la soci\u00e9t\u00e9 civile s&rsquo;organise<\/h2><div class=\"fusion-post-content-container\"><p> Well Grounded publie une s\u00e9rie d\u2019articles de blog qui racontent l\u2019histoire de personnes et d\u2019organisations qui font entendre leurs voix, qui trouvent de nouvelles solutions \u00e0 d\u2019anciens probl\u00e8mes et qui poursuivent leur qu\u00eate de justice sociale et environnementale dans des conditions impossibles. Laissez-vous inspirer\u00a0! Lorsqu\u2019une crise menace quelque chose d\u2019important pour les citoyens ordinaires, il existe de nombreux moyens par lesquels ils peuvent s\u2019organiser pour y r\u00e9pondre. En Pologne,<a href=\"https:\/\/well-grounded.org\/fr\/lorsque-les-difficultes-surviennent-la-societe-civile-sorganise\/\"> [...]<\/a><\/p><\/div><\/div><div class=\"fusion-clearfix\"><\/div><div class=\"fusion-meta-info\"><div class=\"fusion-alignleft\"><span class=\"vcard\" style=\"display: none;\"><span class=\"fn\"><a href=\"https:\/\/well-grounded.org\/fr\/author\/admin\/\" title=\"Articles par admin\" rel=\"author\">admin<\/a><\/span><\/span><span class=\"updated\" style=\"display:none;\">2022-06-30T10:52:14+00:00<\/span><span>juillet 25th, 2017<\/span><span class=\"fusion-inline-sep\">|<\/span>Categories: <a href=\"https:\/\/well-grounded.org\/fr\/category\/parcours-inspirants\/\" rel=\"category tag\">Parcours inspirants<\/a><span class=\"fusion-inline-sep\">|<\/span><span class=\"meta-tags\">Tags: <a href=\"https:\/\/well-grounded.org\/fr\/tag\/activisme\/\" rel=\"tag\">activisme<\/a>, <a href=\"https:\/\/well-grounded.org\/fr\/tag\/bialowieza\/\" rel=\"tag\">Bialowieza<\/a>, <a href=\"https:\/\/well-grounded.org\/fr\/tag\/foret\/\" rel=\"tag\">for\u00eat<\/a>, <a href=\"https:\/\/well-grounded.org\/fr\/tag\/osc\/\" rel=\"tag\">OSC<\/a>, <a href=\"https:\/\/well-grounded.org\/fr\/tag\/pologne\/\" rel=\"tag\">Pologne<\/a>, <a href=\"https:\/\/well-grounded.org\/fr\/tag\/polonais\/\" rel=\"tag\">polonais<\/a><\/span><span class=\"fusion-inline-sep\">|<\/span><\/div><div class=\"fusion-alignright\"><a class=\"fusion-read-more\" href=\"https:\/\/well-grounded.org\/fr\/lorsque-les-difficultes-surviennent-la-societe-civile-sorganise\/\" aria-label=\"More on Lorsque les difficult\u00e9s surviennent, la soci\u00e9t\u00e9 civile s&rsquo;organise\">Read More<\/a><\/div><\/div><\/article>\n<article id=\"blog-1-post-5185\" class=\"fusion-post-medium post-5185 post type-post status-publish format-standard has-post-thumbnail hentry category-developpement-organisationnel tag-impact-social tag-indicateurs tag-mesure\">\n\t<style type=\"text\/css\">\n\t\t\n\t\t\n\t\t\n\t\t\n\t\t\t<\/style>\n\n\n\t\t\t<div class=\"fusion-flexslider flexslider fusion-flexslider-loading fusion-post-slideshow\" style=\"\">\n\t\t<ul class=\"slides\">\n\t\t\t\n\t\t\t\t\t\t\t\t\t\t\t\t\t\t<li><div  class=\"fusion-image-wrapper fusion-image-size-fixed\" aria-haspopup=\"true\">\n\t\t\t\t<img decoding=\"async\" width=\"320\" height=\"202\" src=\"https:\/\/i0.wp.com\/well-grounded.org\/wp-content\/uploads\/2022\/03\/dibujo_para_blog_fr.jpg?resize=320%2C202&amp;ssl=1\" class=\"attachment-blog-medium size-blog-medium wp-post-image\" alt=\"\" srcset=\"https:\/\/i0.wp.com\/well-grounded.org\/wp-content\/uploads\/2022\/03\/dibujo_para_blog_fr.jpg?resize=320%2C202&amp;ssl=1 320w, https:\/\/i0.wp.com\/well-grounded.org\/wp-content\/uploads\/2022\/03\/dibujo_para_blog_fr.jpg?zoom=2&amp;resize=320%2C202&amp;ssl=1 640w, https:\/\/i0.wp.com\/well-grounded.org\/wp-content\/uploads\/2022\/03\/dibujo_para_blog_fr.jpg?resize=700%2C441&amp;ssl=1 700w, https:\/\/i0.wp.com\/well-grounded.org\/wp-content\/uploads\/2022\/03\/dibujo_para_blog_fr.jpg?zoom=3&amp;resize=320%2C202&amp;ssl=1 960w, https:\/\/i0.wp.com\/well-grounded.org\/wp-content\/uploads\/2022\/03\/dibujo_para_blog_fr.jpg?fit=1280%2C720&amp;ssl=1 1280w\" sizes=\"(max-width: 320px) 100vw, 320px\" \/><div class=\"fusion-rollover\">\n\t<div class=\"fusion-rollover-content\">\n\n\t\t\t\t\t\t\t\t\t\t\t\t\t\t<a class=\"fusion-rollover-link\" href=\"https:\/\/well-grounded.org\/fr\/notre-travail-produit-il-un-vrai-changement-comment-mesurer-son-impact-social\/\">Notre travail produit-il un vrai changement? Comment mesurer son impact social<\/a>\n\t\t\t\n\t\t\t\t\t\t\t\t\t\t\t\t\t\t\n\t\t\t\t\t\t\t\t\n\t\t\t\t\t\t\t\t\t\t\t\t\t<div class=\"fusion-rollover-sep\"><\/div>\n\t\t\t\t\n\t\t\t\t\t\t\t\t\t\t\t\t\t\t\t\t\t\t<a class=\"fusion-rollover-gallery\" href=\"https:\/\/i0.wp.com\/well-grounded.org\/wp-content\/uploads\/2022\/03\/dibujo_para_blog_fr.jpg?fit=1280%2C720&ssl=1\" data-options=\"\" data-id=\"5185\" data-rel=\"iLightbox[gallery]\" data-title=\"dibujo_para_blog_fr\" data-caption=\"\">\n\t\t\t\t\t\tGallery\t\t\t\t\t<\/a>\n\t\t\t\t\t\t\t\t\t\t\t\t\t\t\n\t\t\n\t\t\t\t\t\t\t\t\n\t\t\t\t\t\t\t\t\n\t\t\n\t\t\t\t\t\t<a class=\"fusion-link-wrapper\" href=\"https:\/\/well-grounded.org\/fr\/notre-travail-produit-il-un-vrai-changement-comment-mesurer-son-impact-social\/\" aria-label=\"Notre travail produit-il un vrai changement? Comment mesurer son impact social\"><\/a>\n\t<\/div>\n<\/div>\n<\/div>\n<\/li>\n\t\t\t\n\t\t\t\n\t\t\t\t\t\t\t\t<\/ul>\n\t<\/div>\n\t<div class=\"fusion-post-content post-content\"><h2 class=\"blog-shortcode-post-title entry-title\">Notre travail produit-il un vrai changement? Comment mesurer son impact social<\/h2><div class=\"fusion-post-content-container\"><p> Combien de personnes avons-nous form\u00e9es ? Combien d\u2019arbres avons-nous plant\u00e9s\u00a0? Combien de rapports de recherche avons-nous publi\u00e9s\u00a0? Nous avons l\u2019habitude de rendre des comptes \u00e0 nos bailleurs sur les r\u00e9sultats de nos activit\u00e9s et nos objectifs \u00e0 court terme. Pourtant, ces indicateurs ne sont pas suffisants pour \u00e9valuer si notre travail contribue r\u00e9ellement aux objectifs \u00e0 long terme de notre organisation : \u00e0 quel point changeons-nous VRAIMENT les vies<a href=\"https:\/\/well-grounded.org\/fr\/notre-travail-produit-il-un-vrai-changement-comment-mesurer-son-impact-social\/\"> [...]<\/a><\/p><\/div><\/div><div class=\"fusion-clearfix\"><\/div><div class=\"fusion-meta-info\"><div class=\"fusion-alignleft\"><span class=\"vcard\" style=\"display: none;\"><span class=\"fn\"><a href=\"https:\/\/well-grounded.org\/fr\/author\/admin\/\" title=\"Articles par admin\" rel=\"author\">admin<\/a><\/span><\/span><span class=\"updated\" style=\"display:none;\">2022-06-30T10:55:21+00:00<\/span><span>mai 17th, 2017<\/span><span class=\"fusion-inline-sep\">|<\/span>Categories: <a href=\"https:\/\/well-grounded.org\/fr\/category\/developpement-organisationnel\/\" rel=\"category tag\">D\u00e9veloppement Organisationnel<\/a><span class=\"fusion-inline-sep\">|<\/span><span class=\"meta-tags\">Tags: <a href=\"https:\/\/well-grounded.org\/fr\/tag\/impact-social\/\" rel=\"tag\">impact social<\/a>, <a href=\"https:\/\/well-grounded.org\/fr\/tag\/indicateurs\/\" rel=\"tag\">indicateurs<\/a>, <a href=\"https:\/\/well-grounded.org\/fr\/tag\/mesure\/\" rel=\"tag\">mesure<\/a><\/span><span class=\"fusion-inline-sep\">|<\/span><\/div><div class=\"fusion-alignright\"><a class=\"fusion-read-more\" href=\"https:\/\/well-grounded.org\/fr\/notre-travail-produit-il-un-vrai-changement-comment-mesurer-son-impact-social\/\" aria-label=\"More on Notre travail produit-il un vrai changement? Comment mesurer son impact social\">Read More<\/a><\/div><\/div><\/article>\n<article id=\"blog-1-post-5186\" class=\"fusion-post-medium post-5186 post type-post status-publish format-standard has-post-thumbnail hentry category-parcours-inspirants tag-deputes tag-dgoa tag-droits-autochtones tag-legislation tag-participation\">\n\t<style type=\"text\/css\">\n\t\t\n\t\t\n\t\t\n\t\t\n\t\t\t<\/style>\n\n\n\t\t\t<div class=\"fusion-flexslider flexslider fusion-flexslider-loading fusion-post-slideshow\" style=\"\">\n\t\t<ul class=\"slides\">\n\t\t\t\n\t\t\t\t\t\t\t\t\t\t\t\t\t\t<li><div  class=\"fusion-image-wrapper fusion-image-size-fixed\" aria-haspopup=\"true\">\n\t\t\t\t<img decoding=\"async\" width=\"320\" height=\"202\" src=\"https:\/\/i0.wp.com\/well-grounded.org\/wp-content\/uploads\/2022\/03\/dgpa.jpg?resize=320%2C202&amp;ssl=1\" class=\"attachment-blog-medium size-blog-medium wp-post-image\" alt=\"\" srcset=\"https:\/\/i0.wp.com\/well-grounded.org\/wp-content\/uploads\/2022\/03\/dgpa.jpg?resize=320%2C202&amp;ssl=1 320w, https:\/\/i0.wp.com\/well-grounded.org\/wp-content\/uploads\/2022\/03\/dgpa.jpg?zoom=2&amp;resize=320%2C202&amp;ssl=1 640w, https:\/\/i0.wp.com\/well-grounded.org\/wp-content\/uploads\/2022\/03\/dgpa.jpg?resize=700%2C441&amp;ssl=1 700w, https:\/\/i0.wp.com\/well-grounded.org\/wp-content\/uploads\/2022\/03\/dgpa.jpg?zoom=3&amp;resize=320%2C202&amp;ssl=1 960w, https:\/\/i0.wp.com\/well-grounded.org\/wp-content\/uploads\/2022\/03\/dgpa.jpg?fit=2560%2C1920&amp;ssl=1 2560w\" sizes=\"(max-width: 320px) 100vw, 320px\" \/><div class=\"fusion-rollover\">\n\t<div class=\"fusion-rollover-content\">\n\n\t\t\t\t\t\t\t\t\t\t\t\t\t\t<a class=\"fusion-rollover-link\" href=\"https:\/\/well-grounded.org\/fr\/creer-la-rencontre-entre-les-legislateurs-et-les-communautes-comment-une-organisation-congolaise-a-change-la-maniere-dont-les-lois-sont-ecrites\/\">Cr\u00e9er la rencontre entre les l\u00e9gislateurs et les communaut\u00e9s: comment une organisation congolaise a chang\u00e9 la mani\u00e8re dont les lois sont \u00e9crites<\/a>\n\t\t\t\n\t\t\t\t\t\t\t\t\t\t\t\t\t\t\n\t\t\t\t\t\t\t\t\n\t\t\t\t\t\t\t\t\t\t\t\t\t<div class=\"fusion-rollover-sep\"><\/div>\n\t\t\t\t\n\t\t\t\t\t\t\t\t\t\t\t\t\t\t\t\t\t\t<a class=\"fusion-rollover-gallery\" href=\"https:\/\/i0.wp.com\/well-grounded.org\/wp-content\/uploads\/2022\/03\/dgpa.jpg?fit=2560%2C1920&ssl=1\" data-options=\"\" data-id=\"5186\" data-rel=\"iLightbox[gallery]\" data-title=\"dgpa\" data-caption=\"\">\n\t\t\t\t\t\tGallery\t\t\t\t\t<\/a>\n\t\t\t\t\t\t\t\t\t\t\t\t\t\t\n\t\t\n\t\t\t\t\t\t\t\t\n\t\t\t\t\t\t\t\t\n\t\t\n\t\t\t\t\t\t<a class=\"fusion-link-wrapper\" href=\"https:\/\/well-grounded.org\/fr\/creer-la-rencontre-entre-les-legislateurs-et-les-communautes-comment-une-organisation-congolaise-a-change-la-maniere-dont-les-lois-sont-ecrites\/\" aria-label=\"Cr\u00e9er la rencontre entre les l\u00e9gislateurs et les communaut\u00e9s: comment une organisation congolaise a chang\u00e9 la mani\u00e8re dont les lois sont \u00e9crites\"><\/a>\n\t<\/div>\n<\/div>\n<\/div>\n<\/li>\n\t\t\t\n\t\t\t\n\t\t\t\t\t\t\t\t<\/ul>\n\t<\/div>\n\t<div class=\"fusion-post-content post-content\"><h2 class=\"blog-shortcode-post-title entry-title\">Cr\u00e9er la rencontre entre les l\u00e9gislateurs et les communaut\u00e9s: comment une organisation congolaise a chang\u00e9 la mani\u00e8re dont les lois sont \u00e9crites<\/h2><div class=\"fusion-post-content-container\"><p> Well Grounded publie une s\u00e9rie d\u2019articles de blog qui racontent l\u2019histoire de personnes et d\u2019organisations qui font entendre leurs voix, qui trouvent de nouvelles solutions \u00e0 d\u2019anciens probl\u00e8mes et qui poursuivent leur qu\u00eate de justice sociale et environnementale dans des conditions impossibles. Laissez-vous inspirer ! Les organisations de la soci\u00e9t\u00e9 civile peuvent influencer la l\u00e9gislation de fa\u00e7ons tr\u00e8s diff\u00e9rentes, \u00e0 travers le lobbying, la r\u00e9alisation de campagnes, la recherche,<a href=\"https:\/\/well-grounded.org\/fr\/creer-la-rencontre-entre-les-legislateurs-et-les-communautes-comment-une-organisation-congolaise-a-change-la-maniere-dont-les-lois-sont-ecrites\/\"> [...]<\/a><\/p><\/div><\/div><div class=\"fusion-clearfix\"><\/div><div class=\"fusion-meta-info\"><div class=\"fusion-alignleft\"><span class=\"vcard\" style=\"display: none;\"><span class=\"fn\"><a href=\"https:\/\/well-grounded.org\/fr\/author\/admin\/\" title=\"Articles par admin\" rel=\"author\">admin<\/a><\/span><\/span><span class=\"updated\" style=\"display:none;\">2022-06-30T11:01:45+00:00<\/span><span>avril 19th, 2017<\/span><span class=\"fusion-inline-sep\">|<\/span>Categories: <a href=\"https:\/\/well-grounded.org\/fr\/category\/parcours-inspirants\/\" rel=\"category tag\">Parcours inspirants<\/a><span class=\"fusion-inline-sep\">|<\/span><span class=\"meta-tags\">Tags: <a href=\"https:\/\/well-grounded.org\/fr\/tag\/deputes\/\" rel=\"tag\">d\u00e9put\u00e9s<\/a>, <a href=\"https:\/\/well-grounded.org\/fr\/tag\/dgoa\/\" rel=\"tag\">DGOA<\/a>, <a href=\"https:\/\/well-grounded.org\/fr\/tag\/droits-autochtones\/\" rel=\"tag\">droits autochtones<\/a>, <a href=\"https:\/\/well-grounded.org\/fr\/tag\/legislation\/\" rel=\"tag\">legislation<\/a>, <a href=\"https:\/\/well-grounded.org\/fr\/tag\/participation\/\" rel=\"tag\">participation<\/a><\/span><span class=\"fusion-inline-sep\">|<\/span><\/div><div class=\"fusion-alignright\"><a class=\"fusion-read-more\" href=\"https:\/\/well-grounded.org\/fr\/creer-la-rencontre-entre-les-legislateurs-et-les-communautes-comment-une-organisation-congolaise-a-change-la-maniere-dont-les-lois-sont-ecrites\/\" aria-label=\"More on Cr\u00e9er la rencontre entre les l\u00e9gislateurs et les communaut\u00e9s: comment une organisation congolaise a chang\u00e9 la mani\u00e8re dont les lois sont \u00e9crites\">Read More<\/a><\/div><\/div><\/article>\n<article id=\"blog-1-post-5187\" class=\"fusion-post-medium post-5187 post type-post status-publish format-standard has-post-thumbnail hentry category-temoignages-du-terrain\">\n\t<style type=\"text\/css\">\n\t\t\n\t\t\n\t\t\n\t\t\n\t\t\t<\/style>\n\n\n\t\t\t<div class=\"fusion-flexslider flexslider fusion-flexslider-loading fusion-post-slideshow\" style=\"\">\n\t\t<ul class=\"slides\">\n\t\t\t\n\t\t\t\t\t\t\t\t\t\t\t\t\t\t<li><div  class=\"fusion-image-wrapper fusion-image-size-fixed\" aria-haspopup=\"true\">\n\t\t\t\t<img decoding=\"async\" width=\"320\" height=\"202\" src=\"https:\/\/i0.wp.com\/well-grounded.org\/wp-content\/uploads\/2022\/03\/roundtable_drc-scaled.jpg?resize=320%2C202&amp;ssl=1\" class=\"attachment-blog-medium size-blog-medium wp-post-image\" alt=\"\" srcset=\"https:\/\/i0.wp.com\/well-grounded.org\/wp-content\/uploads\/2022\/03\/roundtable_drc-scaled.jpg?resize=320%2C202&amp;ssl=1 320w, https:\/\/i0.wp.com\/well-grounded.org\/wp-content\/uploads\/2022\/03\/roundtable_drc-scaled.jpg?zoom=2&amp;resize=320%2C202&amp;ssl=1 640w, https:\/\/i0.wp.com\/well-grounded.org\/wp-content\/uploads\/2022\/03\/roundtable_drc-scaled.jpg?resize=700%2C441&amp;ssl=1 700w, https:\/\/i0.wp.com\/well-grounded.org\/wp-content\/uploads\/2022\/03\/roundtable_drc-scaled.jpg?zoom=3&amp;resize=320%2C202&amp;ssl=1 960w, https:\/\/i0.wp.com\/well-grounded.org\/wp-content\/uploads\/2022\/03\/roundtable_drc-scaled.jpg?fit=2560%2C1696&amp;ssl=1 2560w\" sizes=\"(max-width: 320px) 100vw, 320px\" \/><div class=\"fusion-rollover\">\n\t<div class=\"fusion-rollover-content\">\n\n\t\t\t\t\t\t\t\t\t\t\t\t\t\t<a class=\"fusion-rollover-link\" href=\"https:\/\/well-grounded.org\/fr\/les-communautes-locales-placees-au-centre-de-la-gestion-de-la-foret-communautaire-en-rdc\/\">Les communaut\u00e9s locales plac\u00e9es au centre de la Gestion de la For\u00eat Communautaire en RDC<\/a>\n\t\t\t\n\t\t\t\t\t\t\t\t\t\t\t\t\t\t\n\t\t\t\t\t\t\t\t\n\t\t\t\t\t\t\t\t\t\t\t\t\t<div class=\"fusion-rollover-sep\"><\/div>\n\t\t\t\t\n\t\t\t\t\t\t\t\t\t\t\t\t\t\t\t\t\t\t<a class=\"fusion-rollover-gallery\" href=\"https:\/\/i0.wp.com\/well-grounded.org\/wp-content\/uploads\/2022\/03\/roundtable_drc-scaled.jpg?fit=2560%2C1696&ssl=1\" data-options=\"\" data-id=\"5187\" data-rel=\"iLightbox[gallery]\" data-title=\"roundtable_drc\" data-caption=\"\">\n\t\t\t\t\t\tGallery\t\t\t\t\t<\/a>\n\t\t\t\t\t\t\t\t\t\t\t\t\t\t\n\t\t\n\t\t\t\t\t\t\t\t\n\t\t\t\t\t\t\t\t\n\t\t\n\t\t\t\t\t\t<a class=\"fusion-link-wrapper\" href=\"https:\/\/well-grounded.org\/fr\/les-communautes-locales-placees-au-centre-de-la-gestion-de-la-foret-communautaire-en-rdc\/\" aria-label=\"Les communaut\u00e9s locales plac\u00e9es au centre de la Gestion de la For\u00eat Communautaire en RDC\"><\/a>\n\t<\/div>\n<\/div>\n<\/div>\n<\/li>\n\t\t\t\n\t\t\t\n\t\t\t\t\t\t\t\t<\/ul>\n\t<\/div>\n\t<div class=\"fusion-post-content post-content\"><h2 class=\"blog-shortcode-post-title entry-title\">Les communaut\u00e9s locales plac\u00e9es au centre de la Gestion de la For\u00eat Communautaire en RDC<\/h2><div class=\"fusion-post-content-container\"><p> Les diff\u00e9rents acteurs qui travaillent pour assurer la gestion durable des for\u00eats communautaires en R\u00e9publique D\u00e9mocratique du Congo (RDC) ont d\u00e9cid\u00e9 de placer les communaut\u00e9s locales au c\u0153ur de leur action. Depuis 2015, des acteurs nationaux et internationaux travaillent aux c\u00f4t\u00e9s du gouvernement de la RDC pour mettre en place une strat\u00e9gie qui assurera que les communaut\u00e9s foresti\u00e8res b\u00e9n\u00e9ficient de la gestion et de l\u2019usage de leurs for\u00eats. Ceci<a href=\"https:\/\/well-grounded.org\/fr\/les-communautes-locales-placees-au-centre-de-la-gestion-de-la-foret-communautaire-en-rdc\/\"> [...]<\/a><\/p><\/div><\/div><div class=\"fusion-clearfix\"><\/div><div class=\"fusion-meta-info\"><div class=\"fusion-alignleft\"><span class=\"vcard\" style=\"display: none;\"><span class=\"fn\"><a href=\"https:\/\/well-grounded.org\/fr\/author\/admin\/\" title=\"Articles par admin\" rel=\"author\">admin<\/a><\/span><\/span><span class=\"updated\" style=\"display:none;\">2022-06-30T11:03:53+00:00<\/span><span>mars 27th, 2017<\/span><span class=\"fusion-inline-sep\">|<\/span>Categories: <a href=\"https:\/\/well-grounded.org\/fr\/category\/temoignages-du-terrain\/\" rel=\"category tag\">T\u00e9moignages du terrain<\/a><span class=\"fusion-inline-sep\">|<\/span><\/div><div class=\"fusion-alignright\"><a class=\"fusion-read-more\" href=\"https:\/\/well-grounded.org\/fr\/les-communautes-locales-placees-au-centre-de-la-gestion-de-la-foret-communautaire-en-rdc\/\" aria-label=\"More on Les communaut\u00e9s locales plac\u00e9es au centre de la Gestion de la For\u00eat Communautaire en RDC\">Read More<\/a><\/div><\/div><\/article>\n<article id=\"blog-1-post-5188\" class=\"fusion-post-medium post-5188 post type-post status-publish format-standard has-post-thumbnail hentry category-temoignages-du-terrain\">\n\t<style type=\"text\/css\">\n\t\t\n\t\t\n\t\t\n\t\t\n\t\t\t<\/style>\n\n\n\t\t\t<div class=\"fusion-flexslider flexslider fusion-flexslider-loading fusion-post-slideshow\" style=\"\">\n\t\t<ul class=\"slides\">\n\t\t\t\n\t\t\t\t\t\t\t\t\t\t\t\t\t\t<li><div  class=\"fusion-image-wrapper fusion-image-size-fixed\" aria-haspopup=\"true\">\n\t\t\t\t<img decoding=\"async\" width=\"320\" height=\"202\" src=\"https:\/\/i0.wp.com\/well-grounded.org\/wp-content\/uploads\/2022\/03\/mg_1125_gashe_c.thirion_fev.2017.jpg?resize=320%2C202&amp;ssl=1\" class=\"attachment-blog-medium size-blog-medium wp-post-image\" alt=\"\" srcset=\"https:\/\/i0.wp.com\/well-grounded.org\/wp-content\/uploads\/2022\/03\/mg_1125_gashe_c.thirion_fev.2017.jpg?resize=320%2C202&amp;ssl=1 320w, https:\/\/i0.wp.com\/well-grounded.org\/wp-content\/uploads\/2022\/03\/mg_1125_gashe_c.thirion_fev.2017.jpg?zoom=2&amp;resize=320%2C202&amp;ssl=1 640w, https:\/\/i0.wp.com\/well-grounded.org\/wp-content\/uploads\/2022\/03\/mg_1125_gashe_c.thirion_fev.2017.jpg?resize=700%2C441&amp;ssl=1 700w, https:\/\/i0.wp.com\/well-grounded.org\/wp-content\/uploads\/2022\/03\/mg_1125_gashe_c.thirion_fev.2017.jpg?fit=886%2C591&amp;ssl=1 886w\" sizes=\"(max-width: 320px) 100vw, 320px\" \/><div class=\"fusion-rollover\">\n\t<div class=\"fusion-rollover-content\">\n\n\t\t\t\t\t\t\t\t\t\t\t\t\t\t<a class=\"fusion-rollover-link\" href=\"https:\/\/well-grounded.org\/fr\/sur-la-route-avec-well-grounded-au-congo\/\">Sur la route avec Well Grounded au Congo<\/a>\n\t\t\t\n\t\t\t\t\t\t\t\t\t\t\t\t\t\t\n\t\t\t\t\t\t\t\t\n\t\t\t\t\t\t\t\t\t\t\t\t\t<div class=\"fusion-rollover-sep\"><\/div>\n\t\t\t\t\n\t\t\t\t\t\t\t\t\t\t\t\t\t\t\t\t\t\t<a class=\"fusion-rollover-gallery\" href=\"https:\/\/i0.wp.com\/well-grounded.org\/wp-content\/uploads\/2022\/03\/mg_1125_gashe_c.thirion_fev.2017.jpg?fit=886%2C591&ssl=1\" data-options=\"\" data-id=\"5188\" data-rel=\"iLightbox[gallery]\" data-title=\"mg_1125_gashe_c.thirion_fev.2017\" data-caption=\"\">\n\t\t\t\t\t\tGallery\t\t\t\t\t<\/a>\n\t\t\t\t\t\t\t\t\t\t\t\t\t\t\n\t\t\n\t\t\t\t\t\t\t\t\n\t\t\t\t\t\t\t\t\n\t\t\n\t\t\t\t\t\t<a class=\"fusion-link-wrapper\" href=\"https:\/\/well-grounded.org\/fr\/sur-la-route-avec-well-grounded-au-congo\/\" aria-label=\"Sur la route avec Well Grounded au Congo\"><\/a>\n\t<\/div>\n<\/div>\n<\/div>\n<\/li>\n\t\t\t\n\t\t\t\n\t\t\t\t\t\t\t\t<\/ul>\n\t<\/div>\n\t<div class=\"fusion-post-content post-content\"><h2 class=\"blog-shortcode-post-title entry-title\">Sur la route avec Well Grounded au Congo<\/h2><div class=\"fusion-post-content-container\"><p> Observations \u00e0 la suite des quelques jours pass\u00e9s avec Jimm et Doudou de Well Grounded au Congo, lors d\u2019ateliers sur le d\u00e9veloppement organisationnel Avion, taxi, moto, toleka (taxi v\u00e9lo), pirogue\u2026 tous les moyens sont bons pour l\u2019\u00e9quipe de Well Grounded d\u00e9tach\u00e9e au Congo afin d\u2019atteindre leurs clients et objectifs, c\u2019est-\u00e0-dire en dispensant des ateliers consacr\u00e9s au d\u00e9veloppement organisationnel aupr\u00e8s de diff\u00e9rentes organisations de la soci\u00e9t\u00e9 civile congolaises. Il s\u2019agit<a href=\"https:\/\/well-grounded.org\/fr\/sur-la-route-avec-well-grounded-au-congo\/\"> [...]<\/a><\/p><\/div><\/div><div class=\"fusion-clearfix\"><\/div><div class=\"fusion-meta-info\"><div class=\"fusion-alignleft\"><span class=\"vcard\" style=\"display: none;\"><span class=\"fn\"><a href=\"https:\/\/well-grounded.org\/fr\/author\/admin\/\" title=\"Articles par admin\" rel=\"author\">admin<\/a><\/span><\/span><span class=\"updated\" style=\"display:none;\">2022-06-30T11:06:56+00:00<\/span><span>mars 17th, 2017<\/span><span class=\"fusion-inline-sep\">|<\/span>Categories: <a href=\"https:\/\/well-grounded.org\/fr\/category\/temoignages-du-terrain\/\" rel=\"category tag\">T\u00e9moignages du terrain<\/a><span class=\"fusion-inline-sep\">|<\/span><\/div><div class=\"fusion-alignright\"><a class=\"fusion-read-more\" href=\"https:\/\/well-grounded.org\/fr\/sur-la-route-avec-well-grounded-au-congo\/\" aria-label=\"More on Sur la route avec Well Grounded au Congo\">Read More<\/a><\/div><\/div><\/article>\n<article id=\"blog-1-post-5189\" class=\"fusion-post-medium post-5189 post type-post status-publish format-standard has-post-thumbnail hentry category-parcours-inspirants tag-changement tag-communautes tag-osc tag-positif\">\n\t<style type=\"text\/css\">\n\t\t\n\t\t\n\t\t\n\t\t\n\t\t\t<\/style>\n\n\n\t\t\t<div class=\"fusion-flexslider flexslider fusion-flexslider-loading fusion-post-slideshow\" style=\"\">\n\t\t<ul class=\"slides\">\n\t\t\t\n\t\t\t\t\t\t\t\t\t\t\t\t\t\t<li><div  class=\"fusion-image-wrapper fusion-image-size-fixed\" aria-haspopup=\"true\">\n\t\t\t\t<img decoding=\"async\" width=\"320\" height=\"202\" src=\"https:\/\/i0.wp.com\/well-grounded.org\/wp-content\/uploads\/2022\/03\/kids-in-nigeria-1429374.jpg?resize=320%2C202&amp;ssl=1\" class=\"attachment-blog-medium size-blog-medium wp-post-image\" alt=\"\" srcset=\"https:\/\/i0.wp.com\/well-grounded.org\/wp-content\/uploads\/2022\/03\/kids-in-nigeria-1429374.jpg?resize=320%2C202&amp;ssl=1 320w, https:\/\/i0.wp.com\/well-grounded.org\/wp-content\/uploads\/2022\/03\/kids-in-nigeria-1429374.jpg?fit=657%2C440&amp;ssl=1 657w\" sizes=\"(max-width: 320px) 100vw, 320px\" \/><div class=\"fusion-rollover\">\n\t<div class=\"fusion-rollover-content\">\n\n\t\t\t\t\t\t\t\t\t\t\t\t\t\t<a class=\"fusion-rollover-link\" href=\"https:\/\/well-grounded.org\/fr\/personnes-organisations-et-changement-positif-une-serie-darticles\/\">Personnes, organisations et changement positif: une s\u00e9rie d\u2019articles<\/a>\n\t\t\t\n\t\t\t\t\t\t\t\t\t\t\t\t\t\t\n\t\t\t\t\t\t\t\t\n\t\t\t\t\t\t\t\t\t\t\t\t\t<div class=\"fusion-rollover-sep\"><\/div>\n\t\t\t\t\n\t\t\t\t\t\t\t\t\t\t\t\t\t\t\t\t\t\t<a class=\"fusion-rollover-gallery\" href=\"https:\/\/i0.wp.com\/well-grounded.org\/wp-content\/uploads\/2022\/03\/kids-in-nigeria-1429374.jpg?fit=657%2C440&ssl=1\" data-options=\"\" data-id=\"5189\" data-rel=\"iLightbox[gallery]\" data-title=\"kids-in-nigeria-1429374\" data-caption=\"\">\n\t\t\t\t\t\tGallery\t\t\t\t\t<\/a>\n\t\t\t\t\t\t\t\t\t\t\t\t\t\t\n\t\t\n\t\t\t\t\t\t\t\t\n\t\t\t\t\t\t\t\t\n\t\t\n\t\t\t\t\t\t<a class=\"fusion-link-wrapper\" href=\"https:\/\/well-grounded.org\/fr\/personnes-organisations-et-changement-positif-une-serie-darticles\/\" aria-label=\"Personnes, organisations et changement positif: une s\u00e9rie d\u2019articles\"><\/a>\n\t<\/div>\n<\/div>\n<\/div>\n<\/li>\n\t\t\t\n\t\t\t\n\t\t\t\t\t\t\t\t<\/ul>\n\t<\/div>\n\t<div class=\"fusion-post-content post-content\"><h2 class=\"blog-shortcode-post-title entry-title\">Personnes, organisations et changement positif: une s\u00e9rie d\u2019articles<\/h2><div class=\"fusion-post-content-container\"><p> Well Grounded publie une s\u00e9rie d\u2019articles de blog qui racontent l\u2019histoire de personnes et d\u2019organisations qui font entendre leurs voix, qui trouvent de nouvelles solutions \u00e0 d\u2019anciens probl\u00e8mes et qui poursuivent leur qu\u00eate de justice sociale et environnementale dans des conditions impossibles. Laissez-vous inspirer\u00a0! En cet instant m\u00eame, aux \u00c9tats Unis, un dirigeant est assis \u00e0 la Maison Blanche et signe des d\u00e9crets qui ferment la porte du pays<a href=\"https:\/\/well-grounded.org\/fr\/personnes-organisations-et-changement-positif-une-serie-darticles\/\"> [...]<\/a><\/p><\/div><\/div><div class=\"fusion-clearfix\"><\/div><div class=\"fusion-meta-info\"><div class=\"fusion-alignleft\"><span class=\"vcard\" style=\"display: none;\"><span class=\"fn\"><a href=\"https:\/\/well-grounded.org\/fr\/author\/admin\/\" title=\"Articles par admin\" rel=\"author\">admin<\/a><\/span><\/span><span class=\"updated\" style=\"display:none;\">2022-06-30T11:08:34+00:00<\/span><span>f\u00e9vrier 27th, 2017<\/span><span class=\"fusion-inline-sep\">|<\/span>Categories: <a href=\"https:\/\/well-grounded.org\/fr\/category\/parcours-inspirants\/\" rel=\"category tag\">Parcours inspirants<\/a><span class=\"fusion-inline-sep\">|<\/span><span class=\"meta-tags\">Tags: <a href=\"https:\/\/well-grounded.org\/fr\/tag\/changement\/\" rel=\"tag\">changement<\/a>, <a href=\"https:\/\/well-grounded.org\/fr\/tag\/communautes\/\" rel=\"tag\">communaut\u00e9s<\/a>, <a href=\"https:\/\/well-grounded.org\/fr\/tag\/osc\/\" rel=\"tag\">OSC<\/a>, <a href=\"https:\/\/well-grounded.org\/fr\/tag\/positif\/\" rel=\"tag\">positif<\/a><\/span><span class=\"fusion-inline-sep\">|<\/span><\/div><div class=\"fusion-alignright\"><a class=\"fusion-read-more\" href=\"https:\/\/well-grounded.org\/fr\/personnes-organisations-et-changement-positif-une-serie-darticles\/\" aria-label=\"More on Personnes, organisations et changement positif: une s\u00e9rie d\u2019articles\">Read More<\/a><\/div><\/div><\/article>\n<article id=\"blog-1-post-5190\" class=\"fusion-post-medium post-5190 post type-post status-publish format-standard has-post-thumbnail hentry category-developpement-organisationnel\">\n\t<style type=\"text\/css\">\n\t\t\n\t\t\n\t\t\n\t\t\n\t\t\t<\/style>\n\n\n\t\t\t<div class=\"fusion-flexslider flexslider fusion-flexslider-loading fusion-post-slideshow\" style=\"\">\n\t\t<ul class=\"slides\">\n\t\t\t\n\t\t\t\t\t\t\t\t\t\t\t\t\t\t<li><div  class=\"fusion-image-wrapper fusion-image-size-fixed\" aria-haspopup=\"true\">\n\t\t\t\t<img decoding=\"async\" width=\"320\" height=\"202\" src=\"https:\/\/i0.wp.com\/well-grounded.org\/wp-content\/uploads\/2022\/03\/pic_raci_uk_0.jpg?resize=320%2C202&amp;ssl=1\" class=\"attachment-blog-medium size-blog-medium wp-post-image\" alt=\"\" srcset=\"https:\/\/i0.wp.com\/well-grounded.org\/wp-content\/uploads\/2022\/03\/pic_raci_uk_0.jpg?resize=320%2C202&amp;ssl=1 320w, https:\/\/i0.wp.com\/well-grounded.org\/wp-content\/uploads\/2022\/03\/pic_raci_uk_0.jpg?fit=609%2C479&amp;ssl=1 609w\" sizes=\"(max-width: 320px) 100vw, 320px\" \/><div class=\"fusion-rollover\">\n\t<div class=\"fusion-rollover-content\">\n\n\t\t\t\t\t\t\t\t\t\t\t\t\t\t<a class=\"fusion-rollover-link\" href=\"https:\/\/well-grounded.org\/fr\/comment-utiliser-lapproche-raci-pour-equilibrer-la-charge-de-travail-dans-une-organisation\/\">Comment utiliser l\u2019approche RACI pour \u00e9quilibrer la charge de travail dans une organisation?<\/a>\n\t\t\t\n\t\t\t\t\t\t\t\t\t\t\t\t\t\t\n\t\t\t\t\t\t\t\t\n\t\t\t\t\t\t\t\t\t\t\t\t\t<div class=\"fusion-rollover-sep\"><\/div>\n\t\t\t\t\n\t\t\t\t\t\t\t\t\t\t\t\t\t\t\t\t\t\t<a class=\"fusion-rollover-gallery\" href=\"https:\/\/i0.wp.com\/well-grounded.org\/wp-content\/uploads\/2022\/03\/pic_raci_uk_0.jpg?fit=609%2C479&ssl=1\" data-options=\"\" data-id=\"5190\" data-rel=\"iLightbox[gallery]\" data-title=\"pic_raci_uk_0\" data-caption=\"\">\n\t\t\t\t\t\tGallery\t\t\t\t\t<\/a>\n\t\t\t\t\t\t\t\t\t\t\t\t\t\t\n\t\t\n\t\t\t\t\t\t\t\t\n\t\t\t\t\t\t\t\t\n\t\t\n\t\t\t\t\t\t<a class=\"fusion-link-wrapper\" href=\"https:\/\/well-grounded.org\/fr\/comment-utiliser-lapproche-raci-pour-equilibrer-la-charge-de-travail-dans-une-organisation\/\" aria-label=\"Comment utiliser l\u2019approche RACI pour \u00e9quilibrer la charge de travail dans une organisation?\"><\/a>\n\t<\/div>\n<\/div>\n<\/div>\n<\/li>\n\t\t\t\n\t\t\t\n\t\t\t\t\t\t\t\t<\/ul>\n\t<\/div>\n\t<div class=\"fusion-post-content post-content\"><h2 class=\"blog-shortcode-post-title entry-title\">Comment utiliser l\u2019approche RACI pour \u00e9quilibrer la charge de travail dans une organisation?<\/h2><div class=\"fusion-post-content-container\"><p> L\u2019approche RACI est une m\u00e9thodologie utilis\u00e9e dans le management des organisations et qui permet d\u2019obtenir rapidement une vision claire de la charge de travail et des responsabilit\u00e9s qui p\u00e8sent sur chacune des fonctions cl\u00e9s de l\u2019organisation. DEFINITION DE L\u2019ACRONYME RACI\u00a0: R pour Responsable\u00a0: La personne responsable d\u2019une t\u00e2che est celle qui a la charge de s\u2019assurer que la t\u00e2che est effectivement r\u00e9alis\u00e9e. La personne responsable n\u2019est pas forc\u00e9ment celle<a href=\"https:\/\/well-grounded.org\/fr\/comment-utiliser-lapproche-raci-pour-equilibrer-la-charge-de-travail-dans-une-organisation\/\"> [...]<\/a><\/p><\/div><\/div><div class=\"fusion-clearfix\"><\/div><div class=\"fusion-meta-info\"><div class=\"fusion-alignleft\"><span class=\"vcard\" style=\"display: none;\"><span class=\"fn\"><a href=\"https:\/\/well-grounded.org\/fr\/author\/admin\/\" title=\"Articles par admin\" rel=\"author\">admin<\/a><\/span><\/span><span class=\"updated\" style=\"display:none;\">2022-06-30T11:14:30+00:00<\/span><span>janvier 25th, 2017<\/span><span class=\"fusion-inline-sep\">|<\/span>Categories: <a href=\"https:\/\/well-grounded.org\/fr\/category\/developpement-organisationnel\/\" rel=\"category tag\">D\u00e9veloppement Organisationnel<\/a><span class=\"fusion-inline-sep\">|<\/span><\/div><div class=\"fusion-alignright\"><a class=\"fusion-read-more\" href=\"https:\/\/well-grounded.org\/fr\/comment-utiliser-lapproche-raci-pour-equilibrer-la-charge-de-travail-dans-une-organisation\/\" aria-label=\"More on Comment utiliser l\u2019approche RACI pour \u00e9quilibrer la charge de travail dans une organisation?\">Read More<\/a><\/div><\/div><\/article>\n<article id=\"blog-1-post-5191\" class=\"fusion-post-medium post-5191 post type-post status-publish format-standard has-post-thumbnail hentry category-nos-clients\">\n\t<style type=\"text\/css\">\n\t\t\n\t\t\n\t\t\n\t\t\n\t\t\t<\/style>\n\n\n\t\t\t<div class=\"fusion-flexslider flexslider fusion-flexslider-loading fusion-post-slideshow\" style=\"\">\n\t\t<ul class=\"slides\">\n\t\t\t\n\t\t\t\t\t\t\t\t\t\t\t\t\t\t<li><div  class=\"fusion-image-wrapper fusion-image-size-fixed\" aria-haspopup=\"true\">\n\t\t\t\t<img decoding=\"async\" width=\"320\" height=\"202\" src=\"https:\/\/i0.wp.com\/well-grounded.org\/wp-content\/uploads\/2022\/03\/aafeben_corr-scaled.jpg?resize=320%2C202&amp;ssl=1\" class=\"attachment-blog-medium size-blog-medium wp-post-image\" alt=\"\" srcset=\"https:\/\/i0.wp.com\/well-grounded.org\/wp-content\/uploads\/2022\/03\/aafeben_corr-scaled.jpg?resize=320%2C202&amp;ssl=1 320w, https:\/\/i0.wp.com\/well-grounded.org\/wp-content\/uploads\/2022\/03\/aafeben_corr-scaled.jpg?zoom=2&amp;resize=320%2C202&amp;ssl=1 640w, https:\/\/i0.wp.com\/well-grounded.org\/wp-content\/uploads\/2022\/03\/aafeben_corr-scaled.jpg?resize=700%2C441&amp;ssl=1 700w, https:\/\/i0.wp.com\/well-grounded.org\/wp-content\/uploads\/2022\/03\/aafeben_corr-scaled.jpg?zoom=3&amp;resize=320%2C202&amp;ssl=1 960w, https:\/\/i0.wp.com\/well-grounded.org\/wp-content\/uploads\/2022\/03\/aafeben_corr-scaled.jpg?fit=2560%2C1920&amp;ssl=1 2560w\" sizes=\"(max-width: 320px) 100vw, 320px\" \/><div class=\"fusion-rollover\">\n\t<div class=\"fusion-rollover-content\">\n\n\t\t\t\t\t\t\t\t\t\t\t\t\t\t<a class=\"fusion-rollover-link\" href=\"https:\/\/well-grounded.org\/fr\/tracer-la-voie-vers-plus-de-succes-chez-aafeben\/\">Tracer la voie vers plus de succ\u00e8s chez AAFEBEN<\/a>\n\t\t\t\n\t\t\t\t\t\t\t\t\t\t\t\t\t\t\n\t\t\t\t\t\t\t\t\n\t\t\t\t\t\t\t\t\t\t\t\t\t<div class=\"fusion-rollover-sep\"><\/div>\n\t\t\t\t\n\t\t\t\t\t\t\t\t\t\t\t\t\t\t\t\t\t\t<a class=\"fusion-rollover-gallery\" href=\"https:\/\/i0.wp.com\/well-grounded.org\/wp-content\/uploads\/2022\/03\/aafeben_corr-scaled.jpg?fit=2560%2C1920&ssl=1\" data-options=\"\" data-id=\"5191\" data-rel=\"iLightbox[gallery]\" data-title=\"aafeben_corr\" data-caption=\"\">\n\t\t\t\t\t\tGallery\t\t\t\t\t<\/a>\n\t\t\t\t\t\t\t\t\t\t\t\t\t\t\n\t\t\n\t\t\t\t\t\t\t\t\n\t\t\t\t\t\t\t\t\n\t\t\n\t\t\t\t\t\t<a class=\"fusion-link-wrapper\" href=\"https:\/\/well-grounded.org\/fr\/tracer-la-voie-vers-plus-de-succes-chez-aafeben\/\" aria-label=\"Tracer la voie vers plus de succ\u00e8s chez AAFEBEN\"><\/a>\n\t<\/div>\n<\/div>\n<\/div>\n<\/li>\n\t\t\t\n\t\t\t\n\t\t\t\t\t\t\t\t<\/ul>\n\t<\/div>\n\t<div class=\"fusion-post-content post-content\"><h2 class=\"blog-shortcode-post-title entry-title\">Tracer la voie vers plus de succ\u00e8s chez AAFEBEN<\/h2><div class=\"fusion-post-content-container\"><p>La passion et l\u2019engagement sont deux des nombreuses qualit\u00e9s qui caract\u00e9risent la plupart des organisations \u00e0 base communautaire. AAFEBEN (Appui \u00e0 l'Auto Promotion de la Femme de Boumba et Ngoko), une organisation communautaire bas\u00e9e \u00e0 Yokadouma, dans l\u2019Est du Cameroun, est l\u2019une de ces organisations. Ses membres et son \u00e9quipe travaillent dur pour promouvoir de meilleures conditions de vie pour les personnes vivant dans les communaut\u00e9s foresti\u00e8res de la r\u00e9gion.<a href=\"https:\/\/well-grounded.org\/fr\/tracer-la-voie-vers-plus-de-succes-chez-aafeben\/\"> [...]<\/a><\/p><\/div><\/div><div class=\"fusion-clearfix\"><\/div><div class=\"fusion-meta-info\"><div class=\"fusion-alignleft\"><span class=\"vcard\" style=\"display: none;\"><span class=\"fn\"><a href=\"https:\/\/well-grounded.org\/fr\/author\/admin\/\" title=\"Articles par admin\" rel=\"author\">admin<\/a><\/span><\/span><span class=\"updated\" style=\"display:none;\">2022-03-11T13:48:46+00:00<\/span><span>d\u00e9cembre 7th, 2016<\/span><span class=\"fusion-inline-sep\">|<\/span>Categories: <a href=\"https:\/\/well-grounded.org\/fr\/category\/nos-clients\/\" rel=\"category tag\">Nos clients<\/a><span class=\"fusion-inline-sep\">|<\/span><\/div><div class=\"fusion-alignright\"><a class=\"fusion-read-more\" href=\"https:\/\/well-grounded.org\/fr\/tracer-la-voie-vers-plus-de-succes-chez-aafeben\/\" aria-label=\"More on Tracer la voie vers plus de succ\u00e8s chez AAFEBEN\">Read More<\/a><\/div><\/div><\/article>\n<article id=\"blog-1-post-5192\" class=\"fusion-post-medium post-5192 post type-post status-publish format-standard has-post-thumbnail hentry category-developpement-organisationnel tag-hierarchie tag-organigramme tag-structure\">\n\t<style type=\"text\/css\">\n\t\t\n\t\t\n\t\t\n\t\t\n\t\t\t<\/style>\n\n\n\t\t\t<div class=\"fusion-flexslider flexslider fusion-flexslider-loading fusion-post-slideshow\" style=\"\">\n\t\t<ul class=\"slides\">\n\t\t\t\n\t\t\t\t\t\t\t\t\t\t\t\t\t\t<li><div  class=\"fusion-image-wrapper fusion-image-size-fixed\" aria-haspopup=\"true\">\n\t\t\t\t<img decoding=\"async\" width=\"313\" height=\"202\" src=\"https:\/\/i0.wp.com\/well-grounded.org\/wp-content\/uploads\/2022\/03\/structures_in_five.jpg?resize=313%2C202&amp;ssl=1\" class=\"attachment-blog-medium size-blog-medium wp-post-image\" alt=\"\" \/><div class=\"fusion-rollover\">\n\t<div class=\"fusion-rollover-content\">\n\n\t\t\t\t\t\t\t\t\t\t\t\t\t\t<a class=\"fusion-rollover-link\" href=\"https:\/\/well-grounded.org\/fr\/les-structures-dans-les-organisations\/\">Les structures dans les organisations<\/a>\n\t\t\t\n\t\t\t\t\t\t\t\t\t\t\t\t\t\t\n\t\t\t\t\t\t\t\t\n\t\t\t\t\t\t\t\t\t\t\t\t\t<div class=\"fusion-rollover-sep\"><\/div>\n\t\t\t\t\n\t\t\t\t\t\t\t\t\t\t\t\t\t\t\t\t\t\t<a class=\"fusion-rollover-gallery\" href=\"https:\/\/i0.wp.com\/well-grounded.org\/wp-content\/uploads\/2022\/03\/structures_in_five.jpg?fit=313%2C474&ssl=1\" data-options=\"\" data-id=\"5192\" data-rel=\"iLightbox[gallery]\" data-title=\"structures_in_five\" data-caption=\"\">\n\t\t\t\t\t\tGallery\t\t\t\t\t<\/a>\n\t\t\t\t\t\t\t\t\t\t\t\t\t\t\n\t\t\n\t\t\t\t\t\t\t\t\n\t\t\t\t\t\t\t\t\n\t\t\n\t\t\t\t\t\t<a class=\"fusion-link-wrapper\" href=\"https:\/\/well-grounded.org\/fr\/les-structures-dans-les-organisations\/\" aria-label=\"Les structures dans les organisations\"><\/a>\n\t<\/div>\n<\/div>\n<\/div>\n<\/li>\n\t\t\t\n\t\t\t\n\t\t\t\t\t\t\t\t<\/ul>\n\t<\/div>\n\t<div class=\"fusion-post-content post-content\"><h2 class=\"blog-shortcode-post-title entry-title\">Les structures dans les organisations<\/h2><div class=\"fusion-post-content-container\"><p>L\u2019un des documents cl\u00e9s qu\u2019un praticien du d\u00e9veloppement organisationnel demandera \u00e0 toute organisation avec laquelle il collabore est leur organigramme. Un organigramme montre les fonctions dans l\u2019organisation et la mani\u00e8re elles sont reli\u00e9es entre elles. Il inclut parfois le nom des membres de l\u2019organisation, mais ce n\u2019est pas toujours le cas. Ceux que nous voyons sont souvent tr\u00e8s hi\u00e9rarchis\u00e9s; ceci pose la question de la r\u00e9flexion sur la structure et<a href=\"https:\/\/well-grounded.org\/fr\/les-structures-dans-les-organisations\/\"> [...]<\/a><\/p><\/div><\/div><div class=\"fusion-clearfix\"><\/div><div class=\"fusion-meta-info\"><div class=\"fusion-alignleft\"><span class=\"vcard\" style=\"display: none;\"><span class=\"fn\"><a href=\"https:\/\/well-grounded.org\/fr\/author\/admin\/\" title=\"Articles par admin\" rel=\"author\">admin<\/a><\/span><\/span><span class=\"updated\" style=\"display:none;\">2022-03-11T13:48:46+00:00<\/span><span>novembre 7th, 2016<\/span><span class=\"fusion-inline-sep\">|<\/span>Categories: <a href=\"https:\/\/well-grounded.org\/fr\/category\/developpement-organisationnel\/\" rel=\"category tag\">D\u00e9veloppement Organisationnel<\/a><span class=\"fusion-inline-sep\">|<\/span><span class=\"meta-tags\">Tags: <a href=\"https:\/\/well-grounded.org\/fr\/tag\/hierarchie\/\" rel=\"tag\">hi\u00e9rarchie<\/a>, <a href=\"https:\/\/well-grounded.org\/fr\/tag\/organigramme\/\" rel=\"tag\">organigramme<\/a>, <a href=\"https:\/\/well-grounded.org\/fr\/tag\/structure\/\" rel=\"tag\">structure<\/a><\/span><span class=\"fusion-inline-sep\">|<\/span><\/div><div class=\"fusion-alignright\"><a class=\"fusion-read-more\" href=\"https:\/\/well-grounded.org\/fr\/les-structures-dans-les-organisations\/\" aria-label=\"More on Les structures dans les organisations\">Read More<\/a><\/div><\/div><\/article>\n<article id=\"blog-1-post-5193\" class=\"fusion-post-medium post-5193 post type-post status-publish format-standard has-post-thumbnail hentry category-developpement-organisationnel tag-connexion tag-firefox tag-internet tag-lente tag-logiciel tag-solutions tag-thunderbird tag-tic\">\n\t<style type=\"text\/css\">\n\t\t\n\t\t\n\t\t\n\t\t\n\t\t\t<\/style>\n\n\n\t\t\t<div class=\"fusion-flexslider flexslider fusion-flexslider-loading fusion-post-slideshow\" style=\"\">\n\t\t<ul class=\"slides\">\n\t\t\t\n\t\t\t\t\t\t\t\t\t\t\t\t\t\t<li><div  class=\"fusion-image-wrapper fusion-image-size-fixed\" aria-haspopup=\"true\">\n\t\t\t\t<img decoding=\"async\" width=\"320\" height=\"202\" src=\"https:\/\/i0.wp.com\/well-grounded.org\/wp-content\/uploads\/2022\/03\/too-slow-loading-computer-compare-to-slower-than-snail-41404455.jpg?resize=320%2C202&amp;ssl=1\" class=\"attachment-blog-medium size-blog-medium wp-post-image\" alt=\"\" srcset=\"https:\/\/i0.wp.com\/well-grounded.org\/wp-content\/uploads\/2022\/03\/too-slow-loading-computer-compare-to-slower-than-snail-41404455.jpg?resize=320%2C202&amp;ssl=1 320w, https:\/\/i0.wp.com\/well-grounded.org\/wp-content\/uploads\/2022\/03\/too-slow-loading-computer-compare-to-slower-than-snail-41404455.jpg?fit=400%2C400&amp;ssl=1 400w\" sizes=\"(max-width: 320px) 100vw, 320px\" \/><div class=\"fusion-rollover\">\n\t<div class=\"fusion-rollover-content\">\n\n\t\t\t\t\t\t\t\t\t\t\t\t\t\t<a class=\"fusion-rollover-link\" href=\"https:\/\/well-grounded.org\/fr\/tic-pour-les-osc-des-solutions-simples-pour-un-internet-defaillant\/\">TIC pour les OSC: des solutions simples pour un Internet d\u00e9faillant<\/a>\n\t\t\t\n\t\t\t\t\t\t\t\t\t\t\t\t\t\t\n\t\t\t\t\t\t\t\t\n\t\t\t\t\t\t\t\t\t\t\t\t\t<div class=\"fusion-rollover-sep\"><\/div>\n\t\t\t\t\n\t\t\t\t\t\t\t\t\t\t\t\t\t\t\t\t\t\t<a class=\"fusion-rollover-gallery\" href=\"https:\/\/i0.wp.com\/well-grounded.org\/wp-content\/uploads\/2022\/03\/too-slow-loading-computer-compare-to-slower-than-snail-41404455.jpg?fit=400%2C400&ssl=1\" data-options=\"\" data-id=\"5193\" data-rel=\"iLightbox[gallery]\" data-title=\"too-slow-loading-computer-compare-to-slower-than-snail-41404455\" data-caption=\"\">\n\t\t\t\t\t\tGallery\t\t\t\t\t<\/a>\n\t\t\t\t\t\t\t\t\t\t\t\t\t\t\n\t\t\n\t\t\t\t\t\t\t\t\n\t\t\t\t\t\t\t\t\n\t\t\n\t\t\t\t\t\t<a class=\"fusion-link-wrapper\" href=\"https:\/\/well-grounded.org\/fr\/tic-pour-les-osc-des-solutions-simples-pour-un-internet-defaillant\/\" aria-label=\"TIC pour les OSC: des solutions simples pour un Internet d\u00e9faillant\"><\/a>\n\t<\/div>\n<\/div>\n<\/div>\n<\/li>\n\t\t\t\n\t\t\t\n\t\t\t\t\t\t\t\t<\/ul>\n\t<\/div>\n\t<div class=\"fusion-post-content post-content\"><h2 class=\"blog-shortcode-post-title entry-title\">TIC pour les OSC: des solutions simples pour un Internet d\u00e9faillant<\/h2><div class=\"fusion-post-content-container\"><p>Les OSC sont comme toutes les organisations du monde actuel: elles traitent beaucoup de donn\u00e9es. Quand on pense \u00e0 elles, on pense aux activit\u00e9s qu'elles m\u00e8nent sur le terrain\u00a0; malheureusement, elles doivent aussi passer un temps consid\u00e9rable dans l'\u00e9criture d'emails, l'envoi de rapports ou la gestion de leur comptabilit\u00e9. Mais les OSC rencontrent une difficult\u00e9 suppl\u00e9mentaire\u00a0: c'est leur acc\u00e8s \u00e0 Internet. Quelle connexion peut-on esp\u00e9rer au c\u0153ur de la for\u00eat<a href=\"https:\/\/well-grounded.org\/fr\/tic-pour-les-osc-des-solutions-simples-pour-un-internet-defaillant\/\"> [...]<\/a><\/p><\/div><\/div><div class=\"fusion-clearfix\"><\/div><div class=\"fusion-meta-info\"><div class=\"fusion-alignleft\"><span class=\"vcard\" style=\"display: none;\"><span class=\"fn\"><a href=\"https:\/\/well-grounded.org\/fr\/author\/admin\/\" title=\"Articles par admin\" rel=\"author\">admin<\/a><\/span><\/span><span class=\"updated\" style=\"display:none;\">2022-03-11T13:48:47+00:00<\/span><span>octobre 6th, 2016<\/span><span class=\"fusion-inline-sep\">|<\/span>Categories: <a href=\"https:\/\/well-grounded.org\/fr\/category\/developpement-organisationnel\/\" rel=\"category tag\">D\u00e9veloppement Organisationnel<\/a><span class=\"fusion-inline-sep\">|<\/span><span class=\"meta-tags\">Tags: <a href=\"https:\/\/well-grounded.org\/fr\/tag\/connexion\/\" rel=\"tag\">connexion<\/a>, <a href=\"https:\/\/well-grounded.org\/fr\/tag\/firefox\/\" rel=\"tag\">Firefox<\/a>, <a href=\"https:\/\/well-grounded.org\/fr\/tag\/internet\/\" rel=\"tag\">internet<\/a>, <a href=\"https:\/\/well-grounded.org\/fr\/tag\/lente\/\" rel=\"tag\">lente<\/a>, <a href=\"https:\/\/well-grounded.org\/fr\/tag\/logiciel\/\" rel=\"tag\">logiciel<\/a>, <a href=\"https:\/\/well-grounded.org\/fr\/tag\/solutions\/\" rel=\"tag\">solutions<\/a>, <a href=\"https:\/\/well-grounded.org\/fr\/tag\/thunderbird\/\" rel=\"tag\">Thunderbird<\/a>, <a href=\"https:\/\/well-grounded.org\/fr\/tag\/tic\/\" rel=\"tag\">TIC<\/a><\/span><span class=\"fusion-inline-sep\">|<\/span><\/div><div class=\"fusion-alignright\"><a class=\"fusion-read-more\" href=\"https:\/\/well-grounded.org\/fr\/tic-pour-les-osc-des-solutions-simples-pour-un-internet-defaillant\/\" aria-label=\"More on TIC pour les OSC: des solutions simples pour un Internet d\u00e9faillant\">Read More<\/a><\/div><\/div><\/article>\n<article id=\"blog-1-post-5194\" class=\"fusion-post-medium post-5194 post type-post status-publish format-standard has-post-thumbnail hentry category-nos-clients category-nos-partenaires tag-cartographie tag-communautes tag-exploitation-forestiere tag-forets tag-participative\">\n\t<style type=\"text\/css\">\n\t\t\n\t\t\n\t\t\n\t\t\n\t\t\t<\/style>\n\n\n\t\t\t<div class=\"fusion-flexslider flexslider fusion-flexslider-loading fusion-post-slideshow\" style=\"\">\n\t\t<ul class=\"slides\">\n\t\t\t\n\t\t\t\t\t\t\t\t\t\t\t\t\t\t<li><div  class=\"fusion-image-wrapper fusion-image-size-fixed\" aria-haspopup=\"true\">\n\t\t\t\t<img decoding=\"async\" width=\"320\" height=\"202\" src=\"https:\/\/i0.wp.com\/well-grounded.org\/wp-content\/uploads\/2022\/03\/blog_ajesh-scaled.jpg?resize=320%2C202&amp;ssl=1\" class=\"attachment-blog-medium size-blog-medium wp-post-image\" alt=\"\" srcset=\"https:\/\/i0.wp.com\/well-grounded.org\/wp-content\/uploads\/2022\/03\/blog_ajesh-scaled.jpg?resize=320%2C202&amp;ssl=1 320w, https:\/\/i0.wp.com\/well-grounded.org\/wp-content\/uploads\/2022\/03\/blog_ajesh-scaled.jpg?zoom=2&amp;resize=320%2C202&amp;ssl=1 640w, https:\/\/i0.wp.com\/well-grounded.org\/wp-content\/uploads\/2022\/03\/blog_ajesh-scaled.jpg?resize=700%2C441&amp;ssl=1 700w, https:\/\/i0.wp.com\/well-grounded.org\/wp-content\/uploads\/2022\/03\/blog_ajesh-scaled.jpg?zoom=3&amp;resize=320%2C202&amp;ssl=1 960w, https:\/\/i0.wp.com\/well-grounded.org\/wp-content\/uploads\/2022\/03\/blog_ajesh-scaled.jpg?fit=2560%2C1707&amp;ssl=1 2560w\" sizes=\"(max-width: 320px) 100vw, 320px\" \/><div class=\"fusion-rollover\">\n\t<div class=\"fusion-rollover-content\">\n\n\t\t\t\t\t\t\t\t\t\t\t\t\t\t<a class=\"fusion-rollover-link\" href=\"https:\/\/well-grounded.org\/fr\/ameliorer-le-droit-des-communautes-a-la-terre-a-travers-la-cartographie-participative\/\">Am\u00e9liorer le droit des communaut\u00e9s \u00e0 la terre \u00e0 travers la cartographie participative<\/a>\n\t\t\t\n\t\t\t\t\t\t\t\t\t\t\t\t\t\t\n\t\t\t\t\t\t\t\t\n\t\t\t\t\t\t\t\t\t\t\t\t\t<div class=\"fusion-rollover-sep\"><\/div>\n\t\t\t\t\n\t\t\t\t\t\t\t\t\t\t\t\t\t\t\t\t\t\t<a class=\"fusion-rollover-gallery\" href=\"https:\/\/i0.wp.com\/well-grounded.org\/wp-content\/uploads\/2022\/03\/blog_ajesh-scaled.jpg?fit=2560%2C1707&ssl=1\" data-options=\"\" data-id=\"5194\" data-rel=\"iLightbox[gallery]\" data-title=\"blog_ajesh\" data-caption=\"\">\n\t\t\t\t\t\tGallery\t\t\t\t\t<\/a>\n\t\t\t\t\t\t\t\t\t\t\t\t\t\t\n\t\t\n\t\t\t\t\t\t\t\t\n\t\t\t\t\t\t\t\t\n\t\t\n\t\t\t\t\t\t<a class=\"fusion-link-wrapper\" href=\"https:\/\/well-grounded.org\/fr\/ameliorer-le-droit-des-communautes-a-la-terre-a-travers-la-cartographie-participative\/\" aria-label=\"Am\u00e9liorer le droit des communaut\u00e9s \u00e0 la terre \u00e0 travers la cartographie participative\"><\/a>\n\t<\/div>\n<\/div>\n<\/div>\n<\/li>\n\t\t\t\n\t\t\t\n\t\t\t\t\t\t\t\t<\/ul>\n\t<\/div>\n\t<div class=\"fusion-post-content post-content\"><h2 class=\"blog-shortcode-post-title entry-title\">Am\u00e9liorer le droit des communaut\u00e9s \u00e0 la terre \u00e0 travers la cartographie participative<\/h2><div class=\"fusion-post-content-container\"><p>La for\u00eat du Bassin du Congo est la deuxi\u00e8me plus grande for\u00eat tropicale et la troisi\u00e8me plus grande for\u00eat du monde. Elle est consid\u00e9r\u00e9e comme l\u2019une des plus importantes zones \u00e9cologiques mondiales, avec plus de 10 000 esp\u00e8ces de plantes, 1000 esp\u00e8ces d\u2019oiseaux, 500 esp\u00e8ces de poissons et 500 mammif\u00e8res diff\u00e9rents. Elle produit donc des ressources financi\u00e8res importantes pour les \u00e9tats de la r\u00e9gion, y compris le Cameroun. Au Cameroun,<a href=\"https:\/\/well-grounded.org\/fr\/ameliorer-le-droit-des-communautes-a-la-terre-a-travers-la-cartographie-participative\/\"> [...]<\/a><\/p><\/div><\/div><div class=\"fusion-clearfix\"><\/div><div class=\"fusion-meta-info\"><div class=\"fusion-alignleft\"><span class=\"vcard\" style=\"display: none;\"><span class=\"fn\"><a href=\"https:\/\/well-grounded.org\/fr\/author\/admin\/\" title=\"Articles par admin\" rel=\"author\">admin<\/a><\/span><\/span><span class=\"updated\" style=\"display:none;\">2022-03-11T13:48:47+00:00<\/span><span>septembre 16th, 2016<\/span><span class=\"fusion-inline-sep\">|<\/span>Categories: <a href=\"https:\/\/well-grounded.org\/fr\/category\/nos-clients\/\" rel=\"category tag\">Nos clients<\/a>, <a href=\"https:\/\/well-grounded.org\/fr\/category\/nos-partenaires\/\" rel=\"category tag\">Nos partenaires<\/a><span class=\"fusion-inline-sep\">|<\/span><span class=\"meta-tags\">Tags: <a href=\"https:\/\/well-grounded.org\/fr\/tag\/cartographie\/\" rel=\"tag\">cartographie<\/a>, <a href=\"https:\/\/well-grounded.org\/fr\/tag\/communautes\/\" rel=\"tag\">communaut\u00e9s<\/a>, <a href=\"https:\/\/well-grounded.org\/fr\/tag\/exploitation-forestiere\/\" rel=\"tag\">exploitation foresti\u00e8re<\/a>, <a href=\"https:\/\/well-grounded.org\/fr\/tag\/forets\/\" rel=\"tag\">for\u00eats<\/a>, <a href=\"https:\/\/well-grounded.org\/fr\/tag\/participative\/\" rel=\"tag\">participative<\/a><\/span><span class=\"fusion-inline-sep\">|<\/span><\/div><div class=\"fusion-alignright\"><a class=\"fusion-read-more\" href=\"https:\/\/well-grounded.org\/fr\/ameliorer-le-droit-des-communautes-a-la-terre-a-travers-la-cartographie-participative\/\" aria-label=\"More on Am\u00e9liorer le droit des communaut\u00e9s \u00e0 la terre \u00e0 travers la cartographie participative\">Read More<\/a><\/div><\/div><\/article>\n<article id=\"blog-1-post-5195\" class=\"fusion-post-medium post-5195 post type-post status-publish format-standard has-post-thumbnail hentry category-nos-clients tag-agriculture tag-deforestation tag-exploitation-forestiere tag-mines tag-uicn\">\n\t<style type=\"text\/css\">\n\t\t\n\t\t\n\t\t\n\t\t\n\t\t\t<\/style>\n\n\n\t\t\t<div class=\"fusion-flexslider flexslider fusion-flexslider-loading fusion-post-slideshow\" style=\"\">\n\t\t<ul class=\"slides\">\n\t\t\t\n\t\t\t\t\t\t\t\t\t\t\t\t\t\t<li><div  class=\"fusion-image-wrapper fusion-image-size-fixed\" aria-haspopup=\"true\">\n\t\t\t\t<img decoding=\"async\" width=\"320\" height=\"202\" src=\"https:\/\/i0.wp.com\/well-grounded.org\/wp-content\/uploads\/2022\/03\/dscn9855-scaled.jpg?resize=320%2C202&amp;ssl=1\" class=\"attachment-blog-medium size-blog-medium wp-post-image\" alt=\"\" srcset=\"https:\/\/i0.wp.com\/well-grounded.org\/wp-content\/uploads\/2022\/03\/dscn9855-scaled.jpg?resize=320%2C202&amp;ssl=1 320w, https:\/\/i0.wp.com\/well-grounded.org\/wp-content\/uploads\/2022\/03\/dscn9855-scaled.jpg?zoom=2&amp;resize=320%2C202&amp;ssl=1 640w, https:\/\/i0.wp.com\/well-grounded.org\/wp-content\/uploads\/2022\/03\/dscn9855-scaled.jpg?resize=700%2C441&amp;ssl=1 700w, https:\/\/i0.wp.com\/well-grounded.org\/wp-content\/uploads\/2022\/03\/dscn9855-scaled.jpg?zoom=3&amp;resize=320%2C202&amp;ssl=1 960w, https:\/\/i0.wp.com\/well-grounded.org\/wp-content\/uploads\/2022\/03\/dscn9855-scaled.jpg?fit=2560%2C1920&amp;ssl=1 2560w\" sizes=\"(max-width: 320px) 100vw, 320px\" \/><div class=\"fusion-rollover\">\n\t<div class=\"fusion-rollover-content\">\n\n\t\t\t\t\t\t\t\t\t\t\t\t\t\t<a class=\"fusion-rollover-link\" href=\"https:\/\/well-grounded.org\/fr\/lexploitation-industrielle-du-bois-premiere-cause-de-deforestation\/\">L\u2019exploitation industrielle du bois : premi\u00e8re cause de d\u00e9forestation<\/a>\n\t\t\t\n\t\t\t\t\t\t\t\t\t\t\t\t\t\t\n\t\t\t\t\t\t\t\t\n\t\t\t\t\t\t\t\t\t\t\t\t\t<div class=\"fusion-rollover-sep\"><\/div>\n\t\t\t\t\n\t\t\t\t\t\t\t\t\t\t\t\t\t\t\t\t\t\t<a class=\"fusion-rollover-gallery\" href=\"https:\/\/i0.wp.com\/well-grounded.org\/wp-content\/uploads\/2022\/03\/dscn9855-scaled.jpg?fit=2560%2C1920&ssl=1\" data-options=\"\" data-id=\"5195\" data-rel=\"iLightbox[gallery]\" data-title=\"dscn9855\" data-caption=\"\">\n\t\t\t\t\t\tGallery\t\t\t\t\t<\/a>\n\t\t\t\t\t\t\t\t\t\t\t\t\t\t\n\t\t\n\t\t\t\t\t\t\t\t\n\t\t\t\t\t\t\t\t\n\t\t\n\t\t\t\t\t\t<a class=\"fusion-link-wrapper\" href=\"https:\/\/well-grounded.org\/fr\/lexploitation-industrielle-du-bois-premiere-cause-de-deforestation\/\" aria-label=\"L\u2019exploitation industrielle du bois : premi\u00e8re cause de d\u00e9forestation\"><\/a>\n\t<\/div>\n<\/div>\n<\/div>\n<\/li>\n\t\t\t\n\t\t\t\n\t\t\t\t\t\t\t\t<\/ul>\n\t<\/div>\n\t<div class=\"fusion-post-content post-content\"><h2 class=\"blog-shortcode-post-title entry-title\">L\u2019exploitation industrielle du bois : premi\u00e8re cause de d\u00e9forestation<\/h2><div class=\"fusion-post-content-container\"><p>Tel est le r\u00e9sultat de l\u2019\u00e9tude men\u00e9e par l\u2019Union Internationale pour la Conservation de la Nature (UICN) sur les facteurs de d\u00e9forestation et de d\u00e9gradation des for\u00eats en Afrique centrale. Au Cameroun, plus de 44 762 hectares de for\u00eats sont d\u00e9vast\u00e9s chaque ann\u00e9e par l\u2019exploitation industrielle du bois dans le TRIDOM (Tri-National Dja-Odzala-Mink\u00e9b\u00e9). C\u2019est le constat dress\u00e9 par l\u2019\u00e9tude de l\u2019Union Internationale pour la Conservation de la Nature (UICN). Cette<a href=\"https:\/\/well-grounded.org\/fr\/lexploitation-industrielle-du-bois-premiere-cause-de-deforestation\/\"> [...]<\/a><\/p><\/div><\/div><div class=\"fusion-clearfix\"><\/div><div class=\"fusion-meta-info\"><div class=\"fusion-alignleft\"><span class=\"vcard\" style=\"display: none;\"><span class=\"fn\"><a href=\"https:\/\/well-grounded.org\/fr\/author\/admin\/\" title=\"Articles par admin\" rel=\"author\">admin<\/a><\/span><\/span><span class=\"updated\" style=\"display:none;\">2022-03-11T13:48:47+00:00<\/span><span>ao\u00fbt 9th, 2016<\/span><span class=\"fusion-inline-sep\">|<\/span>Categories: <a href=\"https:\/\/well-grounded.org\/fr\/category\/nos-clients\/\" rel=\"category tag\">Nos clients<\/a><span class=\"fusion-inline-sep\">|<\/span><span class=\"meta-tags\">Tags: <a href=\"https:\/\/well-grounded.org\/fr\/tag\/agriculture\/\" rel=\"tag\">agriculture<\/a>, <a href=\"https:\/\/well-grounded.org\/fr\/tag\/deforestation\/\" rel=\"tag\">deforestation<\/a>, <a href=\"https:\/\/well-grounded.org\/fr\/tag\/exploitation-forestiere\/\" rel=\"tag\">exploitation foresti\u00e8re<\/a>, <a href=\"https:\/\/well-grounded.org\/fr\/tag\/mines\/\" rel=\"tag\">mines<\/a>, <a href=\"https:\/\/well-grounded.org\/fr\/tag\/uicn\/\" rel=\"tag\">UICN<\/a><\/span><span class=\"fusion-inline-sep\">|<\/span><\/div><div class=\"fusion-alignright\"><a class=\"fusion-read-more\" href=\"https:\/\/well-grounded.org\/fr\/lexploitation-industrielle-du-bois-premiere-cause-de-deforestation\/\" aria-label=\"More on L\u2019exploitation industrielle du bois : premi\u00e8re cause de d\u00e9forestation\">Read More<\/a><\/div><\/div><\/article>\n<article id=\"blog-1-post-5196\" class=\"fusion-post-medium post-5196 post type-post status-publish format-standard has-post-thumbnail hentry category-nos-clients tag-bilan tag-developpement-organisationnel tag-semestre\">\n\t<style type=\"text\/css\">\n\t\t\n\t\t\n\t\t\n\t\t\n\t\t\t<\/style>\n\n\n\t\t\t<div class=\"fusion-flexslider flexslider fusion-flexslider-loading fusion-post-slideshow\" style=\"\">\n\t\t<ul class=\"slides\">\n\t\t\t\n\t\t\t\t\t\t\t\t\t\t\t\t\t\t<li><div  class=\"fusion-image-wrapper fusion-image-size-fixed\" aria-haspopup=\"true\">\n\t\t\t\t<img decoding=\"async\" width=\"320\" height=\"202\" src=\"https:\/\/i0.wp.com\/well-grounded.org\/wp-content\/uploads\/2022\/03\/blog_0716-scaled.jpg?resize=320%2C202&amp;ssl=1\" class=\"attachment-blog-medium size-blog-medium wp-post-image\" alt=\"\" srcset=\"https:\/\/i0.wp.com\/well-grounded.org\/wp-content\/uploads\/2022\/03\/blog_0716-scaled.jpg?resize=320%2C202&amp;ssl=1 320w, https:\/\/i0.wp.com\/well-grounded.org\/wp-content\/uploads\/2022\/03\/blog_0716-scaled.jpg?zoom=2&amp;resize=320%2C202&amp;ssl=1 640w, https:\/\/i0.wp.com\/well-grounded.org\/wp-content\/uploads\/2022\/03\/blog_0716-scaled.jpg?resize=700%2C441&amp;ssl=1 700w, https:\/\/i0.wp.com\/well-grounded.org\/wp-content\/uploads\/2022\/03\/blog_0716-scaled.jpg?zoom=3&amp;resize=320%2C202&amp;ssl=1 960w, https:\/\/i0.wp.com\/well-grounded.org\/wp-content\/uploads\/2022\/03\/blog_0716-scaled.jpg?fit=2560%2C1920&amp;ssl=1 2560w\" sizes=\"(max-width: 320px) 100vw, 320px\" \/><div class=\"fusion-rollover\">\n\t<div class=\"fusion-rollover-content\">\n\n\t\t\t\t\t\t\t\t\t\t\t\t\t\t<a class=\"fusion-rollover-link\" href=\"https:\/\/well-grounded.org\/fr\/un-bon-depart-pour-well-grounded-en-2016-lecons-pratiques\/\">Un bon d\u00e9part pour Well Grounded en 2016: le\u00e7ons pratiques!<\/a>\n\t\t\t\n\t\t\t\t\t\t\t\t\t\t\t\t\t\t\n\t\t\t\t\t\t\t\t\n\t\t\t\t\t\t\t\t\t\t\t\t\t<div class=\"fusion-rollover-sep\"><\/div>\n\t\t\t\t\n\t\t\t\t\t\t\t\t\t\t\t\t\t\t\t\t\t\t<a class=\"fusion-rollover-gallery\" href=\"https:\/\/i0.wp.com\/well-grounded.org\/wp-content\/uploads\/2022\/03\/blog_0716-scaled.jpg?fit=2560%2C1920&ssl=1\" data-options=\"\" data-id=\"5196\" data-rel=\"iLightbox[gallery]\" data-title=\"blog_0716\" data-caption=\"\">\n\t\t\t\t\t\tGallery\t\t\t\t\t<\/a>\n\t\t\t\t\t\t\t\t\t\t\t\t\t\t\n\t\t\n\t\t\t\t\t\t\t\t\n\t\t\t\t\t\t\t\t\n\t\t\n\t\t\t\t\t\t<a class=\"fusion-link-wrapper\" href=\"https:\/\/well-grounded.org\/fr\/un-bon-depart-pour-well-grounded-en-2016-lecons-pratiques\/\" aria-label=\"Un bon d\u00e9part pour Well Grounded en 2016: le\u00e7ons pratiques!\"><\/a>\n\t<\/div>\n<\/div>\n<\/div>\n<\/li>\n\t\t\t\n\t\t\t\n\t\t\t\t\t\t\t\t<\/ul>\n\t<\/div>\n\t<div class=\"fusion-post-content post-content\"><h2 class=\"blog-shortcode-post-title entry-title\">Un bon d\u00e9part pour Well Grounded en 2016: le\u00e7ons pratiques!<\/h2><div class=\"fusion-post-content-container\"><p>2016 a commenc\u00e9 sur un rythme rapide pour nous \u00e0 Well Grounded. Entre Janvier et Juin, nous avons r\u00e9alis\u00e9 27 interventions chez 18 de nos clients dans trois pays du Bassin du Congo. Cameroon Gender and Environment Watch (CAMGEW) travaille pour prot\u00e9ger la for\u00eat de Kilum-Ijim dans le Nord-Ouest du Cameroun. Gr\u00e2ce \u00e0 notre support durant le premier trimestre 2016, l'\u00e9quipe a pu d\u00e9finir la vision et la mission de<a href=\"https:\/\/well-grounded.org\/fr\/un-bon-depart-pour-well-grounded-en-2016-lecons-pratiques\/\"> [...]<\/a><\/p><\/div><\/div><div class=\"fusion-clearfix\"><\/div><div class=\"fusion-meta-info\"><div class=\"fusion-alignleft\"><span class=\"vcard\" style=\"display: none;\"><span class=\"fn\"><a href=\"https:\/\/well-grounded.org\/fr\/author\/admin\/\" title=\"Articles par admin\" rel=\"author\">admin<\/a><\/span><\/span><span class=\"updated\" style=\"display:none;\">2022-03-11T13:48:47+00:00<\/span><span>juillet 22nd, 2016<\/span><span class=\"fusion-inline-sep\">|<\/span>Categories: <a href=\"https:\/\/well-grounded.org\/fr\/category\/nos-clients\/\" rel=\"category tag\">Nos clients<\/a><span class=\"fusion-inline-sep\">|<\/span><span class=\"meta-tags\">Tags: <a href=\"https:\/\/well-grounded.org\/fr\/tag\/bilan\/\" rel=\"tag\">bilan<\/a>, <a href=\"https:\/\/well-grounded.org\/fr\/tag\/developpement-organisationnel\/\" rel=\"tag\">d\u00e9veloppement organisationnel<\/a>, <a href=\"https:\/\/well-grounded.org\/fr\/tag\/semestre\/\" rel=\"tag\">semestre<\/a><\/span><span class=\"fusion-inline-sep\">|<\/span><\/div><div class=\"fusion-alignright\"><a class=\"fusion-read-more\" href=\"https:\/\/well-grounded.org\/fr\/un-bon-depart-pour-well-grounded-en-2016-lecons-pratiques\/\" aria-label=\"More on Un bon d\u00e9part pour Well Grounded en 2016: le\u00e7ons pratiques!\">Read More<\/a><\/div><\/div><\/article>\n<article id=\"blog-1-post-5197\" class=\"fusion-post-medium post-5197 post type-post status-publish format-standard has-post-thumbnail hentry category-temoignages-du-terrain tag-brexit tag-referendum tag-royaume-uni\">\n\t<style type=\"text\/css\">\n\t\t\n\t\t\n\t\t\n\t\t\n\t\t\t<\/style>\n\n\n\t\t\t<div class=\"fusion-flexslider flexslider fusion-flexslider-loading fusion-post-slideshow\" style=\"\">\n\t\t<ul class=\"slides\">\n\t\t\t\n\t\t\t\t\t\t\t\t\t\t\t\t\t\t<li><div  class=\"fusion-image-wrapper fusion-image-size-fixed\" aria-haspopup=\"true\">\n\t\t\t\t<img decoding=\"async\" width=\"320\" height=\"202\" src=\"https:\/\/i0.wp.com\/well-grounded.org\/wp-content\/uploads\/2022\/03\/brexit_1_0.jpg?resize=320%2C202&amp;ssl=1\" class=\"attachment-blog-medium size-blog-medium wp-post-image\" alt=\"\" srcset=\"https:\/\/i0.wp.com\/well-grounded.org\/wp-content\/uploads\/2022\/03\/brexit_1_0.jpg?resize=320%2C202&amp;ssl=1 320w, https:\/\/i0.wp.com\/well-grounded.org\/wp-content\/uploads\/2022\/03\/brexit_1_0.jpg?fit=620%2C413&amp;ssl=1 620w\" sizes=\"(max-width: 320px) 100vw, 320px\" \/><div class=\"fusion-rollover\">\n\t<div class=\"fusion-rollover-content\">\n\n\t\t\t\t\t\t\t\t\t\t\t\t\t\t<a class=\"fusion-rollover-link\" href=\"https:\/\/well-grounded.org\/fr\/collaborer-dans-un-monde-en-fracturation\/\">Collaborer dans un monde en fracturation<\/a>\n\t\t\t\n\t\t\t\t\t\t\t\t\t\t\t\t\t\t\n\t\t\t\t\t\t\t\t\n\t\t\t\t\t\t\t\t\t\t\t\t\t<div class=\"fusion-rollover-sep\"><\/div>\n\t\t\t\t\n\t\t\t\t\t\t\t\t\t\t\t\t\t\t\t\t\t\t<a class=\"fusion-rollover-gallery\" href=\"https:\/\/i0.wp.com\/well-grounded.org\/wp-content\/uploads\/2022\/03\/brexit_1_0.jpg?fit=620%2C413&ssl=1\" data-options=\"\" data-id=\"5197\" data-rel=\"iLightbox[gallery]\" data-title=\"exit from the eurozone concept\" data-caption=\"\">\n\t\t\t\t\t\tGallery\t\t\t\t\t<\/a>\n\t\t\t\t\t\t\t\t\t\t\t\t\t\t\n\t\t\n\t\t\t\t\t\t\t\t\n\t\t\t\t\t\t\t\t\n\t\t\n\t\t\t\t\t\t<a class=\"fusion-link-wrapper\" href=\"https:\/\/well-grounded.org\/fr\/collaborer-dans-un-monde-en-fracturation\/\" aria-label=\"Collaborer dans un monde en fracturation\"><\/a>\n\t<\/div>\n<\/div>\n<\/div>\n<\/li>\n\t\t\t\n\t\t\t\n\t\t\t\t\t\t\t\t<\/ul>\n\t<\/div>\n\t<div class=\"fusion-post-content post-content\"><h2 class=\"blog-shortcode-post-title entry-title\">Collaborer dans un monde en fracturation<\/h2><div class=\"fusion-post-content-container\"><p>Un tr\u00e8s bon praticien en d\u00e9veloppement organisationnel, Davine Thaw, r\u00e9sume souvent ce que sont les organisations en trois mots: des personnes, un but et des m\u00e9thodes. Aujourd\u2019hui, un jour sombre pour tous ceux d\u2019entre nous qui croient en l\u2019action collective, alors que plus de la moiti\u00e9 de mes concitoyens ont d\u00e9cid\u00e9 de faire sortir le Royaume Uni de l\u2019Union Europ\u00e9enne, j\u2019ai beaucoup r\u00e9fl\u00e9chi \u00e0 l\u2019\u00e9l\u00e9ment \u00ab personnes \u00bb de cet<a href=\"https:\/\/well-grounded.org\/fr\/collaborer-dans-un-monde-en-fracturation\/\"> [...]<\/a><\/p><\/div><\/div><div class=\"fusion-clearfix\"><\/div><div class=\"fusion-meta-info\"><div class=\"fusion-alignleft\"><span class=\"vcard\" style=\"display: none;\"><span class=\"fn\"><a href=\"https:\/\/well-grounded.org\/fr\/author\/admin\/\" title=\"Articles par admin\" rel=\"author\">admin<\/a><\/span><\/span><span class=\"updated\" style=\"display:none;\">2022-03-11T13:48:48+00:00<\/span><span>juin 24th, 2016<\/span><span class=\"fusion-inline-sep\">|<\/span>Categories: <a href=\"https:\/\/well-grounded.org\/fr\/category\/temoignages-du-terrain\/\" rel=\"category tag\">T\u00e9moignages du terrain<\/a><span class=\"fusion-inline-sep\">|<\/span><span class=\"meta-tags\">Tags: <a href=\"https:\/\/well-grounded.org\/fr\/tag\/brexit\/\" rel=\"tag\">Brexit<\/a>, <a href=\"https:\/\/well-grounded.org\/fr\/tag\/referendum\/\" rel=\"tag\">referendum<\/a>, <a href=\"https:\/\/well-grounded.org\/fr\/tag\/royaume-uni\/\" rel=\"tag\">Royaume Uni<\/a><\/span><span class=\"fusion-inline-sep\">|<\/span><\/div><div class=\"fusion-alignright\"><a class=\"fusion-read-more\" href=\"https:\/\/well-grounded.org\/fr\/collaborer-dans-un-monde-en-fracturation\/\" aria-label=\"More on Collaborer dans un monde en fracturation\">Read More<\/a><\/div><\/div><\/article>\n<article id=\"blog-1-post-5198\" class=\"fusion-post-medium post-5198 post type-post status-publish format-standard has-post-thumbnail hentry category-developpement-organisationnel tag-collecte-de-fonds tag-communication tag-financement tag-fundraising tag-petites-ong\">\n\t<style type=\"text\/css\">\n\t\t\n\t\t\n\t\t\n\t\t\n\t\t\t<\/style>\n\n\n\t\t\t<div class=\"fusion-flexslider flexslider fusion-flexslider-loading fusion-post-slideshow\" style=\"\">\n\t\t<ul class=\"slides\">\n\t\t\t\n\t\t\t\t\t\t\t\t\t\t\t\t\t\t<li><div  class=\"fusion-image-wrapper fusion-image-size-fixed\" aria-haspopup=\"true\">\n\t\t\t\t<img decoding=\"async\" width=\"320\" height=\"202\" src=\"https:\/\/i0.wp.com\/well-grounded.org\/wp-content\/uploads\/2022\/03\/pic_fundraising_1.png?resize=320%2C202&amp;ssl=1\" class=\"attachment-blog-medium size-blog-medium wp-post-image\" alt=\"\" srcset=\"https:\/\/i0.wp.com\/well-grounded.org\/wp-content\/uploads\/2022\/03\/pic_fundraising_1.png?resize=320%2C202&amp;ssl=1 320w, https:\/\/i0.wp.com\/well-grounded.org\/wp-content\/uploads\/2022\/03\/pic_fundraising_1.png?fit=399%2C267&amp;ssl=1 399w\" sizes=\"(max-width: 320px) 100vw, 320px\" \/><div class=\"fusion-rollover\">\n\t<div class=\"fusion-rollover-content\">\n\n\t\t\t\t\t\t\t\t\t\t\t\t\t\t<a class=\"fusion-rollover-link\" href=\"https:\/\/well-grounded.org\/fr\/financement-des-petites-ongs-un-defi-a-relever\/\">Financement des petites ONGs: un d\u00e9fi \u00e0 relever<\/a>\n\t\t\t\n\t\t\t\t\t\t\t\t\t\t\t\t\t\t\n\t\t\t\t\t\t\t\t\n\t\t\t\t\t\t\t\t\t\t\t\t\t<div class=\"fusion-rollover-sep\"><\/div>\n\t\t\t\t\n\t\t\t\t\t\t\t\t\t\t\t\t\t\t\t\t\t\t<a class=\"fusion-rollover-gallery\" href=\"https:\/\/i0.wp.com\/well-grounded.org\/wp-content\/uploads\/2022\/03\/pic_fundraising_1.png?fit=399%2C267&ssl=1\" data-options=\"\" data-id=\"5198\" data-rel=\"iLightbox[gallery]\" data-title=\"pic_fundraising_1\" data-caption=\"\">\n\t\t\t\t\t\tGallery\t\t\t\t\t<\/a>\n\t\t\t\t\t\t\t\t\t\t\t\t\t\t\n\t\t\n\t\t\t\t\t\t\t\t\n\t\t\t\t\t\t\t\t\n\t\t\n\t\t\t\t\t\t<a class=\"fusion-link-wrapper\" href=\"https:\/\/well-grounded.org\/fr\/financement-des-petites-ongs-un-defi-a-relever\/\" aria-label=\"Financement des petites ONGs: un d\u00e9fi \u00e0 relever\"><\/a>\n\t<\/div>\n<\/div>\n<\/div>\n<\/li>\n\t\t\t\n\t\t\t\n\t\t\t\t\t\t\t\t<\/ul>\n\t<\/div>\n\t<div class=\"fusion-post-content post-content\"><h2 class=\"blog-shortcode-post-title entry-title\">Financement des petites ONGs: un d\u00e9fi \u00e0 relever<\/h2><div class=\"fusion-post-content-container\"><p>Soyons r\u00e9alistes: la concurrence pour des financements de plus en plus rares est \u00e9lev\u00e9e, et la lev\u00e9e de fonds est devenue un parcours du combattant pour toutes les ONGs, en particulier pour les plus petites, surtout lorsqu'elles sont bas\u00e9es dans les pays o\u00f9 elles mettent en place leurs programmes. Les petites organisations et leurs sp\u00e9cificit\u00e9s La grande majorit\u00e9 des organisations caritatives dans le monde sont de petite taille, souvent bas\u00e9es<a href=\"https:\/\/well-grounded.org\/fr\/financement-des-petites-ongs-un-defi-a-relever\/\"> [...]<\/a><\/p><\/div><\/div><div class=\"fusion-clearfix\"><\/div><div class=\"fusion-meta-info\"><div class=\"fusion-alignleft\"><span class=\"vcard\" style=\"display: none;\"><span class=\"fn\"><a href=\"https:\/\/well-grounded.org\/fr\/author\/admin\/\" title=\"Articles par admin\" rel=\"author\">admin<\/a><\/span><\/span><span class=\"updated\" style=\"display:none;\">2022-03-11T13:48:48+00:00<\/span><span>juin 8th, 2016<\/span><span class=\"fusion-inline-sep\">|<\/span>Categories: <a href=\"https:\/\/well-grounded.org\/fr\/category\/developpement-organisationnel\/\" rel=\"category tag\">D\u00e9veloppement Organisationnel<\/a><span class=\"fusion-inline-sep\">|<\/span><span class=\"meta-tags\">Tags: <a href=\"https:\/\/well-grounded.org\/fr\/tag\/collecte-de-fonds\/\" rel=\"tag\">collecte de fonds<\/a>, <a href=\"https:\/\/well-grounded.org\/fr\/tag\/communication\/\" rel=\"tag\">communication<\/a>, <a href=\"https:\/\/well-grounded.org\/fr\/tag\/financement\/\" rel=\"tag\">financement<\/a>, <a href=\"https:\/\/well-grounded.org\/fr\/tag\/fundraising\/\" rel=\"tag\">fundraising<\/a>, <a href=\"https:\/\/well-grounded.org\/fr\/tag\/petites-ong\/\" rel=\"tag\">petites ONG<\/a><\/span><span class=\"fusion-inline-sep\">|<\/span><\/div><div class=\"fusion-alignright\"><a class=\"fusion-read-more\" href=\"https:\/\/well-grounded.org\/fr\/financement-des-petites-ongs-un-defi-a-relever\/\" aria-label=\"More on Financement des petites ONGs: un d\u00e9fi \u00e0 relever\">Read More<\/a><\/div><\/div><\/article>\n<article id=\"blog-1-post-5199\" class=\"fusion-post-medium post-5199 post type-post status-publish format-standard has-post-thumbnail hentry category-developpement-organisationnel\">\n\t<style type=\"text\/css\">\n\t\t\n\t\t\n\t\t\n\t\t\n\t\t\t<\/style>\n\n\n\t\t\t<div class=\"fusion-flexslider flexslider fusion-flexslider-loading fusion-post-slideshow\" style=\"\">\n\t\t<ul class=\"slides\">\n\t\t\t\n\t\t\t\t\t\t\t\t\t\t\t\t\t\t<li><div  class=\"fusion-image-wrapper fusion-image-size-fixed\" aria-haspopup=\"true\">\n\t\t\t\t<img decoding=\"async\" width=\"320\" height=\"202\" src=\"https:\/\/i0.wp.com\/well-grounded.org\/wp-content\/uploads\/2022\/03\/pic_blog_victor.jpg?resize=320%2C202&amp;ssl=1\" class=\"attachment-blog-medium size-blog-medium wp-post-image\" alt=\"\" srcset=\"https:\/\/i0.wp.com\/well-grounded.org\/wp-content\/uploads\/2022\/03\/pic_blog_victor.jpg?resize=320%2C202&amp;ssl=1 320w, https:\/\/i0.wp.com\/well-grounded.org\/wp-content\/uploads\/2022\/03\/pic_blog_victor.jpg?zoom=2&amp;resize=320%2C202&amp;ssl=1 640w, https:\/\/i0.wp.com\/well-grounded.org\/wp-content\/uploads\/2022\/03\/pic_blog_victor.jpg?resize=700%2C441&amp;ssl=1 700w, https:\/\/i0.wp.com\/well-grounded.org\/wp-content\/uploads\/2022\/03\/pic_blog_victor.jpg?fit=819%2C460&amp;ssl=1 819w\" sizes=\"(max-width: 320px) 100vw, 320px\" \/><div class=\"fusion-rollover\">\n\t<div class=\"fusion-rollover-content\">\n\n\t\t\t\t\t\t\t\t\t\t\t\t\t\t<a class=\"fusion-rollover-link\" href=\"https:\/\/well-grounded.org\/fr\/les-media-sociaux-une-partie-de-votre-strategie-organisationnelle\/\">Les media sociaux: une partie de votre strat\u00e9gie organisationnelle?<\/a>\n\t\t\t\n\t\t\t\t\t\t\t\t\t\t\t\t\t\t\n\t\t\t\t\t\t\t\t\n\t\t\t\t\t\t\t\t\t\t\t\t\t<div class=\"fusion-rollover-sep\"><\/div>\n\t\t\t\t\n\t\t\t\t\t\t\t\t\t\t\t\t\t\t\t\t\t\t<a class=\"fusion-rollover-gallery\" href=\"https:\/\/i0.wp.com\/well-grounded.org\/wp-content\/uploads\/2022\/03\/pic_blog_victor.jpg?fit=819%2C460&ssl=1\" data-options=\"\" data-id=\"5199\" data-rel=\"iLightbox[gallery]\" data-title=\"pic_blog_victor\" data-caption=\"\">\n\t\t\t\t\t\tGallery\t\t\t\t\t<\/a>\n\t\t\t\t\t\t\t\t\t\t\t\t\t\t\n\t\t\n\t\t\t\t\t\t\t\t\n\t\t\t\t\t\t\t\t\n\t\t\n\t\t\t\t\t\t<a class=\"fusion-link-wrapper\" href=\"https:\/\/well-grounded.org\/fr\/les-media-sociaux-une-partie-de-votre-strategie-organisationnelle\/\" aria-label=\"Les media sociaux: une partie de votre strat\u00e9gie organisationnelle?\"><\/a>\n\t<\/div>\n<\/div>\n<\/div>\n<\/li>\n\t\t\t\n\t\t\t\n\t\t\t\t\t\t\t\t<\/ul>\n\t<\/div>\n\t<div class=\"fusion-post-content post-content\"><h2 class=\"blog-shortcode-post-title entry-title\">Les media sociaux: une partie de votre strat\u00e9gie organisationnelle?<\/h2><div class=\"fusion-post-content-container\"><p>Les media sociaux ont une utilit\u00e9 au-del\u00e0 de la connexion sociale et du divertissement. Ils ouvrent de nouvelles possibilit\u00e9s pour des organisations dans le monde entier, et changent la mani\u00e8re dont celles-ci communiquent et dialoguent avec leurs clients et d'autres parties prenantes. Les media sociaux \u00e9largissent la port\u00e9e de la communication des organisations, pour un co\u00fbt r\u00e9duit, et rendent leurs relations \u00a0plus proches et fr\u00e9quentes. Les media sociaux ouvrent de<a href=\"https:\/\/well-grounded.org\/fr\/les-media-sociaux-une-partie-de-votre-strategie-organisationnelle\/\"> [...]<\/a><\/p><\/div><\/div><div class=\"fusion-clearfix\"><\/div><div class=\"fusion-meta-info\"><div class=\"fusion-alignleft\"><span class=\"vcard\" style=\"display: none;\"><span class=\"fn\"><a href=\"https:\/\/well-grounded.org\/fr\/author\/admin\/\" title=\"Articles par admin\" rel=\"author\">admin<\/a><\/span><\/span><span class=\"updated\" style=\"display:none;\">2022-03-11T13:48:54+00:00<\/span><span>mai 17th, 2016<\/span><span class=\"fusion-inline-sep\">|<\/span>Categories: <a href=\"https:\/\/well-grounded.org\/fr\/category\/developpement-organisationnel\/\" rel=\"category tag\">D\u00e9veloppement Organisationnel<\/a><span class=\"fusion-inline-sep\">|<\/span><\/div><div class=\"fusion-alignright\"><a class=\"fusion-read-more\" href=\"https:\/\/well-grounded.org\/fr\/les-media-sociaux-une-partie-de-votre-strategie-organisationnelle\/\" aria-label=\"More on Les media sociaux: une partie de votre strat\u00e9gie organisationnelle?\">Read More<\/a><\/div><\/div><\/article>\n<article id=\"blog-1-post-5200\" class=\"fusion-post-medium post-5200 post type-post status-publish format-standard has-post-thumbnail hentry category-nos-clients category-temoignages-du-terrain\">\n\t<style type=\"text\/css\">\n\t\t\n\t\t\n\t\t\n\t\t\n\t\t\t<\/style>\n\n\n\t\t\t<div class=\"fusion-flexslider flexslider fusion-flexslider-loading fusion-post-slideshow\" style=\"\">\n\t\t<ul class=\"slides\">\n\t\t\t\n\t\t\t\t\t\t\t\t\t\t\t\t\t\t<li><div  class=\"fusion-image-wrapper fusion-image-size-fixed\" aria-haspopup=\"true\">\n\t\t\t\t<img decoding=\"async\" width=\"320\" height=\"202\" src=\"https:\/\/i0.wp.com\/well-grounded.org\/wp-content\/uploads\/2022\/03\/bushfire-1370757.jpg?resize=320%2C202&amp;ssl=1\" class=\"attachment-blog-medium size-blog-medium wp-post-image\" alt=\"\" srcset=\"https:\/\/i0.wp.com\/well-grounded.org\/wp-content\/uploads\/2022\/03\/bushfire-1370757.jpg?resize=320%2C202&amp;ssl=1 320w, https:\/\/i0.wp.com\/well-grounded.org\/wp-content\/uploads\/2022\/03\/bushfire-1370757.jpg?fit=600%2C800&amp;ssl=1 600w\" sizes=\"(max-width: 320px) 100vw, 320px\" \/><div class=\"fusion-rollover\">\n\t<div class=\"fusion-rollover-content\">\n\n\t\t\t\t\t\t\t\t\t\t\t\t\t\t<a class=\"fusion-rollover-link\" href=\"https:\/\/well-grounded.org\/fr\/des-apiculteurs-en-larmes\/\">\u00ab\u00a0Des apiculteurs en larmes\u00a0\u00bb<\/a>\n\t\t\t\n\t\t\t\t\t\t\t\t\t\t\t\t\t\t\n\t\t\t\t\t\t\t\t\n\t\t\t\t\t\t\t\t\t\t\t\t\t<div class=\"fusion-rollover-sep\"><\/div>\n\t\t\t\t\n\t\t\t\t\t\t\t\t\t\t\t\t\t\t\t\t\t\t<a class=\"fusion-rollover-gallery\" href=\"https:\/\/i0.wp.com\/well-grounded.org\/wp-content\/uploads\/2022\/03\/bushfire-1370757.jpg?fit=600%2C800&ssl=1\" data-options=\"\" data-id=\"5200\" data-rel=\"iLightbox[gallery]\" data-title=\"bushfire-1370757\" data-caption=\"\">\n\t\t\t\t\t\tGallery\t\t\t\t\t<\/a>\n\t\t\t\t\t\t\t\t\t\t\t\t\t\t\n\t\t\n\t\t\t\t\t\t\t\t\n\t\t\t\t\t\t\t\t\n\t\t\n\t\t\t\t\t\t<a class=\"fusion-link-wrapper\" href=\"https:\/\/well-grounded.org\/fr\/des-apiculteurs-en-larmes\/\" aria-label=\"\u00ab\u00a0Des apiculteurs en larmes\u00a0\u00bb\"><\/a>\n\t<\/div>\n<\/div>\n<\/div>\n<\/li>\n\t\t\t\n\t\t\t\n\t\t\t\t\t\t\t\t<\/ul>\n\t<\/div>\n\t<div class=\"fusion-post-content post-content\"><h2 class=\"blog-shortcode-post-title entry-title\">\u00ab\u00a0Des apiculteurs en larmes\u00a0\u00bb<\/h2><div class=\"fusion-post-content-container\"><p>Fin F\u00e9vrier, Wirsiy Emmanuel Binyuy, le directeur de CAMGEW, a \u00e9t\u00e9 pr\u00e9venu qu'un feu de for\u00eat, apparemment d\u00e9clench\u00e9 par un fermier \u00e0 Bikhov, une petite communaut\u00e9 de la subdivision de Jakiri, dans le Nord-Ouest du Cameroun, \u00e9tait hors de contr\u00f4le et qu'il mena\u00e7ait de s'\u00e9tendre \u00e0 toute la for\u00eat de Kilum-Ijim, qui couvre plus de 20 000 hectares. La for\u00eat de de Kilum-Ijim est une zone de for\u00eat pluviale montagneuse,<a href=\"https:\/\/well-grounded.org\/fr\/des-apiculteurs-en-larmes\/\"> [...]<\/a><\/p><\/div><\/div><div class=\"fusion-clearfix\"><\/div><div class=\"fusion-meta-info\"><div class=\"fusion-alignleft\"><span class=\"vcard\" style=\"display: none;\"><span class=\"fn\"><a href=\"https:\/\/well-grounded.org\/fr\/author\/admin\/\" title=\"Articles par admin\" rel=\"author\">admin<\/a><\/span><\/span><span class=\"updated\" style=\"display:none;\">2022-03-11T13:48:54+00:00<\/span><span>avril 22nd, 2016<\/span><span class=\"fusion-inline-sep\">|<\/span>Categories: <a href=\"https:\/\/well-grounded.org\/fr\/category\/nos-clients\/\" rel=\"category tag\">Nos clients<\/a>, <a href=\"https:\/\/well-grounded.org\/fr\/category\/temoignages-du-terrain\/\" rel=\"category tag\">T\u00e9moignages du terrain<\/a><span class=\"fusion-inline-sep\">|<\/span><\/div><div class=\"fusion-alignright\"><a class=\"fusion-read-more\" href=\"https:\/\/well-grounded.org\/fr\/des-apiculteurs-en-larmes\/\" aria-label=\"More on \u00ab\u00a0Des apiculteurs en larmes\u00a0\u00bb\">Read More<\/a><\/div><\/div><\/article>\n<article id=\"blog-1-post-5201\" class=\"fusion-post-medium post-5201 post type-post status-publish format-standard has-post-thumbnail hentry category-nos-clients category-temoignages-du-terrain\">\n\t<style type=\"text\/css\">\n\t\t\n\t\t\n\t\t\n\t\t\n\t\t\t<\/style>\n\n\n\t\t\t<div class=\"fusion-flexslider flexslider fusion-flexslider-loading fusion-post-slideshow\" style=\"\">\n\t\t<ul class=\"slides\">\n\t\t\t\n\t\t\t\t\t\t\t\t\t\t\t\t\t\t<li><div  class=\"fusion-image-wrapper fusion-image-size-fixed\" aria-haspopup=\"true\">\n\t\t\t\t<img decoding=\"async\" width=\"320\" height=\"202\" src=\"https:\/\/i0.wp.com\/well-grounded.org\/wp-content\/uploads\/2022\/03\/dsc_0198_0.jpg?resize=320%2C202&amp;ssl=1\" class=\"attachment-blog-medium size-blog-medium wp-post-image\" alt=\"\" srcset=\"https:\/\/i0.wp.com\/well-grounded.org\/wp-content\/uploads\/2022\/03\/dsc_0198_0.jpg?resize=320%2C202&amp;ssl=1 320w, https:\/\/i0.wp.com\/well-grounded.org\/wp-content\/uploads\/2022\/03\/dsc_0198_0.jpg?zoom=2&amp;resize=320%2C202&amp;ssl=1 640w, https:\/\/i0.wp.com\/well-grounded.org\/wp-content\/uploads\/2022\/03\/dsc_0198_0.jpg?resize=700%2C441&amp;ssl=1 700w, https:\/\/i0.wp.com\/well-grounded.org\/wp-content\/uploads\/2022\/03\/dsc_0198_0.jpg?zoom=3&amp;resize=320%2C202&amp;ssl=1 960w, https:\/\/i0.wp.com\/well-grounded.org\/wp-content\/uploads\/2022\/03\/dsc_0198_0.jpg?fit=1279%2C847&amp;ssl=1 1279w\" sizes=\"(max-width: 320px) 100vw, 320px\" \/><div class=\"fusion-rollover\">\n\t<div class=\"fusion-rollover-content\">\n\n\t\t\t\t\t\t\t\t\t\t\t\t\t\t<a class=\"fusion-rollover-link\" href=\"https:\/\/well-grounded.org\/fr\/le-developpement-organisationnel-pilier-important-pour-la-gestion-durable-des-ressources-naturelles\/\">Le d\u00e9veloppement organisationnel, pilier important pour la gestion durable des ressources naturelles<\/a>\n\t\t\t\n\t\t\t\t\t\t\t\t\t\t\t\t\t\t\n\t\t\t\t\t\t\t\t\n\t\t\t\t\t\t\t\t\t\t\t\t\t<div class=\"fusion-rollover-sep\"><\/div>\n\t\t\t\t\n\t\t\t\t\t\t\t\t\t\t\t\t\t\t\t\t\t\t<a class=\"fusion-rollover-gallery\" href=\"https:\/\/i0.wp.com\/well-grounded.org\/wp-content\/uploads\/2022\/03\/dsc_0198_0.jpg?fit=1279%2C847&ssl=1\" data-options=\"\" data-id=\"5201\" data-rel=\"iLightbox[gallery]\" data-title=\"dsc_0198_0\" data-caption=\"\">\n\t\t\t\t\t\tGallery\t\t\t\t\t<\/a>\n\t\t\t\t\t\t\t\t\t\t\t\t\t\t\n\t\t\n\t\t\t\t\t\t\t\t\n\t\t\t\t\t\t\t\t\n\t\t\n\t\t\t\t\t\t<a class=\"fusion-link-wrapper\" href=\"https:\/\/well-grounded.org\/fr\/le-developpement-organisationnel-pilier-important-pour-la-gestion-durable-des-ressources-naturelles\/\" aria-label=\"Le d\u00e9veloppement organisationnel, pilier important pour la gestion durable des ressources naturelles\"><\/a>\n\t<\/div>\n<\/div>\n<\/div>\n<\/li>\n\t\t\t\n\t\t\t\n\t\t\t\t\t\t\t\t<\/ul>\n\t<\/div>\n\t<div class=\"fusion-post-content post-content\"><h2 class=\"blog-shortcode-post-title entry-title\">Le d\u00e9veloppement organisationnel, pilier important pour la gestion durable des ressources naturelles<\/h2><div class=\"fusion-post-content-container\"><p>Du 27 au 30 juillet 2015, Well Grounded et Maliasili Initiatives ont organis\u00e9 \u00e0 Nairobi (R\u00e9publique du Kenya) une journ\u00e9e d\u2019\u00e9change entre les organisations de la soci\u00e9t\u00e9 civile du Kenya, de la Tanzanie et de la R\u00e9publique D\u00e9mocratique du Congo pour partager les exp\u00e9riences et diverses r\u00e9flexions sur l'\u00e9laboration d'une strat\u00e9gie, d\u2019un plan d\u2019affaire et des mod\u00e8les innovants de financement plus durables. Cet \u00e9v\u00e9nement \u00e9tait li\u00e9 \u00e0 une conf\u00e9rence plus<a href=\"https:\/\/well-grounded.org\/fr\/le-developpement-organisationnel-pilier-important-pour-la-gestion-durable-des-ressources-naturelles\/\"> [...]<\/a><\/p><\/div><\/div><div class=\"fusion-clearfix\"><\/div><div class=\"fusion-meta-info\"><div class=\"fusion-alignleft\"><span class=\"vcard\" style=\"display: none;\"><span class=\"fn\"><a href=\"https:\/\/well-grounded.org\/fr\/author\/admin\/\" title=\"Articles par admin\" rel=\"author\">admin<\/a><\/span><\/span><span class=\"updated\" style=\"display:none;\">2022-03-11T13:48:54+00:00<\/span><span>janvier 15th, 2016<\/span><span class=\"fusion-inline-sep\">|<\/span>Categories: <a href=\"https:\/\/well-grounded.org\/fr\/category\/nos-clients\/\" rel=\"category tag\">Nos clients<\/a>, <a href=\"https:\/\/well-grounded.org\/fr\/category\/temoignages-du-terrain\/\" rel=\"category tag\">T\u00e9moignages du terrain<\/a><span class=\"fusion-inline-sep\">|<\/span><\/div><div class=\"fusion-alignright\"><a class=\"fusion-read-more\" href=\"https:\/\/well-grounded.org\/fr\/le-developpement-organisationnel-pilier-important-pour-la-gestion-durable-des-ressources-naturelles\/\" aria-label=\"More on Le d\u00e9veloppement organisationnel, pilier important pour la gestion durable des ressources naturelles\">Read More<\/a><\/div><\/div><\/article>\n<article id=\"blog-1-post-5202\" class=\"fusion-post-medium post-5202 post type-post status-publish format-standard has-post-thumbnail hentry category-developpement-organisationnel category-nos-partenaires\">\n\t<style type=\"text\/css\">\n\t\t\n\t\t\n\t\t\n\t\t\n\t\t\t<\/style>\n\n\n\t\t\t<div class=\"fusion-flexslider flexslider fusion-flexslider-loading fusion-post-slideshow\" style=\"\">\n\t\t<ul class=\"slides\">\n\t\t\t\n\t\t\t\t\t\t\t\t\t\t\t\t\t\t<li><div  class=\"fusion-image-wrapper fusion-image-size-fixed\" aria-haspopup=\"true\">\n\t\t\t\t<img decoding=\"async\" width=\"320\" height=\"202\" src=\"https:\/\/i0.wp.com\/well-grounded.org\/wp-content\/uploads\/2022\/03\/dsc_0007-scaled.jpg?resize=320%2C202&amp;ssl=1\" class=\"attachment-blog-medium size-blog-medium wp-post-image\" alt=\"\" srcset=\"https:\/\/i0.wp.com\/well-grounded.org\/wp-content\/uploads\/2022\/03\/dsc_0007-scaled.jpg?resize=320%2C202&amp;ssl=1 320w, https:\/\/i0.wp.com\/well-grounded.org\/wp-content\/uploads\/2022\/03\/dsc_0007-scaled.jpg?zoom=2&amp;resize=320%2C202&amp;ssl=1 640w, https:\/\/i0.wp.com\/well-grounded.org\/wp-content\/uploads\/2022\/03\/dsc_0007-scaled.jpg?resize=700%2C441&amp;ssl=1 700w, https:\/\/i0.wp.com\/well-grounded.org\/wp-content\/uploads\/2022\/03\/dsc_0007-scaled.jpg?zoom=3&amp;resize=320%2C202&amp;ssl=1 960w, https:\/\/i0.wp.com\/well-grounded.org\/wp-content\/uploads\/2022\/03\/dsc_0007-scaled.jpg?fit=2560%2C1577&amp;ssl=1 2560w\" sizes=\"(max-width: 320px) 100vw, 320px\" \/><div class=\"fusion-rollover\">\n\t<div class=\"fusion-rollover-content\">\n\n\t\t\t\t\t\t\t\t\t\t\t\t\t\t<a class=\"fusion-rollover-link\" href=\"https:\/\/well-grounded.org\/fr\/relancer-lappui-a-la-societe-civile-face-a-la-crise-et-a-lopportunite\/\">Relancer l&rsquo;appui \u00e0 la soci\u00e9t\u00e9 civile face \u00e0 la crise et \u00e0 l&rsquo;opportunit\u00e9<\/a>\n\t\t\t\n\t\t\t\t\t\t\t\t\t\t\t\t\t\t\n\t\t\t\t\t\t\t\t\n\t\t\t\t\t\t\t\t\t\t\t\t\t<div class=\"fusion-rollover-sep\"><\/div>\n\t\t\t\t\n\t\t\t\t\t\t\t\t\t\t\t\t\t\t\t\t\t\t<a class=\"fusion-rollover-gallery\" href=\"https:\/\/i0.wp.com\/well-grounded.org\/wp-content\/uploads\/2022\/03\/dsc_0007-scaled.jpg?fit=2560%2C1577&ssl=1\" data-options=\"\" data-id=\"5202\" data-rel=\"iLightbox[gallery]\" data-title=\"dsc_0007\" data-caption=\"\">\n\t\t\t\t\t\tGallery\t\t\t\t\t<\/a>\n\t\t\t\t\t\t\t\t\t\t\t\t\t\t\n\t\t\n\t\t\t\t\t\t\t\t\n\t\t\t\t\t\t\t\t\n\t\t\n\t\t\t\t\t\t<a class=\"fusion-link-wrapper\" href=\"https:\/\/well-grounded.org\/fr\/relancer-lappui-a-la-societe-civile-face-a-la-crise-et-a-lopportunite\/\" aria-label=\"Relancer l&rsquo;appui \u00e0 la soci\u00e9t\u00e9 civile face \u00e0 la crise et \u00e0 l&rsquo;opportunit\u00e9\"><\/a>\n\t<\/div>\n<\/div>\n<\/div>\n<\/li>\n\t\t\t\n\t\t\t\n\t\t\t\t\t\t\t\t<\/ul>\n\t<\/div>\n\t<div class=\"fusion-post-content post-content\"><h2 class=\"blog-shortcode-post-title entry-title\">Relancer l&rsquo;appui \u00e0 la soci\u00e9t\u00e9 civile face \u00e0 la crise et \u00e0 l&rsquo;opportunit\u00e9<\/h2><div class=\"fusion-post-content-container\"><p>Les organisations de la soci\u00e9t\u00e9 civile font l'objet d'attaques \u00e0 travers le monde.\u00a0 Tel que l'ont r\u00e9cemment d\u00e9crit le quotidien\u00a0The Guardian\u00a0et les r\u00e9seaux comme CIVICUS, ces derni\u00e8res ann\u00e9es, les gouvernements ont multipli\u00e9 leurs efforts afin d'entraver la capacit\u00e9 des organisations locales \u00e0 fonctionner et de limiter leur acc\u00e8s aux fonds ext\u00e9rieurs. En parall\u00e8le,\u00a0l'aide au d\u00e9veloppement\u00a0exacerbe souvent les contraintes qui affectent les organisations de la soci\u00e9t\u00e9 civile car elle favorise des<a href=\"https:\/\/well-grounded.org\/fr\/relancer-lappui-a-la-societe-civile-face-a-la-crise-et-a-lopportunite\/\"> [...]<\/a><\/p><\/div><\/div><div class=\"fusion-clearfix\"><\/div><div class=\"fusion-meta-info\"><div class=\"fusion-alignleft\"><span class=\"vcard\" style=\"display: none;\"><span class=\"fn\"><a href=\"https:\/\/well-grounded.org\/fr\/author\/admin\/\" title=\"Articles par admin\" rel=\"author\">admin<\/a><\/span><\/span><span class=\"updated\" style=\"display:none;\">2022-03-11T13:48:55+00:00<\/span><span>d\u00e9cembre 14th, 2015<\/span><span class=\"fusion-inline-sep\">|<\/span>Categories: <a href=\"https:\/\/well-grounded.org\/fr\/category\/developpement-organisationnel\/\" rel=\"category tag\">D\u00e9veloppement Organisationnel<\/a>, <a href=\"https:\/\/well-grounded.org\/fr\/category\/nos-partenaires\/\" rel=\"category tag\">Nos partenaires<\/a><span class=\"fusion-inline-sep\">|<\/span><\/div><div class=\"fusion-alignright\"><a class=\"fusion-read-more\" href=\"https:\/\/well-grounded.org\/fr\/relancer-lappui-a-la-societe-civile-face-a-la-crise-et-a-lopportunite\/\" aria-label=\"More on Relancer l&rsquo;appui \u00e0 la soci\u00e9t\u00e9 civile face \u00e0 la crise et \u00e0 l&rsquo;opportunit\u00e9\">Read More<\/a><\/div><\/div><\/article>\n<article id=\"blog-1-post-5203\" class=\"fusion-post-medium post-5203 post type-post status-publish format-standard has-post-thumbnail hentry category-temoignages-du-terrain\">\n\t<style type=\"text\/css\">\n\t\t\n\t\t\n\t\t\n\t\t\n\t\t\t<\/style>\n\n\n\t\t\t<div class=\"fusion-flexslider flexslider fusion-flexslider-loading fusion-post-slideshow\" style=\"\">\n\t\t<ul class=\"slides\">\n\t\t\t\n\t\t\t\t\t\t\t\t\t\t\t\t\t\t<li><div  class=\"fusion-image-wrapper fusion-image-size-fixed\" aria-haspopup=\"true\">\n\t\t\t\t<img decoding=\"async\" width=\"320\" height=\"202\" src=\"https:\/\/i0.wp.com\/well-grounded.org\/wp-content\/uploads\/2022\/03\/foret_communautaire.jpg?resize=320%2C202&amp;ssl=1\" class=\"attachment-blog-medium size-blog-medium wp-post-image\" alt=\"\" srcset=\"https:\/\/i0.wp.com\/well-grounded.org\/wp-content\/uploads\/2022\/03\/foret_communautaire.jpg?resize=320%2C202&amp;ssl=1 320w, https:\/\/i0.wp.com\/well-grounded.org\/wp-content\/uploads\/2022\/03\/foret_communautaire.jpg?fit=341%2C227&amp;ssl=1 341w\" sizes=\"(max-width: 320px) 100vw, 320px\" \/><div class=\"fusion-rollover\">\n\t<div class=\"fusion-rollover-content\">\n\n\t\t\t\t\t\t\t\t\t\t\t\t\t\t<a class=\"fusion-rollover-link\" href=\"https:\/\/well-grounded.org\/fr\/pourquoi-les-communautes-finissent-souvent-par-perdre-leurs-terres-ou-forets-communautaires-ou-beneficier-moins-du-profit-de-lexploitation-des-ressources-naturelles\/\">Pourquoi les communaut\u00e9s finissent souvent par perdre leurs terres ou for\u00eats communautaires ou b\u00e9n\u00e9ficier moins du profit de l\u2019exploitation des ressources naturelles?<\/a>\n\t\t\t\n\t\t\t\t\t\t\t\t\t\t\t\t\t\t\n\t\t\t\t\t\t\t\t\n\t\t\t\t\t\t\t\t\t\t\t\t\t<div class=\"fusion-rollover-sep\"><\/div>\n\t\t\t\t\n\t\t\t\t\t\t\t\t\t\t\t\t\t\t\t\t\t\t<a class=\"fusion-rollover-gallery\" href=\"https:\/\/i0.wp.com\/well-grounded.org\/wp-content\/uploads\/2022\/03\/foret_communautaire.jpg?fit=341%2C227&ssl=1\" data-options=\"\" data-id=\"5203\" data-rel=\"iLightbox[gallery]\" data-title=\"foret_communautaire\" data-caption=\"\">\n\t\t\t\t\t\tGallery\t\t\t\t\t<\/a>\n\t\t\t\t\t\t\t\t\t\t\t\t\t\t\n\t\t\n\t\t\t\t\t\t\t\t\n\t\t\t\t\t\t\t\t\n\t\t\n\t\t\t\t\t\t<a class=\"fusion-link-wrapper\" href=\"https:\/\/well-grounded.org\/fr\/pourquoi-les-communautes-finissent-souvent-par-perdre-leurs-terres-ou-forets-communautaires-ou-beneficier-moins-du-profit-de-lexploitation-des-ressources-naturelles\/\" aria-label=\"Pourquoi les communaut\u00e9s finissent souvent par perdre leurs terres ou for\u00eats communautaires ou b\u00e9n\u00e9ficier moins du profit de l\u2019exploitation des ressources naturelles?\"><\/a>\n\t<\/div>\n<\/div>\n<\/div>\n<\/li>\n\t\t\t\n\t\t\t\n\t\t\t\t\t\t\t\t<\/ul>\n\t<\/div>\n\t<div class=\"fusion-post-content post-content\"><h2 class=\"blog-shortcode-post-title entry-title\">Pourquoi les communaut\u00e9s finissent souvent par perdre leurs terres ou for\u00eats communautaires ou b\u00e9n\u00e9ficier moins du profit de l\u2019exploitation des ressources naturelles?<\/h2><div class=\"fusion-post-content-container\"><p>Il y a toujours des conflits autour des droits communautaires dans la gestion des ressources naturelles dus au fait que les compagnies et les communaut\u00e9s sont souvent en concurrence pour l\u2019acc\u00e8s \u00e0 et le contr\u00f4le des ressources naturelles. L\u2019exploitation d\u2019une ressource naturelle non utilis\u00e9e prive les communaut\u00e9s de l\u2019acc\u00e8s \u00e0 des espaces et \u00e0 des ressources sur lesquels ils d\u00e9pendent pour leur survie et bien-\u00eatre, et le partage des revenus<a href=\"https:\/\/well-grounded.org\/fr\/pourquoi-les-communautes-finissent-souvent-par-perdre-leurs-terres-ou-forets-communautaires-ou-beneficier-moins-du-profit-de-lexploitation-des-ressources-naturelles\/\"> [...]<\/a><\/p><\/div><\/div><div class=\"fusion-clearfix\"><\/div><div class=\"fusion-meta-info\"><div class=\"fusion-alignleft\"><span class=\"vcard\" style=\"display: none;\"><span class=\"fn\"><a href=\"https:\/\/well-grounded.org\/fr\/author\/admin\/\" title=\"Articles par admin\" rel=\"author\">admin<\/a><\/span><\/span><span class=\"updated\" style=\"display:none;\">2022-03-11T13:48:55+00:00<\/span><span>d\u00e9cembre 11th, 2015<\/span><span class=\"fusion-inline-sep\">|<\/span>Categories: <a href=\"https:\/\/well-grounded.org\/fr\/category\/temoignages-du-terrain\/\" rel=\"category tag\">T\u00e9moignages du terrain<\/a><span class=\"fusion-inline-sep\">|<\/span><\/div><div class=\"fusion-alignright\"><a class=\"fusion-read-more\" href=\"https:\/\/well-grounded.org\/fr\/pourquoi-les-communautes-finissent-souvent-par-perdre-leurs-terres-ou-forets-communautaires-ou-beneficier-moins-du-profit-de-lexploitation-des-ressources-naturelles\/\" aria-label=\"More on Pourquoi les communaut\u00e9s finissent souvent par perdre leurs terres ou for\u00eats communautaires ou b\u00e9n\u00e9ficier moins du profit de l\u2019exploitation des ressources naturelles?\">Read More<\/a><\/div><\/div><\/article>\n<article id=\"blog-1-post-5204\" class=\"fusion-post-medium post-5204 post type-post status-publish format-standard has-post-thumbnail hentry category-nos-partenaires\">\n\t<style type=\"text\/css\">\n\t\t\n\t\t\n\t\t\n\t\t\n\t\t\t<\/style>\n\n\n\t\t\t<div class=\"fusion-flexslider flexslider fusion-flexslider-loading fusion-post-slideshow\" style=\"\">\n\t\t<ul class=\"slides\">\n\t\t\t\n\t\t\t\t\t\t\t\t\t\t\t\t\t\t<li><div  class=\"fusion-image-wrapper fusion-image-size-fixed\" aria-haspopup=\"true\">\n\t\t\t\t<img decoding=\"async\" width=\"320\" height=\"202\" src=\"https:\/\/i0.wp.com\/well-grounded.org\/wp-content\/uploads\/2022\/03\/20150924_155112_001.jpg?resize=320%2C202&amp;ssl=1\" class=\"attachment-blog-medium size-blog-medium wp-post-image\" alt=\"\" srcset=\"https:\/\/i0.wp.com\/well-grounded.org\/wp-content\/uploads\/2022\/03\/20150924_155112_001.jpg?resize=320%2C202&amp;ssl=1 320w, https:\/\/i0.wp.com\/well-grounded.org\/wp-content\/uploads\/2022\/03\/20150924_155112_001.jpg?zoom=2&amp;resize=320%2C202&amp;ssl=1 640w, https:\/\/i0.wp.com\/well-grounded.org\/wp-content\/uploads\/2022\/03\/20150924_155112_001.jpg?resize=700%2C441&amp;ssl=1 700w, https:\/\/i0.wp.com\/well-grounded.org\/wp-content\/uploads\/2022\/03\/20150924_155112_001.jpg?zoom=3&amp;resize=320%2C202&amp;ssl=1 960w, https:\/\/i0.wp.com\/well-grounded.org\/wp-content\/uploads\/2022\/03\/20150924_155112_001.jpg?fit=1280%2C720&amp;ssl=1 1280w\" sizes=\"(max-width: 320px) 100vw, 320px\" \/><div class=\"fusion-rollover\">\n\t<div class=\"fusion-rollover-content\">\n\n\t\t\t\t\t\t\t\t\t\t\t\t\t\t<a class=\"fusion-rollover-link\" href=\"https:\/\/well-grounded.org\/fr\/necessite-de-repenser-la-collaboration-entre-les-osc-camerounaises-pour-accroitre-leurs-impacts-dans-la-recherche-du-bien-etre-des-personnes-et-de-la-nature\/\">N\u00e9cessit\u00e9 de repenser la collaboration entre les OSC camerounaises pour accroitre leurs impacts dans la recherche du bien-\u00eatre des personnes et de la nature<\/a>\n\t\t\t\n\t\t\t\t\t\t\t\t\t\t\t\t\t\t\n\t\t\t\t\t\t\t\t\n\t\t\t\t\t\t\t\t\t\t\t\t\t<div class=\"fusion-rollover-sep\"><\/div>\n\t\t\t\t\n\t\t\t\t\t\t\t\t\t\t\t\t\t\t\t\t\t\t<a class=\"fusion-rollover-gallery\" href=\"https:\/\/i0.wp.com\/well-grounded.org\/wp-content\/uploads\/2022\/03\/20150924_155112_001.jpg?fit=1280%2C720&ssl=1\" data-options=\"\" data-id=\"5204\" data-rel=\"iLightbox[gallery]\" data-title=\"20150924_155112_001\" data-caption=\"\">\n\t\t\t\t\t\tGallery\t\t\t\t\t<\/a>\n\t\t\t\t\t\t\t\t\t\t\t\t\t\t\n\t\t\n\t\t\t\t\t\t\t\t\n\t\t\t\t\t\t\t\t\n\t\t\n\t\t\t\t\t\t<a class=\"fusion-link-wrapper\" href=\"https:\/\/well-grounded.org\/fr\/necessite-de-repenser-la-collaboration-entre-les-osc-camerounaises-pour-accroitre-leurs-impacts-dans-la-recherche-du-bien-etre-des-personnes-et-de-la-nature\/\" aria-label=\"N\u00e9cessit\u00e9 de repenser la collaboration entre les OSC camerounaises pour accroitre leurs impacts dans la recherche du bien-\u00eatre des personnes et de la nature\"><\/a>\n\t<\/div>\n<\/div>\n<\/div>\n<\/li>\n\t\t\t\n\t\t\t\n\t\t\t\t\t\t\t\t<\/ul>\n\t<\/div>\n\t<div class=\"fusion-post-content post-content\"><h2 class=\"blog-shortcode-post-title entry-title\">N\u00e9cessit\u00e9 de repenser la collaboration entre les OSC camerounaises pour accroitre leurs impacts dans la recherche du bien-\u00eatre des personnes et de la nature<\/h2><div class=\"fusion-post-content-container\"><p>Les organisations de la soci\u00e9t\u00e9 civile (OSC) actives dans la conservation de la nature et le d\u00e9veloppement au Cameroun sont en majorit\u00e9 les associations et les organisations non-gouvernementales (ONG). Elles tentent tr\u00e8s souvent de travailler en synergie et en compl\u00e9mentarit\u00e9 dans la mise en \u0153uvre des projets. Elles obtiennent rarement les r\u00e9sultats \u00e0 la lumi\u00e8re aussi bien de leurs attentes que celles des bailleurs et des populations b\u00e9n\u00e9ficiaires. La collaboration<a href=\"https:\/\/well-grounded.org\/fr\/necessite-de-repenser-la-collaboration-entre-les-osc-camerounaises-pour-accroitre-leurs-impacts-dans-la-recherche-du-bien-etre-des-personnes-et-de-la-nature\/\"> [...]<\/a><\/p><\/div><\/div><div class=\"fusion-clearfix\"><\/div><div class=\"fusion-meta-info\"><div class=\"fusion-alignleft\"><span class=\"vcard\" style=\"display: none;\"><span class=\"fn\"><a href=\"https:\/\/well-grounded.org\/fr\/author\/admin\/\" title=\"Articles par admin\" rel=\"author\">admin<\/a><\/span><\/span><span class=\"updated\" style=\"display:none;\">2022-03-11T13:48:55+00:00<\/span><span>novembre 19th, 2015<\/span><span class=\"fusion-inline-sep\">|<\/span>Categories: <a href=\"https:\/\/well-grounded.org\/fr\/category\/nos-partenaires\/\" rel=\"category tag\">Nos partenaires<\/a><span class=\"fusion-inline-sep\">|<\/span><\/div><div class=\"fusion-alignright\"><a class=\"fusion-read-more\" href=\"https:\/\/well-grounded.org\/fr\/necessite-de-repenser-la-collaboration-entre-les-osc-camerounaises-pour-accroitre-leurs-impacts-dans-la-recherche-du-bien-etre-des-personnes-et-de-la-nature\/\" aria-label=\"More on N\u00e9cessit\u00e9 de repenser la collaboration entre les OSC camerounaises pour accroitre leurs impacts dans la recherche du bien-\u00eatre des personnes et de la nature\">Read More<\/a><\/div><\/div><\/article>\n<article id=\"blog-1-post-5205\" class=\"fusion-post-medium post-5205 post type-post status-publish format-standard has-post-thumbnail hentry category-nos-clients\">\n\t<style type=\"text\/css\">\n\t\t\n\t\t\n\t\t\n\t\t\n\t\t\t<\/style>\n\n\n\t\t\t<div class=\"fusion-flexslider flexslider fusion-flexslider-loading fusion-post-slideshow\" style=\"\">\n\t\t<ul class=\"slides\">\n\t\t\t\n\t\t\t\t\t\t\t\t\t\t\t\t\t\t<li><div  class=\"fusion-image-wrapper fusion-image-size-fixed\" aria-haspopup=\"true\">\n\t\t\t\t<img decoding=\"async\" width=\"320\" height=\"202\" src=\"https:\/\/i0.wp.com\/well-grounded.org\/wp-content\/uploads\/2022\/03\/img_3839_0.jpg?resize=320%2C202&amp;ssl=1\" class=\"attachment-blog-medium size-blog-medium wp-post-image\" alt=\"\" srcset=\"https:\/\/i0.wp.com\/well-grounded.org\/wp-content\/uploads\/2022\/03\/img_3839_0.jpg?resize=320%2C202&amp;ssl=1 320w, https:\/\/i0.wp.com\/well-grounded.org\/wp-content\/uploads\/2022\/03\/img_3839_0.jpg?fit=635%2C348&amp;ssl=1 635w\" sizes=\"(max-width: 320px) 100vw, 320px\" \/><div class=\"fusion-rollover\">\n\t<div class=\"fusion-rollover-content\">\n\n\t\t\t\t\t\t\t\t\t\t\t\t\t\t<a class=\"fusion-rollover-link\" href=\"https:\/\/well-grounded.org\/fr\/renforcer-la-place-de-la-justice-sociale-et-environnementale-au-coeur-du-developpement\/\">Renforcer la place de la justice sociale et environnementale au c\u0153ur du d\u00e9veloppement<\/a>\n\t\t\t\n\t\t\t\t\t\t\t\t\t\t\t\t\t\t\n\t\t\t\t\t\t\t\t\n\t\t\t\t\t\t\t\t\t\t\t\t\t<div class=\"fusion-rollover-sep\"><\/div>\n\t\t\t\t\n\t\t\t\t\t\t\t\t\t\t\t\t\t\t\t\t\t\t<a class=\"fusion-rollover-gallery\" href=\"https:\/\/i0.wp.com\/well-grounded.org\/wp-content\/uploads\/2022\/03\/img_3839_0.jpg?fit=635%2C348&ssl=1\" data-options=\"\" data-id=\"5205\" data-rel=\"iLightbox[gallery]\" data-title=\"img_3839_0\" data-caption=\"\">\n\t\t\t\t\t\tGallery\t\t\t\t\t<\/a>\n\t\t\t\t\t\t\t\t\t\t\t\t\t\t\n\t\t\n\t\t\t\t\t\t\t\t\n\t\t\t\t\t\t\t\t\n\t\t\n\t\t\t\t\t\t<a class=\"fusion-link-wrapper\" href=\"https:\/\/well-grounded.org\/fr\/renforcer-la-place-de-la-justice-sociale-et-environnementale-au-coeur-du-developpement\/\" aria-label=\"Renforcer la place de la justice sociale et environnementale au c\u0153ur du d\u00e9veloppement\"><\/a>\n\t<\/div>\n<\/div>\n<\/div>\n<\/li>\n\t\t\t\n\t\t\t\n\t\t\t\t\t\t\t\t<\/ul>\n\t<\/div>\n\t<div class=\"fusion-post-content post-content\"><h2 class=\"blog-shortcode-post-title entry-title\">Renforcer la place de la justice sociale et environnementale au c\u0153ur du d\u00e9veloppement<\/h2><div class=\"fusion-post-content-container\"><p>Je m'appelle Wirsiy Emmanuel Binyuy et je travaille pour l'association \u00e0 but non lucratif Cameroon Gender and Environment Watch (CAMGEW), bas\u00e9e \u00e0 Oku, au Cameroun. Les activit\u00e9s de CAMGEW visent la pr\u00e9servation de l'environnement afin que les populations puissent vivre dans un monde exempt de pauvret\u00e9 et d'in\u00e9galit\u00e9 entre les sexes. CAMGEW \u0153uvre en faveur de la conservation des for\u00eats, de l'\u00e9ducation en mati\u00e8re d'environnement, de l'apiculture, de l'agroforesterie et<a href=\"https:\/\/well-grounded.org\/fr\/renforcer-la-place-de-la-justice-sociale-et-environnementale-au-coeur-du-developpement\/\"> [...]<\/a><\/p><\/div><\/div><div class=\"fusion-clearfix\"><\/div><div class=\"fusion-meta-info\"><div class=\"fusion-alignleft\"><span class=\"vcard\" style=\"display: none;\"><span class=\"fn\"><a href=\"https:\/\/well-grounded.org\/fr\/author\/admin\/\" title=\"Articles par admin\" rel=\"author\">admin<\/a><\/span><\/span><span class=\"updated\" style=\"display:none;\">2022-03-11T13:48:55+00:00<\/span><span>octobre 7th, 2015<\/span><span class=\"fusion-inline-sep\">|<\/span>Categories: <a href=\"https:\/\/well-grounded.org\/fr\/category\/nos-clients\/\" rel=\"category tag\">Nos clients<\/a><span class=\"fusion-inline-sep\">|<\/span><\/div><div class=\"fusion-alignright\"><a class=\"fusion-read-more\" href=\"https:\/\/well-grounded.org\/fr\/renforcer-la-place-de-la-justice-sociale-et-environnementale-au-coeur-du-developpement\/\" aria-label=\"More on Renforcer la place de la justice sociale et environnementale au c\u0153ur du d\u00e9veloppement\">Read More<\/a><\/div><\/div><\/article>\n<article id=\"blog-1-post-5206\" class=\"fusion-post-medium post-5206 post type-post status-publish format-standard has-post-thumbnail hentry category-developpement-organisationnel\">\n\t<style type=\"text\/css\">\n\t\t\n\t\t\n\t\t\n\t\t\n\t\t\t<\/style>\n\n\n\t\t\t<div class=\"fusion-flexslider flexslider fusion-flexslider-loading fusion-post-slideshow\" style=\"\">\n\t\t<ul class=\"slides\">\n\t\t\t\n\t\t\t\t\t\t\t\t\t\t\t\t\t\t<li><div  class=\"fusion-image-wrapper fusion-image-size-fixed\" aria-haspopup=\"true\">\n\t\t\t\t<img decoding=\"async\" width=\"320\" height=\"202\" src=\"https:\/\/i0.wp.com\/well-grounded.org\/wp-content\/uploads\/2022\/03\/nairobi_partner_learning_event.jpg?resize=320%2C202&amp;ssl=1\" class=\"attachment-blog-medium size-blog-medium wp-post-image\" alt=\"\" srcset=\"https:\/\/i0.wp.com\/well-grounded.org\/wp-content\/uploads\/2022\/03\/nairobi_partner_learning_event.jpg?resize=320%2C202&amp;ssl=1 320w, https:\/\/i0.wp.com\/well-grounded.org\/wp-content\/uploads\/2022\/03\/nairobi_partner_learning_event.jpg?fit=640%2C240&amp;ssl=1 640w\" sizes=\"(max-width: 320px) 100vw, 320px\" \/><div class=\"fusion-rollover\">\n\t<div class=\"fusion-rollover-content\">\n\n\t\t\t\t\t\t\t\t\t\t\t\t\t\t<a class=\"fusion-rollover-link\" href=\"https:\/\/well-grounded.org\/fr\/renforcement-des-organisations-ce-que-veulent-et-ce-dont-ont-besoin-les-osc-africaines\/\">Renforcement des organisations \u2013 ce que veulent et ce dont ont besoin les OSC africaines<\/a>\n\t\t\t\n\t\t\t\t\t\t\t\t\t\t\t\t\t\t\n\t\t\t\t\t\t\t\t\n\t\t\t\t\t\t\t\t\t\t\t\t\t<div class=\"fusion-rollover-sep\"><\/div>\n\t\t\t\t\n\t\t\t\t\t\t\t\t\t\t\t\t\t\t\t\t\t\t<a class=\"fusion-rollover-gallery\" href=\"https:\/\/i0.wp.com\/well-grounded.org\/wp-content\/uploads\/2022\/03\/nairobi_partner_learning_event.jpg?fit=640%2C240&ssl=1\" data-options=\"\" data-id=\"5206\" data-rel=\"iLightbox[gallery]\" data-title=\"nairobi_partner_learning_event\" data-caption=\"\">\n\t\t\t\t\t\tGallery\t\t\t\t\t<\/a>\n\t\t\t\t\t\t\t\t\t\t\t\t\t\t\n\t\t\n\t\t\t\t\t\t\t\t\n\t\t\t\t\t\t\t\t\n\t\t\n\t\t\t\t\t\t<a class=\"fusion-link-wrapper\" href=\"https:\/\/well-grounded.org\/fr\/renforcement-des-organisations-ce-que-veulent-et-ce-dont-ont-besoin-les-osc-africaines\/\" aria-label=\"Renforcement des organisations \u2013 ce que veulent et ce dont ont besoin les OSC africaines\"><\/a>\n\t<\/div>\n<\/div>\n<\/div>\n<\/li>\n\t\t\t\n\t\t\t\n\t\t\t\t\t\t\t\t<\/ul>\n\t<\/div>\n\t<div class=\"fusion-post-content post-content\"><h2 class=\"blog-shortcode-post-title entry-title\">Renforcement des organisations \u2013 ce que veulent et ce dont ont besoin les OSC africaines<\/h2><div class=\"fusion-post-content-container\"><p>\u00ab Nous avons tendance \u00e0 beaucoup parler du travail sur le terrain mais nous accordons beaucoup moins d'attention au d\u00e9veloppement organisationnel, alors m\u00eame que la durabilit\u00e9 des actions sur le terrain d\u00e9pend de la force d'une organisation\u2026 Le d\u00e9veloppement organisationnel, ce n'est pas comme lorsque vous plantez un haricot que vous voyez pousser au fil de quelques mois, au lieu de cela, c'est un processus. \u00bb \u2013 Repr\u00e9sentant d'une organisation<a href=\"https:\/\/well-grounded.org\/fr\/renforcement-des-organisations-ce-que-veulent-et-ce-dont-ont-besoin-les-osc-africaines\/\"> [...]<\/a><\/p><\/div><\/div><div class=\"fusion-clearfix\"><\/div><div class=\"fusion-meta-info\"><div class=\"fusion-alignleft\"><span class=\"vcard\" style=\"display: none;\"><span class=\"fn\"><a href=\"https:\/\/well-grounded.org\/fr\/author\/admin\/\" title=\"Articles par admin\" rel=\"author\">admin<\/a><\/span><\/span><span class=\"updated\" style=\"display:none;\">2022-03-11T13:48:55+00:00<\/span><span>ao\u00fbt 17th, 2015<\/span><span class=\"fusion-inline-sep\">|<\/span>Categories: <a href=\"https:\/\/well-grounded.org\/fr\/category\/developpement-organisationnel\/\" rel=\"category tag\">D\u00e9veloppement Organisationnel<\/a><span class=\"fusion-inline-sep\">|<\/span><\/div><div class=\"fusion-alignright\"><a class=\"fusion-read-more\" href=\"https:\/\/well-grounded.org\/fr\/renforcement-des-organisations-ce-que-veulent-et-ce-dont-ont-besoin-les-osc-africaines\/\" aria-label=\"More on Renforcement des organisations \u2013 ce que veulent et ce dont ont besoin les OSC africaines\">Read More<\/a><\/div><\/div><\/article>\n<article id=\"blog-1-post-5207\" class=\"fusion-post-medium post-5207 post type-post status-publish format-standard has-post-thumbnail hentry category-developpement-organisationnel\">\n\t<style type=\"text\/css\">\n\t\t\n\t\t\n\t\t\n\t\t\n\t\t\t<\/style>\n\n\n\t\t\t<div class=\"fusion-flexslider flexslider fusion-flexslider-loading fusion-post-slideshow\" style=\"\">\n\t\t<ul class=\"slides\">\n\t\t\t\n\t\t\t\t\t\t\t\t\t\t\t\t\t\t<li><div  class=\"fusion-image-wrapper fusion-image-size-fixed\" aria-haspopup=\"true\">\n\t\t\t\t<img decoding=\"async\" width=\"320\" height=\"202\" src=\"https:\/\/i0.wp.com\/well-grounded.org\/wp-content\/uploads\/2022\/03\/dsc02339-scaled.jpg?resize=320%2C202&amp;ssl=1\" class=\"attachment-blog-medium size-blog-medium wp-post-image\" alt=\"\" srcset=\"https:\/\/i0.wp.com\/well-grounded.org\/wp-content\/uploads\/2022\/03\/dsc02339-scaled.jpg?resize=320%2C202&amp;ssl=1 320w, https:\/\/i0.wp.com\/well-grounded.org\/wp-content\/uploads\/2022\/03\/dsc02339-scaled.jpg?zoom=2&amp;resize=320%2C202&amp;ssl=1 640w, https:\/\/i0.wp.com\/well-grounded.org\/wp-content\/uploads\/2022\/03\/dsc02339-scaled.jpg?resize=700%2C441&amp;ssl=1 700w, https:\/\/i0.wp.com\/well-grounded.org\/wp-content\/uploads\/2022\/03\/dsc02339-scaled.jpg?zoom=3&amp;resize=320%2C202&amp;ssl=1 960w, https:\/\/i0.wp.com\/well-grounded.org\/wp-content\/uploads\/2022\/03\/dsc02339-scaled.jpg?fit=2560%2C1707&amp;ssl=1 2560w\" sizes=\"(max-width: 320px) 100vw, 320px\" \/><div class=\"fusion-rollover\">\n\t<div class=\"fusion-rollover-content\">\n\n\t\t\t\t\t\t\t\t\t\t\t\t\t\t<a class=\"fusion-rollover-link\" href=\"https:\/\/well-grounded.org\/fr\/la-valeur-des-conversations-au-sein-dune-organisation\/\">La valeur des conversations au sein d&rsquo;une organisation<\/a>\n\t\t\t\n\t\t\t\t\t\t\t\t\t\t\t\t\t\t\n\t\t\t\t\t\t\t\t\n\t\t\t\t\t\t\t\t\t\t\t\t\t<div class=\"fusion-rollover-sep\"><\/div>\n\t\t\t\t\n\t\t\t\t\t\t\t\t\t\t\t\t\t\t\t\t\t\t<a class=\"fusion-rollover-gallery\" href=\"https:\/\/i0.wp.com\/well-grounded.org\/wp-content\/uploads\/2022\/03\/dsc02339-scaled.jpg?fit=2560%2C1707&ssl=1\" data-options=\"\" data-id=\"5207\" data-rel=\"iLightbox[gallery]\" data-title=\"dsc02339\" data-caption=\"\">\n\t\t\t\t\t\tGallery\t\t\t\t\t<\/a>\n\t\t\t\t\t\t\t\t\t\t\t\t\t\t\n\t\t\n\t\t\t\t\t\t\t\t\n\t\t\t\t\t\t\t\t\n\t\t\n\t\t\t\t\t\t<a class=\"fusion-link-wrapper\" href=\"https:\/\/well-grounded.org\/fr\/la-valeur-des-conversations-au-sein-dune-organisation\/\" aria-label=\"La valeur des conversations au sein d&rsquo;une organisation\"><\/a>\n\t<\/div>\n<\/div>\n<\/div>\n<\/li>\n\t\t\t\n\t\t\t\n\t\t\t\t\t\t\t\t<\/ul>\n\t<\/div>\n\t<div class=\"fusion-post-content post-content\"><h2 class=\"blog-shortcode-post-title entry-title\">La valeur des conversations au sein d&rsquo;une organisation<\/h2><div class=\"fusion-post-content-container\"><p>S'il nous arrive d'assimiler une organisation \u00e0 une structure, \u00e0 quelque chose de plus ou moins permanent, les organisations ne sont, bien entendu, jamais des objets statiques. Ce sont toujours des processus en cours \u2013 leurs visions changent, tout comme leurs missions, leurs structures, leurs activit\u00e9s, leurs bailleurs de fonds et leur personnel. L'une des le\u00e7ons qui m'a le plus servi c'est que, pour v\u00e9ritablement appr\u00e9cier la nature du processus<a href=\"https:\/\/well-grounded.org\/fr\/la-valeur-des-conversations-au-sein-dune-organisation\/\"> [...]<\/a><\/p><\/div><\/div><div class=\"fusion-clearfix\"><\/div><div class=\"fusion-meta-info\"><div class=\"fusion-alignleft\"><span class=\"vcard\" style=\"display: none;\"><span class=\"fn\"><a href=\"https:\/\/well-grounded.org\/fr\/author\/admin\/\" title=\"Articles par admin\" rel=\"author\">admin<\/a><\/span><\/span><span class=\"updated\" style=\"display:none;\">2022-03-11T13:48:55+00:00<\/span><span>juillet 8th, 2015<\/span><span class=\"fusion-inline-sep\">|<\/span>Categories: <a href=\"https:\/\/well-grounded.org\/fr\/category\/developpement-organisationnel\/\" rel=\"category tag\">D\u00e9veloppement Organisationnel<\/a><span class=\"fusion-inline-sep\">|<\/span><\/div><div class=\"fusion-alignright\"><a class=\"fusion-read-more\" href=\"https:\/\/well-grounded.org\/fr\/la-valeur-des-conversations-au-sein-dune-organisation\/\" aria-label=\"More on La valeur des conversations au sein d&rsquo;une organisation\">Read More<\/a><\/div><\/div><\/article>\n<article id=\"blog-1-post-5208\" class=\"fusion-post-medium post-5208 post type-post status-publish format-standard has-post-thumbnail hentry category-developpement-organisationnel category-temoignages-du-terrain\">\n\t<style type=\"text\/css\">\n\t\t\n\t\t\n\t\t\n\t\t\n\t\t\t<\/style>\n\n\n\t\t\t<div class=\"fusion-flexslider flexslider fusion-flexslider-loading fusion-post-slideshow\" style=\"\">\n\t\t<ul class=\"slides\">\n\t\t\t\n\t\t\t\t\t\t\t\t\t\t\t\t\t\t<li><div  class=\"fusion-image-wrapper fusion-image-size-fixed\" aria-haspopup=\"true\">\n\t\t\t\t<img decoding=\"async\" width=\"320\" height=\"202\" src=\"https:\/\/i0.wp.com\/well-grounded.org\/wp-content\/uploads\/2022\/03\/dsc_0016_-_version_4.jpeg?resize=320%2C202&amp;ssl=1\" class=\"attachment-blog-medium size-blog-medium wp-post-image\" alt=\"\" srcset=\"https:\/\/i0.wp.com\/well-grounded.org\/wp-content\/uploads\/2022\/03\/dsc_0016_-_version_4.jpeg?resize=320%2C202&amp;ssl=1 320w, https:\/\/i0.wp.com\/well-grounded.org\/wp-content\/uploads\/2022\/03\/dsc_0016_-_version_4.jpeg?zoom=2&amp;resize=320%2C202&amp;ssl=1 640w, https:\/\/i0.wp.com\/well-grounded.org\/wp-content\/uploads\/2022\/03\/dsc_0016_-_version_4.jpeg?resize=700%2C441&amp;ssl=1 700w, https:\/\/i0.wp.com\/well-grounded.org\/wp-content\/uploads\/2022\/03\/dsc_0016_-_version_4.jpeg?zoom=3&amp;resize=320%2C202&amp;ssl=1 960w, https:\/\/i0.wp.com\/well-grounded.org\/wp-content\/uploads\/2022\/03\/dsc_0016_-_version_4.jpeg?fit=1183%2C784&amp;ssl=1 1183w\" sizes=\"(max-width: 320px) 100vw, 320px\" \/><div class=\"fusion-rollover\">\n\t<div class=\"fusion-rollover-content\">\n\n\t\t\t\t\t\t\t\t\t\t\t\t\t\t<a class=\"fusion-rollover-link\" href=\"https:\/\/well-grounded.org\/fr\/la-revelation-dun-praticien-du-developpement-organisationnel\/\">La r\u00e9v\u00e9lation d\u2019un praticien du d\u00e9veloppement organisationnel<\/a>\n\t\t\t\n\t\t\t\t\t\t\t\t\t\t\t\t\t\t\n\t\t\t\t\t\t\t\t\n\t\t\t\t\t\t\t\t\t\t\t\t\t<div class=\"fusion-rollover-sep\"><\/div>\n\t\t\t\t\n\t\t\t\t\t\t\t\t\t\t\t\t\t\t\t\t\t\t<a class=\"fusion-rollover-gallery\" href=\"https:\/\/i0.wp.com\/well-grounded.org\/wp-content\/uploads\/2022\/03\/dsc_0016_-_version_4.jpeg?fit=1183%2C784&ssl=1\" data-options=\"\" data-id=\"5208\" data-rel=\"iLightbox[gallery]\" data-title=\"dsc_0016_-_version_4\" data-caption=\"\">\n\t\t\t\t\t\tGallery\t\t\t\t\t<\/a>\n\t\t\t\t\t\t\t\t\t\t\t\t\t\t\n\t\t\n\t\t\t\t\t\t\t\t\n\t\t\t\t\t\t\t\t\n\t\t\n\t\t\t\t\t\t<a class=\"fusion-link-wrapper\" href=\"https:\/\/well-grounded.org\/fr\/la-revelation-dun-praticien-du-developpement-organisationnel\/\" aria-label=\"La r\u00e9v\u00e9lation d\u2019un praticien du d\u00e9veloppement organisationnel\"><\/a>\n\t<\/div>\n<\/div>\n<\/div>\n<\/li>\n\t\t\t\n\t\t\t\n\t\t\t\t\t\t\t\t<\/ul>\n\t<\/div>\n\t<div class=\"fusion-post-content post-content\"><h2 class=\"blog-shortcode-post-title entry-title\">La r\u00e9v\u00e9lation d\u2019un praticien du d\u00e9veloppement organisationnel<\/h2><div class=\"fusion-post-content-container\"><p>Avez-vous d\u00e9j\u00e0 eu une r\u00e9v\u00e9lation en \u00e9coutant un morceau qui d\u00e9crit exactement ce que vous ressentez\u00a0? Vous savez, cet instant o\u00f9 vous vous dites\u00a0: mais oui, c\u2019est \u00e7a\u00a0! Je sais ce que c\u2019est. Alors imaginez que les paroles ne disent pas seulement ce que vous ressentez, mais aussi votre fa\u00e7on de voir le monde, vos id\u00e9es sur la mani\u00e8re de s\u2019y prendre pour changer les choses, votre vision personnelle, vos<a href=\"https:\/\/well-grounded.org\/fr\/la-revelation-dun-praticien-du-developpement-organisationnel\/\"> [...]<\/a><\/p><\/div><\/div><div class=\"fusion-clearfix\"><\/div><div class=\"fusion-meta-info\"><div class=\"fusion-alignleft\"><span class=\"vcard\" style=\"display: none;\"><span class=\"fn\"><a href=\"https:\/\/well-grounded.org\/fr\/author\/admin\/\" title=\"Articles par admin\" rel=\"author\">admin<\/a><\/span><\/span><span class=\"updated\" style=\"display:none;\">2022-03-11T13:48:56+00:00<\/span><span>juin 8th, 2015<\/span><span class=\"fusion-inline-sep\">|<\/span>Categories: <a href=\"https:\/\/well-grounded.org\/fr\/category\/developpement-organisationnel\/\" rel=\"category tag\">D\u00e9veloppement Organisationnel<\/a>, <a href=\"https:\/\/well-grounded.org\/fr\/category\/temoignages-du-terrain\/\" rel=\"category tag\">T\u00e9moignages du terrain<\/a><span class=\"fusion-inline-sep\">|<\/span><\/div><div class=\"fusion-alignright\"><a class=\"fusion-read-more\" href=\"https:\/\/well-grounded.org\/fr\/la-revelation-dun-praticien-du-developpement-organisationnel\/\" aria-label=\"More on La r\u00e9v\u00e9lation d\u2019un praticien du d\u00e9veloppement organisationnel\">Read More<\/a><\/div><\/div><\/article>\n<article id=\"blog-1-post-5209\" class=\"fusion-post-medium post-5209 post type-post status-publish format-standard has-post-thumbnail hentry category-nos-clients category-nos-partenaires\">\n\t<style type=\"text\/css\">\n\t\t\n\t\t\n\t\t\n\t\t\n\t\t\t<\/style>\n\n\n\t\t\t<div class=\"fusion-flexslider flexslider fusion-flexslider-loading fusion-post-slideshow\" style=\"\">\n\t\t<ul class=\"slides\">\n\t\t\t\n\t\t\t\t\t\t\t\t\t\t\t\t\t\t<li><div  class=\"fusion-image-wrapper fusion-image-size-fixed\" aria-haspopup=\"true\">\n\t\t\t\t<img decoding=\"async\" width=\"320\" height=\"202\" src=\"https:\/\/i0.wp.com\/well-grounded.org\/wp-content\/uploads\/2022\/03\/values-640x240-1.png?resize=320%2C202&amp;ssl=1\" class=\"attachment-blog-medium size-blog-medium wp-post-image\" alt=\"\" srcset=\"https:\/\/i0.wp.com\/well-grounded.org\/wp-content\/uploads\/2022\/03\/values-640x240-1.png?resize=320%2C202&amp;ssl=1 320w, https:\/\/i0.wp.com\/well-grounded.org\/wp-content\/uploads\/2022\/03\/values-640x240-1.png?fit=640%2C240&amp;ssl=1 640w\" sizes=\"(max-width: 320px) 100vw, 320px\" \/><div class=\"fusion-rollover\">\n\t<div class=\"fusion-rollover-content\">\n\n\t\t\t\t\t\t\t\t\t\t\t\t\t\t<a class=\"fusion-rollover-link\" href=\"https:\/\/well-grounded.org\/fr\/quest-ce-qui-fait-quune-organisation-est-forte-six-points-de-vue-dosc-africaines\/\">Qu&rsquo;est-ce qui fait qu&rsquo;une organisation est forte ? Six points de vue d&rsquo;OSC africaines<\/a>\n\t\t\t\n\t\t\t\t\t\t\t\t\t\t\t\t\t\t\n\t\t\t\t\t\t\t\t\n\t\t\t\t\t\t\t\t\t\t\t\t\t<div class=\"fusion-rollover-sep\"><\/div>\n\t\t\t\t\n\t\t\t\t\t\t\t\t\t\t\t\t\t\t\t\t\t\t<a class=\"fusion-rollover-gallery\" href=\"https:\/\/i0.wp.com\/well-grounded.org\/wp-content\/uploads\/2022\/03\/values-640x240-1.png?fit=640%2C240&ssl=1\" data-options=\"\" data-id=\"5209\" data-rel=\"iLightbox[gallery]\" data-title=\"values-640x240\" data-caption=\"\">\n\t\t\t\t\t\tGallery\t\t\t\t\t<\/a>\n\t\t\t\t\t\t\t\t\t\t\t\t\t\t\n\t\t\n\t\t\t\t\t\t\t\t\n\t\t\t\t\t\t\t\t\n\t\t\n\t\t\t\t\t\t<a class=\"fusion-link-wrapper\" href=\"https:\/\/well-grounded.org\/fr\/quest-ce-qui-fait-quune-organisation-est-forte-six-points-de-vue-dosc-africaines\/\" aria-label=\"Qu&rsquo;est-ce qui fait qu&rsquo;une organisation est forte ? Six points de vue d&rsquo;OSC africaines\"><\/a>\n\t<\/div>\n<\/div>\n<\/div>\n<\/li>\n\t\t\t\n\t\t\t\n\t\t\t\t\t\t\t\t<\/ul>\n\t<\/div>\n\t<div class=\"fusion-post-content post-content\"><h2 class=\"blog-shortcode-post-title entry-title\">Qu&rsquo;est-ce qui fait qu&rsquo;une organisation est forte ? Six points de vue d&rsquo;OSC africaines<\/h2><div class=\"fusion-post-content-container\"><p>\u00ab\u00a0Une chose que j'ai apprise de notre discussion, c'est que pour qu'une organisation africaine survive, elle a besoin de savoir faire face si elle n'a rien mais aussi si elle a trop\u00a0\u00bb\u00a0\u2013 Repr\u00e9sentant d'une OSC africaine Durant l'ann\u00e9e \u00e9coul\u00e9e, Maliasili Initiatives et Well Grounded ont travaill\u00e9 ensemble pour tenter de mieux comprendre les principaux enjeux, les d\u00e9fis et les opportunit\u00e9s li\u00e9s au renforcement des organisations de la soci\u00e9t\u00e9 civile (OSC)<a href=\"https:\/\/well-grounded.org\/fr\/quest-ce-qui-fait-quune-organisation-est-forte-six-points-de-vue-dosc-africaines\/\"> [...]<\/a><\/p><\/div><\/div><div class=\"fusion-clearfix\"><\/div><div class=\"fusion-meta-info\"><div class=\"fusion-alignleft\"><span class=\"vcard\" style=\"display: none;\"><span class=\"fn\"><a href=\"https:\/\/well-grounded.org\/fr\/author\/admin\/\" title=\"Articles par admin\" rel=\"author\">admin<\/a><\/span><\/span><span class=\"updated\" style=\"display:none;\">2022-03-11T13:48:56+00:00<\/span><span>mai 19th, 2015<\/span><span class=\"fusion-inline-sep\">|<\/span>Categories: <a href=\"https:\/\/well-grounded.org\/fr\/category\/nos-clients\/\" rel=\"category tag\">Nos clients<\/a>, <a href=\"https:\/\/well-grounded.org\/fr\/category\/nos-partenaires\/\" rel=\"category tag\">Nos partenaires<\/a><span class=\"fusion-inline-sep\">|<\/span><\/div><div class=\"fusion-alignright\"><a class=\"fusion-read-more\" href=\"https:\/\/well-grounded.org\/fr\/quest-ce-qui-fait-quune-organisation-est-forte-six-points-de-vue-dosc-africaines\/\" aria-label=\"More on Qu&rsquo;est-ce qui fait qu&rsquo;une organisation est forte ? Six points de vue d&rsquo;OSC africaines\">Read More<\/a><\/div><\/div><\/article>\n<article id=\"blog-1-post-5210\" class=\"fusion-post-medium post-5210 post type-post status-publish format-standard has-post-thumbnail hentry category-temoignages-du-terrain\">\n\t<style type=\"text\/css\">\n\t\t\n\t\t\n\t\t\n\t\t\n\t\t\t<\/style>\n\n\n\t\t\t<div class=\"fusion-flexslider flexslider fusion-flexslider-loading fusion-post-slideshow\" style=\"\">\n\t\t<ul class=\"slides\">\n\t\t\t\n\t\t\t\t\t\t\t\t\t\t\t\t\t\t<li><div  class=\"fusion-image-wrapper fusion-image-size-fixed\" aria-haspopup=\"true\">\n\t\t\t\t<img decoding=\"async\" width=\"320\" height=\"202\" src=\"https:\/\/i0.wp.com\/well-grounded.org\/wp-content\/uploads\/2022\/03\/love_in_the_time_of_yaounde-scaled.jpg?resize=320%2C202&amp;ssl=1\" class=\"attachment-blog-medium size-blog-medium wp-post-image\" alt=\"\" srcset=\"https:\/\/i0.wp.com\/well-grounded.org\/wp-content\/uploads\/2022\/03\/love_in_the_time_of_yaounde-scaled.jpg?resize=320%2C202&amp;ssl=1 320w, https:\/\/i0.wp.com\/well-grounded.org\/wp-content\/uploads\/2022\/03\/love_in_the_time_of_yaounde-scaled.jpg?zoom=2&amp;resize=320%2C202&amp;ssl=1 640w, https:\/\/i0.wp.com\/well-grounded.org\/wp-content\/uploads\/2022\/03\/love_in_the_time_of_yaounde-scaled.jpg?resize=700%2C441&amp;ssl=1 700w, https:\/\/i0.wp.com\/well-grounded.org\/wp-content\/uploads\/2022\/03\/love_in_the_time_of_yaounde-scaled.jpg?zoom=3&amp;resize=320%2C202&amp;ssl=1 960w, https:\/\/i0.wp.com\/well-grounded.org\/wp-content\/uploads\/2022\/03\/love_in_the_time_of_yaounde-scaled.jpg?fit=2560%2C1577&amp;ssl=1 2560w\" sizes=\"(max-width: 320px) 100vw, 320px\" \/><div class=\"fusion-rollover\">\n\t<div class=\"fusion-rollover-content\">\n\n\t\t\t\t\t\t\t\t\t\t\t\t\t\t<a class=\"fusion-rollover-link\" href=\"https:\/\/well-grounded.org\/fr\/les-valeurs-et-la-culture-profonde-les-racines-du-changement\/\">Les valeurs et la \u00ab\u00a0culture profonde\u00a0\u00bb : les racines du changement<\/a>\n\t\t\t\n\t\t\t\t\t\t\t\t\t\t\t\t\t\t\n\t\t\t\t\t\t\t\t\n\t\t\t\t\t\t\t\t\t\t\t\t\t<div class=\"fusion-rollover-sep\"><\/div>\n\t\t\t\t\n\t\t\t\t\t\t\t\t\t\t\t\t\t\t\t\t\t\t<a class=\"fusion-rollover-gallery\" href=\"https:\/\/i0.wp.com\/well-grounded.org\/wp-content\/uploads\/2022\/03\/love_in_the_time_of_yaounde-scaled.jpg?fit=2560%2C1577&ssl=1\" data-options=\"\" data-id=\"5210\" data-rel=\"iLightbox[gallery]\" data-title=\"love_in_the_time_of_yaounde\" data-caption=\"\">\n\t\t\t\t\t\tGallery\t\t\t\t\t<\/a>\n\t\t\t\t\t\t\t\t\t\t\t\t\t\t\n\t\t\n\t\t\t\t\t\t\t\t\n\t\t\t\t\t\t\t\t\n\t\t\n\t\t\t\t\t\t<a class=\"fusion-link-wrapper\" href=\"https:\/\/well-grounded.org\/fr\/les-valeurs-et-la-culture-profonde-les-racines-du-changement\/\" aria-label=\"Les valeurs et la \u00ab\u00a0culture profonde\u00a0\u00bb : les racines du changement\"><\/a>\n\t<\/div>\n<\/div>\n<\/div>\n<\/li>\n\t\t\t\n\t\t\t\n\t\t\t\t\t\t\t\t<\/ul>\n\t<\/div>\n\t<div class=\"fusion-post-content post-content\"><h2 class=\"blog-shortcode-post-title entry-title\">Les valeurs et la \u00ab\u00a0culture profonde\u00a0\u00bb : les racines du changement<\/h2><div class=\"fusion-post-content-container\"><p>Derni\u00e8rement, j\u2019ai facilit\u00e9 une session avec des repr\u00e9sentants de la soci\u00e9t\u00e9 civile de la R\u00e9publique du Congo. Je leur ai demand\u00e9 de r\u00e9fl\u00e9chir \u00e0 leurs propres valeurs et au lien qu'il existe entre ces valeurs personnelles et leur vie professionnelle. \u00c9couter leurs r\u00e9ponses a \u00e9t\u00e9 une exp\u00e9rience enrichissante et source d'inspiration. A mon tour, je me suis demand\u00e9 quelle serait ma r\u00e9ponse si quelqu'un me posait la m\u00eame question. Pour<a href=\"https:\/\/well-grounded.org\/fr\/les-valeurs-et-la-culture-profonde-les-racines-du-changement\/\"> [...]<\/a><\/p><\/div><\/div><div class=\"fusion-clearfix\"><\/div><div class=\"fusion-meta-info\"><div class=\"fusion-alignleft\"><span class=\"vcard\" style=\"display: none;\"><span class=\"fn\"><a href=\"https:\/\/well-grounded.org\/fr\/author\/admin\/\" title=\"Articles par admin\" rel=\"author\">admin<\/a><\/span><\/span><span class=\"updated\" style=\"display:none;\">2022-03-11T13:48:56+00:00<\/span><span>mai 12th, 2015<\/span><span class=\"fusion-inline-sep\">|<\/span>Categories: <a href=\"https:\/\/well-grounded.org\/fr\/category\/temoignages-du-terrain\/\" rel=\"category tag\">T\u00e9moignages du terrain<\/a><span class=\"fusion-inline-sep\">|<\/span><\/div><div class=\"fusion-alignright\"><a class=\"fusion-read-more\" href=\"https:\/\/well-grounded.org\/fr\/les-valeurs-et-la-culture-profonde-les-racines-du-changement\/\" aria-label=\"More on Les valeurs et la \u00ab\u00a0culture profonde\u00a0\u00bb : les racines du changement\">Read More<\/a><\/div><\/div><\/article>\n<article id=\"blog-1-post-5211\" class=\"fusion-post-medium post-5211 post type-post status-publish format-standard has-post-thumbnail hentry category-developpement-organisationnel category-temoignages-du-terrain\">\n\t<style type=\"text\/css\">\n\t\t\n\t\t\n\t\t\n\t\t\n\t\t\t<\/style>\n\n\n\t\t\t<div class=\"fusion-flexslider flexslider fusion-flexslider-loading fusion-post-slideshow\" style=\"\">\n\t\t<ul class=\"slides\">\n\t\t\t\n\t\t\t\t\t\t\t\t\t\t\t\t\t\t<li><div  class=\"fusion-image-wrapper fusion-image-size-fixed\" aria-haspopup=\"true\">\n\t\t\t\t<img decoding=\"async\" width=\"320\" height=\"202\" src=\"https:\/\/i0.wp.com\/well-grounded.org\/wp-content\/uploads\/2022\/03\/image002.jpg?resize=320%2C202&amp;ssl=1\" class=\"attachment-blog-medium size-blog-medium wp-post-image\" alt=\"\" srcset=\"https:\/\/i0.wp.com\/well-grounded.org\/wp-content\/uploads\/2022\/03\/image002.jpg?resize=320%2C202&amp;ssl=1 320w, https:\/\/i0.wp.com\/well-grounded.org\/wp-content\/uploads\/2022\/03\/image002.jpg?fit=456%2C301&amp;ssl=1 456w\" sizes=\"(max-width: 320px) 100vw, 320px\" \/><div class=\"fusion-rollover\">\n\t<div class=\"fusion-rollover-content\">\n\n\t\t\t\t\t\t\t\t\t\t\t\t\t\t<a class=\"fusion-rollover-link\" href=\"https:\/\/well-grounded.org\/fr\/et-si-on-arretait-de-penser-pour-autrui-de-faire-a-la-place-dautrui-et-de-dire-aux-autres-ce-qui-est-bien-pour-eux\/\">Et si on arr\u00eatait de penser pour autrui, de faire \u00e0 la place d\u2019autrui et de dire aux autres ce qui est bien pour eux ?<\/a>\n\t\t\t\n\t\t\t\t\t\t\t\t\t\t\t\t\t\t\n\t\t\t\t\t\t\t\t\n\t\t\t\t\t\t\t\t\t\t\t\t\t<div class=\"fusion-rollover-sep\"><\/div>\n\t\t\t\t\n\t\t\t\t\t\t\t\t\t\t\t\t\t\t\t\t\t\t<a class=\"fusion-rollover-gallery\" href=\"https:\/\/i0.wp.com\/well-grounded.org\/wp-content\/uploads\/2022\/03\/image002.jpg?fit=456%2C301&ssl=1\" data-options=\"\" data-id=\"5211\" data-rel=\"iLightbox[gallery]\" data-title=\"image002\" data-caption=\"\">\n\t\t\t\t\t\tGallery\t\t\t\t\t<\/a>\n\t\t\t\t\t\t\t\t\t\t\t\t\t\t\n\t\t\n\t\t\t\t\t\t\t\t\n\t\t\t\t\t\t\t\t\n\t\t\n\t\t\t\t\t\t<a class=\"fusion-link-wrapper\" href=\"https:\/\/well-grounded.org\/fr\/et-si-on-arretait-de-penser-pour-autrui-de-faire-a-la-place-dautrui-et-de-dire-aux-autres-ce-qui-est-bien-pour-eux\/\" aria-label=\"Et si on arr\u00eatait de penser pour autrui, de faire \u00e0 la place d\u2019autrui et de dire aux autres ce qui est bien pour eux ?\"><\/a>\n\t<\/div>\n<\/div>\n<\/div>\n<\/li>\n\t\t\t\n\t\t\t\n\t\t\t\t\t\t\t\t<\/ul>\n\t<\/div>\n\t<div class=\"fusion-post-content post-content\"><h2 class=\"blog-shortcode-post-title entry-title\">Et si on arr\u00eatait de penser pour autrui, de faire \u00e0 la place d\u2019autrui et de dire aux autres ce qui est bien pour eux ?<\/h2><div class=\"fusion-post-content-container\"><p>\u00ab\u00a0Tout ce que tu fais pour moi sans moi, tu le fais contre moi\u2026\u00bb disait Gandhi. Une exp\u00e9rience que j\u2019ai v\u00e9cue r\u00e9cemment m\u2019a fait penser \u00e0 \u00e7a. J\u2019ai facilit\u00e9 un processus strat\u00e9gique avec une organisation que nous accompagnons. Le directeur ex\u00e9cutif de cette organisation m\u2019a confi\u00e9 ceci \u00e0 propos d\u2019un processus de planification strat\u00e9gique qu\u2019ils ont eu :\u00a0\u00ab\u00a0Nous avons fait un processus de planification strat\u00e9gique en 2008, cela a \u00e9t\u00e9<a href=\"https:\/\/well-grounded.org\/fr\/et-si-on-arretait-de-penser-pour-autrui-de-faire-a-la-place-dautrui-et-de-dire-aux-autres-ce-qui-est-bien-pour-eux\/\"> [...]<\/a><\/p><\/div><\/div><div class=\"fusion-clearfix\"><\/div><div class=\"fusion-meta-info\"><div class=\"fusion-alignleft\"><span class=\"vcard\" style=\"display: none;\"><span class=\"fn\"><a href=\"https:\/\/well-grounded.org\/fr\/author\/admin\/\" title=\"Articles par admin\" rel=\"author\">admin<\/a><\/span><\/span><span class=\"updated\" style=\"display:none;\">2022-03-11T13:48:56+00:00<\/span><span>avril 9th, 2015<\/span><span class=\"fusion-inline-sep\">|<\/span>Categories: <a href=\"https:\/\/well-grounded.org\/fr\/category\/developpement-organisationnel\/\" rel=\"category tag\">D\u00e9veloppement Organisationnel<\/a>, <a href=\"https:\/\/well-grounded.org\/fr\/category\/temoignages-du-terrain\/\" rel=\"category tag\">T\u00e9moignages du terrain<\/a><span class=\"fusion-inline-sep\">|<\/span><\/div><div class=\"fusion-alignright\"><a class=\"fusion-read-more\" href=\"https:\/\/well-grounded.org\/fr\/et-si-on-arretait-de-penser-pour-autrui-de-faire-a-la-place-dautrui-et-de-dire-aux-autres-ce-qui-est-bien-pour-eux\/\" aria-label=\"More on Et si on arr\u00eatait de penser pour autrui, de faire \u00e0 la place d\u2019autrui et de dire aux autres ce qui est bien pour eux ?\">Read More<\/a><\/div><\/div><\/article>\n<article id=\"blog-1-post-5212\" class=\"fusion-post-medium post-5212 post type-post status-publish format-standard has-post-thumbnail hentry category-developpement-organisationnel category-temoignages-du-terrain\">\n\t<style type=\"text\/css\">\n\t\t\n\t\t\n\t\t\n\t\t\n\t\t\t<\/style>\n\n\n\t\t\t<div class=\"fusion-flexslider flexslider fusion-flexslider-loading fusion-post-slideshow\" style=\"\">\n\t\t<ul class=\"slides\">\n\t\t\t\n\t\t\t\t\t\t\t\t\t\t\t\t\t\t<li><div  class=\"fusion-image-wrapper fusion-image-size-fixed\" aria-haspopup=\"true\">\n\t\t\t\t<img decoding=\"async\" width=\"320\" height=\"202\" src=\"https:\/\/i0.wp.com\/well-grounded.org\/wp-content\/uploads\/2022\/03\/img_8017-scaled.jpg?resize=320%2C202&amp;ssl=1\" class=\"attachment-blog-medium size-blog-medium wp-post-image\" alt=\"\" srcset=\"https:\/\/i0.wp.com\/well-grounded.org\/wp-content\/uploads\/2022\/03\/img_8017-scaled.jpg?resize=320%2C202&amp;ssl=1 320w, https:\/\/i0.wp.com\/well-grounded.org\/wp-content\/uploads\/2022\/03\/img_8017-scaled.jpg?zoom=2&amp;resize=320%2C202&amp;ssl=1 640w, https:\/\/i0.wp.com\/well-grounded.org\/wp-content\/uploads\/2022\/03\/img_8017-scaled.jpg?resize=700%2C441&amp;ssl=1 700w, https:\/\/i0.wp.com\/well-grounded.org\/wp-content\/uploads\/2022\/03\/img_8017-scaled.jpg?zoom=3&amp;resize=320%2C202&amp;ssl=1 960w, https:\/\/i0.wp.com\/well-grounded.org\/wp-content\/uploads\/2022\/03\/img_8017-scaled.jpg?fit=2560%2C1707&amp;ssl=1 2560w\" sizes=\"(max-width: 320px) 100vw, 320px\" \/><div class=\"fusion-rollover\">\n\t<div class=\"fusion-rollover-content\">\n\n\t\t\t\t\t\t\t\t\t\t\t\t\t\t<a class=\"fusion-rollover-link\" href=\"https:\/\/well-grounded.org\/fr\/bienvenue-sur-le-blog-de-well-grounded\/\">Bienvenue sur le blog de Well Grounded!<\/a>\n\t\t\t\n\t\t\t\t\t\t\t\t\t\t\t\t\t\t\n\t\t\t\t\t\t\t\t\n\t\t\t\t\t\t\t\t\t\t\t\t\t<div class=\"fusion-rollover-sep\"><\/div>\n\t\t\t\t\n\t\t\t\t\t\t\t\t\t\t\t\t\t\t\t\t\t\t<a class=\"fusion-rollover-gallery\" href=\"https:\/\/i0.wp.com\/well-grounded.org\/wp-content\/uploads\/2022\/03\/img_8017-scaled.jpg?fit=2560%2C1707&ssl=1\" data-options=\"\" data-id=\"5212\" data-rel=\"iLightbox[gallery]\" data-title=\"img_8017\" data-caption=\"\">\n\t\t\t\t\t\tGallery\t\t\t\t\t<\/a>\n\t\t\t\t\t\t\t\t\t\t\t\t\t\t\n\t\t\n\t\t\t\t\t\t\t\t\n\t\t\t\t\t\t\t\t\n\t\t\n\t\t\t\t\t\t<a class=\"fusion-link-wrapper\" href=\"https:\/\/well-grounded.org\/fr\/bienvenue-sur-le-blog-de-well-grounded\/\" aria-label=\"Bienvenue sur le blog de Well Grounded!\"><\/a>\n\t<\/div>\n<\/div>\n<\/div>\n<\/li>\n\t\t\t\n\t\t\t\n\t\t\t\t\t\t\t\t<\/ul>\n\t<\/div>\n\t<div class=\"fusion-post-content post-content\"><h2 class=\"blog-shortcode-post-title entry-title\">Bienvenue sur le blog de Well Grounded!<\/h2><div class=\"fusion-post-content-container\"><p>Bienvenue sur le blog de Well Grounded ! Ce blog se veut un lieu de r\u00e9flexion sur les d\u00e9fis auxquels sont confront\u00e9es les organisations de la soci\u00e9t\u00e9 civile africaine aujourd\u2019hui, particuli\u00e8rement au sein de leurs propres organisations quand il s\u2019agit d\u2019\u00e9laborer des actions collectives et de savoir cr\u00e9er et occuper un espace d\u2019o\u00f9 pourra na\u00eetre un changement b\u00e9n\u00e9fique v\u00e9ritable. Nous esp\u00e9rons qu\u2019au fil du temps de nombreuses personnes et organisations<a href=\"https:\/\/well-grounded.org\/fr\/bienvenue-sur-le-blog-de-well-grounded\/\"> [...]<\/a><\/p><\/div><\/div><div class=\"fusion-clearfix\"><\/div><div class=\"fusion-meta-info\"><div class=\"fusion-alignleft\"><span class=\"vcard\" style=\"display: none;\"><span class=\"fn\"><a href=\"https:\/\/well-grounded.org\/fr\/author\/admin\/\" title=\"Articles par admin\" rel=\"author\">admin<\/a><\/span><\/span><span class=\"updated\" style=\"display:none;\">2022-03-11T13:48:57+00:00<\/span><span>mars 16th, 2015<\/span><span class=\"fusion-inline-sep\">|<\/span>Categories: <a href=\"https:\/\/well-grounded.org\/fr\/category\/developpement-organisationnel\/\" rel=\"category tag\">D\u00e9veloppement Organisationnel<\/a>, <a href=\"https:\/\/well-grounded.org\/fr\/category\/temoignages-du-terrain\/\" rel=\"category tag\">T\u00e9moignages du terrain<\/a><span class=\"fusion-inline-sep\">|<\/span><\/div><div class=\"fusion-alignright\"><a class=\"fusion-read-more\" href=\"https:\/\/well-grounded.org\/fr\/bienvenue-sur-le-blog-de-well-grounded\/\" aria-label=\"More on Bienvenue sur le blog de Well Grounded!\">Read More<\/a><\/div><\/div><\/article>\n<\/div><\/div><\/div><\/div><\/div><\/div><div class=\"fusion-fullwidth fullwidth-box fusion-builder-row-2 fusion-flex-container nonhundred-percent-fullwidth non-hundred-percent-height-scrolling\" style=\"--awb-border-radius-top-left:0px;--awb-border-radius-top-right:0px;--awb-border-radius-bottom-right:0px;--awb-border-radius-bottom-left:0px;--awb-flex-wrap:wrap;\" ><div class=\"fusion-builder-row fusion-row fusion-flex-align-items-flex-start fusion-flex-content-wrap\" style=\"max-width:1331.2px;margin-left: calc(-4% \/ 2 );margin-right: calc(-4% \/ 2 );\"><\/div><\/div><\/p>\n","protected":false},"excerpt":{"rendered":"","protected":false},"author":1,"featured_media":0,"parent":0,"menu_order":0,"comment_status":"closed","ping_status":"closed","template":"","meta":{"footnotes":""},"class_list":["post-6148","page","type-page","status-publish","hentry"],"yoast_head":"<!-- This site is optimized with the Yoast SEO plugin v27.4 - https:\/\/yoast.com\/product\/yoast-seo-wordpress\/ -->\n<title>Nouvelles et vues - Well Grounded<\/title>\n<meta name=\"robots\" content=\"index, follow, max-snippet:-1, max-image-preview:large, max-video-preview:-1\" \/>\n<link rel=\"canonical\" href=\"https:\/\/well-grounded.org\/fr\/blog\/\" \/>\n<meta property=\"og:locale\" content=\"fr_FR\" \/>\n<meta property=\"og:type\" content=\"article\" \/>\n<meta property=\"og:title\" content=\"Nouvelles et vues - Well Grounded\" \/>\n<meta property=\"og:url\" content=\"https:\/\/well-grounded.org\/fr\/blog\/\" \/>\n<meta property=\"og:site_name\" content=\"Well Grounded\" \/>\n<meta property=\"article:modified_time\" content=\"2024-10-02T10:53:26+00:00\" \/>\n<meta name=\"twitter:card\" content=\"summary_large_image\" \/>\n<meta name=\"twitter:label1\" content=\"Dur\u00e9e de lecture estim\u00e9e\" \/>\n\t<meta name=\"twitter:data1\" content=\"40 minutes\" \/>\n<!-- \/ Yoast SEO plugin. -->","yoast_head_json":{"title":"Nouvelles et vues - Well Grounded","robots":{"index":"index","follow":"follow","max-snippet":"max-snippet:-1","max-image-preview":"max-image-preview:large","max-video-preview":"max-video-preview:-1"},"canonical":"https:\/\/well-grounded.org\/fr\/blog\/","og_locale":"fr_FR","og_type":"article","og_title":"Nouvelles et vues - Well Grounded","og_url":"https:\/\/well-grounded.org\/fr\/blog\/","og_site_name":"Well Grounded","article_modified_time":"2024-10-02T10:53:26+00:00","twitter_card":"summary_large_image","twitter_misc":{"Dur\u00e9e de lecture estim\u00e9e":"40 minutes"},"schema":{"@context":"https:\/\/schema.org","@graph":[{"@type":"WebPage","@id":"https:\/\/well-grounded.org\/fr\/blog\/","url":"https:\/\/well-grounded.org\/fr\/blog\/","name":"Nouvelles et vues - Well Grounded","isPartOf":{"@id":"https:\/\/well-grounded.org\/fr\/#website"},"datePublished":"2022-05-20T10:28:40+00:00","dateModified":"2024-10-02T10:53:26+00:00","breadcrumb":{"@id":"https:\/\/well-grounded.org\/fr\/blog\/#breadcrumb"},"inLanguage":"fr-FR","potentialAction":[{"@type":"ReadAction","target":["https:\/\/well-grounded.org\/fr\/blog\/"]}]},{"@type":"BreadcrumbList","@id":"https:\/\/well-grounded.org\/fr\/blog\/#breadcrumb","itemListElement":[{"@type":"ListItem","position":1,"name":"Home","item":"https:\/\/well-grounded.org\/fr\/"},{"@type":"ListItem","position":2,"name":"Nouvelles et vues"}]},{"@type":"WebSite","@id":"https:\/\/well-grounded.org\/fr\/#website","url":"https:\/\/well-grounded.org\/fr\/","name":"Well Grounded","description":"Empowering Civil Society","publisher":{"@id":"https:\/\/well-grounded.org\/fr\/#organization"},"potentialAction":[{"@type":"SearchAction","target":{"@type":"EntryPoint","urlTemplate":"https:\/\/well-grounded.org\/fr\/?s={search_term_string}"},"query-input":{"@type":"PropertyValueSpecification","valueRequired":true,"valueName":"search_term_string"}}],"inLanguage":"fr-FR"},{"@type":"Organization","@id":"https:\/\/well-grounded.org\/fr\/#organization","name":"Well Grounded","url":"https:\/\/well-grounded.org\/fr\/","logo":{"@type":"ImageObject","inLanguage":"fr-FR","@id":"https:\/\/well-grounded.org\/fr\/#\/schema\/logo\/image\/","url":"https:\/\/well-grounded.org\/wp-content\/uploads\/2022\/07\/Well-Grounded-Logo-with-tagline-no-Map.jpg","contentUrl":"https:\/\/well-grounded.org\/wp-content\/uploads\/2022\/07\/Well-Grounded-Logo-with-tagline-no-Map.jpg","width":1195,"height":809,"caption":"Well Grounded"},"image":{"@id":"https:\/\/well-grounded.org\/fr\/#\/schema\/logo\/image\/"}}]}},"jetpack_sharing_enabled":true,"_links":{"self":[{"href":"https:\/\/well-grounded.org\/fr\/wp-json\/wp\/v2\/pages\/6148","targetHints":{"allow":["GET"]}}],"collection":[{"href":"https:\/\/well-grounded.org\/fr\/wp-json\/wp\/v2\/pages"}],"about":[{"href":"https:\/\/well-grounded.org\/fr\/wp-json\/wp\/v2\/types\/page"}],"author":[{"embeddable":true,"href":"https:\/\/well-grounded.org\/fr\/wp-json\/wp\/v2\/users\/1"}],"replies":[{"embeddable":true,"href":"https:\/\/well-grounded.org\/fr\/wp-json\/wp\/v2\/comments?post=6148"}],"version-history":[{"count":0,"href":"https:\/\/well-grounded.org\/fr\/wp-json\/wp\/v2\/pages\/6148\/revisions"}],"wp:attachment":[{"href":"https:\/\/well-grounded.org\/fr\/wp-json\/wp\/v2\/media?parent=6148"}],"curies":[{"name":"wp","href":"https:\/\/api.w.org\/{rel}","templated":true}]}}