{"id":5549,"date":"2022-04-05T15:20:26","date_gmt":"2022-04-05T15:20:26","guid":{"rendered":"https:\/\/well-grounded.org\/videos\/"},"modified":"2022-12-08T09:49:04","modified_gmt":"2022-12-08T09:49:04","slug":"multimedia","status":"publish","type":"page","link":"https:\/\/well-grounded.org\/fr\/multimedia\/","title":{"rendered":"Multim\u00e9dia"},"content":{"rendered":"<p><div class=\"fusion-fullwidth fullwidth-box fusion-builder-row-1 fusion-flex-container nonhundred-percent-fullwidth non-hundred-percent-height-scrolling\" style=\"--awb-background-position:left top;--awb-border-sizes-top:0px;--awb-border-sizes-bottom:0px;--awb-border-sizes-left:0px;--awb-border-sizes-right:0px;--awb-border-radius-top-left:0px;--awb-border-radius-top-right:0px;--awb-border-radius-bottom-right:0px;--awb-border-radius-bottom-left:0px;--awb-padding-top:50px;--awb-padding-bottom:20px;--awb-flex-wrap:wrap;\" ><div class=\"fusion-builder-row fusion-row fusion-flex-align-items-flex-start fusion-flex-content-wrap\" style=\"max-width:1331.2px;margin-left: calc(-4% \/ 2 );margin-right: calc(-4% \/ 2 );\"><div class=\"fusion-layout-column fusion_builder_column fusion-builder-column-0 fusion_builder_column_1_1 1_1 fusion-flex-column\" style=\"--awb-bg-size:cover;--awb-width-large:100%;--awb-margin-top-large:10px;--awb-spacing-right-large:1.92%;--awb-margin-bottom-large:30px;--awb-spacing-left-large:1.92%;--awb-width-medium:100%;--awb-spacing-right-medium:1.92%;--awb-spacing-left-medium:1.92%;--awb-width-small:100%;--awb-spacing-right-small:1.92%;--awb-spacing-left-small:1.92%;\"><div class=\"fusion-column-wrapper fusion-flex-justify-content-flex-start fusion-content-layout-column\"><div class=\"fusion-text fusion-text-1\" style=\"--awb-text-transform:none;\"><p style=\"font-size: 24px; line-height: 36px; text-align: left;\">Bienvenue dans nos m\u00e9dias. Vous y trouverez suffisamment d&rsquo;informations sur nos sessions d&rsquo;ateliers, nos r\u00e9alisations et les t\u00e9moignages percutants des participant.e.s \u00e0 nos activit\u00e9s.<\/p>\n<\/div><\/div><\/div><\/div><\/div><div class=\"fusion-fullwidth fullwidth-box fusion-builder-row-2 fusion-flex-container nonhundred-percent-fullwidth non-hundred-percent-height-scrolling\" style=\"--awb-background-position:left top;--awb-border-sizes-top:0px;--awb-border-sizes-bottom:0px;--awb-border-sizes-left:0px;--awb-border-sizes-right:0px;--awb-border-radius-top-left:0px;--awb-border-radius-top-right:0px;--awb-border-radius-bottom-right:0px;--awb-border-radius-bottom-left:0px;--awb-flex-wrap:wrap;\" ><div class=\"fusion-builder-row fusion-row fusion-flex-align-items-flex-start fusion-flex-content-wrap\" style=\"max-width:1331.2px;margin-left: calc(-4% \/ 2 );margin-right: calc(-4% \/ 2 );\"><div class=\"fusion-layout-column fusion_builder_column fusion-builder-column-1 fusion_builder_column_1_3 1_3 fusion-flex-column\" style=\"--awb-padding-top:0px;--awb-bg-size:cover;--awb-width-large:33.333333333333%;--awb-margin-top-large:10px;--awb-spacing-right-large:5.76%;--awb-margin-bottom-large:30px;--awb-spacing-left-large:5.76%;--awb-width-medium:100%;--awb-order-medium:0;--awb-spacing-right-medium:1.92%;--awb-spacing-left-medium:1.92%;--awb-width-small:100%;--awb-order-small:0;--awb-spacing-right-small:1.92%;--awb-spacing-left-small:1.92%;\"><div class=\"fusion-column-wrapper fusion-column-has-shadow fusion-flex-justify-content-flex-start fusion-content-layout-column\"><div class=\"fusion-video fusion-youtube\" style=\"--awb-max-width:600px;--awb-max-height:360px;\"><div class=\"video-shortcode\"><div class=\"fluid-width-video-wrapper\" style=\"padding-top:60%;\" ><iframe title=\"YouTube video player 1\" src=\"https:\/\/www.youtube.com\/embed\/sFKuzOPoVP4?wmode=transparent&autoplay=0\" width=\"600\" height=\"360\" allowfullscreen allow=\"autoplay; clipboard-write; encrypted-media; gyroscope; picture-in-picture;\"><\/iframe><\/div><\/div><\/div><div class=\"fusion-text fusion-text-2\" style=\"--awb-text-transform:none;--awb-margin-top:20px;\"><div class=\"kc-elm kc-css-25639 kc_text_block\">\n<div class=\"kc-elm kc-css-281917 kc_col-sm-6 kc_column kc_col-sm-6\">\n<div class=\"kc-col-container\">\n<div class=\"kc-elm kc-css-439122 kc_text_block\">\n<p class=\"title style-scope ytd-video-primary-info-renderer\" style=\"text-align: left;\"><strong>Retraite F4C Cohorte 2022<\/strong><\/p>\n<p>La retraite de 6 jours organis\u00e9e simultan\u00e9ment sur trois endroits diff\u00e9rents qui sont : Goma pour les participant.e.s de l&rsquo;Est de la RDC, Kisantu pour les participant.e.s de l&rsquo;Ouest de la RDC et de la R\u00e9publique du Congo, et Nkolandom pour celles\/ceux du Cameroun, a \u00e9t\u00e9, comme le t\u00e9moignent les participant.e.s eux\/elles-m\u00eames, un grand succ\u00e8s et un moment d&rsquo;immersion compl\u00e8te dans le programme. Elle a, en outre, permis aux participant.e.s de comprendre encore mieux ce que c&rsquo;est la facilitation ainsi que le r\u00f4le du\/de la facilitateur.e.<\/p>\n<p>Regardez la vid\u00e9o pour obtenir les t\u00e9moignages des participant.e.s \u00e0 l&rsquo;issue de cette retraite.<\/p>\n<\/div>\n<\/div>\n<\/div>\n<\/div>\n<\/div><\/div><\/div><div class=\"fusion-layout-column fusion_builder_column fusion-builder-column-2 fusion_builder_column_1_3 1_3 fusion-flex-column\" style=\"--awb-padding-top:0px;--awb-bg-size:cover;--awb-width-large:33.333333333333%;--awb-margin-top-large:10px;--awb-spacing-right-large:5.76%;--awb-margin-bottom-large:30px;--awb-spacing-left-large:5.76%;--awb-width-medium:100%;--awb-order-medium:0;--awb-spacing-right-medium:1.92%;--awb-spacing-left-medium:1.92%;--awb-width-small:100%;--awb-order-small:0;--awb-spacing-right-small:1.92%;--awb-spacing-left-small:1.92%;\"><div class=\"fusion-column-wrapper fusion-column-has-shadow fusion-flex-justify-content-flex-start fusion-content-layout-column\"><div class=\"fusion-video fusion-youtube\" style=\"--awb-max-width:600px;--awb-max-height:360px;\"><div class=\"video-shortcode\"><div class=\"fluid-width-video-wrapper\" style=\"padding-top:60%;\" ><iframe title=\"YouTube video player 2\" src=\"https:\/\/www.youtube.com\/embed\/mt9thQ6XJW0?wmode=transparent&autoplay=0\" width=\"600\" height=\"360\" allowfullscreen allow=\"autoplay; clipboard-write; encrypted-media; gyroscope; picture-in-picture;\"><\/iframe><\/div><\/div><\/div><div class=\"fusion-text fusion-text-3\" style=\"--awb-text-transform:none;--awb-margin-top:20px;\"><div class=\"kc-elm kc-css-25639 kc_text_block\">\n<div class=\"kc-elm kc-css-281917 kc_col-sm-6 kc_column kc_col-sm-6\">\n<div class=\"kc-col-container\">\n<div class=\"kc-elm kc-css-439122 kc_text_block\">\n<p class=\"title style-scope ytd-video-primary-info-renderer\" style=\"text-align: left;\"><strong>Qu&rsquo;est-ce que le d\u00e9veloppement organisationnel ?<br \/>\n<\/strong><\/p>\n<p>Si vous vous demandez ce qu&rsquo;est r\u00e9ellement le d\u00e9veloppement organisationnel et ce que nous faisons pour soutenir les organisations de la soci\u00e9t\u00e9 civile, cette vid\u00e9o est pour vous&nbsp;!<\/p>\n<\/div>\n<\/div>\n<\/div>\n<\/div>\n<\/div><\/div><\/div><div class=\"fusion-layout-column fusion_builder_column fusion-builder-column-3 fusion_builder_column_1_3 1_3 fusion-flex-column\" style=\"--awb-padding-top:0px;--awb-bg-size:cover;--awb-width-large:33.333333333333%;--awb-margin-top-large:10px;--awb-spacing-right-large:5.76%;--awb-margin-bottom-large:30px;--awb-spacing-left-large:5.76%;--awb-width-medium:100%;--awb-order-medium:0;--awb-spacing-right-medium:1.92%;--awb-spacing-left-medium:1.92%;--awb-width-small:100%;--awb-order-small:0;--awb-spacing-right-small:1.92%;--awb-spacing-left-small:1.92%;\"><div class=\"fusion-column-wrapper fusion-column-has-shadow fusion-flex-justify-content-flex-start fusion-content-layout-column\"><div class=\"fusion-video fusion-youtube\" style=\"--awb-max-width:600px;--awb-max-height:360px;\"><div class=\"video-shortcode\"><div class=\"fluid-width-video-wrapper\" style=\"padding-top:60%;\" ><iframe title=\"YouTube video player 3\" src=\"https:\/\/www.youtube.com\/embed\/ZNnqRvADXSY?wmode=transparent&autoplay=0\" width=\"600\" height=\"360\" allowfullscreen allow=\"autoplay; clipboard-write; encrypted-media; gyroscope; picture-in-picture;\"><\/iframe><\/div><\/div><\/div><div class=\"fusion-text fusion-text-4\" style=\"--awb-text-transform:none;--awb-margin-top:20px;\"><div class=\"kc-elm kc-css-695482 kc_col-sm-6 kc_column kc_col-sm-6\">\n<div class=\"kc-col-container\">\n<div class=\"kc-elm kc-css-449159 kc_text_block\">\n<p class=\"title style-scope ytd-video-primary-info-renderer\"><strong>D\u00e9veloppement organisationnel en pratique<br \/>\n<\/strong><\/p>\n<p>Voyez ici comment les participants \u00e0 la formation de Well Grounded en d\u00e9veloppement organisationnel effectuent leur travail. Suivez l&rsquo;un des participants sur le terrain !<strong><br \/>\n<\/strong><\/p>\n<\/div>\n<\/div>\n<\/div>\n<\/div><\/div><\/div><div class=\"fusion-layout-column fusion_builder_column fusion-builder-column-4 fusion_builder_column_1_3 1_3 fusion-flex-column\" style=\"--awb-padding-top:0px;--awb-bg-size:cover;--awb-width-large:33.333333333333%;--awb-margin-top-large:10px;--awb-spacing-right-large:5.76%;--awb-margin-bottom-large:30px;--awb-spacing-left-large:5.76%;--awb-width-medium:100%;--awb-order-medium:0;--awb-spacing-right-medium:1.92%;--awb-spacing-left-medium:1.92%;--awb-width-small:100%;--awb-order-small:0;--awb-spacing-right-small:1.92%;--awb-spacing-left-small:1.92%;\"><div class=\"fusion-column-wrapper fusion-column-has-shadow fusion-flex-justify-content-flex-start fusion-content-layout-column\"><div class=\"fusion-video fusion-youtube\" style=\"--awb-max-width:600px;--awb-max-height:360px;\"><div class=\"video-shortcode\"><div class=\"fluid-width-video-wrapper\" style=\"padding-top:60%;\" ><iframe title=\"YouTube video player 4\" src=\"https:\/\/www.youtube.com\/embed\/X3PFlO6lwHk?wmode=transparent&autoplay=0\" width=\"600\" height=\"360\" allowfullscreen allow=\"autoplay; clipboard-write; encrypted-media; gyroscope; picture-in-picture;\"><\/iframe><\/div><\/div><\/div><div class=\"fusion-text fusion-text-5\" style=\"--awb-text-transform:none;--awb-margin-top:20px;\"><div class=\"kc-elm kc-css-75030 kc_col-sm-6 kc_column kc_col-sm-6\">\n<div class=\"kc-col-container\">\n<div class=\"kc-elm kc-css-575631\">\n<p class=\"title style-scope ytd-video-primary-info-renderer\"><strong>Programme de d\u00e9veloppement du leadership de Well Grounded<br \/>\n<\/strong><\/p>\n<\/div>\n<div class=\"kc-elm kc-css-401053 kc_text_block\">\n<p>Cette vid\u00e9o donne un aper\u00e7u du programme r\u00e9gional de d\u00e9veloppement du leadership de Well Grounded qui a \u00e9t\u00e9 propos\u00e9 aux acteurs de la soci\u00e9t\u00e9 civile en 2017-2018. Pour voir la version int\u00e9grale de la vid\u00e9o, veuillez cliquer <a href=\"https:\/\/youtu.be\/E-iOrY_9ZsU\"><strong>ici!<\/strong><\/a><\/p>\n<\/div>\n<\/div>\n<\/div>\n<\/div><\/div><\/div><div class=\"fusion-layout-column fusion_builder_column fusion-builder-column-5 fusion_builder_column_1_3 1_3 fusion-flex-column\" style=\"--awb-padding-top:0px;--awb-bg-size:cover;--awb-width-large:33.333333333333%;--awb-margin-top-large:10px;--awb-spacing-right-large:5.76%;--awb-margin-bottom-large:30px;--awb-spacing-left-large:5.76%;--awb-width-medium:100%;--awb-order-medium:0;--awb-spacing-right-medium:1.92%;--awb-spacing-left-medium:1.92%;--awb-width-small:100%;--awb-order-small:0;--awb-spacing-right-small:1.92%;--awb-spacing-left-small:1.92%;\"><div class=\"fusion-column-wrapper fusion-column-has-shadow fusion-flex-justify-content-flex-start fusion-content-layout-column\"><div class=\"fusion-video fusion-youtube\" style=\"--awb-max-width:600px;--awb-max-height:360px;\"><div class=\"video-shortcode\"><div class=\"fluid-width-video-wrapper\" style=\"padding-top:60%;\" ><iframe title=\"YouTube video player 5\" src=\"https:\/\/www.youtube.com\/embed\/4FBjCWpZxmM?wmode=transparent&autoplay=0\" width=\"600\" height=\"360\" allowfullscreen allow=\"autoplay; clipboard-write; encrypted-media; gyroscope; picture-in-picture;\"><\/iframe><\/div><\/div><\/div><div class=\"fusion-text fusion-text-6\" style=\"--awb-text-transform:none;--awb-margin-top:20px;\"><div class=\"kc-elm kc-css-228020 kc_text_block\">\n<p class=\"title style-scope ytd-video-primary-info-renderer\"><strong>Programme de praticien en d\u00e9veloppement organisationnel de Well Grounded<br \/>\n<\/strong><\/p>\n<p>Depuis 2010, Well Grounded soutient le d\u00e9veloppement des organisations de la soci\u00e9t\u00e9 civile en Afrique. Depuis ao\u00fbt 2017, Well Grounded forme huit consultants \u00e0 travers un programme d&rsquo;un an pour approfondir leurs comp\u00e9tences et transformer leur approche. Cette vid\u00e9o a \u00e9t\u00e9 tourn\u00e9e lors de la premi\u00e8re semaine de formation et marque le d\u00e9but d&rsquo;une nouvelle dynamique, une communaut\u00e9 de pratique.<\/p>\n<\/div>\n<\/div><\/div><\/div><div class=\"fusion-layout-column fusion_builder_column fusion-builder-column-6 fusion_builder_column_1_3 1_3 fusion-flex-column\" style=\"--awb-padding-top:0px;--awb-bg-size:cover;--awb-width-large:33.333333333333%;--awb-margin-top-large:10px;--awb-spacing-right-large:5.76%;--awb-margin-bottom-large:30px;--awb-spacing-left-large:5.76%;--awb-width-medium:100%;--awb-order-medium:0;--awb-spacing-right-medium:1.92%;--awb-spacing-left-medium:1.92%;--awb-width-small:100%;--awb-order-small:0;--awb-spacing-right-small:1.92%;--awb-spacing-left-small:1.92%;\"><div class=\"fusion-column-wrapper fusion-column-has-shadow fusion-flex-justify-content-flex-start fusion-content-layout-column\"><div class=\"fusion-video fusion-youtube\" style=\"--awb-max-width:600px;--awb-max-height:360px;\"><div class=\"video-shortcode\"><div class=\"fluid-width-video-wrapper\" style=\"padding-top:60%;\" ><iframe title=\"YouTube video player 6\" src=\"https:\/\/www.youtube.com\/embed\/RHFMGe2r89g?wmode=transparent&autoplay=0\" width=\"600\" height=\"360\" allowfullscreen allow=\"autoplay; clipboard-write; encrypted-media; gyroscope; picture-in-picture;\"><\/iframe><\/div><\/div><\/div><div class=\"fusion-text fusion-text-7\" style=\"--awb-text-transform:none;--awb-margin-top:20px;\"><div class=\"kc-elm kc-css-784820 kc_text_block\">\n<p class=\"title style-scope ytd-video-primary-info-renderer\"><strong>Renforcement des OSC africaines pour une meilleure gouvernance et conservation des ressources naturelles<\/strong><\/p>\n<p>Les organisations africaines travaillant \u00e0 l&rsquo;am\u00e9lioration de la gestion des ressources naturelles ont r\u00e9alis\u00e9 de grands progr\u00e8s, mais sont confront\u00e9es \u00e0 de s\u00e9rieux d\u00e9fis qui limitent leurs efforts pour se d\u00e9velopper et maintenir leur impact. Cette courte vid\u00e9o donne un aper\u00e7u des d\u00e9fis auxquels ils sont confront\u00e9s et fournit des recommandations pour r\u00e9soudre ces probl\u00e8mes. Par <a href=\"https:\/\/www.maliasili.org\/\">Maliasili Initiatives<\/a> et Well Grounded.<\/p>\n<\/div>\n<\/div><\/div><\/div><div class=\"fusion-layout-column fusion_builder_column fusion-builder-column-7 fusion_builder_column_1_3 1_3 fusion-flex-column\" style=\"--awb-padding-top:0px;--awb-bg-size:cover;--awb-width-large:33.333333333333%;--awb-margin-top-large:10px;--awb-spacing-right-large:5.76%;--awb-margin-bottom-large:30px;--awb-spacing-left-large:5.76%;--awb-width-medium:100%;--awb-order-medium:0;--awb-spacing-right-medium:1.92%;--awb-spacing-left-medium:1.92%;--awb-width-small:100%;--awb-order-small:0;--awb-spacing-right-small:1.92%;--awb-spacing-left-small:1.92%;\"><div class=\"fusion-column-wrapper fusion-column-has-shadow fusion-flex-justify-content-flex-start fusion-content-layout-column\"><div class=\"fusion-video fusion-youtube\" style=\"--awb-max-width:600px;--awb-max-height:360px;\"><div class=\"video-shortcode\"><div class=\"fluid-width-video-wrapper\" style=\"padding-top:60%;\" ><iframe title=\"YouTube video player 7\" src=\"https:\/\/www.youtube.com\/embed\/_R7cORlBIO4?wmode=transparent&autoplay=0\" width=\"600\" height=\"360\" allowfullscreen allow=\"autoplay; clipboard-write; encrypted-media; gyroscope; picture-in-picture;\"><\/iframe><\/div><\/div><\/div><div class=\"fusion-text fusion-text-8\" style=\"--awb-text-transform:none;--awb-margin-top:20px;\"><div class=\"kc-elm kc-css-604510 kc_text_block\">\n<p class=\"title style-scope ytd-video-primary-info-renderer\"><strong>D\u00e9veloppement du leadership dans le Bassin du Congo<\/strong><\/p>\n<p>Pourquoi organisons-nous des ateliers de leadership, comment fonctionnent-ils et quel est leur impact ? D\u00e9couvrez-le dans notre toute nouvelle vid\u00e9o !<\/p>\n<\/div>\n<\/div><\/div><\/div><div class=\"fusion-layout-column fusion_builder_column fusion-builder-column-8 fusion_builder_column_1_3 1_3 fusion-flex-column\" style=\"--awb-padding-top:0px;--awb-bg-size:cover;--awb-width-large:33.333333333333%;--awb-margin-top-large:10px;--awb-spacing-right-large:5.76%;--awb-margin-bottom-large:30px;--awb-spacing-left-large:5.76%;--awb-width-medium:100%;--awb-order-medium:0;--awb-spacing-right-medium:1.92%;--awb-spacing-left-medium:1.92%;--awb-width-small:100%;--awb-order-small:0;--awb-spacing-right-small:1.92%;--awb-spacing-left-small:1.92%;\"><div class=\"fusion-column-wrapper fusion-column-has-shadow fusion-flex-justify-content-flex-start fusion-content-layout-column\"><div class=\"fusion-video fusion-youtube\" style=\"--awb-max-width:600px;--awb-max-height:360px;\"><div class=\"video-shortcode\"><div class=\"fluid-width-video-wrapper\" style=\"padding-top:60%;\" ><iframe title=\"YouTube video player 8\" src=\"https:\/\/www.youtube.com\/embed\/2Ro7_kXFquU?wmode=transparent&autoplay=0\" width=\"600\" height=\"360\" allowfullscreen allow=\"autoplay; clipboard-write; encrypted-media; gyroscope; picture-in-picture;\"><\/iframe><\/div><\/div><\/div><div class=\"fusion-text fusion-text-9\" style=\"--awb-text-transform:none;--awb-margin-top:20px;\"><div class=\"kc-elm kc-css-604510 kc_text_block\">\n<p class=\"title style-scope ytd-video-primary-info-renderer\"><strong>Notre travail en foresterie communautaire<\/strong><\/p>\n<p>Quel est notre travail dans la foresterie communautaire en RDC, et comment soutenons-nous les organisations impliqu\u00e9es dans ce secteur ? D\u00e9couvrez-le dans cette nouvelle vid\u00e9o !<\/p>\n<\/div>\n<\/div><\/div><\/div><div class=\"fusion-layout-column fusion_builder_column fusion-builder-column-9 fusion_builder_column_1_3 1_3 fusion-flex-column\" style=\"--awb-padding-top:0px;--awb-bg-size:cover;--awb-width-large:33.333333333333%;--awb-margin-top-large:10px;--awb-spacing-right-large:5.76%;--awb-margin-bottom-large:30px;--awb-spacing-left-large:5.76%;--awb-width-medium:100%;--awb-order-medium:0;--awb-spacing-right-medium:1.92%;--awb-spacing-left-medium:1.92%;--awb-width-small:100%;--awb-order-small:0;--awb-spacing-right-small:1.92%;--awb-spacing-left-small:1.92%;\"><div class=\"fusion-column-wrapper fusion-column-has-shadow fusion-flex-justify-content-flex-start fusion-content-layout-column\"><div class=\"fusion-video fusion-youtube\" style=\"--awb-max-width:600px;--awb-max-height:360px;\"><div class=\"video-shortcode\"><div class=\"fluid-width-video-wrapper\" style=\"padding-top:60%;\" ><iframe title=\"YouTube video player 9\" src=\"https:\/\/www.youtube.com\/embed\/OVVCllJgx9o?wmode=transparent&autoplay=0\" width=\"600\" height=\"360\" allowfullscreen allow=\"autoplay; clipboard-write; encrypted-media; gyroscope; picture-in-picture;\"><\/iframe><\/div><\/div><\/div><div class=\"fusion-text fusion-text-10\" style=\"--awb-text-transform:none;--awb-margin-top:20px;\"><div class=\"kc-elm kc-css-25639 kc_text_block\">\n<div class=\"kc-elm kc-css-281917 kc_col-sm-6 kc_column kc_col-sm-6\">\n<div class=\"kc-col-container\">\n<div class=\"kc-elm kc-css-439122 kc_text_block\">\n<p class=\"title style-scope ytd-video-primary-info-renderer\"><b>Notre travail dans le processus APV FLEGT de l&rsquo;UE<br \/>\n<\/b><\/p>\n<div class=\"kc-elm kc-css-44217 kc_text_block\">\n<p>Regardez Cath Long, ancienne directrice ex\u00e9cutive et maintenant membre du conseil d&rsquo;administration, expliquer notre travail dans le cadre du processus d&rsquo; <a href=\"http:\/\/www.euflegt.efi.int\/vpa\">accord de partenariat volontaire<\/a> <a href=\"http:\/\/www.euflegt.efi.int\/home\/\">FLEGT de l&rsquo;Union europ\u00e9enne<\/a> .<\/p>\n<\/div>\n<\/div>\n<\/div>\n<\/div>\n<\/div>\n<\/div><\/div><\/div><div class=\"fusion-layout-column fusion_builder_column fusion-builder-column-10 fusion_builder_column_1_3 1_3 fusion-flex-column\" style=\"--awb-padding-top:0px;--awb-bg-size:cover;--awb-width-large:33.333333333333%;--awb-margin-top-large:10px;--awb-spacing-right-large:5.76%;--awb-margin-bottom-large:30px;--awb-spacing-left-large:5.76%;--awb-width-medium:100%;--awb-order-medium:0;--awb-spacing-right-medium:1.92%;--awb-spacing-left-medium:1.92%;--awb-width-small:100%;--awb-order-small:0;--awb-spacing-right-small:1.92%;--awb-spacing-left-small:1.92%;\"><div class=\"fusion-column-wrapper fusion-column-has-shadow fusion-flex-justify-content-flex-start fusion-content-layout-column\"><div class=\"fusion-video fusion-selfhosted-video\" style=\"max-width:100%;\"><div class=\"video-wrapper\"><video playsinline=\"true\" width=\"100%\" style=\"object-fit: cover;\" autoplay=\"true\" muted=\"true\" loop=\"true\" preload=\"auto\" controls=\"1\"><source src=\"https:\/\/well-grounded.org\/wp-content\/uploads\/2022\/03\/WG2C_VF_EN_SD.mp4\" type=\"video\/mp4\">Sorry, your browser doesn&#039;t support embedded videos.<\/video><\/div><\/div><div class=\"fusion-text fusion-text-11\" style=\"--awb-text-transform:none;--awb-margin-top:20px;\"><div class=\"kc-elm kc-css-25639 kc_text_block\">\n<div class=\"kc-elm kc-css-281917 kc_col-sm-6 kc_column kc_col-sm-6\">\n<div class=\"kc-col-container\">\n<div class=\"kc-elm kc-css-439122 kc_text_block\">\n<p class=\"title style-scope ytd-video-primary-info-renderer\"><b>Programme de d\u00e9veloppement du leadership<\/b><\/p>\n<div class=\"kc-elm kc-css-44217 kc_text_block\">\n<p><span lang=\"EN-US\">Qu&rsquo;est-ce que le leadership organisationnel ? Comment y parvenir ? Comment rendre possible le changement au sein des organisations ? Suivez l&rsquo;une de nos approches efficaces et innovantes du processus de d\u00e9veloppement personnel. <\/span><\/p>\n<\/div>\n<\/div>\n<\/div>\n<\/div>\n<\/div>\n<\/div><\/div><\/div><div class=\"fusion-layout-column fusion_builder_column fusion-builder-column-11 fusion_builder_column_1_3 1_3 fusion-flex-column\" style=\"--awb-padding-top:0px;--awb-bg-size:cover;--awb-width-large:33.333333333333%;--awb-margin-top-large:10px;--awb-spacing-right-large:5.76%;--awb-margin-bottom-large:30px;--awb-spacing-left-large:5.76%;--awb-width-medium:100%;--awb-order-medium:0;--awb-spacing-right-medium:1.92%;--awb-spacing-left-medium:1.92%;--awb-width-small:100%;--awb-order-small:0;--awb-spacing-right-small:1.92%;--awb-spacing-left-small:1.92%;\"><div class=\"fusion-column-wrapper fusion-column-has-shadow fusion-flex-justify-content-flex-start fusion-content-layout-column\"><div class=\"fusion-video fusion-selfhosted-video\" style=\"max-width:100%;\"><div class=\"video-wrapper\"><video playsinline=\"true\" width=\"100%\" style=\"object-fit: cover;\" autoplay=\"true\" muted=\"true\" loop=\"true\" preload=\"auto\" controls=\"1\"><source src=\"https:\/\/well-grounded.org\/wp-content\/uploads\/2022\/05\/ENG-WG-Safeguarding.mp4\" type=\"video\/mp4\">Sorry, your browser doesn&#039;t support embedded videos.<\/video><\/div><\/div><div class=\"fusion-text fusion-text-12\" style=\"--awb-text-transform:none;--awb-margin-top:20px;\"><div class=\"kc-elm kc-css-25639 kc_text_block\">\n<div class=\"kc-elm kc-css-281917 kc_col-sm-6 kc_column kc_col-sm-6\">\n<div class=\"kc-col-container\">\n<div class=\"kc-elm kc-css-439122 kc_text_block\">\n<p class=\"title style-scope ytd-video-primary-info-renderer\"><b>Une sauvegarde bien ancr\u00e9e<br \/>\n<\/b><\/p>\n<p>Notre politique de <span class=\"gmail-il\">sauvegarde<\/span> en quelques minutes. La vid\u00e9o pr\u00e9sente les questions connexes sur la politique en mati\u00e8re de conflits d&rsquo;int\u00e9r\u00eats, le code de conduite, la politique de d\u00e9nonciation, la politique anti-corruption et le r\u00e8glement g\u00e9n\u00e9ral sur la protection des donn\u00e9es (RGPD).<\/p>\n<\/div>\n<\/div>\n<\/div>\n<\/div>\n<\/div><\/div><\/div><\/div><\/div><\/p>\n","protected":false},"excerpt":{"rendered":"","protected":false},"author":1,"featured_media":0,"parent":0,"menu_order":0,"comment_status":"closed","ping_status":"closed","template":"","meta":{"footnotes":""},"class_list":["post-5549","page","type-page","status-publish","hentry"],"yoast_head":"<!-- This site is optimized with the Yoast SEO plugin v27.4 - https:\/\/yoast.com\/product\/yoast-seo-wordpress\/ -->\n<title>Multim\u00e9dia - Well Grounded<\/title>\n<meta name=\"robots\" content=\"index, follow, max-snippet:-1, max-image-preview:large, max-video-preview:-1\" \/>\n<link rel=\"canonical\" href=\"https:\/\/well-grounded.org\/fr\/multimedia\/\" \/>\n<meta property=\"og:locale\" content=\"fr_FR\" \/>\n<meta property=\"og:type\" content=\"article\" \/>\n<meta property=\"og:title\" content=\"Multim\u00e9dia - Well Grounded\" \/>\n<meta property=\"og:url\" content=\"https:\/\/well-grounded.org\/fr\/multimedia\/\" \/>\n<meta property=\"og:site_name\" content=\"Well Grounded\" \/>\n<meta property=\"article:modified_time\" content=\"2022-12-08T09:49:04+00:00\" \/>\n<meta name=\"twitter:card\" content=\"summary_large_image\" \/>\n<meta name=\"twitter:label1\" content=\"Dur\u00e9e de lecture estim\u00e9e\" \/>\n\t<meta name=\"twitter:data1\" content=\"11 minutes\" \/>\n<!-- \/ Yoast SEO plugin. -->","yoast_head_json":{"title":"Multim\u00e9dia - Well Grounded","robots":{"index":"index","follow":"follow","max-snippet":"max-snippet:-1","max-image-preview":"max-image-preview:large","max-video-preview":"max-video-preview:-1"},"canonical":"https:\/\/well-grounded.org\/fr\/multimedia\/","og_locale":"fr_FR","og_type":"article","og_title":"Multim\u00e9dia - Well Grounded","og_url":"https:\/\/well-grounded.org\/fr\/multimedia\/","og_site_name":"Well Grounded","article_modified_time":"2022-12-08T09:49:04+00:00","twitter_card":"summary_large_image","twitter_misc":{"Dur\u00e9e de lecture estim\u00e9e":"11 minutes"},"schema":{"@context":"https:\/\/schema.org","@graph":[{"@type":"WebPage","@id":"https:\/\/well-grounded.org\/fr\/multimedia\/","url":"https:\/\/well-grounded.org\/fr\/multimedia\/","name":"Multim\u00e9dia - Well Grounded","isPartOf":{"@id":"https:\/\/well-grounded.org\/fr\/#website"},"datePublished":"2022-04-05T15:20:26+00:00","dateModified":"2022-12-08T09:49:04+00:00","breadcrumb":{"@id":"https:\/\/well-grounded.org\/fr\/multimedia\/#breadcrumb"},"inLanguage":"fr-FR","potentialAction":[{"@type":"ReadAction","target":["https:\/\/well-grounded.org\/fr\/multimedia\/"]}]},{"@type":"BreadcrumbList","@id":"https:\/\/well-grounded.org\/fr\/multimedia\/#breadcrumb","itemListElement":[{"@type":"ListItem","position":1,"name":"Home","item":"https:\/\/well-grounded.org\/fr\/"},{"@type":"ListItem","position":2,"name":"Multim\u00e9dia"}]},{"@type":"WebSite","@id":"https:\/\/well-grounded.org\/fr\/#website","url":"https:\/\/well-grounded.org\/fr\/","name":"Well Grounded","description":"Empowering Civil Society","publisher":{"@id":"https:\/\/well-grounded.org\/fr\/#organization"},"potentialAction":[{"@type":"SearchAction","target":{"@type":"EntryPoint","urlTemplate":"https:\/\/well-grounded.org\/fr\/?s={search_term_string}"},"query-input":{"@type":"PropertyValueSpecification","valueRequired":true,"valueName":"search_term_string"}}],"inLanguage":"fr-FR"},{"@type":"Organization","@id":"https:\/\/well-grounded.org\/fr\/#organization","name":"Well Grounded","url":"https:\/\/well-grounded.org\/fr\/","logo":{"@type":"ImageObject","inLanguage":"fr-FR","@id":"https:\/\/well-grounded.org\/fr\/#\/schema\/logo\/image\/","url":"https:\/\/well-grounded.org\/wp-content\/uploads\/2022\/07\/Well-Grounded-Logo-with-tagline-no-Map.jpg","contentUrl":"https:\/\/well-grounded.org\/wp-content\/uploads\/2022\/07\/Well-Grounded-Logo-with-tagline-no-Map.jpg","width":1195,"height":809,"caption":"Well Grounded"},"image":{"@id":"https:\/\/well-grounded.org\/fr\/#\/schema\/logo\/image\/"}}]}},"jetpack_sharing_enabled":true,"_links":{"self":[{"href":"https:\/\/well-grounded.org\/fr\/wp-json\/wp\/v2\/pages\/5549","targetHints":{"allow":["GET"]}}],"collection":[{"href":"https:\/\/well-grounded.org\/fr\/wp-json\/wp\/v2\/pages"}],"about":[{"href":"https:\/\/well-grounded.org\/fr\/wp-json\/wp\/v2\/types\/page"}],"author":[{"embeddable":true,"href":"https:\/\/well-grounded.org\/fr\/wp-json\/wp\/v2\/users\/1"}],"replies":[{"embeddable":true,"href":"https:\/\/well-grounded.org\/fr\/wp-json\/wp\/v2\/comments?post=5549"}],"version-history":[{"count":0,"href":"https:\/\/well-grounded.org\/fr\/wp-json\/wp\/v2\/pages\/5549\/revisions"}],"wp:attachment":[{"href":"https:\/\/well-grounded.org\/fr\/wp-json\/wp\/v2\/media?parent=5549"}],"curies":[{"name":"wp","href":"https:\/\/api.w.org\/{rel}","templated":true}]}}