{"id":5498,"date":"2022-04-05T15:20:09","date_gmt":"2022-04-05T15:20:09","guid":{"rendered":"https:\/\/well-grounded.org\/rencontrer-lequipe\/"},"modified":"2026-03-24T15:13:24","modified_gmt":"2026-03-24T15:13:24","slug":"rencontrer-lequipe","status":"publish","type":"page","link":"https:\/\/well-grounded.org\/fr\/rencontrer-lequipe\/","title":{"rendered":"Membres de l&rsquo;\u00e9quipe"},"content":{"rendered":"<p><div class=\"fusion-fullwidth fullwidth-box fusion-builder-row-1 fusion-flex-container nonhundred-percent-fullwidth non-hundred-percent-height-scrolling\" style=\"--awb-border-radius-top-left:0px;--awb-border-radius-top-right:0px;--awb-border-radius-bottom-right:0px;--awb-border-radius-bottom-left:0px;--awb-flex-wrap:wrap;\" ><div class=\"fusion-builder-row fusion-row fusion-flex-align-items-flex-start fusion-flex-content-wrap\" style=\"max-width:1331.2px;margin-left: calc(-4% \/ 2 );margin-right: calc(-4% \/ 2 );\"><div class=\"fusion-layout-column fusion_builder_column fusion-builder-column-0 fusion_builder_column_1_1 1_1 fusion-flex-column\" style=\"--awb-bg-size:cover;--awb-width-large:100%;--awb-margin-top-large:10px;--awb-spacing-right-large:1.92%;--awb-margin-bottom-large:10px;--awb-spacing-left-large:1.92%;--awb-width-medium:100%;--awb-order-medium:0;--awb-spacing-right-medium:1.92%;--awb-spacing-left-medium:1.92%;--awb-width-small:100%;--awb-order-small:0;--awb-spacing-right-small:1.92%;--awb-spacing-left-small:1.92%;\"><div class=\"fusion-column-wrapper fusion-column-has-shadow fusion-flex-justify-content-flex-start fusion-content-layout-column\"><div class=\"fusion-text fusion-text-1\"><h2><strong>\u00c9quipe de base<\/strong><\/h2>\n<\/div><div class=\"fusion-separator fusion-full-width-sep\" style=\"align-self: center;margin-left: auto;margin-right: auto;width:100%;\"><div class=\"fusion-separator-border sep-single sep-solid\" style=\"--awb-height:20px;--awb-amount:20px;--awb-sep-color:#c7d300;border-color:#c7d300;border-top-width:1px;\"><\/div><\/div><\/div><\/div><\/div><\/div><div class=\"fusion-fullwidth fullwidth-box fusion-builder-row-2 fusion-flex-container nonhundred-percent-fullwidth non-hundred-percent-height-scrolling\" style=\"--awb-border-radius-top-left:0px;--awb-border-radius-top-right:0px;--awb-border-radius-bottom-right:0px;--awb-border-radius-bottom-left:0px;--awb-flex-wrap:wrap;\" ><div class=\"fusion-builder-row fusion-row fusion-flex-align-items-flex-start fusion-flex-content-wrap\" style=\"max-width:1331.2px;margin-left: calc(-4% \/ 2 );margin-right: calc(-4% \/ 2 );\"><div class=\"fusion-layout-column fusion_builder_column fusion-builder-column-1 fusion_builder_column_1_3 1_3 fusion-flex-column\" style=\"--awb-bg-size:cover;--awb-width-large:33.333333333333%;--awb-margin-top-large:10px;--awb-spacing-right-large:5.76%;--awb-margin-bottom-large:10px;--awb-spacing-left-large:5.76%;--awb-width-medium:100%;--awb-order-medium:0;--awb-spacing-right-medium:1.92%;--awb-spacing-left-medium:1.92%;--awb-width-small:100%;--awb-order-small:0;--awb-spacing-right-small:1.92%;--awb-spacing-left-small:1.92%;\"><div class=\"fusion-column-wrapper fusion-column-has-shadow fusion-flex-justify-content-flex-start fusion-content-layout-column\"><div class=\"fusion-text fusion-text-2\" style=\"--awb-text-transform:none;\"><h3><span style=\"color: #000000;\">L\u00e9a Valentini<\/span><\/h3>\n<p>Codirecteur<\/p>\n<\/div><div class=\"fusion-separator fusion-full-width-sep\" style=\"align-self: center;margin-left: auto;margin-right: auto;margin-top:25px;width:100%;\"><\/div><div class=\"fusion-image-element \" style=\"--awb-caption-title-font-family:var(--h2_typography-font-family);--awb-caption-title-font-weight:var(--h2_typography-font-weight);--awb-caption-title-font-style:var(--h2_typography-font-style);--awb-caption-title-size:var(--h2_typography-font-size);--awb-caption-title-transform:var(--h2_typography-text-transform);--awb-caption-title-line-height:var(--h2_typography-line-height);--awb-caption-title-letter-spacing:var(--h2_typography-letter-spacing);\"><span class=\" fusion-imageframe imageframe-none imageframe-1 hover-type-none\"><img data-recalc-dims=\"1\" decoding=\"async\" width=\"300\" height=\"300\" title=\"Well Grounded Lea\" src=\"https:\/\/i0.wp.com\/well-grounded.org\/wp-content\/uploads\/2023\/11\/Well-Grounded-Lea.png?resize=300%2C300&#038;ssl=1\" alt class=\"img-responsive wp-image-11176\" srcset=\"https:\/\/i0.wp.com\/well-grounded.org\/wp-content\/uploads\/2023\/11\/Well-Grounded-Lea.png?resize=66%2C66&amp;ssl=1 66w, https:\/\/i0.wp.com\/well-grounded.org\/wp-content\/uploads\/2023\/11\/Well-Grounded-Lea.png?resize=150%2C150&amp;ssl=1 150w, https:\/\/i0.wp.com\/well-grounded.org\/wp-content\/uploads\/2023\/11\/Well-Grounded-Lea.png?resize=200%2C200&amp;ssl=1 200w, https:\/\/i0.wp.com\/well-grounded.org\/wp-content\/uploads\/2023\/11\/Well-Grounded-Lea.png?resize=300%2C300&amp;ssl=1 300w, https:\/\/i0.wp.com\/well-grounded.org\/wp-content\/uploads\/2023\/11\/Well-Grounded-Lea.png?resize=400%2C400&amp;ssl=1 400w, https:\/\/i0.wp.com\/well-grounded.org\/wp-content\/uploads\/2023\/11\/Well-Grounded-Lea.png?w=468&amp;ssl=1 468w\" sizes=\"(max-width: 1024px) 100vw, (max-width: 640px) 100vw, 400px\" \/><\/span><\/div><div class=\"fusion-separator fusion-full-width-sep\" style=\"align-self: center;margin-left: auto;margin-right: auto;margin-top:20px;width:100%;\"><\/div><div class=\"fusion-text fusion-text-3\" style=\"--awb-text-transform:none;\"><p>Lea a rejoint Well Grounded en 2021, apportant son expertise en mati\u00e8re de planification strat\u00e9gique, de gestion de projets et de collecte de fonds. Bas\u00e9e en France, elle occupe le poste de codirectrice de Well Grounded.<\/p>\n<\/div><div class=\"accordian fusion-accordian\" style=\"--awb-border-size:1px;--awb-icon-size:25px;--awb-content-font-size:17px;--awb-icon-alignment:left;--awb-hover-color:#ffffff;--awb-border-color:#c7d300;--awb-background-color:#ffffff;--awb-divider-color:#e7e4e2;--awb-divider-hover-color:#e7e4e2;--awb-icon-color:#c7d300;--awb-title-color:#c7d300;--awb-content-color:#000000;--awb-icon-box-color:#333333;--awb-toggle-hover-accent-color:#c7d300;--awb-title-font-family:&quot;Zilla Slab&quot;;--awb-title-font-weight:regular;--awb-title-font-style:normal;--awb-title-font-size:15px;--awb-content-font-family:&quot;PT Sans&quot;;--awb-content-font-style:normal;--awb-content-font-weight:400;\"><div class=\"panel-group fusion-toggle-icon-unboxed\" id=\"accordion-5498-1\"><div class=\"fusion-panel panel-default panel-edb58c940c1a8fd54 fusion-toggle-no-divider fusion-toggle-boxed-mode\"><div class=\"panel-heading\"><h4 class=\"panel-title toggle\" id=\"toggle_edb58c940c1a8fd54\"><a aria-expanded=\"false\" aria-controls=\"edb58c940c1a8fd54\" role=\"button\" data-toggle=\"collapse\" data-parent=\"#accordion-5498-1\" data-target=\"#edb58c940c1a8fd54\" href=\"#edb58c940c1a8fd54\"><span class=\"fusion-toggle-icon-wrapper\" aria-hidden=\"true\"><i class=\"fa-fusion-box active-icon awb-icon-minus\" aria-hidden=\"true\"><\/i><i class=\"fa-fusion-box inactive-icon awb-icon-plus\" aria-hidden=\"true\"><\/i><\/span><span class=\"fusion-toggle-heading\">En savoir plus sur L\u00e9a<\/span><\/a><\/h4><\/div><div id=\"edb58c940c1a8fd54\" class=\"panel-collapse collapse \" aria-labelledby=\"toggle_edb58c940c1a8fd54\"><div class=\"panel-body toggle-content fusion-clearfix\"><strong>Nationalit\u00e9 :<\/strong> Fran\u00e7aise<\/p>\n<p><strong>Localisation\/Base :<\/strong> France<\/p>\n<p><strong>Langues :<\/strong> fran\u00e7ais et anglais<\/p>\n<p><strong>Comp\u00e9tences cl\u00e9s\u00a0:<\/strong> planification strat\u00e9gique, gestion de projet, suivi et \u00e9valuation, collecte de fonds, autonomisation des femmes et participation civique.<\/p>\n<p>L\u00e9a a rejoint Well Grounded en 2021, apportant son expertise en planification strat\u00e9gique, gestion de projet et collecte de fonds. Elle est bas\u00e9e en France et est responsable de l&rsquo;impact et des partenariats de Well Grounded.<\/p>\n<p>L\u00e9a poss\u00e8de de vastes comp\u00e9tences en gestion de projet et une vaste exp\u00e9rience de travail avec les OSC dans le bassin du Congo. Elle dirige actuellement les efforts de collecte de fonds de l&rsquo;organisation ainsi que le d\u00e9veloppement des strat\u00e9gies organisationnelles et des syst\u00e8mes de suivi et d&rsquo;\u00e9valuation associ\u00e9s.<\/p>\n<p>Avant de rejoindre Well Grounded, L\u00e9a a travaill\u00e9 pour une agence internationale de d\u00e9veloppement et d&rsquo;aide humanitaire. Elle a v\u00e9cu et travaill\u00e9 au Rwanda, en R\u00e9publique d\u00e9mocratique du Congo et au Malawi, o\u00f9 elle a occup\u00e9 des postes de haute direction, d\u00e9veloppant une expertise dans la conception et la gestion de programmes dans plusieurs secteurs. Elle poss\u00e8de une expertise particuli\u00e8re dans la programmation de la gouvernance et des droits de l&rsquo;homme et de l&rsquo;autonomisation des femmes.<\/p>\n<p>L\u00e9a est titulaire d&rsquo;une ma\u00eetrise en mondialisation de la Dublin City University en Irlande. Elle parle fran\u00e7ais et anglais.<\/div><\/div><\/div><\/div><\/div><\/div><\/div><div class=\"fusion-layout-column fusion_builder_column fusion-builder-column-2 fusion_builder_column_1_3 1_3 fusion-flex-column\" style=\"--awb-bg-size:cover;--awb-width-large:33.333333333333%;--awb-margin-top-large:10px;--awb-spacing-right-large:5.76%;--awb-margin-bottom-large:10px;--awb-spacing-left-large:5.76%;--awb-width-medium:100%;--awb-order-medium:0;--awb-spacing-right-medium:1.92%;--awb-spacing-left-medium:1.92%;--awb-width-small:100%;--awb-order-small:0;--awb-spacing-right-small:1.92%;--awb-spacing-left-small:1.92%;\"><div class=\"fusion-column-wrapper fusion-column-has-shadow fusion-flex-justify-content-flex-start fusion-content-layout-column\"><div class=\"fusion-text fusion-text-4\" style=\"--awb-text-transform:none;\"><h3><span style=\"color: #000000;\">Kitty Brayne<br \/>\n<\/span><\/h3>\n<p><span style=\"color: #999999;\">Codirecteur<\/span><\/p>\n<\/div><div class=\"fusion-separator fusion-full-width-sep\" style=\"align-self: center;margin-left: auto;margin-right: auto;margin-top:25px;width:100%;\"><\/div><div class=\"fusion-image-element \" style=\"--awb-caption-title-font-family:var(--h2_typography-font-family);--awb-caption-title-font-weight:var(--h2_typography-font-weight);--awb-caption-title-font-style:var(--h2_typography-font-style);--awb-caption-title-size:var(--h2_typography-font-size);--awb-caption-title-transform:var(--h2_typography-text-transform);--awb-caption-title-line-height:var(--h2_typography-line-height);--awb-caption-title-letter-spacing:var(--h2_typography-letter-spacing);\"><span class=\" fusion-imageframe imageframe-none imageframe-2 hover-type-none\"><img data-recalc-dims=\"1\" decoding=\"async\" width=\"300\" height=\"300\" title=\"Well Grounded Kitty\" src=\"https:\/\/i0.wp.com\/well-grounded.org\/wp-content\/uploads\/2023\/11\/Well-Grounded-Kitty.png?resize=300%2C300&#038;ssl=1\" alt class=\"img-responsive wp-image-11168\" srcset=\"https:\/\/i0.wp.com\/well-grounded.org\/wp-content\/uploads\/2023\/11\/Well-Grounded-Kitty.png?resize=66%2C66&amp;ssl=1 66w, https:\/\/i0.wp.com\/well-grounded.org\/wp-content\/uploads\/2023\/11\/Well-Grounded-Kitty.png?resize=150%2C150&amp;ssl=1 150w, https:\/\/i0.wp.com\/well-grounded.org\/wp-content\/uploads\/2023\/11\/Well-Grounded-Kitty.png?resize=200%2C200&amp;ssl=1 200w, https:\/\/i0.wp.com\/well-grounded.org\/wp-content\/uploads\/2023\/11\/Well-Grounded-Kitty.png?resize=300%2C300&amp;ssl=1 300w, https:\/\/i0.wp.com\/well-grounded.org\/wp-content\/uploads\/2023\/11\/Well-Grounded-Kitty.png?resize=400%2C400&amp;ssl=1 400w, https:\/\/i0.wp.com\/well-grounded.org\/wp-content\/uploads\/2023\/11\/Well-Grounded-Kitty.png?w=468&amp;ssl=1 468w\" sizes=\"(max-width: 1024px) 100vw, (max-width: 640px) 100vw, 400px\" \/><\/span><\/div><div class=\"fusion-separator fusion-full-width-sep\" style=\"align-self: center;margin-left: auto;margin-right: auto;margin-top:20px;width:100%;\"><\/div><div class=\"fusion-text fusion-text-5\" style=\"--awb-text-transform:none;\"><p>Kitty a rejoint Well Grounded en avril 2023, apportant son expertise en mati\u00e8re de soutien aux efforts de conservation men\u00e9s par les communaut\u00e9s, notamment \u00e0 Madagascar et aux Comores. Dans son r\u00f4le, Kitty est charg\u00e9e de coordonner le d\u00e9veloppement et la mise en \u0153uvre des programmes de Well Grounded et d&rsquo;\u00e9tablir des partenariats pour soutenir notre mission.<\/p>\n<\/div><div class=\"accordian fusion-accordian\" style=\"--awb-border-size:1px;--awb-icon-size:25px;--awb-content-font-size:17px;--awb-icon-alignment:left;--awb-hover-color:#ffffff;--awb-border-color:#c7d300;--awb-background-color:#ffffff;--awb-divider-color:#e7e4e2;--awb-divider-hover-color:#e7e4e2;--awb-icon-color:#c7d300;--awb-title-color:#c7d300;--awb-content-color:#000000;--awb-icon-box-color:#333333;--awb-toggle-hover-accent-color:#c7d300;--awb-title-font-family:&quot;Zilla Slab&quot;;--awb-title-font-weight:regular;--awb-title-font-style:normal;--awb-title-font-size:15px;--awb-content-font-family:&quot;PT Sans&quot;;--awb-content-font-style:normal;--awb-content-font-weight:400;\"><div class=\"panel-group fusion-toggle-icon-unboxed\" id=\"accordion-5498-2\"><div class=\"fusion-panel panel-default panel-5609990254f774ac1 fusion-toggle-no-divider fusion-toggle-boxed-mode\"><div class=\"panel-heading\"><h4 class=\"panel-title toggle\" id=\"toggle_5609990254f774ac1\"><a aria-expanded=\"false\" aria-controls=\"5609990254f774ac1\" role=\"button\" data-toggle=\"collapse\" data-parent=\"#accordion-5498-2\" data-target=\"#5609990254f774ac1\" href=\"#5609990254f774ac1\"><span class=\"fusion-toggle-icon-wrapper\" aria-hidden=\"true\"><i class=\"fa-fusion-box active-icon awb-icon-minus\" aria-hidden=\"true\"><\/i><i class=\"fa-fusion-box inactive-icon awb-icon-plus\" aria-hidden=\"true\"><\/i><\/span><span class=\"fusion-toggle-heading\">En savoir plus sur Kitty<\/span><\/a><\/h4><\/div><div id=\"5609990254f774ac1\" class=\"panel-collapse collapse \" aria-labelledby=\"toggle_5609990254f774ac1\"><div class=\"panel-body toggle-content fusion-clearfix\">\n<p><strong>Nationalit\u00e9 :<\/strong> britannique et irlandaise<\/p>\n<p><strong>Lieu\/Base :<\/strong> Bristol, Royaume-Uni<\/p>\n<p><strong>Langues :<\/strong> Fran\u00e7ais et anglais,<\/p>\n<p><strong>Comp\u00e9tences cl\u00e9s :<\/strong> d\u00e9veloppement et direction d&rsquo;\u00e9quipes, gestion de projets, gestion communautaire des ressources naturelles, suivi et \u00e9valuation, apprentissage organisationnel, facilitation, coaching et mentorat.<\/p>\n<p>Kitty a quinze ans d&rsquo;exp\u00e9rience dans le soutien \u00e0 la conservation men\u00e9e par les communaut\u00e9s. Elle s&rsquo;est d&rsquo;abord concentr\u00e9e sur la sensibilisation des communaut\u00e9s et la communication, avant de passer \u00e0 la gestion de programmes.<\/p>\n<p>Au cours des neuf derni\u00e8res ann\u00e9es, Kitty a travaill\u00e9 pour l&rsquo;organisation de conservation marine Blue Ventures, o\u00f9 elle a d&rsquo;abord g\u00e9r\u00e9 le programme national de Madagascar, avant de mettre en place et de g\u00e9rer la fonction mondiale de donn\u00e9es et d&rsquo;apprentissage.<\/p>\n<p>Le fil conducteur de son travail jusqu&rsquo;\u00e0 pr\u00e9sent a \u00e9t\u00e9 le soutien au d\u00e9veloppement organisationnel et au leadership au sein des \u00e9quipes de programme, des organisations communautaires et des r\u00e9seaux de la soci\u00e9t\u00e9 civile, et elle est passionn\u00e9e par le transfert du pouvoir dans le secteur vers les organisations et les dirigeants locaux.<\/p>\n<\/div><\/div><\/div><\/div><\/div><\/div><\/div><div class=\"fusion-layout-column fusion_builder_column fusion-builder-column-3 fusion_builder_column_1_3 1_3 fusion-flex-column\" style=\"--awb-bg-size:cover;--awb-width-large:33.333333333333%;--awb-margin-top-large:10px;--awb-spacing-right-large:5.76%;--awb-margin-bottom-large:10px;--awb-spacing-left-large:5.76%;--awb-width-medium:100%;--awb-order-medium:0;--awb-spacing-right-medium:1.92%;--awb-spacing-left-medium:1.92%;--awb-width-small:100%;--awb-order-small:0;--awb-spacing-right-small:1.92%;--awb-spacing-left-small:1.92%;\"><div class=\"fusion-column-wrapper fusion-column-has-shadow fusion-flex-justify-content-flex-start fusion-content-layout-column\"><div class=\"fusion-text fusion-text-6\" style=\"--awb-text-transform:none;\"><h3><span style=\"color: #000000;\">Mohamed Ali<\/span><\/h3>\n<p><span style=\"color: #999999;\">Chef des finances<\/span><\/p>\n<\/div><div class=\"fusion-separator fusion-full-width-sep\" style=\"align-self: center;margin-left: auto;margin-right: auto;margin-top:25px;width:100%;\"><\/div><div class=\"fusion-image-element \" style=\"--awb-caption-title-font-family:var(--h2_typography-font-family);--awb-caption-title-font-weight:var(--h2_typography-font-weight);--awb-caption-title-font-style:var(--h2_typography-font-style);--awb-caption-title-size:var(--h2_typography-font-size);--awb-caption-title-transform:var(--h2_typography-text-transform);--awb-caption-title-line-height:var(--h2_typography-line-height);--awb-caption-title-letter-spacing:var(--h2_typography-letter-spacing);\"><span class=\" fusion-imageframe imageframe-none imageframe-3 hover-type-none\"><img data-recalc-dims=\"1\" decoding=\"async\" width=\"300\" height=\"300\" title=\"Well Grounded Ali\" src=\"https:\/\/i0.wp.com\/well-grounded.org\/wp-content\/uploads\/2023\/11\/Well-Grounded-Ali.png?resize=300%2C300&#038;ssl=1\" alt class=\"img-responsive wp-image-11172\" srcset=\"https:\/\/i0.wp.com\/well-grounded.org\/wp-content\/uploads\/2023\/11\/Well-Grounded-Ali.png?resize=66%2C66&amp;ssl=1 66w, https:\/\/i0.wp.com\/well-grounded.org\/wp-content\/uploads\/2023\/11\/Well-Grounded-Ali.png?resize=150%2C150&amp;ssl=1 150w, https:\/\/i0.wp.com\/well-grounded.org\/wp-content\/uploads\/2023\/11\/Well-Grounded-Ali.png?resize=200%2C200&amp;ssl=1 200w, https:\/\/i0.wp.com\/well-grounded.org\/wp-content\/uploads\/2023\/11\/Well-Grounded-Ali.png?resize=300%2C300&amp;ssl=1 300w, https:\/\/i0.wp.com\/well-grounded.org\/wp-content\/uploads\/2023\/11\/Well-Grounded-Ali.png?resize=400%2C400&amp;ssl=1 400w, https:\/\/i0.wp.com\/well-grounded.org\/wp-content\/uploads\/2023\/11\/Well-Grounded-Ali.png?w=468&amp;ssl=1 468w\" sizes=\"(max-width: 1024px) 100vw, (max-width: 640px) 100vw, 400px\" \/><\/span><\/div><div class=\"fusion-separator fusion-full-width-sep\" style=\"align-self: center;margin-left: auto;margin-right: auto;margin-top:20px;width:100%;\"><\/div><div class=\"fusion-text fusion-text-7\" style=\"--awb-text-transform:none;\"><p>Ali a rejoint Well Grounded fin 2018, apportant son expertise financi\u00e8re pour centraliser la gestion financi\u00e8re de l\u2019organisation \u00e0 la suite de l\u2019adoption d\u2019une nouvelle structure organisationnelle. Ali est bas\u00e9 au Royaume-Uni et est le chef des finances de Well Grounded.<\/p>\n<\/div><div class=\"accordian fusion-accordian\" style=\"--awb-border-size:1px;--awb-icon-size:25px;--awb-content-font-size:17px;--awb-icon-alignment:left;--awb-hover-color:#ffffff;--awb-border-color:#c7d300;--awb-background-color:#ffffff;--awb-divider-color:#e7e4e2;--awb-divider-hover-color:#e7e4e2;--awb-icon-color:#c7d300;--awb-title-color:#c7d300;--awb-content-color:#000000;--awb-icon-box-color:#333333;--awb-toggle-hover-accent-color:#c7d300;--awb-title-font-family:&quot;Zilla Slab&quot;;--awb-title-font-weight:regular;--awb-title-font-style:normal;--awb-title-font-size:15px;--awb-content-font-family:&quot;PT Sans&quot;;--awb-content-font-style:normal;--awb-content-font-weight:400;\"><div class=\"panel-group fusion-toggle-icon-unboxed\" id=\"accordion-5498-3\"><div class=\"fusion-panel panel-default panel-08fdddd8d69a35359 fusion-toggle-no-divider fusion-toggle-boxed-mode\"><div class=\"panel-heading\"><h4 class=\"panel-title toggle\" id=\"toggle_08fdddd8d69a35359\"><a aria-expanded=\"false\" aria-controls=\"08fdddd8d69a35359\" role=\"button\" data-toggle=\"collapse\" data-parent=\"#accordion-5498-3\" data-target=\"#08fdddd8d69a35359\" href=\"#08fdddd8d69a35359\"><span class=\"fusion-toggle-icon-wrapper\" aria-hidden=\"true\"><i class=\"fa-fusion-box active-icon awb-icon-minus\" aria-hidden=\"true\"><\/i><i class=\"fa-fusion-box inactive-icon awb-icon-plus\" aria-hidden=\"true\"><\/i><\/span><span class=\"fusion-toggle-heading\">En savoir plus sur Mohammed<\/span><\/a><\/h4><\/div><div id=\"08fdddd8d69a35359\" class=\"panel-collapse collapse \" aria-labelledby=\"toggle_08fdddd8d69a35359\"><div class=\"panel-body toggle-content fusion-clearfix\">\n<p><strong>Nationalit\u00e9 :<\/strong> britannique, pakistanaise<\/p>\n<p><strong>Lieu\/Base :<\/strong> Londres, Royaume-Uni<\/p>\n<p><strong>Langues :<\/strong> ourdou, anglais, pendjabi, hindi<\/p>\n<p><strong>Comp\u00e9tences cl\u00e9s :<\/strong> administration financi\u00e8re, gestion financi\u00e8re, rapports aux donateurs et administration de projet<\/p>\n<p>Ali a rejoint Well Grounded fin 2018, apportant son expertise financi\u00e8re pour centraliser la gestion financi\u00e8re de l\u2019organisation \u00e0 la suite de l\u2019adoption d\u2019une nouvelle structure organisationnelle. Ali est bas\u00e9 au Royaume-Uni et est responsable des finances et des subventions de Well Grounded.<\/p>\n<p>Ali a une tr\u00e8s bonne connaissance et exp\u00e9rience de la gestion financi\u00e8re et de l&rsquo;administration dans le secteur \u00e0 but non lucratif acquise au cours de sa carri\u00e8re acad\u00e9mique et professionnelle. Il est actuellement responsable de la gestion des subventions, des rapports aux donateurs, de la gestion financi\u00e8re et de l&rsquo;administration financi\u00e8re.<\/p>\n<p>Avant de rejoindre Well Grounded, Ali a travaill\u00e9 pour Restless Development, une ONG internationale o\u00f9 il a coordonn\u00e9 les transactions financi\u00e8res interentreprises au sein de 8 hubs nationaux et la gestion financi\u00e8re de divers projets, notamment DFID, Gates et Danish Mission.<\/p>\n<p>Ali est titulaire d&rsquo;une ma\u00eetrise en comptabilit\u00e9 et gestion de l&rsquo;Universit\u00e9 Queen Mary \u00e0 Londres. Il est originaire du Pakistan et parle ourdou, anglais, pendjabi et hindi.<\/p>\n<\/div><\/div><\/div><\/div><\/div><\/div><\/div><div class=\"fusion-layout-column fusion_builder_column fusion-builder-column-4 fusion_builder_column_1_3 1_3 fusion-flex-column\" style=\"--awb-bg-size:cover;--awb-width-large:33.333333333333%;--awb-margin-top-large:10px;--awb-spacing-right-large:5.76%;--awb-margin-bottom-large:10px;--awb-spacing-left-large:5.76%;--awb-width-medium:100%;--awb-order-medium:0;--awb-spacing-right-medium:1.92%;--awb-spacing-left-medium:1.92%;--awb-width-small:100%;--awb-order-small:0;--awb-spacing-right-small:1.92%;--awb-spacing-left-small:1.92%;\"><div class=\"fusion-column-wrapper fusion-column-has-shadow fusion-flex-justify-content-flex-start fusion-content-layout-column\"><div class=\"fusion-text fusion-text-8\" style=\"--awb-text-transform:none;\"><h3><span style=\"color: #000000;\">Emini Timoth\u00e9e Aur\u00e9lien<\/span><\/h3>\n<p><span style=\"color: #999999;\"><span style=\"font-weight: 400;\">Charg\u00e9 de Programme de Leadership des Peuples Autochtones<\/span><\/span><\/p>\n<\/div><div class=\"fusion-separator fusion-full-width-sep\" style=\"align-self: center;margin-left: auto;margin-right: auto;margin-top:25px;width:100%;\"><\/div><div class=\"fusion-image-element \" style=\"--awb-caption-title-font-family:var(--h2_typography-font-family);--awb-caption-title-font-weight:var(--h2_typography-font-weight);--awb-caption-title-font-style:var(--h2_typography-font-style);--awb-caption-title-size:var(--h2_typography-font-size);--awb-caption-title-transform:var(--h2_typography-text-transform);--awb-caption-title-line-height:var(--h2_typography-line-height);--awb-caption-title-letter-spacing:var(--h2_typography-letter-spacing);\"><span class=\" fusion-imageframe imageframe-none imageframe-4 hover-type-none\"><img data-recalc-dims=\"1\" decoding=\"async\" width=\"300\" height=\"300\" title=\"Well Grounded Emini\" src=\"https:\/\/i0.wp.com\/well-grounded.org\/wp-content\/uploads\/2023\/11\/Well-Grounded-Emini-300x300.png?resize=300%2C300&#038;ssl=1\" alt class=\"img-responsive wp-image-11188\" srcset=\"https:\/\/i0.wp.com\/well-grounded.org\/wp-content\/uploads\/2023\/11\/Well-Grounded-Emini.png?resize=66%2C66&amp;ssl=1 66w, https:\/\/i0.wp.com\/well-grounded.org\/wp-content\/uploads\/2023\/11\/Well-Grounded-Emini.png?resize=150%2C150&amp;ssl=1 150w, https:\/\/i0.wp.com\/well-grounded.org\/wp-content\/uploads\/2023\/11\/Well-Grounded-Emini.png?resize=200%2C200&amp;ssl=1 200w, https:\/\/i0.wp.com\/well-grounded.org\/wp-content\/uploads\/2023\/11\/Well-Grounded-Emini.png?resize=300%2C300&amp;ssl=1 300w, https:\/\/i0.wp.com\/well-grounded.org\/wp-content\/uploads\/2023\/11\/Well-Grounded-Emini.png?resize=400%2C400&amp;ssl=1 400w, https:\/\/i0.wp.com\/well-grounded.org\/wp-content\/uploads\/2023\/11\/Well-Grounded-Emini.png?w=468&amp;ssl=1 468w\" sizes=\"(max-width: 1024px) 100vw, (max-width: 640px) 100vw, 400px\" \/><\/span><\/div><div class=\"fusion-separator fusion-full-width-sep\" style=\"align-self: center;margin-left: auto;margin-right: auto;margin-top:20px;width:100%;\"><\/div><div class=\"fusion-text fusion-text-9\" style=\"--awb-text-transform:none;\"><p style=\"text-align: left;\">Timoth\u00e9e est un juriste bas\u00e9 au Cameroun. Il a rejoint Well Grounded en tant que\u00a0Coordonnateur du programme de leadership des peuples autochtones en septembre 2023.<\/p>\n<\/div><div class=\"accordian fusion-accordian\" style=\"--awb-border-size:1px;--awb-icon-size:25px;--awb-content-font-size:17px;--awb-icon-alignment:left;--awb-hover-color:#ffffff;--awb-border-color:#c7d300;--awb-background-color:#ffffff;--awb-divider-color:#e7e4e2;--awb-divider-hover-color:#e7e4e2;--awb-icon-color:#c7d300;--awb-title-color:#c7d300;--awb-content-color:#000000;--awb-icon-box-color:#333333;--awb-toggle-hover-accent-color:#c7d300;--awb-title-font-family:&quot;Zilla Slab&quot;;--awb-title-font-weight:regular;--awb-title-font-style:normal;--awb-title-font-size:15px;--awb-content-font-family:&quot;PT Sans&quot;;--awb-content-font-style:normal;--awb-content-font-weight:400;\"><div class=\"panel-group fusion-toggle-icon-unboxed\" id=\"accordion-5498-4\"><div class=\"fusion-panel panel-default panel-ac1b7156b5d31ad4f fusion-toggle-no-divider fusion-toggle-boxed-mode\"><div class=\"panel-heading\"><h4 class=\"panel-title toggle\" id=\"toggle_ac1b7156b5d31ad4f\"><a aria-expanded=\"false\" aria-controls=\"ac1b7156b5d31ad4f\" role=\"button\" data-toggle=\"collapse\" data-parent=\"#accordion-5498-4\" data-target=\"#ac1b7156b5d31ad4f\" href=\"#ac1b7156b5d31ad4f\"><span class=\"fusion-toggle-icon-wrapper\" aria-hidden=\"true\"><i class=\"fa-fusion-box active-icon awb-icon-minus\" aria-hidden=\"true\"><\/i><i class=\"fa-fusion-box inactive-icon awb-icon-plus\" aria-hidden=\"true\"><\/i><\/span><span class=\"fusion-toggle-heading\">En savoir plus sur Timoth\u00e9e<\/span><\/a><\/h4><\/div><div id=\"ac1b7156b5d31ad4f\" class=\"panel-collapse collapse \" aria-labelledby=\"toggle_ac1b7156b5d31ad4f\"><div class=\"panel-body toggle-content fusion-clearfix\">\n<p><strong>Nationalit\u00e9 :<\/strong> Camerounaise<\/p>\n<p><strong>Lieu\/Base :<\/strong> Yaounde, Cameroun<\/p>\n<p><strong>Langues :<\/strong> Fran\u00e7ais, Anglais, Baka<\/p>\n<p><strong>Comp\u00e9tences cl\u00e9s :\u00a0<\/strong>Facilitation, Coordination de r\u00e9seaux, droits des peuples autochtones, Plaidoyer<\/p>\n<p>Timoth\u00e9e est un juriste bas\u00e9 au Cameroun. Il a rejoint Well Grounded en tant que Coordonnateur du programme de leadership des peuples autochtones en septembre 2023. Timoth\u00e9e est membre du groupe autochtone Baka de la r\u00e9gion de l&rsquo;Est du Cameroun. Les discriminations qu&rsquo;il a connues pendant son enfance l&rsquo;ont motiv\u00e9 \u00e0 changer la mani\u00e8re dont les autres le per\u00e7oivent, ainsi qu&rsquo;\u00e0 changer le syst\u00e8me, et \u00e0 inspirer d&rsquo;autres jeunes autochtones est devenu son objectif de vie. Aujourd&rsquo;hui, il est reconnu comme un leader \u00e9minent des peuples autochtones des for\u00eats au Cameroun, avec un solide historique de coordination et de facilitation de r\u00e9seaux d&rsquo;organisations autochtones, y compris Gbabandi au Cameroun, et en tant que membre du r\u00e9seau r\u00e9gional REPALEAC. Timoth\u00e9e est un facilitateur comp\u00e9tent et apporte \u00e9galement \u00e0 Well Grounded son exp\u00e9rience et son expertise en mati\u00e8re de politiques et de questions juridiques &#8211; il termine actuellement un doctorat en droit international.<\/p>\n<\/div><\/div><\/div><\/div><\/div><\/div><\/div><div class=\"fusion-layout-column fusion_builder_column fusion-builder-column-5 fusion_builder_column_1_3 1_3 fusion-flex-column\" style=\"--awb-bg-size:cover;--awb-width-large:33.333333333333%;--awb-margin-top-large:10px;--awb-spacing-right-large:5.76%;--awb-margin-bottom-large:10px;--awb-spacing-left-large:5.76%;--awb-width-medium:100%;--awb-order-medium:0;--awb-spacing-right-medium:1.92%;--awb-spacing-left-medium:1.92%;--awb-width-small:100%;--awb-order-small:0;--awb-spacing-right-small:1.92%;--awb-spacing-left-small:1.92%;\"><div class=\"fusion-column-wrapper fusion-column-has-shadow fusion-flex-justify-content-flex-start fusion-content-layout-column\"><div class=\"fusion-text fusion-text-10\" style=\"--awb-text-transform:none;\"><h3><span style=\"color: #000000;\">Jean-Baptiste Badesire<\/span><\/h3>\n<p><span style=\"color: #999999;\"><span style=\"font-weight: 400;\">Praticien en d\u00e9veloppement organisationnel et point focal national pour l&rsquo;est de la R\u00e9publique d\u00e9mocratique du Congo<\/span><\/span><\/p>\n<\/div><div class=\"fusion-separator fusion-full-width-sep\" style=\"align-self: center;margin-left: auto;margin-right: auto;margin-top:25px;width:100%;\"><\/div><div class=\"fusion-image-element \" style=\"--awb-caption-title-font-family:var(--h2_typography-font-family);--awb-caption-title-font-weight:var(--h2_typography-font-weight);--awb-caption-title-font-style:var(--h2_typography-font-style);--awb-caption-title-size:var(--h2_typography-font-size);--awb-caption-title-transform:var(--h2_typography-text-transform);--awb-caption-title-line-height:var(--h2_typography-line-height);--awb-caption-title-letter-spacing:var(--h2_typography-letter-spacing);\"><span class=\" fusion-imageframe imageframe-none imageframe-5 hover-type-none\"><img data-recalc-dims=\"1\" decoding=\"async\" width=\"300\" height=\"300\" title=\"Well Grounded jean-Baptiste\" src=\"https:\/\/i0.wp.com\/well-grounded.org\/wp-content\/uploads\/2023\/11\/Well-Grounded-jean-Baptiste.png?resize=300%2C300&#038;ssl=1\" alt class=\"img-responsive wp-image-11184\" srcset=\"https:\/\/i0.wp.com\/well-grounded.org\/wp-content\/uploads\/2023\/11\/Well-Grounded-jean-Baptiste.png?resize=66%2C66&amp;ssl=1 66w, https:\/\/i0.wp.com\/well-grounded.org\/wp-content\/uploads\/2023\/11\/Well-Grounded-jean-Baptiste.png?resize=150%2C150&amp;ssl=1 150w, https:\/\/i0.wp.com\/well-grounded.org\/wp-content\/uploads\/2023\/11\/Well-Grounded-jean-Baptiste.png?resize=200%2C200&amp;ssl=1 200w, https:\/\/i0.wp.com\/well-grounded.org\/wp-content\/uploads\/2023\/11\/Well-Grounded-jean-Baptiste.png?resize=300%2C300&amp;ssl=1 300w, https:\/\/i0.wp.com\/well-grounded.org\/wp-content\/uploads\/2023\/11\/Well-Grounded-jean-Baptiste.png?resize=400%2C400&amp;ssl=1 400w, https:\/\/i0.wp.com\/well-grounded.org\/wp-content\/uploads\/2023\/11\/Well-Grounded-jean-Baptiste.png?w=468&amp;ssl=1 468w\" sizes=\"(max-width: 1024px) 100vw, (max-width: 640px) 100vw, 400px\" \/><\/span><\/div><div class=\"fusion-separator fusion-full-width-sep\" style=\"align-self: center;margin-left: auto;margin-right: auto;margin-top:20px;width:100%;\"><\/div><div class=\"fusion-text fusion-text-11\" style=\"--awb-text-transform:none;\"><p><span style=\"font-weight: 400;\">Jean-Baptiste Badesire a rejoint Well Grounded en 2022 en tant que praticien en d\u00e9veloppement organisationnel et point focal national pour l&rsquo;est de la RDC. <\/span><span style=\"font-weight: 400;\">Jean-Baptiste a apport\u00e9 \u00e0 l&rsquo;\u00e9quipe son exp\u00e9rience en mati\u00e8re de renforcement des capacit\u00e9s et de mise en r\u00e9seau des OSC, de suivi et de rapports sur les droits de l&rsquo;homme, de plaidoyer, d&rsquo;analyse des risques pour la protection des d\u00e9fenseurs des droits de l&rsquo;homme, de formation et de coaching, et de mise en \u0153uvre de projets. Jean-Baptiste a d\u00e9j\u00e0 travaill\u00e9 avec le Centre Carter, Protection International et le Centre de recherche sur l&rsquo;environnement, la d\u00e9mocratie et les droits de l&rsquo;homme (CREDDHO) \u00e0 Goma, Bukavu et Kinshasa (RDC). <\/span><\/p>\n<\/div><div class=\"accordian fusion-accordian\" style=\"--awb-border-size:1px;--awb-icon-size:25px;--awb-content-font-size:17px;--awb-icon-alignment:left;--awb-hover-color:#ffffff;--awb-border-color:#c7d300;--awb-background-color:#ffffff;--awb-divider-color:#e7e4e2;--awb-divider-hover-color:#e7e4e2;--awb-icon-color:#c7d300;--awb-title-color:#c7d300;--awb-content-color:#000000;--awb-icon-box-color:#333333;--awb-toggle-hover-accent-color:#c7d300;--awb-title-font-family:&quot;Zilla Slab&quot;;--awb-title-font-weight:regular;--awb-title-font-style:normal;--awb-title-font-size:15px;--awb-content-font-family:&quot;PT Sans&quot;;--awb-content-font-style:normal;--awb-content-font-weight:400;\"><div class=\"panel-group fusion-toggle-icon-unboxed\" id=\"accordion-5498-5\"><div class=\"fusion-panel panel-default panel-a8da38ce2d4871251 fusion-toggle-no-divider fusion-toggle-boxed-mode\"><div class=\"panel-heading\"><h4 class=\"panel-title toggle\" id=\"toggle_a8da38ce2d4871251\"><a aria-expanded=\"false\" aria-controls=\"a8da38ce2d4871251\" role=\"button\" data-toggle=\"collapse\" data-parent=\"#accordion-5498-5\" data-target=\"#a8da38ce2d4871251\" href=\"#a8da38ce2d4871251\"><span class=\"fusion-toggle-icon-wrapper\" aria-hidden=\"true\"><i class=\"fa-fusion-box active-icon awb-icon-minus\" aria-hidden=\"true\"><\/i><i class=\"fa-fusion-box inactive-icon awb-icon-plus\" aria-hidden=\"true\"><\/i><\/span><span class=\"fusion-toggle-heading\">En savoir plus sur Jean Baptiste<\/span><\/a><\/h4><\/div><div id=\"a8da38ce2d4871251\" class=\"panel-collapse collapse \" aria-labelledby=\"toggle_a8da38ce2d4871251\"><div class=\"panel-body toggle-content fusion-clearfix\">\n<p><strong>Nationalit\u00e9 :<\/strong> Congolais, DR CONGO<\/p>\n<p><strong>Lieu\/Base :<\/strong> <span style=\"font-weight: 400;\">Goma, Nord-Kivu<\/span><\/p>\n<p><strong>Langues :<\/strong> Fran\u00e7ais, lingala, anglais, swahili<\/p>\n<p><strong>Comp\u00e9tences cl\u00e9s :<\/strong> Conseil juridique ; soutien organisationnel; gestion de projet<\/p>\n<p><span style=\"font-weight: 400;\">Les postes qu&rsquo;il occupait chez ses pr\u00e9c\u00e9dents employeurs \u00e9taient li\u00e9s \u00e0 la mise en \u0153uvre de projets communautaires visant \u00e0 lutter contre les violations des droits de l&rsquo;homme et l&rsquo;impunit\u00e9, \u00e0 la protection des d\u00e9fenseurs des droits de l&rsquo;homme et au renforcement des OSC et des acteurs de la soci\u00e9t\u00e9 civile. Entre 2021 et 2022, Jean-Baptste, en tant que conseiller en protection aupr\u00e8s du Centre Carter, a dirig\u00e9 la mise en \u0153uvre d&rsquo;un projet visant \u00e0 soutenir six r\u00e9seaux de protection compos\u00e9s de plus de 300 OSC dans les provinces du Nord-Kivu, du Sud-Kivu, du Kasa\u00ef Central, du Kasa\u00ef Oriental, du Haut Katanga et de Kinshasa en RD Congo. <\/span><span style=\"font-weight: 400;\">Jean-Baptiste est titulaire d&rsquo;un dipl\u00f4me d&rsquo;\u00e9tudes juridiques et a travaill\u00e9 entre 2011 et 2012 en tant qu&rsquo;avocat en se concentrant sur le soutien judiciaire aux survivants d&rsquo;abus sexuels au Nord-Kivu.<\/span><\/p>\n<\/div><\/div><\/div><\/div><\/div><\/div><\/div><div class=\"fusion-layout-column fusion_builder_column fusion-builder-column-6 fusion_builder_column_1_3 1_3 fusion-flex-column\" style=\"--awb-bg-size:cover;--awb-width-large:33.333333333333%;--awb-margin-top-large:10px;--awb-spacing-right-large:5.76%;--awb-margin-bottom-large:10px;--awb-spacing-left-large:5.76%;--awb-width-medium:100%;--awb-order-medium:0;--awb-spacing-right-medium:1.92%;--awb-spacing-left-medium:1.92%;--awb-width-small:100%;--awb-order-small:0;--awb-spacing-right-small:1.92%;--awb-spacing-left-small:1.92%;\"><div class=\"fusion-column-wrapper fusion-column-has-shadow fusion-flex-justify-content-flex-start fusion-content-layout-column\"><div class=\"fusion-text fusion-text-12\" style=\"--awb-text-transform:none;\"><h3><span style=\"color: #000000;\">Mary Bakia <\/span><\/h3>\n<p><span style=\"color: #999999;\">Responsable du d\u00e9veloppement du leadership f\u00e9minin<\/span><\/p>\n<\/div><div class=\"fusion-separator fusion-full-width-sep\" style=\"align-self: center;margin-left: auto;margin-right: auto;margin-top:25px;width:100%;\"><\/div><div class=\"fusion-image-element \" style=\"--awb-caption-title-font-family:var(--h2_typography-font-family);--awb-caption-title-font-weight:var(--h2_typography-font-weight);--awb-caption-title-font-style:var(--h2_typography-font-style);--awb-caption-title-size:var(--h2_typography-font-size);--awb-caption-title-transform:var(--h2_typography-text-transform);--awb-caption-title-line-height:var(--h2_typography-line-height);--awb-caption-title-letter-spacing:var(--h2_typography-letter-spacing);\"><span class=\" fusion-imageframe imageframe-none imageframe-6 hover-type-none\"><img data-recalc-dims=\"1\" decoding=\"async\" width=\"300\" height=\"300\" title=\"Well Grounded Mary Bakia\" src=\"https:\/\/i0.wp.com\/well-grounded.org\/wp-content\/uploads\/2023\/11\/Well-Grounded-Mary-Bakia.png?resize=300%2C300&#038;ssl=1\" alt class=\"img-responsive wp-image-11180\" srcset=\"https:\/\/i0.wp.com\/well-grounded.org\/wp-content\/uploads\/2023\/11\/Well-Grounded-Mary-Bakia.png?resize=66%2C66&amp;ssl=1 66w, https:\/\/i0.wp.com\/well-grounded.org\/wp-content\/uploads\/2023\/11\/Well-Grounded-Mary-Bakia.png?resize=150%2C150&amp;ssl=1 150w, https:\/\/i0.wp.com\/well-grounded.org\/wp-content\/uploads\/2023\/11\/Well-Grounded-Mary-Bakia.png?resize=200%2C200&amp;ssl=1 200w, https:\/\/i0.wp.com\/well-grounded.org\/wp-content\/uploads\/2023\/11\/Well-Grounded-Mary-Bakia.png?resize=300%2C300&amp;ssl=1 300w, https:\/\/i0.wp.com\/well-grounded.org\/wp-content\/uploads\/2023\/11\/Well-Grounded-Mary-Bakia.png?resize=400%2C400&amp;ssl=1 400w, https:\/\/i0.wp.com\/well-grounded.org\/wp-content\/uploads\/2023\/11\/Well-Grounded-Mary-Bakia.png?w=468&amp;ssl=1 468w\" sizes=\"(max-width: 1024px) 100vw, (max-width: 640px) 100vw, 400px\" \/><\/span><\/div><div class=\"fusion-separator fusion-full-width-sep\" style=\"align-self: center;margin-left: auto;margin-right: auto;margin-top:20px;width:100%;\"><\/div><div class=\"fusion-text fusion-text-13\" style=\"--awb-text-transform:none;\"><p>Bakia Mary a rejoint Well Grounded en 2022 en tant que \u00ab\u00a0Women Leadership Development Manager\u00a0\u00bb. Mary a plus de 15 ans d&rsquo;exp\u00e9rience dans la gestion organisationnelle, la facilitation, la conception, le suivi et l&rsquo;\u00e9valuation de formations pour les organisations de d\u00e9veloppement communautaire.<\/p>\n<\/div><div class=\"accordian fusion-accordian\" style=\"--awb-border-size:1px;--awb-icon-size:25px;--awb-content-font-size:17px;--awb-icon-alignment:left;--awb-hover-color:#ffffff;--awb-border-color:#c7d300;--awb-background-color:#ffffff;--awb-divider-color:#e7e4e2;--awb-divider-hover-color:#e7e4e2;--awb-icon-color:#c7d300;--awb-title-color:#c7d300;--awb-content-color:#000000;--awb-icon-box-color:#333333;--awb-toggle-hover-accent-color:#c7d300;--awb-title-font-family:&quot;Zilla Slab&quot;;--awb-title-font-weight:regular;--awb-title-font-style:normal;--awb-title-font-size:15px;--awb-content-font-family:&quot;PT Sans&quot;;--awb-content-font-style:normal;--awb-content-font-weight:400;\"><div class=\"panel-group fusion-toggle-icon-unboxed\" id=\"accordion-5498-6\"><div class=\"fusion-panel panel-default panel-df1e4a1d044ad820e fusion-toggle-no-divider fusion-toggle-boxed-mode\"><div class=\"panel-heading\"><h4 class=\"panel-title toggle\" id=\"toggle_df1e4a1d044ad820e\"><a aria-expanded=\"false\" aria-controls=\"df1e4a1d044ad820e\" role=\"button\" data-toggle=\"collapse\" data-parent=\"#accordion-5498-6\" data-target=\"#df1e4a1d044ad820e\" href=\"#df1e4a1d044ad820e\"><span class=\"fusion-toggle-icon-wrapper\" aria-hidden=\"true\"><i class=\"fa-fusion-box active-icon awb-icon-minus\" aria-hidden=\"true\"><\/i><i class=\"fa-fusion-box inactive-icon awb-icon-plus\" aria-hidden=\"true\"><\/i><\/span><span class=\"fusion-toggle-heading\">En savoir plus sur Mary<\/span><\/a><\/h4><\/div><div id=\"df1e4a1d044ad820e\" class=\"panel-collapse collapse \" aria-labelledby=\"toggle_df1e4a1d044ad820e\"><div class=\"panel-body toggle-content fusion-clearfix\">\n<p><strong>Nationalit\u00e9 :<\/strong> camerounaise<\/p>\n<p><strong>Lieu\/Base :<\/strong> Yaound\u00e9<\/p>\n<p><strong>Langues : <\/strong> Anglais et fran\u00e7ais<\/p>\n<p>Elle a r\u00e9cemment travaill\u00e9 en tant que consultante, apportant son soutien \u00e0 de nombreuses organisations, dont SNV, GIZ, CARE Cameroun, PEACE CORPS Cameroun, pour leur travail sur le leadership et l&rsquo;inclusion sociale des femmes et des jeunes, non seulement dans la cha\u00eene de valeur de la production de cacao, mais aussi en mati\u00e8re de violence bas\u00e9e sur le genre, de sant\u00e9 sexuelle et de droits reproductifs. au Cameroun. Mary est bas\u00e9e \u00e0 Yaound\u00e9.<\/p>\n<p>Mary a une exp\u00e9rience significative dans le domaine du d\u00e9veloppement puisqu&rsquo;elle a travaill\u00e9 sur des projets de nature diverse. Elle a acquis des exp\u00e9riences dans les domaines du d\u00e9veloppement de contenu, de la facilitation, du renforcement des capacit\u00e9s, de la mobilisation communautaire, de la collecte de donn\u00e9es, de l&rsquo;\u00e9valuation des besoins de formation et de la mise en \u0153uvre de projets pour une grande vari\u00e9t\u00e9 d&rsquo;organisations de d\u00e9veloppement.<\/p>\n<p>Depuis 2014, Mary travaille pour SNV Cameroun en tant que consultante \u00a0\u00bb d\u00e9veloppeur de capacit\u00e9s locales \u00a0\u00bb en charge du \u00a0\u00bb Female leadership and Leadership for change programme \u00a0\u00bb avec pour seul objectif de faciliter l&rsquo;inclusion et la participation effective des femmes et des jeunes dans les projets d&rsquo;hygi\u00e8ne et d&rsquo;assainissement de l&rsquo;eau (WASH) sp\u00e9cifiquement dans les comit\u00e9s de gestion de l&rsquo;eau et ensuite dans la cha\u00eene de valeur de la production de cacao.<\/p>\n<p>Avant de rejoindre Well Grounded, Mary a \u00e9t\u00e9 consultante pour l&rsquo;Alliance mondiale pour une action verte et de genre (GAGGA)\u00a0\u00bb et le R\u00e9seau international de foresterie analogique (IAFN) en tant que point focal de lobbying et de plaidoyer pour l&rsquo;Afrique, couvrant 04 pays (Cameroun, Ghana, Ouganda et Zimbabwe) et formant les coop\u00e9ratives de cacao, partenaires de GIZ Cameroun, sur les questions de genre et de leadership.<\/p>\n<\/div><\/div><\/div><\/div><\/div><\/div><\/div><div class=\"fusion-layout-column fusion_builder_column fusion-builder-column-7 fusion_builder_column_1_3 1_3 fusion-flex-column\" style=\"--awb-bg-size:cover;--awb-width-large:33.333333333333%;--awb-margin-top-large:10px;--awb-spacing-right-large:5.76%;--awb-margin-bottom-large:10px;--awb-spacing-left-large:5.76%;--awb-width-medium:100%;--awb-order-medium:0;--awb-spacing-right-medium:1.92%;--awb-spacing-left-medium:1.92%;--awb-width-small:100%;--awb-order-small:0;--awb-spacing-right-small:1.92%;--awb-spacing-left-small:1.92%;\"><div class=\"fusion-column-wrapper fusion-column-has-shadow fusion-flex-justify-content-flex-start fusion-content-layout-column\"><div class=\"fusion-text fusion-text-14\" style=\"--awb-text-transform:none;\"><h3><span style=\"color: #000000;\">Audrey Ibin<\/span><\/h3>\n<p><span style=\"color: #999999;\">Country Coordinator &#038; Lead ODP Cameroon and presentation<\/span><\/p>\n<\/div><div class=\"fusion-separator fusion-full-width-sep\" style=\"align-self: center;margin-left: auto;margin-right: auto;margin-top:25px;width:100%;\"><\/div><div class=\"fusion-image-element \" style=\"--awb-margin-right:100px;--awb-caption-title-font-family:var(--h2_typography-font-family);--awb-caption-title-font-weight:var(--h2_typography-font-weight);--awb-caption-title-font-style:var(--h2_typography-font-style);--awb-caption-title-size:var(--h2_typography-font-size);--awb-caption-title-transform:var(--h2_typography-text-transform);--awb-caption-title-line-height:var(--h2_typography-line-height);--awb-caption-title-letter-spacing:var(--h2_typography-letter-spacing);\"><span class=\" fusion-imageframe imageframe-none imageframe-7 hover-type-none\"><img data-recalc-dims=\"1\" decoding=\"async\" width=\"468\" height=\"468\" title=\"Well Grounded Audrey Ibin\" src=\"https:\/\/i0.wp.com\/well-grounded.org\/wp-content\/uploads\/2026\/03\/Well-Grounded-Audrey-Ibin-1.png?resize=468%2C468&#038;ssl=1\" alt class=\"img-responsive wp-image-12109\" srcset=\"https:\/\/i0.wp.com\/well-grounded.org\/wp-content\/uploads\/2026\/03\/Well-Grounded-Audrey-Ibin-1.png?resize=66%2C66&amp;ssl=1 66w, https:\/\/i0.wp.com\/well-grounded.org\/wp-content\/uploads\/2026\/03\/Well-Grounded-Audrey-Ibin-1.png?resize=150%2C150&amp;ssl=1 150w, https:\/\/i0.wp.com\/well-grounded.org\/wp-content\/uploads\/2026\/03\/Well-Grounded-Audrey-Ibin-1.png?resize=200%2C200&amp;ssl=1 200w, https:\/\/i0.wp.com\/well-grounded.org\/wp-content\/uploads\/2026\/03\/Well-Grounded-Audrey-Ibin-1.png?resize=300%2C300&amp;ssl=1 300w, https:\/\/i0.wp.com\/well-grounded.org\/wp-content\/uploads\/2026\/03\/Well-Grounded-Audrey-Ibin-1.png?resize=400%2C400&amp;ssl=1 400w, https:\/\/i0.wp.com\/well-grounded.org\/wp-content\/uploads\/2026\/03\/Well-Grounded-Audrey-Ibin-1.png?w=468&amp;ssl=1 468w\" sizes=\"(max-width: 1024px) 100vw, (max-width: 640px) 100vw, 400px\" \/><\/span><\/div><div class=\"fusion-separator fusion-full-width-sep\" style=\"align-self: center;margin-left: auto;margin-right: auto;margin-top:20px;width:100%;\"><\/div><div class=\"fusion-text fusion-text-15\" style=\"--awb-text-transform:none;\"><p>Audrey IBIN est Internationaliste, Dr. en G\u00e9opolitique et G\u00e9ostrat\u00e9gie sp\u00e9cialis\u00e9e en S\u00e9curit\u00e9 Humaine. Elle a commenc\u00e9 \u00e0 collaborer avec Well Grounded en 2015 en apportant son expertise dans le renforcement des capacit\u00e9s des organisations et la facilitation des ateliers. Bas\u00e9e au Cameroun, elle occupe d\u00e9sormais le r\u00f4le de Country Coordinator &amp; Lead ODP Cameroon.<\/p>\n<\/div><div class=\"accordian fusion-accordian\" style=\"--awb-border-size:1px;--awb-icon-size:25px;--awb-content-font-size:17px;--awb-icon-alignment:left;--awb-hover-color:#ffffff;--awb-border-color:#c7d300;--awb-background-color:#ffffff;--awb-divider-color:#e7e4e2;--awb-divider-hover-color:#e7e4e2;--awb-icon-color:#c7d300;--awb-title-color:#c7d300;--awb-content-color:#000000;--awb-icon-box-color:#333333;--awb-toggle-hover-accent-color:#c7d300;--awb-title-font-family:&quot;Zilla Slab&quot;;--awb-title-font-weight:regular;--awb-title-font-style:normal;--awb-title-font-size:15px;--awb-content-font-family:&quot;PT Sans&quot;;--awb-content-font-style:normal;--awb-content-font-weight:400;\"><div class=\"panel-group fusion-toggle-icon-unboxed\" id=\"accordion-5498-7\"><div class=\"fusion-panel panel-default panel-a2ed488089447ce33 fusion-toggle-no-divider fusion-toggle-boxed-mode\"><div class=\"panel-heading\"><h4 class=\"panel-title toggle\" id=\"toggle_a2ed488089447ce33\"><a aria-expanded=\"false\" aria-controls=\"a2ed488089447ce33\" role=\"button\" data-toggle=\"collapse\" data-parent=\"#accordion-5498-7\" data-target=\"#a2ed488089447ce33\" href=\"#a2ed488089447ce33\"><span class=\"fusion-toggle-icon-wrapper\" aria-hidden=\"true\"><i class=\"fa-fusion-box active-icon awb-icon-minus\" aria-hidden=\"true\"><\/i><i class=\"fa-fusion-box inactive-icon awb-icon-plus\" aria-hidden=\"true\"><\/i><\/span><span class=\"fusion-toggle-heading\">En savoir plus sur Audrey<\/span><\/a><\/h4><\/div><div id=\"a2ed488089447ce33\" class=\"panel-collapse collapse \" aria-labelledby=\"toggle_a2ed488089447ce33\"><div class=\"panel-body toggle-content fusion-clearfix\">\n<p><strong>Nationalit\u00e9 :<\/strong> camerounaise<\/p>\n<p><strong>Localisation\/Base\u00a0:<\/strong> Yaound\u00e9<\/p>\n<p><strong>Langues :<\/strong> fran\u00e7ais et anglais<\/p>\n<p><strong>Comp\u00e9tences cl\u00e9s :<\/strong> Facilitatrice, Praticienne en d\u00e9veloppement organisationnel<\/p>\n<p>Audrey est Internationaliste sp\u00e9cialis\u00e9e en G\u00e9opolitique et s\u00e9curit\u00e9 Humaine. Elle a commenc\u00e9 \u00e0 collaborer avec Well Grounded en 2018 en apportant son expertise dans le renforcement des capacit\u00e9s des organisations et la facilitation des ateliers. Bas\u00e9e au Cameroun, elle travaille actuellement en tant que consultante associ\u00e9e en d\u00e9veloppement organisationnel, Monitoring-Evaluation &amp; learning des programmes. Le r\u00f4le d\u2019Audrey est de planifier, coordonner, suivre, \u00e9valuer et assurer la mise en \u0153uvre des actions de com de WG et leur coh\u00e9rence avec la strat\u00e9gie globale et la raison d\u2019\u00eatre de WG sur les r\u00e9seaux sociaux. Concr\u00e8tement, il s&rsquo;agit de : Organiser la cr\u00e9ation et la diffusion de documents, et supports de communication, en fran\u00e7ais et en anglais (rapport annuel, publications th\u00e9matiques, vid\u00e9os, webinaires, outils m\u00e9thodologiques et autres ressources&#8230;) \u00e0 partir de contenus bruts et proposer des messages et visuels respectant la charte graphique de WellGrounded sur les r\u00e9seaux sociaux.<\/p>\n<p>Audrey a travaill\u00e9 dans le secteur priv\u00e9 au d\u00e9but de sa carri\u00e8re et s&rsquo;est rapidement int\u00e9ress\u00e9e au d\u00e9veloppement personnel par le coaching et le d\u00e9veloppement du leadership pour les femmes. Depuis 2015, Audrey a construit son exp\u00e9rience d\u2019animation, un parcours qui l\u2019a conduite sur la voie du d\u00e9veloppement organisationnel.<\/p>\n<p>Audrey est titulaire d\u2019un Master en Histoire, Economie Sociale et Relations Internationales et de certifications d\u2019accompagnement au montage et \u00e0 la gestion d\u2019activit\u00e9s g\u00e9n\u00e9ratrices de revenus, le coaching des femmes et le d\u00e9veloppement communautaire bas\u00e9 sur les actifs. Elle s&rsquo;int\u00e9resse au bien-\u00eatre humain et le consid\u00e8re comme un facteur primordial de s\u00e9curit\u00e9 environnementale.<\/p>\n<\/div><\/div><\/div><\/div><\/div><\/div><\/div><div class=\"fusion-layout-column fusion_builder_column fusion-builder-column-8 fusion_builder_column_1_3 1_3 fusion-flex-column\" style=\"--awb-bg-size:cover;--awb-width-large:33.333333333333%;--awb-margin-top-large:10px;--awb-spacing-right-large:5.76%;--awb-margin-bottom-large:10px;--awb-spacing-left-large:5.76%;--awb-width-medium:100%;--awb-order-medium:0;--awb-spacing-right-medium:1.92%;--awb-spacing-left-medium:1.92%;--awb-width-small:100%;--awb-order-small:0;--awb-spacing-right-small:1.92%;--awb-spacing-left-small:1.92%;\"><div class=\"fusion-column-wrapper fusion-column-has-shadow fusion-flex-justify-content-flex-start fusion-content-layout-column\"><div class=\"fusion-text fusion-text-16\" style=\"--awb-text-transform:none;\"><h3><span style=\"color: #000000;\">St\u00e9phany Kersten<\/span><\/h3>\n<p><span style=\"color: #999999;\">Organisational Development Strategic Programme Lead<\/span><\/p>\n<\/div><div class=\"fusion-separator fusion-full-width-sep\" style=\"align-self: center;margin-left: auto;margin-right: auto;margin-top:25px;width:100%;\"><\/div><div class=\"fusion-image-element \" style=\"--awb-caption-title-font-family:var(--h2_typography-font-family);--awb-caption-title-font-weight:var(--h2_typography-font-weight);--awb-caption-title-font-style:var(--h2_typography-font-style);--awb-caption-title-size:var(--h2_typography-font-size);--awb-caption-title-transform:var(--h2_typography-text-transform);--awb-caption-title-line-height:var(--h2_typography-line-height);--awb-caption-title-letter-spacing:var(--h2_typography-letter-spacing);\"><span class=\" fusion-imageframe imageframe-none imageframe-8 hover-type-none\"><img data-recalc-dims=\"1\" decoding=\"async\" width=\"300\" height=\"300\" title=\"Well Grounded Stephanie\" src=\"https:\/\/i0.wp.com\/well-grounded.org\/wp-content\/uploads\/2023\/11\/Well-Grounded-Stephanie.png?resize=300%2C300&#038;ssl=1\" alt class=\"img-responsive wp-image-11174\" srcset=\"https:\/\/i0.wp.com\/well-grounded.org\/wp-content\/uploads\/2023\/11\/Well-Grounded-Stephanie.png?resize=66%2C66&amp;ssl=1 66w, https:\/\/i0.wp.com\/well-grounded.org\/wp-content\/uploads\/2023\/11\/Well-Grounded-Stephanie.png?resize=150%2C150&amp;ssl=1 150w, https:\/\/i0.wp.com\/well-grounded.org\/wp-content\/uploads\/2023\/11\/Well-Grounded-Stephanie.png?resize=200%2C200&amp;ssl=1 200w, https:\/\/i0.wp.com\/well-grounded.org\/wp-content\/uploads\/2023\/11\/Well-Grounded-Stephanie.png?resize=300%2C300&amp;ssl=1 300w, https:\/\/i0.wp.com\/well-grounded.org\/wp-content\/uploads\/2023\/11\/Well-Grounded-Stephanie.png?resize=400%2C400&amp;ssl=1 400w, https:\/\/i0.wp.com\/well-grounded.org\/wp-content\/uploads\/2023\/11\/Well-Grounded-Stephanie.png?w=468&amp;ssl=1 468w\" sizes=\"(max-width: 1024px) 100vw, (max-width: 640px) 100vw, 400px\" \/><\/span><\/div><div class=\"fusion-separator fusion-full-width-sep\" style=\"align-self: center;margin-left: auto;margin-right: auto;margin-top:20px;width:100%;\"><\/div><div class=\"fusion-text fusion-text-17\" style=\"--awb-text-transform:none;\"><p>Stephany a rejoint Well Grounded en avril 2017, apportant son expertise sur les processus participatifs et sa vaste exp\u00e9rience dans le bassin du Congo. Stephany est bas\u00e9e \u00e0 Addis-Abeba, en \u00c9thiopie, et dirige le travail de Well Grounded sur le d\u00e9veloppement organisationnel.<\/p>\n<\/div><div class=\"accordian fusion-accordian\" style=\"--awb-border-size:1px;--awb-icon-size:25px;--awb-content-font-size:17px;--awb-icon-alignment:left;--awb-hover-color:#ffffff;--awb-border-color:#c7d300;--awb-background-color:#ffffff;--awb-divider-color:#e7e4e2;--awb-divider-hover-color:#e7e4e2;--awb-icon-color:#c7d300;--awb-title-color:#c7d300;--awb-content-color:#000000;--awb-icon-box-color:#333333;--awb-toggle-hover-accent-color:#c7d300;--awb-title-font-family:&quot;Zilla Slab&quot;;--awb-title-font-weight:regular;--awb-title-font-style:normal;--awb-title-font-size:15px;--awb-content-font-family:&quot;PT Sans&quot;;--awb-content-font-style:normal;--awb-content-font-weight:400;\"><div class=\"panel-group fusion-toggle-icon-unboxed\" id=\"accordion-5498-8\"><div class=\"fusion-panel panel-default panel-af5b946f4194763fb fusion-toggle-no-divider fusion-toggle-boxed-mode\"><div class=\"panel-heading\"><h4 class=\"panel-title toggle\" id=\"toggle_af5b946f4194763fb\"><a aria-expanded=\"false\" aria-controls=\"af5b946f4194763fb\" role=\"button\" data-toggle=\"collapse\" data-parent=\"#accordion-5498-8\" data-target=\"#af5b946f4194763fb\" href=\"#af5b946f4194763fb\"><span class=\"fusion-toggle-icon-wrapper\" aria-hidden=\"true\"><i class=\"fa-fusion-box active-icon awb-icon-minus\" aria-hidden=\"true\"><\/i><i class=\"fa-fusion-box inactive-icon awb-icon-plus\" aria-hidden=\"true\"><\/i><\/span><span class=\"fusion-toggle-heading\">En savoir plus sur St\u00e9phanie<\/span><\/a><\/h4><\/div><div id=\"af5b946f4194763fb\" class=\"panel-collapse collapse \" aria-labelledby=\"toggle_af5b946f4194763fb\"><div class=\"panel-body toggle-content fusion-clearfix\">\n<p><strong>Nationalit\u00e9 :<\/strong> N\u00e9erlandaise<\/p>\n<p><strong>Lieu\/Base :<\/strong> Congo, Bomassa<\/p>\n<p><strong>Langues :<\/strong> n\u00e9erlandais, anglais et fran\u00e7ais<\/p>\n<p><strong>Comp\u00e9tences cl\u00e9s :<\/strong> Coach certifi\u00e9 en \u00ab coaching centr\u00e9 sur la personne \u00bb. Planification strat\u00e9gique, suivi et \u00e9valuation, int\u00e9gration du genre et de la diversit\u00e9, suivi et plaidoyer des politiques, d\u00e9veloppement des capacit\u00e9s, facilitation des processus, formation et coaching.<\/p>\n<p>Stephany a rejoint Well Grounded en avril 2017, apportant son expertise sur les processus participatifs et sa vaste exp\u00e9rience dans le bassin du Congo. Stephany est bas\u00e9e \u00e0 Addis-Abeba, en \u00c9thiopie, et dirige le travail de Well Grounded sur le d\u00e9veloppement organisationnel.<\/p>\n<p>Le fil rouge de sa carri\u00e8re dans le d\u00e9veloppement a \u00e9t\u00e9 de mettre en place et de faciliter des processus participatifs et de soutenir les organisations locales pour qu\u2019elles soient habilit\u00e9es \u00e0 travailler de mani\u00e8re ind\u00e9pendante sur des probl\u00e8mes qu\u2019elles d\u00e9finissent elles-m\u00eames. Stephany dirige actuellement le travail de Well Grounded sur le d\u00e9veloppement organisationnel en mettant en place des cadres et des lignes directrices et en fournissant un soutien et un suivi aux consultants associ\u00e9s travaillant avec WG pour assurer un travail de qualit\u00e9. Stephany pr\u00e9f\u00e8re passer au moins 50\u00a0% de son temps \u00e0 faciliter les processus de DO, la formation et le coaching avec les organisations clientes.<\/p>\n<p>Avant de rejoindre Well Grounded, Stephany a travaill\u00e9 comme consultante, soutenant principalement des groupes de la soci\u00e9t\u00e9 civile pour mettre en place des strat\u00e9gies de plaidoyer afin d&rsquo;am\u00e9liorer le cadre juridique pour soutenir leurs activit\u00e9s et am\u00e9liorer les conditions de leurs b\u00e9n\u00e9ficiaires. Elle a \u00e9galement travaill\u00e9 dans plusieurs pays d&rsquo;Afrique occidentale, orientale et australe et au Y\u00e9men sur la gestion des ressources naturelles et l&rsquo;autonomisation des femmes.<\/p>\n<p>Stephany vient des Pays-Bas, o\u00f9 elle a fait sa ma\u00eetrise en agriculture tropicale et d\u00e9veloppement rural, suivie d&rsquo;un doctorat en d\u00e9veloppement de processus participatif multipartite obtenu en Australie. Elle parle couramment le n\u00e9erlandais, l&rsquo;anglais et le fran\u00e7ais.<\/p>\n<\/div><\/div><\/div><\/div><\/div><\/div><\/div><div class=\"fusion-layout-column fusion_builder_column fusion-builder-column-9 fusion_builder_column_1_3 1_3 fusion-flex-column\" style=\"--awb-bg-size:cover;--awb-width-large:33.333333333333%;--awb-margin-top-large:10px;--awb-spacing-right-large:5.76%;--awb-margin-bottom-large:10px;--awb-spacing-left-large:5.76%;--awb-width-medium:100%;--awb-order-medium:0;--awb-spacing-right-medium:1.92%;--awb-spacing-left-medium:1.92%;--awb-width-small:100%;--awb-order-small:0;--awb-spacing-right-small:1.92%;--awb-spacing-left-small:1.92%;\"><div class=\"fusion-column-wrapper fusion-column-has-shadow fusion-flex-justify-content-flex-start fusion-content-layout-column\"><div class=\"fusion-text fusion-text-18\" style=\"--awb-text-transform:none;\"><h3><span style=\"color: #000000;\">Triomphe Makiedi<\/span><\/h3>\n<p><span style=\"color: #999999;\">Point focal national &#8211; R\u00e9publique du Congo<\/span><\/p>\n<\/div><div class=\"fusion-separator fusion-full-width-sep\" style=\"align-self: center;margin-left: auto;margin-right: auto;margin-top:25px;width:100%;\"><\/div><div class=\"fusion-image-element \" style=\"--awb-caption-title-font-family:var(--h2_typography-font-family);--awb-caption-title-font-weight:var(--h2_typography-font-weight);--awb-caption-title-font-style:var(--h2_typography-font-style);--awb-caption-title-size:var(--h2_typography-font-size);--awb-caption-title-transform:var(--h2_typography-text-transform);--awb-caption-title-line-height:var(--h2_typography-line-height);--awb-caption-title-letter-spacing:var(--h2_typography-letter-spacing);\"><span class=\" fusion-imageframe imageframe-none imageframe-9 hover-type-none\"><img data-recalc-dims=\"1\" decoding=\"async\" width=\"300\" height=\"300\" title=\"Well Grounded Triomphe\" src=\"https:\/\/i0.wp.com\/well-grounded.org\/wp-content\/uploads\/2023\/11\/Well-Grounded-Triomphe.png?resize=300%2C300&#038;ssl=1\" alt class=\"img-responsive wp-image-11182\" srcset=\"https:\/\/i0.wp.com\/well-grounded.org\/wp-content\/uploads\/2023\/11\/Well-Grounded-Triomphe.png?resize=66%2C66&amp;ssl=1 66w, https:\/\/i0.wp.com\/well-grounded.org\/wp-content\/uploads\/2023\/11\/Well-Grounded-Triomphe.png?resize=150%2C150&amp;ssl=1 150w, https:\/\/i0.wp.com\/well-grounded.org\/wp-content\/uploads\/2023\/11\/Well-Grounded-Triomphe.png?resize=200%2C200&amp;ssl=1 200w, https:\/\/i0.wp.com\/well-grounded.org\/wp-content\/uploads\/2023\/11\/Well-Grounded-Triomphe.png?resize=300%2C300&amp;ssl=1 300w, https:\/\/i0.wp.com\/well-grounded.org\/wp-content\/uploads\/2023\/11\/Well-Grounded-Triomphe.png?resize=400%2C400&amp;ssl=1 400w, https:\/\/i0.wp.com\/well-grounded.org\/wp-content\/uploads\/2023\/11\/Well-Grounded-Triomphe.png?w=468&amp;ssl=1 468w\" sizes=\"(max-width: 1024px) 100vw, (max-width: 640px) 100vw, 400px\" \/><\/span><\/div><div class=\"fusion-separator fusion-full-width-sep\" style=\"align-self: center;margin-left: auto;margin-right: auto;margin-top:20px;width:100%;\"><\/div><div class=\"fusion-text fusion-text-19\" style=\"--awb-text-transform:none;\"><p>Triomphe a rejoint Well Grounded en 2022. Triomphe est un avocat sp\u00e9cialiste de l&rsquo;environnement sp\u00e9cialis\u00e9 dans les sauvegardes sociales et environnementales dans la gestion durable des ressources naturelles et poss\u00e8de une exp\u00e9rience consid\u00e9rable dans le soutien aux organisations de la soci\u00e9t\u00e9 civile. Il est bas\u00e9 \u00e0 Brazzaville, au Congo, et est le point focal de Well Grounded pour la R\u00e9publique du Congo.<\/p>\n<\/div><div class=\"accordian fusion-accordian\" style=\"--awb-border-size:1px;--awb-icon-size:25px;--awb-content-font-size:17px;--awb-icon-alignment:left;--awb-hover-color:#ffffff;--awb-border-color:#c7d300;--awb-background-color:#ffffff;--awb-divider-color:#e7e4e2;--awb-divider-hover-color:#e7e4e2;--awb-icon-color:#c7d300;--awb-title-color:#c7d300;--awb-content-color:#000000;--awb-icon-box-color:#333333;--awb-toggle-hover-accent-color:#c7d300;--awb-title-font-family:&quot;Zilla Slab&quot;;--awb-title-font-weight:regular;--awb-title-font-style:normal;--awb-title-font-size:15px;--awb-content-font-family:&quot;PT Sans&quot;;--awb-content-font-style:normal;--awb-content-font-weight:400;\"><div class=\"panel-group fusion-toggle-icon-unboxed\" id=\"accordion-5498-9\"><div class=\"fusion-panel panel-default panel-cf5e4cd8845f5d1f0 fusion-toggle-no-divider fusion-toggle-boxed-mode\"><div class=\"panel-heading\"><h4 class=\"panel-title toggle\" id=\"toggle_cf5e4cd8845f5d1f0\"><a aria-expanded=\"false\" aria-controls=\"cf5e4cd8845f5d1f0\" role=\"button\" data-toggle=\"collapse\" data-parent=\"#accordion-5498-9\" data-target=\"#cf5e4cd8845f5d1f0\" href=\"#cf5e4cd8845f5d1f0\"><span class=\"fusion-toggle-icon-wrapper\" aria-hidden=\"true\"><i class=\"fa-fusion-box active-icon awb-icon-minus\" aria-hidden=\"true\"><\/i><i class=\"fa-fusion-box inactive-icon awb-icon-plus\" aria-hidden=\"true\"><\/i><\/span><span class=\"fusion-toggle-heading\">En savoir plus sur Triomphe<\/span><\/a><\/h4><\/div><div id=\"cf5e4cd8845f5d1f0\" class=\"panel-collapse collapse \" aria-labelledby=\"toggle_cf5e4cd8845f5d1f0\"><div class=\"panel-body toggle-content fusion-clearfix\">\n<p><strong>Nationalit\u00e9 :<\/strong> congolaise<\/p>\n<p><strong>Lieu\/Base :<\/strong> Brazzaville, Congo<\/p>\n<p><strong>Langues :<\/strong> fran\u00e7ais, lingala, kituba<\/p>\n<p><strong>Comp\u00e9tences cl\u00e9s :<\/strong> Conseil juridique ; soutien organisationnel; gestion de projet<\/p>\n<p>Avant d&rsquo;arriver \u00e0 Well Grounded, Triomphe a commenc\u00e9 sa carri\u00e8re professionnelle dans des institutions publiques, rejoignant plusieurs mouvements associatifs pour le d\u00e9veloppement durable. Il a travaill\u00e9 plusieurs ann\u00e9es dans des ONGI de conservation et de gouvernance foresti\u00e8re, d\u00e9veloppant ainsi une exp\u00e9rience consid\u00e9rable dans l&rsquo;accompagnement des OSC, la promotion des droits des communaut\u00e9s locales et autochtones et la pr\u00e9servation de la valeur environnementale, \u00e9conomique et sociale de la for\u00eat en R\u00e9publique du Congo.<\/p>\n<p>Triomphe est titulaire d&rsquo;une ma\u00eetrise en droit priv\u00e9 ainsi que de plusieurs formations certifiantes en D\u00e9veloppement Durable et sur les aspects sociaux de l&rsquo;exploitation foresti\u00e8re et de la conservation communautaire. Il parle fran\u00e7ais, lingala et kituba.<\/p>\n<\/div><\/div><\/div><\/div><\/div><\/div><\/div><div class=\"fusion-layout-column fusion_builder_column fusion-builder-column-10 fusion_builder_column_1_3 1_3 fusion-flex-column\" style=\"--awb-bg-size:cover;--awb-width-large:33.333333333333%;--awb-margin-top-large:10px;--awb-spacing-right-large:5.76%;--awb-margin-bottom-large:10px;--awb-spacing-left-large:5.76%;--awb-width-medium:100%;--awb-order-medium:0;--awb-spacing-right-medium:1.92%;--awb-spacing-left-medium:1.92%;--awb-width-small:100%;--awb-order-small:0;--awb-spacing-right-small:1.92%;--awb-spacing-left-small:1.92%;\"><div class=\"fusion-column-wrapper fusion-column-has-shadow fusion-flex-justify-content-flex-start fusion-content-layout-column\"><div class=\"fusion-text fusion-text-20\" style=\"--awb-text-transform:none;\"><h3><span style=\"color: #000000;\">Aude Petit<\/span><\/h3>\n<p><span style=\"color: #999999;\"><span style=\"font-weight: 400;\">Leadership Programme Strategic Lead and Country Lead Gabon<\/span><\/span><\/p>\n<\/div><div class=\"fusion-separator fusion-full-width-sep\" style=\"align-self: center;margin-left: auto;margin-right: auto;margin-top:25px;width:100%;\"><\/div><div class=\"fusion-image-element \" style=\"--awb-margin-right:100px;--awb-caption-title-font-family:var(--h2_typography-font-family);--awb-caption-title-font-weight:var(--h2_typography-font-weight);--awb-caption-title-font-style:var(--h2_typography-font-style);--awb-caption-title-size:var(--h2_typography-font-size);--awb-caption-title-transform:var(--h2_typography-text-transform);--awb-caption-title-line-height:var(--h2_typography-line-height);--awb-caption-title-letter-spacing:var(--h2_typography-letter-spacing);\"><span class=\" fusion-imageframe imageframe-none imageframe-10 hover-type-none\"><img data-recalc-dims=\"1\" decoding=\"async\" width=\"468\" height=\"468\" title=\"Well Grounded Aude Petit\" src=\"https:\/\/i0.wp.com\/well-grounded.org\/wp-content\/uploads\/2026\/03\/Well-Grounded-Aude-Petit.png?resize=468%2C468&#038;ssl=1\" alt class=\"img-responsive wp-image-12112\" srcset=\"https:\/\/i0.wp.com\/well-grounded.org\/wp-content\/uploads\/2026\/03\/Well-Grounded-Aude-Petit.png?resize=66%2C66&amp;ssl=1 66w, https:\/\/i0.wp.com\/well-grounded.org\/wp-content\/uploads\/2026\/03\/Well-Grounded-Aude-Petit.png?resize=150%2C150&amp;ssl=1 150w, https:\/\/i0.wp.com\/well-grounded.org\/wp-content\/uploads\/2026\/03\/Well-Grounded-Aude-Petit.png?resize=200%2C200&amp;ssl=1 200w, https:\/\/i0.wp.com\/well-grounded.org\/wp-content\/uploads\/2026\/03\/Well-Grounded-Aude-Petit.png?resize=300%2C300&amp;ssl=1 300w, https:\/\/i0.wp.com\/well-grounded.org\/wp-content\/uploads\/2026\/03\/Well-Grounded-Aude-Petit.png?resize=400%2C400&amp;ssl=1 400w, https:\/\/i0.wp.com\/well-grounded.org\/wp-content\/uploads\/2026\/03\/Well-Grounded-Aude-Petit.png?w=468&amp;ssl=1 468w\" sizes=\"(max-width: 1024px) 100vw, (max-width: 640px) 100vw, 400px\" \/><\/span><\/div><div class=\"fusion-separator fusion-full-width-sep\" style=\"align-self: center;margin-left: auto;margin-right: auto;margin-top:20px;width:100%;\"><\/div><div class=\"fusion-text fusion-text-21\" style=\"--awb-text-transform:none;\"><p>Aude a travaill\u00e9 pour Well-Grounded pendant 4 ans en tant que Coach et Facilitatrice externe avant de rejoindre l\u2019\u00e9quipe en septembre 2025. Elle est bas\u00e9e \u00e0 Libreville au Gabon. De par ses exp\u00e9riences professionnelles pass\u00e9es, elle apporte une expertise en Leadership, Facilitation, coordination de projets et d\u2019\u00e9quipes.<\/p>\n<\/div><div class=\"accordian fusion-accordian\" style=\"--awb-border-size:1px;--awb-icon-size:25px;--awb-content-font-size:17px;--awb-icon-alignment:left;--awb-hover-color:#ffffff;--awb-border-color:#c7d300;--awb-background-color:#ffffff;--awb-divider-color:#e7e4e2;--awb-divider-hover-color:#e7e4e2;--awb-icon-color:#c7d300;--awb-title-color:#c7d300;--awb-content-color:#000000;--awb-icon-box-color:#333333;--awb-toggle-hover-accent-color:#c7d300;--awb-title-font-family:&quot;Zilla Slab&quot;;--awb-title-font-weight:regular;--awb-title-font-style:normal;--awb-title-font-size:15px;--awb-content-font-family:&quot;PT Sans&quot;;--awb-content-font-style:normal;--awb-content-font-weight:400;\"><div class=\"panel-group fusion-toggle-icon-unboxed\" id=\"accordion-5498-10\"><div class=\"fusion-panel panel-default panel-3f35e33912b1cde25 fusion-toggle-no-divider fusion-toggle-boxed-mode\"><div class=\"panel-heading\"><h4 class=\"panel-title toggle\" id=\"toggle_3f35e33912b1cde25\"><a aria-expanded=\"false\" aria-controls=\"3f35e33912b1cde25\" role=\"button\" data-toggle=\"collapse\" data-parent=\"#accordion-5498-10\" data-target=\"#3f35e33912b1cde25\" href=\"#3f35e33912b1cde25\"><span class=\"fusion-toggle-icon-wrapper\" aria-hidden=\"true\"><i class=\"fa-fusion-box active-icon awb-icon-minus\" aria-hidden=\"true\"><\/i><i class=\"fa-fusion-box inactive-icon awb-icon-plus\" aria-hidden=\"true\"><\/i><\/span><span class=\"fusion-toggle-heading\">En savoir plus sur Triomphe<\/span><\/a><\/h4><\/div><div id=\"3f35e33912b1cde25\" class=\"panel-collapse collapse \" aria-labelledby=\"toggle_3f35e33912b1cde25\"><div class=\"panel-body toggle-content fusion-clearfix\">\n<p><strong>Nationalit\u00e9 :<\/strong> congolaise<\/p>\n<p><strong>Lieu\/Base :<\/strong> Brazzaville, Congo<\/p>\n<p><strong>Langues :<\/strong> fran\u00e7ais, lingala, kituba<\/p>\n<p><strong>Comp\u00e9tences cl\u00e9s :<\/strong> Conseil juridique ; soutien organisationnel; gestion de projet<\/p>\n<p>Avant d&rsquo;arriver \u00e0 Well Grounded, Triomphe a commenc\u00e9 sa carri\u00e8re professionnelle dans des institutions publiques, rejoignant plusieurs mouvements associatifs pour le d\u00e9veloppement durable. Il a travaill\u00e9 plusieurs ann\u00e9es dans des ONGI de conservation et de gouvernance foresti\u00e8re, d\u00e9veloppant ainsi une exp\u00e9rience consid\u00e9rable dans l&rsquo;accompagnement des OSC, la promotion des droits des communaut\u00e9s locales et autochtones et la pr\u00e9servation de la valeur environnementale, \u00e9conomique et sociale de la for\u00eat en R\u00e9publique du Congo.<\/p>\n<p>Triomphe est titulaire d&rsquo;une ma\u00eetrise en droit priv\u00e9 ainsi que de plusieurs formations certifiantes en D\u00e9veloppement Durable et sur les aspects sociaux de l&rsquo;exploitation foresti\u00e8re et de la conservation communautaire. Il parle fran\u00e7ais, lingala et kituba.<\/p>\n<\/div><\/div><\/div><\/div><\/div><\/div><\/div><div class=\"fusion-layout-column fusion_builder_column fusion-builder-column-11 fusion_builder_column_1_3 1_3 fusion-flex-column\" style=\"--awb-bg-size:cover;--awb-width-large:33.333333333333%;--awb-margin-top-large:10px;--awb-spacing-right-large:5.76%;--awb-margin-bottom-large:10px;--awb-spacing-left-large:5.76%;--awb-width-medium:100%;--awb-order-medium:0;--awb-spacing-right-medium:1.92%;--awb-spacing-left-medium:1.92%;--awb-width-small:100%;--awb-order-small:0;--awb-spacing-right-small:1.92%;--awb-spacing-left-small:1.92%;\"><div class=\"fusion-column-wrapper fusion-column-has-shadow fusion-flex-justify-content-flex-start fusion-content-layout-column\"><div class=\"fusion-text fusion-text-22\" style=\"--awb-text-transform:none;\"><h3><span style=\"color: #000000;\">Danny Mungamuni Bombay<\/span><\/h3>\n<p><span style=\"color: #999999;\"><span style=\"font-weight: 400;\">Praticien en d\u00e9veloppement organisationnel et point focal national &#8211; R\u00e9publique d\u00e9mocratique occidentale du Congo<br \/>\n<\/span><\/span><\/p>\n<\/div><div class=\"fusion-separator fusion-full-width-sep\" style=\"align-self: center;margin-left: auto;margin-right: auto;margin-top:25px;width:100%;\"><\/div><div class=\"fusion-image-element \" style=\"--awb-caption-title-font-family:var(--h2_typography-font-family);--awb-caption-title-font-weight:var(--h2_typography-font-weight);--awb-caption-title-font-style:var(--h2_typography-font-style);--awb-caption-title-size:var(--h2_typography-font-size);--awb-caption-title-transform:var(--h2_typography-text-transform);--awb-caption-title-line-height:var(--h2_typography-line-height);--awb-caption-title-letter-spacing:var(--h2_typography-letter-spacing);\"><span class=\" fusion-imageframe imageframe-none imageframe-11 hover-type-none\"><img data-recalc-dims=\"1\" decoding=\"async\" width=\"300\" height=\"300\" title=\"Well Grounded Danny\" src=\"https:\/\/i0.wp.com\/well-grounded.org\/wp-content\/uploads\/2023\/11\/Well-Grounded-Danny.png?resize=300%2C300&#038;ssl=1\" alt class=\"img-responsive wp-image-11186\" srcset=\"https:\/\/i0.wp.com\/well-grounded.org\/wp-content\/uploads\/2023\/11\/Well-Grounded-Danny.png?resize=66%2C66&amp;ssl=1 66w, https:\/\/i0.wp.com\/well-grounded.org\/wp-content\/uploads\/2023\/11\/Well-Grounded-Danny.png?resize=150%2C150&amp;ssl=1 150w, https:\/\/i0.wp.com\/well-grounded.org\/wp-content\/uploads\/2023\/11\/Well-Grounded-Danny.png?resize=200%2C200&amp;ssl=1 200w, https:\/\/i0.wp.com\/well-grounded.org\/wp-content\/uploads\/2023\/11\/Well-Grounded-Danny.png?resize=300%2C300&amp;ssl=1 300w, https:\/\/i0.wp.com\/well-grounded.org\/wp-content\/uploads\/2023\/11\/Well-Grounded-Danny.png?resize=400%2C400&amp;ssl=1 400w, https:\/\/i0.wp.com\/well-grounded.org\/wp-content\/uploads\/2023\/11\/Well-Grounded-Danny.png?w=468&amp;ssl=1 468w\" sizes=\"(max-width: 1024px) 100vw, (max-width: 640px) 100vw, 400px\" \/><\/span><\/div><div class=\"fusion-separator fusion-full-width-sep\" style=\"align-self: center;margin-left: auto;margin-right: auto;margin-top:20px;width:100%;\"><\/div><div class=\"fusion-text fusion-text-23\" style=\"--awb-text-transform:none;\"><p>Danny travaille avec Well Grounded depuis d\u00e9cembre 2019, en tant que consultant associ\u00e9. Il est actuellement bas\u00e9 \u00e0 Kinshasa, en R\u00e9publique d\u00e9mocratique du Congo, o\u00f9 il travaille en tant que point focal pays (RDC occidentale) depuis mars 2023.<\/p>\n<\/div><div class=\"accordian fusion-accordian\" style=\"--awb-border-size:1px;--awb-icon-size:25px;--awb-content-font-size:17px;--awb-icon-alignment:left;--awb-hover-color:#ffffff;--awb-border-color:#c7d300;--awb-background-color:#ffffff;--awb-divider-color:#e7e4e2;--awb-divider-hover-color:#e7e4e2;--awb-icon-color:#c7d300;--awb-title-color:#c7d300;--awb-content-color:#000000;--awb-icon-box-color:#333333;--awb-toggle-hover-accent-color:#c7d300;--awb-title-font-family:&quot;Zilla Slab&quot;;--awb-title-font-weight:regular;--awb-title-font-style:normal;--awb-title-font-size:15px;--awb-content-font-family:&quot;PT Sans&quot;;--awb-content-font-style:normal;--awb-content-font-weight:400;\"><div class=\"panel-group fusion-toggle-icon-unboxed\" id=\"accordion-5498-11\"><div class=\"fusion-panel panel-default panel-7a8d4a932c7707a65 fusion-toggle-no-divider fusion-toggle-boxed-mode\"><div class=\"panel-heading\"><h4 class=\"panel-title toggle\" id=\"toggle_7a8d4a932c7707a65\"><a aria-expanded=\"false\" aria-controls=\"7a8d4a932c7707a65\" role=\"button\" data-toggle=\"collapse\" data-parent=\"#accordion-5498-11\" data-target=\"#7a8d4a932c7707a65\" href=\"#7a8d4a932c7707a65\"><span class=\"fusion-toggle-icon-wrapper\" aria-hidden=\"true\"><i class=\"fa-fusion-box active-icon awb-icon-minus\" aria-hidden=\"true\"><\/i><i class=\"fa-fusion-box inactive-icon awb-icon-plus\" aria-hidden=\"true\"><\/i><\/span><span class=\"fusion-toggle-heading\">En savoir plus sur Danny<\/span><\/a><\/h4><\/div><div id=\"7a8d4a932c7707a65\" class=\"panel-collapse collapse \" aria-labelledby=\"toggle_7a8d4a932c7707a65\"><div class=\"panel-body toggle-content fusion-clearfix\">\n<p><strong>Nationalit\u00e9 :<\/strong> congolaise<\/p>\n<p><strong>Lieu\/Base :<\/strong> Kinshasa<\/p>\n<p><strong>Langues :<\/strong> fran\u00e7ais, lingal, kikongo, swahili et anglais<\/p>\n<p><strong>Comp\u00e9tences cl\u00e9s : <\/strong>Soutien organisationnel ; gestion de projet ; coaching et mentorat<\/p>\n<p>Il apporte son expertise en mati\u00e8re de formation et d&rsquo;animation d&rsquo;ateliers. Il a 5 ans d&rsquo;exp\u00e9rience dans l&rsquo;accompagnement d&rsquo;organisations de la soci\u00e9t\u00e9 civile \u0153uvrant pour la protection de l&rsquo;environnement et la promotion de la justice sociale et des droits des communaut\u00e9s locales dans le Bassin du Congo.<\/p>\n<p>Il a anim\u00e9 plusieurs sessions de formation pour des fonctionnaires et agents de l&rsquo;administration publique (avec le soutien de donateurs internationaux). Il a particip\u00e9 \u00e0 plusieurs missions de diagnostic, de planification strat\u00e9gique et d&rsquo;\u00e9valuation de projets dans le bassin du Congo.<\/p>\n<p>Bien avant de rejoindre l&rsquo;\u00e9quipe du GT, il a travaill\u00e9 comme consultant sp\u00e9cialis\u00e9 dans la gouvernance des syst\u00e8mes \u00e9ducatifs et a collabor\u00e9 avec Cambridge Education.<\/p>\n<p>Danny est titulaire d&rsquo;une licence en sant\u00e9 communautaire, avec une sp\u00e9cialisation dans le financement des syst\u00e8mes de sant\u00e9 depuis 2010.<\/p>\n<\/div><\/div><\/div><\/div><\/div><\/div><\/div><div class=\"fusion-layout-column fusion_builder_column fusion-builder-column-12 fusion_builder_column_1_3 1_3 fusion-flex-column\" style=\"--awb-bg-size:cover;--awb-width-large:33.333333333333%;--awb-margin-top-large:10px;--awb-spacing-right-large:5.76%;--awb-margin-bottom-large:10px;--awb-spacing-left-large:5.76%;--awb-width-medium:100%;--awb-order-medium:0;--awb-spacing-right-medium:1.92%;--awb-spacing-left-medium:1.92%;--awb-width-small:100%;--awb-order-small:0;--awb-spacing-right-small:1.92%;--awb-spacing-left-small:1.92%;\"><div class=\"fusion-column-wrapper fusion-column-has-shadow fusion-flex-justify-content-flex-start fusion-content-layout-column\"><div class=\"fusion-text fusion-text-24\" style=\"--awb-text-transform:none;\"><h3><span style=\"color: #000000;\">Denis Ndayishemeza<\/span><\/h3>\n<p><span style=\"color: #999999;\">Charg\u00e9 de programmes<\/span><\/p>\n<\/div><div class=\"fusion-separator fusion-full-width-sep\" style=\"align-self: center;margin-left: auto;margin-right: auto;margin-top:25px;width:100%;\"><\/div><div class=\"fusion-image-element \" style=\"--awb-caption-title-font-family:var(--h2_typography-font-family);--awb-caption-title-font-weight:var(--h2_typography-font-weight);--awb-caption-title-font-style:var(--h2_typography-font-style);--awb-caption-title-size:var(--h2_typography-font-size);--awb-caption-title-transform:var(--h2_typography-text-transform);--awb-caption-title-line-height:var(--h2_typography-line-height);--awb-caption-title-letter-spacing:var(--h2_typography-letter-spacing);\"><span class=\" fusion-imageframe imageframe-none imageframe-12 hover-type-none\"><img data-recalc-dims=\"1\" decoding=\"async\" width=\"300\" height=\"300\" title=\"Well Grounded Denis\" src=\"https:\/\/i0.wp.com\/well-grounded.org\/wp-content\/uploads\/2023\/11\/Well-Grounded-Denis.png?resize=300%2C300&#038;ssl=1\" alt class=\"img-responsive wp-image-11192\" srcset=\"https:\/\/i0.wp.com\/well-grounded.org\/wp-content\/uploads\/2023\/11\/Well-Grounded-Denis.png?resize=66%2C66&amp;ssl=1 66w, https:\/\/i0.wp.com\/well-grounded.org\/wp-content\/uploads\/2023\/11\/Well-Grounded-Denis.png?resize=150%2C150&amp;ssl=1 150w, https:\/\/i0.wp.com\/well-grounded.org\/wp-content\/uploads\/2023\/11\/Well-Grounded-Denis.png?resize=200%2C200&amp;ssl=1 200w, https:\/\/i0.wp.com\/well-grounded.org\/wp-content\/uploads\/2023\/11\/Well-Grounded-Denis.png?resize=300%2C300&amp;ssl=1 300w, https:\/\/i0.wp.com\/well-grounded.org\/wp-content\/uploads\/2023\/11\/Well-Grounded-Denis.png?resize=400%2C400&amp;ssl=1 400w, https:\/\/i0.wp.com\/well-grounded.org\/wp-content\/uploads\/2023\/11\/Well-Grounded-Denis.png?w=468&amp;ssl=1 468w\" sizes=\"(max-width: 1024px) 100vw, (max-width: 640px) 100vw, 400px\" \/><\/span><\/div><div class=\"fusion-separator fusion-full-width-sep\" style=\"align-self: center;margin-left: auto;margin-right: auto;margin-top:20px;width:100%;\"><\/div><div class=\"fusion-text fusion-text-25\" style=\"--awb-text-transform:none;\"><p>Denis a rejoint Well Grounded en 2021, apportant son exp\u00e9rience et son expertise en mati\u00e8re de gestion de projet. Denis est bas\u00e9 \u00e0 Kampala, en Ouganda, et est le responsable des programmes de Well Grounded.<\/p>\n<\/div><div class=\"accordian fusion-accordian\" style=\"--awb-border-size:1px;--awb-icon-size:25px;--awb-content-font-size:17px;--awb-icon-alignment:left;--awb-hover-color:#ffffff;--awb-border-color:#c7d300;--awb-background-color:#ffffff;--awb-divider-color:#e7e4e2;--awb-divider-hover-color:#e7e4e2;--awb-icon-color:#c7d300;--awb-title-color:#c7d300;--awb-content-color:#000000;--awb-icon-box-color:#333333;--awb-toggle-hover-accent-color:#c7d300;--awb-title-font-family:&quot;Zilla Slab&quot;;--awb-title-font-weight:regular;--awb-title-font-style:normal;--awb-title-font-size:15px;--awb-content-font-family:&quot;PT Sans&quot;;--awb-content-font-style:normal;--awb-content-font-weight:400;\"><div class=\"panel-group fusion-toggle-icon-unboxed\" id=\"accordion-5498-12\"><div class=\"fusion-panel panel-default panel-5ba6158067cbc86f5 fusion-toggle-no-divider fusion-toggle-boxed-mode\"><div class=\"panel-heading\"><h4 class=\"panel-title toggle\" id=\"toggle_5ba6158067cbc86f5\"><a aria-expanded=\"false\" aria-controls=\"5ba6158067cbc86f5\" role=\"button\" data-toggle=\"collapse\" data-parent=\"#accordion-5498-12\" data-target=\"#5ba6158067cbc86f5\" href=\"#5ba6158067cbc86f5\"><span class=\"fusion-toggle-icon-wrapper\" aria-hidden=\"true\"><i class=\"fa-fusion-box active-icon awb-icon-minus\" aria-hidden=\"true\"><\/i><i class=\"fa-fusion-box inactive-icon awb-icon-plus\" aria-hidden=\"true\"><\/i><\/span><span class=\"fusion-toggle-heading\">En savoir plus sur Denis<\/span><\/a><\/h4><\/div><div id=\"5ba6158067cbc86f5\" class=\"panel-collapse collapse \" aria-labelledby=\"toggle_5ba6158067cbc86f5\"><div class=\"panel-body toggle-content fusion-clearfix\">\n<p><strong>Nationalit\u00e9 :<\/strong> burundaise<\/p>\n<p><strong>Lieu\/Base\u00a0:<\/strong> Ouganda, Kampala<\/p>\n<p><strong>Langues :<\/strong> kirundi, fran\u00e7ais et anglais<\/p>\n<p><strong>Comp\u00e9tences cl\u00e9s :<\/strong> Gestion de projet, Communication et plaidoyer, gestion des conflits.<\/p>\n<p>Denis a rejoint Well Grounded en 2021, apportant son exp\u00e9rience et son expertise en gestion de projet. Denis est bas\u00e9 \u00e0 Kampala, en Ouganda et est le responsable du projet d\u2019environnement favorable de Well Grounded.<\/p>\n<p>La principale responsabilit\u00e9 de Denis est de soutenir la gestion de notre projet F4C en fournissant un renfort administratif quotidien \u00e0 l\u2019\u00e9quipe F4C, en coordonnant la campagne de recrutement, en d\u00e9posant les documents de projet sur les plateformes en ligne pertinentes et en g\u00e9rant les relations avec les participants au programme. Il apporte \u00e9galement un soutien logistique \u00e0 l&rsquo;\u00e9quipe projet.<\/p>\n<p>Avant de rejoindre Well Grounded, Denis a travaill\u00e9 avec des ONG internationales humanitaires et de d\u00e9veloppement et avec des OSC burundaises o\u00f9 il a acquis une exp\u00e9rience dans divers domaines de comp\u00e9tence tels que la gestion des conflits, la gestion de projet, l&rsquo;approche VSLA, la communication et le plaidoyer.<\/p>\n<p>Il est titulaire d&rsquo;une licence en histoire de l&rsquo;Universit\u00e9 du Burundi. Denis parle kirundi, fran\u00e7ais et anglais.<\/p>\n<\/div><\/div><\/div><\/div><\/div><\/div><\/div><div class=\"fusion-layout-column fusion_builder_column fusion-builder-column-13 fusion_builder_column_1_3 1_3 fusion-flex-column\" style=\"--awb-bg-size:cover;--awb-width-large:33.333333333333%;--awb-margin-top-large:10px;--awb-spacing-right-large:5.76%;--awb-margin-bottom-large:10px;--awb-spacing-left-large:5.76%;--awb-width-medium:100%;--awb-order-medium:0;--awb-spacing-right-medium:1.92%;--awb-spacing-left-medium:1.92%;--awb-width-small:100%;--awb-order-small:0;--awb-spacing-right-small:1.92%;--awb-spacing-left-small:1.92%;\"><div class=\"fusion-column-wrapper fusion-column-has-shadow fusion-flex-justify-content-flex-start fusion-content-layout-column\"><div class=\"fusion-text fusion-text-26\" style=\"--awb-text-transform:none;\"><h3><span style=\"color: #000000;\">Guillaume Soto<\/span><\/h3>\n<p><span style=\"color: #999999;\">Responsable de la gestion num\u00e9rique et des processus<\/span><\/p>\n<\/div><div class=\"fusion-separator fusion-full-width-sep\" style=\"align-self: center;margin-left: auto;margin-right: auto;margin-top:20px;width:100%;\"><\/div><div class=\"fusion-image-element \" style=\"--awb-caption-title-font-family:var(--h2_typography-font-family);--awb-caption-title-font-weight:var(--h2_typography-font-weight);--awb-caption-title-font-style:var(--h2_typography-font-style);--awb-caption-title-size:var(--h2_typography-font-size);--awb-caption-title-transform:var(--h2_typography-text-transform);--awb-caption-title-line-height:var(--h2_typography-line-height);--awb-caption-title-letter-spacing:var(--h2_typography-letter-spacing);\"><span class=\" fusion-imageframe imageframe-none imageframe-13 hover-type-none\"><img data-recalc-dims=\"1\" decoding=\"async\" width=\"300\" height=\"300\" title=\"Well Grounded Guillaume\" src=\"https:\/\/i0.wp.com\/well-grounded.org\/wp-content\/uploads\/2023\/11\/Well-Grounded-Guillaume.png?resize=300%2C300&#038;ssl=1\" alt class=\"img-responsive wp-image-11178\" srcset=\"https:\/\/i0.wp.com\/well-grounded.org\/wp-content\/uploads\/2023\/11\/Well-Grounded-Guillaume.png?resize=66%2C66&amp;ssl=1 66w, https:\/\/i0.wp.com\/well-grounded.org\/wp-content\/uploads\/2023\/11\/Well-Grounded-Guillaume.png?resize=150%2C150&amp;ssl=1 150w, https:\/\/i0.wp.com\/well-grounded.org\/wp-content\/uploads\/2023\/11\/Well-Grounded-Guillaume.png?resize=200%2C200&amp;ssl=1 200w, https:\/\/i0.wp.com\/well-grounded.org\/wp-content\/uploads\/2023\/11\/Well-Grounded-Guillaume.png?resize=300%2C300&amp;ssl=1 300w, https:\/\/i0.wp.com\/well-grounded.org\/wp-content\/uploads\/2023\/11\/Well-Grounded-Guillaume.png?resize=400%2C400&amp;ssl=1 400w, https:\/\/i0.wp.com\/well-grounded.org\/wp-content\/uploads\/2023\/11\/Well-Grounded-Guillaume.png?w=468&amp;ssl=1 468w\" sizes=\"(max-width: 1024px) 100vw, (max-width: 640px) 100vw, 400px\" \/><\/span><\/div><div class=\"fusion-separator fusion-full-width-sep\" style=\"align-self: center;margin-left: auto;margin-right: auto;margin-top:20px;width:100%;\"><\/div><div class=\"fusion-text fusion-text-27\" style=\"--awb-text-transform:none;\"><p>Guillaume a commenc\u00e9 \u00e0 travailler avec Well Grounded en 2013 en tant que consultant apportant son expertise sur la gestion de projet et l&rsquo;utilisation des outils num\u00e9riques. Guillaume est aujourd&rsquo;hui associ\u00e9 et contribue \u00e0 la digitalisation de Well Grounded.<\/p>\n<\/div><div class=\"accordian fusion-accordian\" style=\"--awb-border-size:1px;--awb-icon-size:25px;--awb-content-font-size:17px;--awb-icon-alignment:left;--awb-hover-color:#ffffff;--awb-border-color:#c7d300;--awb-background-color:#ffffff;--awb-divider-color:#e7e4e2;--awb-divider-hover-color:#e7e4e2;--awb-icon-color:#c7d300;--awb-title-color:#c7d300;--awb-content-color:#000000;--awb-icon-box-color:#333333;--awb-toggle-hover-accent-color:#c7d300;--awb-title-font-family:&quot;Zilla Slab&quot;;--awb-title-font-weight:regular;--awb-title-font-style:normal;--awb-title-font-size:15px;--awb-content-font-family:&quot;PT Sans&quot;;--awb-content-font-style:normal;--awb-content-font-weight:400;\"><div class=\"panel-group fusion-toggle-icon-unboxed\" id=\"accordion-5498-13\"><div class=\"fusion-panel panel-default panel-ca4e63ff9d641efab fusion-toggle-no-divider fusion-toggle-boxed-mode\"><div class=\"panel-heading\"><h4 class=\"panel-title toggle\" id=\"toggle_ca4e63ff9d641efab\"><a aria-expanded=\"false\" aria-controls=\"ca4e63ff9d641efab\" role=\"button\" data-toggle=\"collapse\" data-parent=\"#accordion-5498-13\" data-target=\"#ca4e63ff9d641efab\" href=\"#ca4e63ff9d641efab\"><span class=\"fusion-toggle-icon-wrapper\" aria-hidden=\"true\"><i class=\"fa-fusion-box active-icon awb-icon-minus\" aria-hidden=\"true\"><\/i><i class=\"fa-fusion-box inactive-icon awb-icon-plus\" aria-hidden=\"true\"><\/i><\/span><span class=\"fusion-toggle-heading\">En savoir plus sur Guillaume<\/span><\/a><\/h4><\/div><div id=\"ca4e63ff9d641efab\" class=\"panel-collapse collapse \" aria-labelledby=\"toggle_ca4e63ff9d641efab\"><div class=\"panel-body toggle-content fusion-clearfix\">\n<p><strong>Nationalit\u00e9 :<\/strong> Fran\u00e7aise<\/p>\n<p><strong>Lieu\/Base\u00a0:<\/strong> Kampala\/Ouganda<\/p>\n<p><strong>Langues :<\/strong> fran\u00e7ais et anglais<\/p>\n<p><strong>Comp\u00e9tences cl\u00e9s :<\/strong> Gestion de projet, Facilitation, Outils num\u00e9riques<\/p>\n<p>Guillaume poss\u00e8de une vaste exp\u00e9rience et expertise dans l&rsquo;utilisation des outils num\u00e9riques et accompagne Well Grounded dans sa transformation num\u00e9rique. Il introduit de nouvelles pratiques et outils pour faire en sorte que la digitalisation soit un atout d&rsquo;efficacit\u00e9. Il s&rsquo;assure que les connaissances et les donn\u00e9es de Well Grounded sont capitalis\u00e9es et prot\u00e9g\u00e9es.<\/p>\n<p>Guillaume a v\u00e9cu dans plusieurs pays dont la France, la RD Congo, Ha\u00efti, le Cameroun et maintenant l\u2019Ouganda.<\/p>\n<p>Sa vie professionnelle s\u2019\u00e9tend sur plus de 20 ans, avec \u00e0 son arc trois expertises qui se compl\u00e8tent. <b>Ing\u00e9nieur T\u00e9l\u00e9coms:<\/b> Son parcours initial ! Passionn\u00e9 d\u2019informatique, Guillaume a commenc\u00e9 \u00e0 travailler dans des multinationales et des start-ups. Son int\u00e9r\u00eat \u00e9tait d\u2019automatiser au maximum son travail, pour \u00e9viter les t\u00e2ches \u00e0 faible valeur ajout\u00e9e. <b>Gestion de projets humanitaires<\/b> : Il a g\u00e9r\u00e9 des projets, li\u00e9s \u00e0 la formation et au d\u00e9veloppement \u00e9conomique, au Cameroun, en RD Congo et \u00e0 Ha\u00efti. Et enfin <b>Accompagnement d&rsquo;\u00e9quipe :<\/b> Guillaume souhaitait servir dans le d\u00e9veloppement des personnes et des \u00e9quipes et a ainsi d\u00e9velopp\u00e9 une expertise de coach et d&rsquo;animateur, et des formations li\u00e9es \u00e0 l&rsquo;efficacit\u00e9 professionnelle.<\/p>\n<p>Guillaume est Ing\u00e9nieur T\u00e9l\u00e9coms et titulaire d&rsquo;un Master of Business Administration.<\/p>\n<p>Guillaume parle fran\u00e7ais et anglais.<\/p>\n<\/div><\/div><\/div><\/div><\/div><\/div><\/div><div class=\"fusion-layout-column fusion_builder_column fusion-builder-column-14 fusion_builder_column_1_3 1_3 fusion-flex-column\" style=\"--awb-bg-size:cover;--awb-width-large:33.333333333333%;--awb-margin-top-large:10px;--awb-spacing-right-large:5.76%;--awb-margin-bottom-large:10px;--awb-spacing-left-large:5.76%;--awb-width-medium:100%;--awb-order-medium:0;--awb-spacing-right-medium:1.92%;--awb-spacing-left-medium:1.92%;--awb-width-small:100%;--awb-order-small:0;--awb-spacing-right-small:1.92%;--awb-spacing-left-small:1.92%;\"><div class=\"fusion-column-wrapper fusion-column-has-shadow fusion-flex-justify-content-flex-start fusion-content-layout-column\"><div class=\"fusion-text fusion-text-28\" style=\"--awb-text-transform:none;\"><h3><span style=\"color: #000000;\">Florence Lissouk<\/span><\/h3>\n<p><span style=\"color: #999999;\">Praticien en d\u00e9veloppement organisationnel<\/span><\/p>\n<\/div><div class=\"fusion-separator fusion-full-width-sep\" style=\"align-self: center;margin-left: auto;margin-right: auto;margin-top:20px;width:100%;\"><\/div><div class=\"fusion-text fusion-text-29\" style=\"--awb-text-transform:none;\"><p>Issue de la deuxi\u00e8me cohorte du programme <em>Facilitator for Change<\/em> de Well Grounded (2022-2023), Florence Lissouk a entam\u00e9 sa collaboration professionnelle en tant que facilitatrice logistique \u00e0 la fin de l\u2019ann\u00e9e 2023. Elle exerce aujourd\u2019hui comme facilitatrice en leadership et d\u00e9veloppement organisationnel, et coordonne parall\u00e8lement la communaut\u00e9 Alumni du Programme de leadership \u00e9cof\u00e9ministe. Elle est bas\u00e9e \u00e0 Yaound\u00e9, au Cameroun.<\/p>\n<\/div><\/div><\/div><div class=\"fusion-layout-column fusion_builder_column fusion-builder-column-15 fusion_builder_column_1_3 1_3 fusion-flex-column\" style=\"--awb-bg-size:cover;--awb-width-large:33.333333333333%;--awb-margin-top-large:10px;--awb-spacing-right-large:5.76%;--awb-margin-bottom-large:10px;--awb-spacing-left-large:5.76%;--awb-width-medium:100%;--awb-order-medium:0;--awb-spacing-right-medium:1.92%;--awb-spacing-left-medium:1.92%;--awb-width-small:100%;--awb-order-small:0;--awb-spacing-right-small:1.92%;--awb-spacing-left-small:1.92%;\"><div class=\"fusion-column-wrapper fusion-column-has-shadow fusion-flex-justify-content-flex-start fusion-content-layout-column\"><div class=\"fusion-text fusion-text-30\" style=\"--awb-text-transform:none;\"><h3><span style=\"color: #000000;\">Pamela Mikamb<\/span><\/h3>\n<p><span style=\"color: #999999;\">Praticien en d\u00e9veloppement organisationnel<\/span><\/p>\n<\/div><div class=\"fusion-separator fusion-full-width-sep\" style=\"align-self: center;margin-left: auto;margin-right: auto;margin-top:20px;width:100%;\"><\/div><div class=\"fusion-text fusion-text-31\" style=\"--awb-text-transform:none;\"><p>Pamela Mikamb est issue de la seconde cohorte du Programme Facilitator for Change (F4C) de Well Grounded (2022-2023). Sa premi\u00e8re exp\u00e9rience professionnelle avait Well Grounded est son r\u00f4le en tant que membre du Cercle ambassadeur Cameroun du Programme de Leadership des Peuples Autochtones (2023-2024). Consultante ODP \u00e0 Well Grounded d\u00e8s 2023, elle exerce aujourd\u2019hui comme Community Lead &amp; ODP du Programme de Leadership des Peuples Autochtones et du Programme de Leadership Ecof\u00e9ministe . Elle est bas\u00e9e \u00e0 Yaound\u00e9, au Cameroun.<\/p>\n<\/div><\/div><\/div><div class=\"fusion-layout-column fusion_builder_column fusion-builder-column-16 fusion_builder_column_1_3 1_3 fusion-flex-column\" style=\"--awb-bg-size:cover;--awb-width-large:33.333333333333%;--awb-margin-top-large:10px;--awb-spacing-right-large:5.76%;--awb-margin-bottom-large:10px;--awb-spacing-left-large:5.76%;--awb-width-medium:100%;--awb-order-medium:0;--awb-spacing-right-medium:1.92%;--awb-spacing-left-medium:1.92%;--awb-width-small:100%;--awb-order-small:0;--awb-spacing-right-small:1.92%;--awb-spacing-left-small:1.92%;\"><div class=\"fusion-column-wrapper fusion-column-has-shadow fusion-flex-justify-content-flex-start fusion-content-layout-column\"><div class=\"fusion-text fusion-text-32\" style=\"--awb-text-transform:none;\"><h3><span style=\"color: #000000;\">Merveille Bauma Amani <\/span><\/h3>\n<p><span style=\"color: #999999;\">Praticien en d\u00e9veloppement organisationnel, facilitatrice en leadership et co-lead du programme Canopy<\/span><\/p>\n<\/div><div class=\"fusion-separator fusion-full-width-sep\" style=\"align-self: center;margin-left: auto;margin-right: auto;margin-top:20px;width:100%;\"><\/div><div class=\"fusion-text fusion-text-33\" style=\"--awb-text-transform:none;\"><p>Bas\u00e9e \u00e0 Goma en RDC, Merveille BAUMA AMANI est praticienne du d\u00e9veloppement organisationnel, Co-Lead du programme r\u00e9gional Canopy et facilitatrice principale du programme de leadership autochtone au sein du projet Kahuzi Biega \u00e0 l\u2019Est de la RDC.<\/p>\n<p>Au sein de Well Grounded LTD (UK), elle accompagne des organisations de la soci\u00e9t\u00e9 civile et des leaders dans le bassin du Congo \u00e0 travers des processus de d\u00e9veloppement organisationnel, de renforcement du leadership et de transformation des pratiques. Son parcours au sein de Well Grounded a d\u00e9but\u00e9 par une formation certifiante de douze mois\u00a0 en facilitation et d\u00e9veloppement organisationnel (Programme <em>Facilitator for Change<\/em>, 2022\u20132023), qui a structur\u00e9 sa posture professionnelle. Elle con\u00e7oit et facilite des processus d\u2019apprentissage, accompagne des organisations partenaires, et soutient des dynamiques de changement dans des contextes complexes.<\/p>\n<p>Avant de rejoindre Well Grounded, elle a d\u00e9velopp\u00e9 une exp\u00e9rience diversifi\u00e9e dans la gestion de projets, l\u2019accompagnement des Petite et Moyennes entreprises, la recherche et le secteur bancaire. Elle a notamment \u00e9t\u00e9 Project Lead d\u2019un programme de promotion de la participation politique des femmes en RDC, consultante et facilitatrice sur des programmes de renforcement des capacit\u00e9s, ainsi que charg\u00e9e de client\u00e8le entreprises \u00e0 Bank of Africa. Elle est titulaire d\u2019une Licence en Gestion Financi\u00e8re et d\u2019un Graduat en Sciences \u00c9conomiques et de Gestion de l\u2019Universit\u00e9 Libre des Pays des Grands Lacs (ULPGL, Goma).<\/p>\n<\/div><\/div><\/div><\/div><\/div><div class=\"fusion-fullwidth fullwidth-box fusion-builder-row-3 fusion-flex-container nonhundred-percent-fullwidth non-hundred-percent-height-scrolling\" style=\"--awb-border-radius-top-left:0px;--awb-border-radius-top-right:0px;--awb-border-radius-bottom-right:0px;--awb-border-radius-bottom-left:0px;--awb-margin-top:50px;--awb-flex-wrap:wrap;\" ><div class=\"fusion-builder-row fusion-row fusion-flex-align-items-flex-start fusion-flex-content-wrap\" style=\"max-width:1331.2px;margin-left: calc(-4% \/ 2 );margin-right: calc(-4% \/ 2 );\"><div class=\"fusion-layout-column fusion_builder_column fusion-builder-column-17 fusion_builder_column_1_1 1_1 fusion-flex-column\" style=\"--awb-bg-size:cover;--awb-width-large:100%;--awb-margin-top-large:10px;--awb-spacing-right-large:1.92%;--awb-margin-bottom-large:10px;--awb-spacing-left-large:1.92%;--awb-width-medium:100%;--awb-order-medium:0;--awb-spacing-right-medium:1.92%;--awb-spacing-left-medium:1.92%;--awb-width-small:100%;--awb-order-small:0;--awb-spacing-right-small:1.92%;--awb-spacing-left-small:1.92%;\"><div class=\"fusion-column-wrapper fusion-column-has-shadow fusion-flex-justify-content-flex-start fusion-content-layout-column\"><div class=\"fusion-text fusion-text-34\"><h2><strong>Consultants associ\u00e9s<br \/>\n<\/strong><\/h2>\n<\/div><div class=\"fusion-separator fusion-full-width-sep\" style=\"align-self: center;margin-left: auto;margin-right: auto;width:100%;\"><div class=\"fusion-separator-border sep-single sep-solid\" style=\"--awb-height:20px;--awb-amount:20px;--awb-sep-color:#c7d300;border-color:#c7d300;border-top-width:1px;\"><\/div><\/div><\/div><\/div><\/div><\/div><div class=\"fusion-fullwidth fullwidth-box fusion-builder-row-4 fusion-flex-container nonhundred-percent-fullwidth non-hundred-percent-height-scrolling\" style=\"--awb-border-radius-top-left:0px;--awb-border-radius-top-right:0px;--awb-border-radius-bottom-right:0px;--awb-border-radius-bottom-left:0px;--awb-flex-wrap:wrap;\" ><div class=\"fusion-builder-row fusion-row fusion-flex-align-items-flex-start fusion-flex-content-wrap\" style=\"max-width:1331.2px;margin-left: calc(-4% \/ 2 );margin-right: calc(-4% \/ 2 );\"><div class=\"fusion-layout-column fusion_builder_column fusion-builder-column-18 fusion_builder_column_1_3 1_3 fusion-flex-column\" style=\"--awb-bg-size:cover;--awb-width-large:33.333333333333%;--awb-margin-top-large:10px;--awb-spacing-right-large:5.76%;--awb-margin-bottom-large:10px;--awb-spacing-left-large:5.76%;--awb-width-medium:100%;--awb-order-medium:0;--awb-spacing-right-medium:1.92%;--awb-spacing-left-medium:1.92%;--awb-width-small:100%;--awb-order-small:0;--awb-spacing-right-small:1.92%;--awb-spacing-left-small:1.92%;\"><div class=\"fusion-column-wrapper fusion-column-has-shadow fusion-flex-justify-content-flex-start fusion-content-layout-column\"><div class=\"fusion-text fusion-text-35\" style=\"--awb-text-transform:none;\"><h3><span style=\"color: #000000;\">Mathilde Bullot<\/span><\/h3>\n<\/div><div class=\"fusion-separator fusion-full-width-sep\" style=\"align-self: center;margin-left: auto;margin-right: auto;margin-top:20px;width:100%;\"><\/div><div class=\"fusion-image-element \" style=\"--awb-caption-title-font-family:var(--h2_typography-font-family);--awb-caption-title-font-weight:var(--h2_typography-font-weight);--awb-caption-title-font-style:var(--h2_typography-font-style);--awb-caption-title-size:var(--h2_typography-font-size);--awb-caption-title-transform:var(--h2_typography-text-transform);--awb-caption-title-line-height:var(--h2_typography-line-height);--awb-caption-title-letter-spacing:var(--h2_typography-letter-spacing);\"><span class=\" fusion-imageframe imageframe-none imageframe-14 hover-type-none\"><img data-recalc-dims=\"1\" decoding=\"async\" width=\"300\" height=\"300\" title=\"Well Grounded Mathilde\" src=\"https:\/\/i0.wp.com\/well-grounded.org\/wp-content\/uploads\/2023\/11\/Well-Grounded-Mathilde.png?resize=300%2C300&#038;ssl=1\" alt class=\"img-responsive wp-image-11204\" srcset=\"https:\/\/i0.wp.com\/well-grounded.org\/wp-content\/uploads\/2023\/11\/Well-Grounded-Mathilde.png?resize=66%2C66&amp;ssl=1 66w, https:\/\/i0.wp.com\/well-grounded.org\/wp-content\/uploads\/2023\/11\/Well-Grounded-Mathilde.png?resize=150%2C150&amp;ssl=1 150w, https:\/\/i0.wp.com\/well-grounded.org\/wp-content\/uploads\/2023\/11\/Well-Grounded-Mathilde.png?resize=200%2C200&amp;ssl=1 200w, https:\/\/i0.wp.com\/well-grounded.org\/wp-content\/uploads\/2023\/11\/Well-Grounded-Mathilde.png?resize=300%2C300&amp;ssl=1 300w, https:\/\/i0.wp.com\/well-grounded.org\/wp-content\/uploads\/2023\/11\/Well-Grounded-Mathilde.png?resize=400%2C400&amp;ssl=1 400w, https:\/\/i0.wp.com\/well-grounded.org\/wp-content\/uploads\/2023\/11\/Well-Grounded-Mathilde.png?w=468&amp;ssl=1 468w\" sizes=\"(max-width: 1024px) 100vw, (max-width: 640px) 100vw, 400px\" \/><\/span><\/div><div class=\"fusion-separator fusion-full-width-sep\" style=\"align-self: center;margin-left: auto;margin-right: auto;margin-top:20px;width:100%;\"><\/div><div class=\"fusion-text fusion-text-36\" style=\"--awb-text-transform:none;\"><p>Mathilde a rejoint Well Grounded d\u00e9but 2019. Elle soutient les OSC et les r\u00e9seaux CS en Afrique et en Europe, notamment dans le d\u00e9veloppement organisationnel, la r\u00e9flexion strat\u00e9gique et le leadership des femmes. Elle est bas\u00e9e en France et travaille avec Well Grounded en tant que praticienne associ\u00e9e en d\u00e9veloppement organisationnel et facilitatrice en leadership des femmes.<\/p>\n<\/div><div class=\"accordian fusion-accordian\" style=\"--awb-border-size:1px;--awb-icon-size:25px;--awb-content-font-size:17px;--awb-icon-alignment:left;--awb-hover-color:#ffffff;--awb-border-color:#c7d300;--awb-background-color:#ffffff;--awb-divider-color:#e7e4e2;--awb-divider-hover-color:#e7e4e2;--awb-icon-color:#c7d300;--awb-title-color:#c7d300;--awb-content-color:#000000;--awb-icon-box-color:#333333;--awb-toggle-hover-accent-color:#c7d300;--awb-title-font-family:&quot;Zilla Slab&quot;;--awb-title-font-weight:regular;--awb-title-font-style:normal;--awb-title-font-size:15px;--awb-content-font-family:&quot;PT Sans&quot;;--awb-content-font-style:normal;--awb-content-font-weight:400;\"><div class=\"panel-group fusion-toggle-icon-unboxed\" id=\"accordion-5498-14\"><div class=\"fusion-panel panel-default panel-53fb26ae3f4fcf416 fusion-toggle-no-divider fusion-toggle-boxed-mode\"><div class=\"panel-heading\"><h4 class=\"panel-title toggle\" id=\"toggle_53fb26ae3f4fcf416\"><a aria-expanded=\"false\" aria-controls=\"53fb26ae3f4fcf416\" role=\"button\" data-toggle=\"collapse\" data-parent=\"#accordion-5498-14\" data-target=\"#53fb26ae3f4fcf416\" href=\"#53fb26ae3f4fcf416\"><span class=\"fusion-toggle-icon-wrapper\" aria-hidden=\"true\"><i class=\"fa-fusion-box active-icon awb-icon-minus\" aria-hidden=\"true\"><\/i><i class=\"fa-fusion-box inactive-icon awb-icon-plus\" aria-hidden=\"true\"><\/i><\/span><span class=\"fusion-toggle-heading\">En savoir plus sur Mathilde<\/span><\/a><\/h4><\/div><div id=\"53fb26ae3f4fcf416\" class=\"panel-collapse collapse \" aria-labelledby=\"toggle_53fb26ae3f4fcf416\"><div class=\"panel-body toggle-content fusion-clearfix\">\n<p><strong>Nationalit\u00e9 :<\/strong> Fran\u00e7aise<\/p>\n<p><strong>Localisation\/Base :<\/strong> Lille (France)<\/p>\n<p><strong>Langues :<\/strong> fran\u00e7ais, anglais, espagnol, portugais, cr\u00e9ole (Guin\u00e9e-Bissau), allemand<\/p>\n<p><strong>Comp\u00e9tences cl\u00e9s :<\/strong> Accompagnement organisationnel, coaching individuel et collectif<\/p>\n<p>Mathilde a \u00e9tudi\u00e9 les langues \u00e9trang\u00e8res et les relations internationales dans quatre pays europ\u00e9ens (Allemagne, Espagne, Irlande et France) puis a travaill\u00e9 depuis 2004 dans diff\u00e9rentes zones du continent africain (Djibouti, Namibie, Guin\u00e9e-Bissau) et en France avec des missions r\u00e9guli\u00e8res sur le terrain.<\/p>\n<p>Elle a occup\u00e9 plusieurs postes dans le domaine de la solidarit\u00e9 internationale, d&rsquo;abord comme gestionnaire de petits fonds pour la soci\u00e9t\u00e9 civile \u00e0 l&rsquo;Ambassade de France en Namibie, puis pour des ONG, comme responsable financi\u00e8re puis charg\u00e9e de projets en Guin\u00e9e-Bissau. Elle est revenue en France en 2014 et a commenc\u00e9 \u00e0 soutenir des projets li\u00e9s au d\u00e9veloppement social et \u00e0 l&rsquo;appui institutionnel \u00e0 la soci\u00e9t\u00e9 civile en Guin\u00e9e Bissau, au Tchad et au Mozambique.<\/p>\n<p>En 2017, tout en suivant une formation avanc\u00e9e en coaching, elle a commenc\u00e9 \u00e0 travailler comme consultante ind\u00e9pendante, travaillant avec des organisations de la soci\u00e9t\u00e9 civile dans diff\u00e9rentes r\u00e9gions d&rsquo;Afrique (Cap-Vert, RDC) et d&rsquo;Europe.<\/p>\n<p>Mathilde accompagne les organisations de la soci\u00e9t\u00e9 civile pour qu&rsquo;elles se renforcent sur le plan organisationnel, financier, humain et op\u00e9rationnel. Elle soutient \u00e9galement les organisations de la soci\u00e9t\u00e9 civile et les individus sur les questions de genre et le d\u00e9veloppement du leadership des femmes, en utilisant une approche \u00e9cof\u00e9ministe du changement social.<\/p>\n<\/div><\/div><\/div><\/div><\/div><\/div><\/div><div class=\"fusion-layout-column fusion_builder_column fusion-builder-column-19 fusion_builder_column_1_3 1_3 fusion-flex-column\" style=\"--awb-bg-size:cover;--awb-width-large:33.333333333333%;--awb-margin-top-large:10px;--awb-spacing-right-large:5.76%;--awb-margin-bottom-large:10px;--awb-spacing-left-large:5.76%;--awb-width-medium:100%;--awb-order-medium:0;--awb-spacing-right-medium:1.92%;--awb-spacing-left-medium:1.92%;--awb-width-small:100%;--awb-order-small:0;--awb-spacing-right-small:1.92%;--awb-spacing-left-small:1.92%;\"><div class=\"fusion-column-wrapper fusion-column-has-shadow fusion-flex-justify-content-flex-start fusion-content-layout-column\"><div class=\"fusion-text fusion-text-37\" style=\"--awb-text-transform:none;\"><h3><span style=\"color: #000000;\">Mireille Kayijamahe<\/span><\/h3>\n<p><span style=\"color: #999999;\">Conseiller principal en leadership<\/span><\/p>\n<\/div><div class=\"fusion-separator fusion-full-width-sep\" style=\"align-self: center;margin-left: auto;margin-right: auto;margin-top:20px;width:100%;\"><\/div><div class=\"fusion-image-element \" style=\"--awb-caption-title-font-family:var(--h2_typography-font-family);--awb-caption-title-font-weight:var(--h2_typography-font-weight);--awb-caption-title-font-style:var(--h2_typography-font-style);--awb-caption-title-size:var(--h2_typography-font-size);--awb-caption-title-transform:var(--h2_typography-text-transform);--awb-caption-title-line-height:var(--h2_typography-line-height);--awb-caption-title-letter-spacing:var(--h2_typography-letter-spacing);\"><span class=\" fusion-imageframe imageframe-none imageframe-15 hover-type-none\"><img data-recalc-dims=\"1\" decoding=\"async\" width=\"300\" height=\"300\" title=\"Well Grounded Mireille\" src=\"https:\/\/i0.wp.com\/well-grounded.org\/wp-content\/uploads\/2023\/11\/Well-Grounded-Mireille.png?resize=300%2C300&#038;ssl=1\" alt class=\"img-responsive wp-image-11196\" srcset=\"https:\/\/i0.wp.com\/well-grounded.org\/wp-content\/uploads\/2023\/11\/Well-Grounded-Mireille.png?resize=66%2C66&amp;ssl=1 66w, https:\/\/i0.wp.com\/well-grounded.org\/wp-content\/uploads\/2023\/11\/Well-Grounded-Mireille.png?resize=150%2C150&amp;ssl=1 150w, https:\/\/i0.wp.com\/well-grounded.org\/wp-content\/uploads\/2023\/11\/Well-Grounded-Mireille.png?resize=200%2C200&amp;ssl=1 200w, https:\/\/i0.wp.com\/well-grounded.org\/wp-content\/uploads\/2023\/11\/Well-Grounded-Mireille.png?resize=300%2C300&amp;ssl=1 300w, https:\/\/i0.wp.com\/well-grounded.org\/wp-content\/uploads\/2023\/11\/Well-Grounded-Mireille.png?resize=400%2C400&amp;ssl=1 400w, https:\/\/i0.wp.com\/well-grounded.org\/wp-content\/uploads\/2023\/11\/Well-Grounded-Mireille.png?w=468&amp;ssl=1 468w\" sizes=\"(max-width: 1024px) 100vw, (max-width: 640px) 100vw, 400px\" \/><\/span><\/div><div class=\"fusion-separator fusion-full-width-sep\" style=\"align-self: center;margin-left: auto;margin-right: auto;margin-top:20px;width:100%;\"><\/div><div class=\"fusion-text fusion-text-38\" style=\"--awb-text-transform:none;\"><p>Mireille a rejoint Well Grounded au d\u00e9but de sa cr\u00e9ation en 2012. Elle a jou\u00e9 diff\u00e9rents r\u00f4les depuis lors, notamment celui de codirectrice : Programmes et d\u00e9veloppement commercial jusqu&rsquo;\u00e0 la mi-2022. Mireille travaille actuellement \u00e0 temps partiel avec Well Grounded en tant que conseill\u00e8re principale en leadership. Elle dirige le programme de leadership Canopy, qui soutient les leaders travaillant dans le domaine de la foresterie communautaire dans le bassin du Congo. Mireille est une praticienne exp\u00e9riment\u00e9e en mati\u00e8re de leadership et de d\u00e9veloppement organisationnel, avec des comp\u00e9tences \u00e9tendues en mati\u00e8re de facilitation et de coaching. Sa passion et son engagement consistent \u00e0 donner aux femmes les moyens d&rsquo;agir. Elle est actuellement bas\u00e9e \u00e0 Kampala, en Ouganda.<\/p>\n<\/div><div class=\"accordian fusion-accordian\" style=\"--awb-border-size:1px;--awb-icon-size:25px;--awb-content-font-size:17px;--awb-icon-alignment:left;--awb-hover-color:#ffffff;--awb-border-color:#c7d300;--awb-background-color:#ffffff;--awb-divider-color:#e7e4e2;--awb-divider-hover-color:#e7e4e2;--awb-icon-color:#c7d300;--awb-title-color:#c7d300;--awb-content-color:#000000;--awb-icon-box-color:#333333;--awb-toggle-hover-accent-color:#c7d300;--awb-title-font-family:&quot;Zilla Slab&quot;;--awb-title-font-weight:regular;--awb-title-font-style:normal;--awb-title-font-size:15px;--awb-content-font-family:&quot;PT Sans&quot;;--awb-content-font-style:normal;--awb-content-font-weight:400;\"><div class=\"panel-group fusion-toggle-icon-unboxed\" id=\"accordion-5498-15\"><div class=\"fusion-panel panel-default panel-4075ba6041ca2d443 fusion-toggle-no-divider fusion-toggle-boxed-mode\"><div class=\"panel-heading\"><h4 class=\"panel-title toggle\" id=\"toggle_4075ba6041ca2d443\"><a aria-expanded=\"false\" aria-controls=\"4075ba6041ca2d443\" role=\"button\" data-toggle=\"collapse\" data-parent=\"#accordion-5498-15\" data-target=\"#4075ba6041ca2d443\" href=\"#4075ba6041ca2d443\"><span class=\"fusion-toggle-icon-wrapper\" aria-hidden=\"true\"><i class=\"fa-fusion-box active-icon awb-icon-minus\" aria-hidden=\"true\"><\/i><i class=\"fa-fusion-box inactive-icon awb-icon-plus\" aria-hidden=\"true\"><\/i><\/span><span class=\"fusion-toggle-heading\">En savoir plus sur Mireille<\/span><\/a><\/h4><\/div><div id=\"4075ba6041ca2d443\" class=\"panel-collapse collapse \" aria-labelledby=\"toggle_4075ba6041ca2d443\"><div class=\"panel-body toggle-content fusion-clearfix\">\n<p><strong>Nationalit\u00e9 :<\/strong> R\u00e9publique D\u00e9mocratique du Congo<\/p>\n<p><strong>Lieu\/Base\u00a0:<\/strong> Kampala, Ouganda<\/p>\n<p><strong>Langues :<\/strong> fran\u00e7ais, anglais, swahili et lingala<\/p>\n<p><strong>Comp\u00e9tences cl\u00e9s : <\/strong>D\u00e9veloppement de l&rsquo;organisation, d\u00e9veloppement du leadership, autonomisation des femmes, conception de cours, coaching et facilitation.<\/p>\n<p>Mireille a rejoint Well Grounded en 2012. En tant que membre de l&rsquo;\u00e9quipe Well Grounded de premi\u00e8re g\u00e9n\u00e9ration, elle a jou\u00e9 un r\u00f4le moteur dans l&rsquo;\u00e9tablissement de Well Grounded dans la r\u00e9gion, jetant les bases du mandat, de la pratique et de l&rsquo;approche unique de Well Grounded en mati\u00e8re de soutien aux organisations de la soci\u00e9t\u00e9 civile. Mireille poss\u00e8de des comp\u00e9tences \u00e9tendues en mati\u00e8re de facilitation du changement aupr\u00e8s des organisations et des individus, en particulier des femmes, et a jou\u00e9 un r\u00f4le cl\u00e9 dans la conception et la mise en \u0153uvre des programmes de leadership de Well Grounded.<\/p>\n<p>Mireille a quitt\u00e9 son r\u00f4le de codirectrice des programmes et du d\u00e9veloppement commercial \u00e0 la mi-2022. Elle travaille actuellement \u00e0 temps partiel avec Well Grounded en tant que conseill\u00e8re principale en mati\u00e8re de leadership, tout en \u00e9tant consultante ind\u00e9pendante. Mireille dirige le programme Canopy, un programme de d\u00e9veloppement du leadership d&rsquo;une dur\u00e9e de 12 mois, mis en \u0153uvre conjointement avec <a href=\"https:\/\/www.maliasili.org\/\" target=\"_blank\" rel=\"noopener\">Maliasili<\/a> pour soutenir les responsables de la foresterie communautaire dans le bassin du Congo.<\/p>\n<p>Mireille est originaire de la R\u00e9publique d\u00e9mocratique du Congo (RDC) et sa langue maternelle est le swahili. Elle parle \u00e9galement couramment le lingala, le fran\u00e7ais et l&rsquo;anglais et a des bases en kinyarwanda, kirundi et cr\u00e9ole. Elle est actuellement bas\u00e9e \u00e0 Kampala, en Ouganda.<\/p>\n<p>Avant de rejoindre Well Grounded, Stephany a travaill\u00e9 comme consultante, soutenant principalement des groupes de la soci\u00e9t\u00e9 civile pour mettre en place des strat\u00e9gies de plaidoyer afin d&rsquo;am\u00e9liorer le cadre juridique pour soutenir leurs activit\u00e9s et am\u00e9liorer les conditions de leurs b\u00e9n\u00e9ficiaires. Elle a \u00e9galement travaill\u00e9 dans plusieurs pays d&rsquo;Afrique occidentale, orientale et australe et au Y\u00e9men sur la gestion des ressources naturelles et l&rsquo;autonomisation des femmes.<\/p>\n<p>Stephany vient des Pays-Bas, o\u00f9 elle a fait sa ma\u00eetrise en agriculture tropicale et d\u00e9veloppement rural, suivie d&rsquo;un doctorat en d\u00e9veloppement de processus participatif multipartite obtenu en Australie. Elle parle couramment le n\u00e9erlandais, l&rsquo;anglais et le fran\u00e7ais.<\/p>\n<\/div><\/div><\/div><\/div><\/div><\/div><\/div><div class=\"fusion-layout-column fusion_builder_column fusion-builder-column-20 fusion_builder_column_1_3 1_3 fusion-flex-column\" style=\"--awb-bg-size:cover;--awb-width-large:33.333333333333%;--awb-margin-top-large:10px;--awb-spacing-right-large:5.76%;--awb-margin-bottom-large:10px;--awb-spacing-left-large:5.76%;--awb-width-medium:100%;--awb-order-medium:0;--awb-spacing-right-medium:1.92%;--awb-spacing-left-medium:1.92%;--awb-width-small:100%;--awb-order-small:0;--awb-spacing-right-small:1.92%;--awb-spacing-left-small:1.92%;\"><div class=\"fusion-column-wrapper fusion-column-has-shadow fusion-flex-justify-content-flex-start fusion-content-layout-column\"><div class=\"fusion-text fusion-text-39\" style=\"--awb-text-transform:none;\"><h3><span style=\"color: #000000;\">Appolinaire Etono Ngah<\/span><\/h3>\n<\/div><div class=\"fusion-separator fusion-full-width-sep\" style=\"align-self: center;margin-left: auto;margin-right: auto;margin-top:20px;width:100%;\"><\/div><div class=\"fusion-image-element \" style=\"--awb-caption-title-font-family:var(--h2_typography-font-family);--awb-caption-title-font-weight:var(--h2_typography-font-weight);--awb-caption-title-font-style:var(--h2_typography-font-style);--awb-caption-title-size:var(--h2_typography-font-size);--awb-caption-title-transform:var(--h2_typography-text-transform);--awb-caption-title-line-height:var(--h2_typography-line-height);--awb-caption-title-letter-spacing:var(--h2_typography-letter-spacing);\"><span class=\" fusion-imageframe imageframe-none imageframe-16 hover-type-none\"><img data-recalc-dims=\"1\" decoding=\"async\" width=\"300\" height=\"300\" title=\"well Grounded Appolinaire\" src=\"https:\/\/i0.wp.com\/well-grounded.org\/wp-content\/uploads\/2023\/11\/well-Grounded-Appolinaire.png?resize=300%2C300&#038;ssl=1\" alt class=\"img-responsive wp-image-11206\" srcset=\"https:\/\/i0.wp.com\/well-grounded.org\/wp-content\/uploads\/2023\/11\/well-Grounded-Appolinaire.png?resize=66%2C66&amp;ssl=1 66w, https:\/\/i0.wp.com\/well-grounded.org\/wp-content\/uploads\/2023\/11\/well-Grounded-Appolinaire.png?resize=150%2C150&amp;ssl=1 150w, https:\/\/i0.wp.com\/well-grounded.org\/wp-content\/uploads\/2023\/11\/well-Grounded-Appolinaire.png?resize=200%2C200&amp;ssl=1 200w, https:\/\/i0.wp.com\/well-grounded.org\/wp-content\/uploads\/2023\/11\/well-Grounded-Appolinaire.png?resize=300%2C300&amp;ssl=1 300w, https:\/\/i0.wp.com\/well-grounded.org\/wp-content\/uploads\/2023\/11\/well-Grounded-Appolinaire.png?resize=400%2C400&amp;ssl=1 400w, https:\/\/i0.wp.com\/well-grounded.org\/wp-content\/uploads\/2023\/11\/well-Grounded-Appolinaire.png?w=468&amp;ssl=1 468w\" sizes=\"(max-width: 1024px) 100vw, (max-width: 640px) 100vw, 400px\" \/><\/span><\/div><div class=\"fusion-separator fusion-full-width-sep\" style=\"align-self: center;margin-left: auto;margin-right: auto;margin-top:20px;width:100%;\"><\/div><div class=\"fusion-text fusion-text-40\" style=\"--awb-text-transform:none;\"><p>Appolinaire Etono Ngah est Consultant International en D\u00e9veloppement Institutionnel\/renforcement Organisationnel.<\/p>\n<p>Il cumule une exp\u00e9rience de plus de 25 ans aupr\u00e8s d\u2019acteurs internationaux et locaux via la facilitation des ateliers, des formations, des planifications strat\u00e9giques et d&rsquo;accompagnement de diff\u00e9rentes organisations dans des contextes diff\u00e9rents.<\/p>\n<\/div><div class=\"accordian fusion-accordian\" style=\"--awb-border-size:1px;--awb-icon-size:25px;--awb-content-font-size:17px;--awb-icon-alignment:left;--awb-hover-color:#ffffff;--awb-border-color:#c7d300;--awb-background-color:#ffffff;--awb-divider-color:#e7e4e2;--awb-divider-hover-color:#e7e4e2;--awb-icon-color:#c7d300;--awb-title-color:#c7d300;--awb-content-color:#000000;--awb-icon-box-color:#333333;--awb-toggle-hover-accent-color:#c7d300;--awb-title-font-family:&quot;Zilla Slab&quot;;--awb-title-font-weight:regular;--awb-title-font-style:normal;--awb-title-font-size:15px;--awb-content-font-family:&quot;PT Sans&quot;;--awb-content-font-style:normal;--awb-content-font-weight:400;\"><div class=\"panel-group fusion-toggle-icon-unboxed\" id=\"accordion-5498-16\"><div class=\"fusion-panel panel-default panel-3f57b8b65cfa18972 fusion-toggle-no-divider fusion-toggle-boxed-mode\"><div class=\"panel-heading\"><h4 class=\"panel-title toggle\" id=\"toggle_3f57b8b65cfa18972\"><a aria-expanded=\"false\" aria-controls=\"3f57b8b65cfa18972\" role=\"button\" data-toggle=\"collapse\" data-parent=\"#accordion-5498-16\" data-target=\"#3f57b8b65cfa18972\" href=\"#3f57b8b65cfa18972\"><span class=\"fusion-toggle-icon-wrapper\" aria-hidden=\"true\"><i class=\"fa-fusion-box active-icon awb-icon-minus\" aria-hidden=\"true\"><\/i><i class=\"fa-fusion-box inactive-icon awb-icon-plus\" aria-hidden=\"true\"><\/i><\/span><span class=\"fusion-toggle-heading\">En savoir plus sur Appolinaire<\/span><\/a><\/h4><\/div><div id=\"3f57b8b65cfa18972\" class=\"panel-collapse collapse \" aria-labelledby=\"toggle_3f57b8b65cfa18972\"><div class=\"panel-body toggle-content fusion-clearfix\">\n<p><strong>Nationalit\u00e9 :<\/strong><\/p>\n<p><strong>Localisation\/Base :<\/strong><\/p>\n<p><strong>Langues :<\/strong><\/p>\n<p><strong>Comp\u00e9tences cl\u00e9s : <\/strong>Coaching de performance, Coaching d\u2019\u00e9quipes, Coaching de vie &amp; d\u00e9veloppement personnel<\/p>\n<p>Appolinaire poss\u00e8de une expertise av\u00e9r\u00e9e au montage institutionnel pour l\u2019int\u00e9gration et la facilitation de processus de changements, notamment dans l\u2019appropriation des comp\u00e9tences et ressources transf\u00e9r\u00e9es aux acteurs locaux (ONG, Associations, R\u00e9seaux, Organisations confessionnelles, organisations communautaires et autres acteurs de la soci\u00e9t\u00e9 civile) dans le cadre de leur statut de partenaires aux projets de d\u00e9veloppement en Afrique, y compris dans le secteur de la sant\u00e9.<\/p>\n<p>Appolinaire a \u00e9galement des comp\u00e9tences av\u00e9r\u00e9es en <b>Coaching<\/b> (Coach professionnel certifi\u00e9):<\/p>\n<ul>\n<li aria-level=\"1\"><i>Coaching de performance<\/i> : Accompagnement de managers en prise de poste et transition professionnelle- Renforcement des talents et des ressources \u2013 Identification et travail sur les freins\u00a0;<\/li>\n<li aria-level=\"1\"><i>Coaching d\u2019\u00e9quipes<\/i> : Accompagnement des \u00e9quipes \u00e0 atteindre leurs objectifs de d\u00e9veloppement en lien avec la strat\u00e9gie de l\u2019organisation\/projet- Cr\u00e9ation et renforcement de la coh\u00e9sion d\u2019\u00e9quipe multiculturelle- Gestion de conflits internes -Communication non violente.<\/li>\n<li aria-level=\"1\"><i>Coaching de vie &amp; d\u00e9veloppement personnel<\/i> : Confiance en soi &#8211; D\u00e9veloppement de son potentiel- Gestion du stress et des \u00e9motions.<\/li>\n<\/ul>\n<\/div><\/div><\/div><\/div><\/div><\/div><\/div><div class=\"fusion-layout-column fusion_builder_column fusion-builder-column-21 fusion_builder_column_1_3 1_3 fusion-flex-column\" style=\"--awb-bg-size:cover;--awb-width-large:33.333333333333%;--awb-margin-top-large:10px;--awb-spacing-right-large:5.76%;--awb-margin-bottom-large:10px;--awb-spacing-left-large:5.76%;--awb-width-medium:100%;--awb-order-medium:0;--awb-spacing-right-medium:1.92%;--awb-spacing-left-medium:1.92%;--awb-width-small:100%;--awb-order-small:0;--awb-spacing-right-small:1.92%;--awb-spacing-left-small:1.92%;\"><div class=\"fusion-column-wrapper fusion-column-has-shadow fusion-flex-justify-content-flex-start fusion-content-layout-column\"><div class=\"fusion-text fusion-text-41\" style=\"--awb-text-transform:none;\"><h3><span style=\"color: #000000;\">Hermine Tuekam epse Nkuintchua<\/span><\/h3>\n<\/div><div class=\"fusion-separator fusion-full-width-sep\" style=\"align-self: center;margin-left: auto;margin-right: auto;margin-top:15px;width:100%;\"><\/div><div class=\"fusion-image-element \" style=\"--awb-caption-title-font-family:var(--h2_typography-font-family);--awb-caption-title-font-weight:var(--h2_typography-font-weight);--awb-caption-title-font-style:var(--h2_typography-font-style);--awb-caption-title-size:var(--h2_typography-font-size);--awb-caption-title-transform:var(--h2_typography-text-transform);--awb-caption-title-line-height:var(--h2_typography-line-height);--awb-caption-title-letter-spacing:var(--h2_typography-letter-spacing);\"><span class=\" fusion-imageframe imageframe-none imageframe-17 hover-type-none\"><img data-recalc-dims=\"1\" decoding=\"async\" width=\"300\" height=\"300\" title=\"Well Grounded Hermine Tuekam\" src=\"https:\/\/i0.wp.com\/well-grounded.org\/wp-content\/uploads\/2023\/11\/Well-Grounded-Hermine-Tuekam.png?resize=300%2C300&#038;ssl=1\" alt class=\"img-responsive wp-image-11202\" srcset=\"https:\/\/i0.wp.com\/well-grounded.org\/wp-content\/uploads\/2023\/11\/Well-Grounded-Hermine-Tuekam.png?resize=66%2C66&amp;ssl=1 66w, https:\/\/i0.wp.com\/well-grounded.org\/wp-content\/uploads\/2023\/11\/Well-Grounded-Hermine-Tuekam.png?resize=150%2C150&amp;ssl=1 150w, https:\/\/i0.wp.com\/well-grounded.org\/wp-content\/uploads\/2023\/11\/Well-Grounded-Hermine-Tuekam.png?resize=200%2C200&amp;ssl=1 200w, https:\/\/i0.wp.com\/well-grounded.org\/wp-content\/uploads\/2023\/11\/Well-Grounded-Hermine-Tuekam.png?resize=300%2C300&amp;ssl=1 300w, https:\/\/i0.wp.com\/well-grounded.org\/wp-content\/uploads\/2023\/11\/Well-Grounded-Hermine-Tuekam.png?resize=400%2C400&amp;ssl=1 400w, https:\/\/i0.wp.com\/well-grounded.org\/wp-content\/uploads\/2023\/11\/Well-Grounded-Hermine-Tuekam.png?w=468&amp;ssl=1 468w\" sizes=\"(max-width: 1024px) 100vw, (max-width: 640px) 100vw, 400px\" \/><\/span><\/div><div class=\"fusion-separator fusion-full-width-sep\" style=\"align-self: center;margin-left: auto;margin-right: auto;margin-top:20px;width:100%;\"><\/div><div class=\"fusion-text fusion-text-42\" style=\"--awb-text-transform:none;\"><p>Hermine a rejoint Well Grounded fin 2018. En tant que sociologue, Hermine poss\u00e8de une exp\u00e9rience consid\u00e9rable dans le travail avec des groupes communautaires formels et informels. Elle a suivi une formation professionnelle dans les domaines de la responsabilit\u00e9 sociale, de la gestion foresti\u00e8re et de la conservation. Hermine est bas\u00e9e \u00e0 Brazzaville, en R\u00e9publique du Congo, et travaille actuellement avec Well Grounded en tant que consultante associ\u00e9e en d\u00e9veloppement organisationnel.<\/p>\n<\/div><div class=\"accordian fusion-accordian\" style=\"--awb-border-size:1px;--awb-icon-size:25px;--awb-content-font-size:17px;--awb-icon-alignment:left;--awb-hover-color:#ffffff;--awb-border-color:#c7d300;--awb-background-color:#ffffff;--awb-divider-color:#e7e4e2;--awb-divider-hover-color:#e7e4e2;--awb-icon-color:#c7d300;--awb-title-color:#c7d300;--awb-content-color:#000000;--awb-icon-box-color:#333333;--awb-toggle-hover-accent-color:#c7d300;--awb-title-font-family:&quot;Zilla Slab&quot;;--awb-title-font-weight:regular;--awb-title-font-style:normal;--awb-title-font-size:15px;--awb-content-font-family:&quot;PT Sans&quot;;--awb-content-font-style:normal;--awb-content-font-weight:400;\"><div class=\"panel-group fusion-toggle-icon-unboxed\" id=\"accordion-5498-17\"><div class=\"fusion-panel panel-default panel-f79a165c5ebd93b00 fusion-toggle-no-divider fusion-toggle-boxed-mode\"><div class=\"panel-heading\"><h4 class=\"panel-title toggle\" id=\"toggle_f79a165c5ebd93b00\"><a aria-expanded=\"false\" aria-controls=\"f79a165c5ebd93b00\" role=\"button\" data-toggle=\"collapse\" data-parent=\"#accordion-5498-17\" data-target=\"#f79a165c5ebd93b00\" href=\"#f79a165c5ebd93b00\"><span class=\"fusion-toggle-icon-wrapper\" aria-hidden=\"true\"><i class=\"fa-fusion-box active-icon awb-icon-minus\" aria-hidden=\"true\"><\/i><i class=\"fa-fusion-box inactive-icon awb-icon-plus\" aria-hidden=\"true\"><\/i><\/span><span class=\"fusion-toggle-heading\">En savoir plus sur Hermine<\/span><\/a><\/h4><\/div><div id=\"f79a165c5ebd93b00\" class=\"panel-collapse collapse \" aria-labelledby=\"toggle_f79a165c5ebd93b00\"><div class=\"panel-body toggle-content fusion-clearfix\">\n<p><strong>Nationalit\u00e9 :<\/strong> camerounaise<\/p>\n<p><strong>Lieu\/Base\u00a0:<\/strong> R\u00e9publique du Congo<\/p>\n<p><strong>Langues :<\/strong> fran\u00e7ais et anglais<\/p>\n<p><strong>Comp\u00e9tences cl\u00e9s\u00a0:<\/strong> organisation, praticien du d\u00e9veloppement communautaire, auditeur forestier<\/p>\n<p>Hermines est titulaire d&rsquo;un master 2 en d\u00e9veloppement durable et de certificats sur les aspects sociaux de l&rsquo;exploitation foresti\u00e8re, l&rsquo;\u00e9valuation des hautes valeurs de conservation, le leadership des femmes dans le d\u00e9veloppement communautaire et le d\u00e9veloppement communautaire bas\u00e9 sur les actifs.<\/p>\n<p>Hermine parle fran\u00e7ais et anglais.<\/p>\n<\/div><\/div><\/div><\/div><\/div><\/div><\/div><div class=\"fusion-layout-column fusion_builder_column fusion-builder-column-22 fusion_builder_column_1_3 1_3 fusion-flex-column\" style=\"--awb-bg-size:cover;--awb-width-large:33.333333333333%;--awb-margin-top-large:10px;--awb-spacing-right-large:5.76%;--awb-margin-bottom-large:10px;--awb-spacing-left-large:5.76%;--awb-width-medium:100%;--awb-order-medium:0;--awb-spacing-right-medium:1.92%;--awb-spacing-left-medium:1.92%;--awb-width-small:100%;--awb-order-small:0;--awb-spacing-right-small:1.92%;--awb-spacing-left-small:1.92%;\"><div class=\"fusion-column-wrapper fusion-column-has-shadow fusion-flex-justify-content-flex-start fusion-content-layout-column\"><div class=\"fusion-text fusion-text-43\" style=\"--awb-text-transform:none;\"><h3><span style=\"color: #000000;\">Peter Sargent<\/span><\/h3>\n<\/div><div class=\"fusion-separator fusion-full-width-sep\" style=\"align-self: center;margin-left: auto;margin-right: auto;margin-top:15px;width:100%;\"><\/div><div class=\"fusion-image-element \" style=\"--awb-caption-title-font-family:var(--h2_typography-font-family);--awb-caption-title-font-weight:var(--h2_typography-font-weight);--awb-caption-title-font-style:var(--h2_typography-font-style);--awb-caption-title-size:var(--h2_typography-font-size);--awb-caption-title-transform:var(--h2_typography-text-transform);--awb-caption-title-line-height:var(--h2_typography-line-height);--awb-caption-title-letter-spacing:var(--h2_typography-letter-spacing);\"><span class=\" fusion-imageframe imageframe-none imageframe-18 hover-type-none\"><img data-recalc-dims=\"1\" decoding=\"async\" width=\"300\" height=\"300\" title=\"Well Grounded Peter Sargeant\" src=\"https:\/\/i0.wp.com\/well-grounded.org\/wp-content\/uploads\/2023\/11\/Well-Grounded-Peter-Sargeant.png?resize=300%2C300&#038;ssl=1\" alt class=\"img-responsive wp-image-11198\" srcset=\"https:\/\/i0.wp.com\/well-grounded.org\/wp-content\/uploads\/2023\/11\/Well-Grounded-Peter-Sargeant.png?resize=66%2C66&amp;ssl=1 66w, https:\/\/i0.wp.com\/well-grounded.org\/wp-content\/uploads\/2023\/11\/Well-Grounded-Peter-Sargeant.png?resize=150%2C150&amp;ssl=1 150w, https:\/\/i0.wp.com\/well-grounded.org\/wp-content\/uploads\/2023\/11\/Well-Grounded-Peter-Sargeant.png?resize=200%2C200&amp;ssl=1 200w, https:\/\/i0.wp.com\/well-grounded.org\/wp-content\/uploads\/2023\/11\/Well-Grounded-Peter-Sargeant.png?resize=300%2C300&amp;ssl=1 300w, https:\/\/i0.wp.com\/well-grounded.org\/wp-content\/uploads\/2023\/11\/Well-Grounded-Peter-Sargeant.png?resize=400%2C400&amp;ssl=1 400w, https:\/\/i0.wp.com\/well-grounded.org\/wp-content\/uploads\/2023\/11\/Well-Grounded-Peter-Sargeant.png?w=468&amp;ssl=1 468w\" sizes=\"(max-width: 1024px) 100vw, (max-width: 640px) 100vw, 400px\" \/><\/span><\/div><div class=\"fusion-separator fusion-full-width-sep\" style=\"align-self: center;margin-left: auto;margin-right: auto;margin-top:20px;width:100%;\"><\/div><div class=\"fusion-text fusion-text-44\" style=\"--awb-text-transform:none;\"><p>Peter a travaill\u00e9 avec Well Grounded de juin 2022 \u00e0 avril 2023 en tant que codirecteur par int\u00e9rim des programmes et du d\u00e9veloppement commercial, apportant son expertise en mati\u00e8re de d\u00e9veloppement organisationnel, de gouvernance et de facilitation. Il continue de collaborer avec Well Grounded en tant que consultant associ\u00e9, avec un accent particulier sur les partenariats strat\u00e9giques et la transformation de la dynamique du pouvoir.<\/p>\n<\/div><div class=\"accordian fusion-accordian\" style=\"--awb-border-size:1px;--awb-icon-size:25px;--awb-content-font-size:17px;--awb-icon-alignment:left;--awb-hover-color:#ffffff;--awb-border-color:#c7d300;--awb-background-color:#ffffff;--awb-divider-color:#e7e4e2;--awb-divider-hover-color:#e7e4e2;--awb-icon-color:#c7d300;--awb-title-color:#c7d300;--awb-content-color:#000000;--awb-icon-box-color:#333333;--awb-toggle-hover-accent-color:#c7d300;--awb-title-font-family:&quot;Zilla Slab&quot;;--awb-title-font-weight:regular;--awb-title-font-style:normal;--awb-title-font-size:15px;--awb-content-font-family:&quot;PT Sans&quot;;--awb-content-font-style:normal;--awb-content-font-weight:400;\"><div class=\"panel-group fusion-toggle-icon-unboxed\" id=\"accordion-5498-18\"><div class=\"fusion-panel panel-default panel-8f607f20b960d437c fusion-toggle-no-divider fusion-toggle-boxed-mode\"><div class=\"panel-heading\"><h4 class=\"panel-title toggle\" id=\"toggle_8f607f20b960d437c\"><a aria-expanded=\"false\" aria-controls=\"8f607f20b960d437c\" role=\"button\" data-toggle=\"collapse\" data-parent=\"#accordion-5498-18\" data-target=\"#8f607f20b960d437c\" href=\"#8f607f20b960d437c\"><span class=\"fusion-toggle-icon-wrapper\" aria-hidden=\"true\"><i class=\"fa-fusion-box active-icon awb-icon-minus\" aria-hidden=\"true\"><\/i><i class=\"fa-fusion-box inactive-icon awb-icon-plus\" aria-hidden=\"true\"><\/i><\/span><span class=\"fusion-toggle-heading\">En savoir plus sur Peter<\/span><\/a><\/h4><\/div><div id=\"8f607f20b960d437c\" class=\"panel-collapse collapse \" aria-labelledby=\"toggle_8f607f20b960d437c\"><div class=\"panel-body toggle-content fusion-clearfix\">\n<p><strong>Nationalit\u00e9 :<\/strong> Britannique<\/p>\n<p><strong>Lieu\/Base :<\/strong> Cardiff<\/p>\n<p><strong>Langues :<\/strong> fran\u00e7ais et anglais<\/p>\n<p><strong>Comp\u00e9tences cl\u00e9s : <\/strong>D\u00e9veloppement organisationnel, gestion de projet, gouvernance, facilitation, coaching et mentorat.<\/p>\n<p>Peter a construit sa carri\u00e8re dans le secteur du d\u00e9veloppement international, en se concentrant sur la recherche de l&rsquo;excellence op\u00e9rationnelle pour aider les ONG \u00e0 r\u00e9ussir. Il croit fermement qu&rsquo;en renfor\u00e7ant les capacit\u00e9s des individus et des organisations, il sera possible d&rsquo;aider les gens \u00e0 atteindre la justice sociale, \u00e9conomique et environnementale, o\u00f9 qu&rsquo;ils se trouvent.<\/p>\n<p>Il a acquis une exp\u00e9rience significative en travaillant au sein d&rsquo;\u00e9quipes de gestion et avec des partenaires locaux de Concern Worldwide, d&rsquo;Oxfam GB et de l&rsquo;ONU au Burundi, en RDC et au Soudan pour mettre en \u0153uvre des programmes de d\u00e9veloppement durable. Il a \u00e9galement travaill\u00e9 de mani\u00e8re intensive en tant que consultant aupr\u00e8s d&rsquo;une vari\u00e9t\u00e9 de donateurs et d&rsquo;organisations de base de toutes formes et tailles en Afrique, en Asie, en Europe, en Russie et dans les Am\u00e9riques.<\/p>\n<p>Plus r\u00e9cemment, il a occup\u00e9 le poste de directeur des op\u00e9rations \u00e0 United Purpose, o\u00f9 il a supervis\u00e9 \u00e0 la fois les \u00e9quipes des programmes nationaux et les fonctions d&rsquo;entreprise. Il a mis en place une infrastructure am\u00e9lior\u00e9e de contr\u00f4le financier et d&rsquo;op\u00e9rations pour mieux s&rsquo;int\u00e9grer aux programmes et permettre aux programmes nationaux de r\u00e9aliser la strat\u00e9gie commune.<\/p>\n<p>Puis, avant de rejoindre Well Grounded, il a \u00e9t\u00e9 directeur ex\u00e9cutif (par int\u00e9rim) d&rsquo;INTRAC, o\u00f9 il a facilit\u00e9 une transition organisationnelle, tout en se concentrant sur la fourniture de services de qualit\u00e9 pour renforcer les comp\u00e9tences et les connaissances de la soci\u00e9t\u00e9 civile organis\u00e9e afin qu&rsquo;elle soit plus efficace dans la lutte contre la pauvret\u00e9 et les in\u00e9galit\u00e9s.<\/p>\n<p>Peter est titulaire d&rsquo;un dipl\u00f4me en gestion et en fran\u00e7ais de l&rsquo;universit\u00e9 de Bradford et d&rsquo;un dipl\u00f4me international de l&rsquo;Institut commercial de Nancy, en France.<\/p>\n<\/div><\/div><\/div><\/div><\/div><\/div><\/div><\/div><\/div><div class=\"fusion-fullwidth fullwidth-box fusion-builder-row-5 fusion-flex-container nonhundred-percent-fullwidth non-hundred-percent-height-scrolling\" style=\"--awb-border-radius-top-left:0px;--awb-border-radius-top-right:0px;--awb-border-radius-bottom-right:0px;--awb-border-radius-bottom-left:0px;--awb-margin-top:50px;--awb-flex-wrap:wrap;\" ><div class=\"fusion-builder-row fusion-row fusion-flex-align-items-flex-start fusion-flex-content-wrap\" style=\"max-width:1331.2px;margin-left: calc(-4% \/ 2 );margin-right: calc(-4% \/ 2 );\"><div class=\"fusion-layout-column fusion_builder_column fusion-builder-column-23 fusion_builder_column_1_1 1_1 fusion-flex-column\" style=\"--awb-bg-size:cover;--awb-width-large:100%;--awb-margin-top-large:10px;--awb-spacing-right-large:1.92%;--awb-margin-bottom-large:10px;--awb-spacing-left-large:1.92%;--awb-width-medium:100%;--awb-order-medium:0;--awb-spacing-right-medium:1.92%;--awb-spacing-left-medium:1.92%;--awb-width-small:100%;--awb-order-small:0;--awb-spacing-right-small:1.92%;--awb-spacing-left-small:1.92%;\"><div class=\"fusion-column-wrapper fusion-column-has-shadow fusion-flex-justify-content-flex-start fusion-content-layout-column\"><div class=\"fusion-text fusion-text-45\"><h2><strong>Conseil d&rsquo;administration<br \/>\n<\/strong><\/h2>\n<\/div><div class=\"fusion-separator fusion-full-width-sep\" style=\"align-self: center;margin-left: auto;margin-right: auto;width:100%;\"><div class=\"fusion-separator-border sep-single sep-solid\" style=\"--awb-height:20px;--awb-amount:20px;--awb-sep-color:#c7d300;border-color:#c7d300;border-top-width:1px;\"><\/div><\/div><\/div><\/div><\/div><\/div><div class=\"fusion-fullwidth fullwidth-box fusion-builder-row-6 fusion-flex-container nonhundred-percent-fullwidth non-hundred-percent-height-scrolling\" style=\"--awb-border-radius-top-left:0px;--awb-border-radius-top-right:0px;--awb-border-radius-bottom-right:0px;--awb-border-radius-bottom-left:0px;--awb-flex-wrap:wrap;\" ><div class=\"fusion-builder-row fusion-row fusion-flex-align-items-flex-start fusion-flex-content-wrap\" style=\"max-width:1331.2px;margin-left: calc(-4% \/ 2 );margin-right: calc(-4% \/ 2 );\"><div class=\"fusion-layout-column fusion_builder_column fusion-builder-column-24 fusion_builder_column_1_3 1_3 fusion-flex-column\" style=\"--awb-bg-size:cover;--awb-width-large:33.333333333333%;--awb-margin-top-large:10px;--awb-spacing-right-large:5.76%;--awb-margin-bottom-large:10px;--awb-spacing-left-large:5.76%;--awb-width-medium:100%;--awb-order-medium:0;--awb-spacing-right-medium:1.92%;--awb-spacing-left-medium:1.92%;--awb-width-small:100%;--awb-order-small:0;--awb-spacing-right-small:1.92%;--awb-spacing-left-small:1.92%;\"><div class=\"fusion-column-wrapper fusion-column-has-shadow fusion-flex-justify-content-flex-start fusion-content-layout-column\"><div class=\"fusion-text fusion-text-46\" style=\"--awb-text-transform:none;\"><h3><span style=\"color: #000000;\">Fidele Yobo<\/span><\/h3>\n<p><span style=\"color: #999999;\">Chair<\/span><\/p>\n<\/div><div class=\"fusion-separator fusion-full-width-sep\" style=\"align-self: center;margin-left: auto;margin-right: auto;margin-top:20px;width:100%;\"><\/div><div class=\"fusion-image-element \" style=\"--awb-margin-right:100px;--awb-caption-title-font-family:var(--h2_typography-font-family);--awb-caption-title-font-weight:var(--h2_typography-font-weight);--awb-caption-title-font-style:var(--h2_typography-font-style);--awb-caption-title-size:var(--h2_typography-font-size);--awb-caption-title-transform:var(--h2_typography-text-transform);--awb-caption-title-line-height:var(--h2_typography-line-height);--awb-caption-title-letter-spacing:var(--h2_typography-letter-spacing);\"><span class=\" fusion-imageframe imageframe-none imageframe-19 hover-type-none\"><img data-recalc-dims=\"1\" decoding=\"async\" width=\"468\" height=\"468\" title=\"Well Grounded Fidele Yobo\" src=\"https:\/\/i0.wp.com\/well-grounded.org\/wp-content\/uploads\/2026\/03\/Well-Grounded-Fidele-Yobo.png?resize=468%2C468&#038;ssl=1\" alt class=\"img-responsive wp-image-12105\" srcset=\"https:\/\/i0.wp.com\/well-grounded.org\/wp-content\/uploads\/2026\/03\/Well-Grounded-Fidele-Yobo.png?resize=66%2C66&amp;ssl=1 66w, https:\/\/i0.wp.com\/well-grounded.org\/wp-content\/uploads\/2026\/03\/Well-Grounded-Fidele-Yobo.png?resize=150%2C150&amp;ssl=1 150w, https:\/\/i0.wp.com\/well-grounded.org\/wp-content\/uploads\/2026\/03\/Well-Grounded-Fidele-Yobo.png?resize=200%2C200&amp;ssl=1 200w, https:\/\/i0.wp.com\/well-grounded.org\/wp-content\/uploads\/2026\/03\/Well-Grounded-Fidele-Yobo.png?resize=300%2C300&amp;ssl=1 300w, https:\/\/i0.wp.com\/well-grounded.org\/wp-content\/uploads\/2026\/03\/Well-Grounded-Fidele-Yobo.png?resize=400%2C400&amp;ssl=1 400w, https:\/\/i0.wp.com\/well-grounded.org\/wp-content\/uploads\/2026\/03\/Well-Grounded-Fidele-Yobo.png?w=468&amp;ssl=1 468w\" sizes=\"(max-width: 1024px) 100vw, (max-width: 640px) 100vw, 400px\" \/><\/span><\/div><div class=\"fusion-separator fusion-full-width-sep\" style=\"align-self: center;margin-left: auto;margin-right: auto;margin-top:20px;width:100%;\"><\/div><\/div><\/div><div class=\"fusion-layout-column fusion_builder_column fusion-builder-column-25 fusion_builder_column_1_3 1_3 fusion-flex-column\" style=\"--awb-bg-size:cover;--awb-width-large:33.333333333333%;--awb-margin-top-large:10px;--awb-spacing-right-large:5.76%;--awb-margin-bottom-large:10px;--awb-spacing-left-large:5.76%;--awb-width-medium:100%;--awb-order-medium:0;--awb-spacing-right-medium:1.92%;--awb-spacing-left-medium:1.92%;--awb-width-small:100%;--awb-order-small:0;--awb-spacing-right-small:1.92%;--awb-spacing-left-small:1.92%;\"><div class=\"fusion-column-wrapper fusion-column-has-shadow fusion-flex-justify-content-flex-start fusion-content-layout-column\"><div class=\"fusion-text fusion-text-47\" style=\"--awb-text-transform:none;\"><h3><span style=\"color: #000000;\">Alison Coburn<\/span><\/h3>\n<\/div><div class=\"fusion-separator fusion-full-width-sep\" style=\"align-self: center;margin-left: auto;margin-right: auto;margin-top:20px;width:100%;\"><\/div><div class=\"fusion-image-element \" style=\"--awb-caption-title-font-family:var(--h2_typography-font-family);--awb-caption-title-font-weight:var(--h2_typography-font-weight);--awb-caption-title-font-style:var(--h2_typography-font-style);--awb-caption-title-size:var(--h2_typography-font-size);--awb-caption-title-transform:var(--h2_typography-text-transform);--awb-caption-title-line-height:var(--h2_typography-line-height);--awb-caption-title-letter-spacing:var(--h2_typography-letter-spacing);\"><span class=\" fusion-imageframe imageframe-none imageframe-20 hover-type-none\"><img data-recalc-dims=\"1\" decoding=\"async\" width=\"300\" height=\"300\" title=\"Well Grounded Alison Coburn\" src=\"https:\/\/i0.wp.com\/well-grounded.org\/wp-content\/uploads\/2023\/11\/Well-Grounded-Alison-Coburn.png?resize=300%2C300&#038;ssl=1\" alt class=\"img-responsive wp-image-11210\" srcset=\"https:\/\/i0.wp.com\/well-grounded.org\/wp-content\/uploads\/2023\/11\/Well-Grounded-Alison-Coburn.png?resize=66%2C66&amp;ssl=1 66w, https:\/\/i0.wp.com\/well-grounded.org\/wp-content\/uploads\/2023\/11\/Well-Grounded-Alison-Coburn.png?resize=150%2C150&amp;ssl=1 150w, https:\/\/i0.wp.com\/well-grounded.org\/wp-content\/uploads\/2023\/11\/Well-Grounded-Alison-Coburn.png?resize=200%2C200&amp;ssl=1 200w, https:\/\/i0.wp.com\/well-grounded.org\/wp-content\/uploads\/2023\/11\/Well-Grounded-Alison-Coburn.png?resize=300%2C300&amp;ssl=1 300w, https:\/\/i0.wp.com\/well-grounded.org\/wp-content\/uploads\/2023\/11\/Well-Grounded-Alison-Coburn.png?resize=400%2C400&amp;ssl=1 400w, https:\/\/i0.wp.com\/well-grounded.org\/wp-content\/uploads\/2023\/11\/Well-Grounded-Alison-Coburn.png?w=468&amp;ssl=1 468w\" sizes=\"(max-width: 1024px) 100vw, (max-width: 640px) 100vw, 400px\" \/><\/span><\/div><div class=\"fusion-separator fusion-full-width-sep\" style=\"align-self: center;margin-left: auto;margin-right: auto;margin-top:20px;width:100%;\"><\/div><div class=\"accordian fusion-accordian\" style=\"--awb-border-size:1px;--awb-icon-size:25px;--awb-content-font-size:17px;--awb-icon-alignment:left;--awb-hover-color:#ffffff;--awb-border-color:#c7d300;--awb-background-color:#ffffff;--awb-divider-color:#e7e4e2;--awb-divider-hover-color:#e7e4e2;--awb-icon-color:#c7d300;--awb-title-color:#c7d300;--awb-content-color:#000000;--awb-icon-box-color:#333333;--awb-toggle-hover-accent-color:#c7d300;--awb-title-font-family:&quot;Zilla Slab&quot;;--awb-title-font-weight:regular;--awb-title-font-style:normal;--awb-title-font-size:15px;--awb-content-font-family:&quot;PT Sans&quot;;--awb-content-font-style:normal;--awb-content-font-weight:400;\"><div class=\"panel-group fusion-toggle-icon-unboxed\" id=\"accordion-5498-19\"><div class=\"fusion-panel panel-default panel-5b45e1ccaffe9ca61 fusion-toggle-no-divider fusion-toggle-boxed-mode\"><div class=\"panel-heading\"><h4 class=\"panel-title toggle\" id=\"toggle_5b45e1ccaffe9ca61\"><a aria-expanded=\"false\" aria-controls=\"5b45e1ccaffe9ca61\" role=\"button\" data-toggle=\"collapse\" data-parent=\"#accordion-5498-19\" data-target=\"#5b45e1ccaffe9ca61\" href=\"#5b45e1ccaffe9ca61\"><span class=\"fusion-toggle-icon-wrapper\" aria-hidden=\"true\"><i class=\"fa-fusion-box active-icon awb-icon-minus\" aria-hidden=\"true\"><\/i><i class=\"fa-fusion-box inactive-icon awb-icon-plus\" aria-hidden=\"true\"><\/i><\/span><span class=\"fusion-toggle-heading\">En savoir plus sur Alison<\/span><\/a><\/h4><\/div><div id=\"5b45e1ccaffe9ca61\" class=\"panel-collapse collapse \" aria-labelledby=\"toggle_5b45e1ccaffe9ca61\"><div class=\"panel-body toggle-content fusion-clearfix\">\n<p><strong>A rejoint le conseil d&rsquo;administration en\u00a0:<\/strong><\/p>\n<p><strong>Exp\u00e9rience ant\u00e9rieure\/ant\u00e9c\u00e9dent : <\/strong><\/p>\n<p>Alison a pass\u00e9 la majeure partie de sa carri\u00e8re \u00e0 travailler avec des dirigeants du monde entier, souvent dans des environnements difficiles. Elle est l&rsquo;une des fondatrices de Common Purpose, une organisation internationale de d\u00e9veloppement du leadership qui compte aujourd&rsquo;hui 100 000 anciens \u00e9l\u00e8ves dans le monde.<\/p>\n<p>En tant que directrice g\u00e9n\u00e9rale de Common Purpose International, elle a \u00e9t\u00e9 le fer de lance du d\u00e9veloppement de Common Purpose en France, en Allemagne, au Ghana, en Hongrie, en Inde, aux Pays-Bas, en Afrique du Sud et en Turquie. Elle a dirig\u00e9 le travail de Common Purpose au Moyen-Orient et en Afrique du Nord pendant plusieurs ann\u00e9es. Il a notamment dirig\u00e9 un programme de renforcement des capacit\u00e9s soutenu par l&rsquo;UE en Libye de 2011 \u00e0 2013, pendant et apr\u00e8s le conflit dans le pays.<\/p>\n<p>En 2020, elle a fond\u00e9 <a href=\"https:\/\/commonpurpose.org\/leadership-programmes\/sky-blue\/\">Sky Blue<\/a>, un programme qui rassemble des leaders du monde entier qui se concentrent sur les d\u00e9fis environnementaux. Elle se passionne pour le soutien et le d\u00e9veloppement du leadership des personnes qui s&rsquo;attaquent aux crises du climat, des d\u00e9chets et de la biodiversit\u00e9.<\/p>\n<p>Au d\u00e9but de sa carri\u00e8re, Alison a travaill\u00e9 pour l&rsquo;Arts Council of Great Britain, Community Service Volunteers et la BBC. Elle est titulaire d&rsquo;une licence en \u00e9tudes am\u00e9ricaines de l&rsquo;universit\u00e9 du Kent &#8211; elle a \u00e9tudi\u00e9 au Royaume-Uni et aux \u00c9tats-Unis.<\/p>\n<p>Elle est membre du conseil d&rsquo;administration de la Mission Zero Academy (MiZA) et membre du conseil d&rsquo;administration de Well Grounded. Alison est \u00e9galement ambassadrice de la Tutu Foundation UK et membre du conseil consultatif international de la Human Health Education and Research Foundation.<\/p>\n<\/div><\/div><\/div><\/div><\/div><\/div><\/div><div class=\"fusion-layout-column fusion_builder_column fusion-builder-column-26 fusion_builder_column_1_3 1_3 fusion-flex-column\" style=\"--awb-bg-size:cover;--awb-width-large:33.333333333333%;--awb-margin-top-large:10px;--awb-spacing-right-large:5.76%;--awb-margin-bottom-large:10px;--awb-spacing-left-large:5.76%;--awb-width-medium:100%;--awb-order-medium:0;--awb-spacing-right-medium:1.92%;--awb-spacing-left-medium:1.92%;--awb-width-small:100%;--awb-order-small:0;--awb-spacing-right-small:1.92%;--awb-spacing-left-small:1.92%;\"><div class=\"fusion-column-wrapper fusion-column-has-shadow fusion-flex-justify-content-flex-start fusion-content-layout-column\"><div class=\"fusion-text fusion-text-48\" style=\"--awb-text-transform:none;\"><h3><span style=\"color: #000000;\">C\u00e9sar Ngule<\/span><\/h3>\n<\/div><div class=\"fusion-separator fusion-full-width-sep\" style=\"align-self: center;margin-left: auto;margin-right: auto;margin-top:20px;width:100%;\"><\/div><div class=\"fusion-image-element \" style=\"--awb-caption-title-font-family:var(--h2_typography-font-family);--awb-caption-title-font-weight:var(--h2_typography-font-weight);--awb-caption-title-font-style:var(--h2_typography-font-style);--awb-caption-title-size:var(--h2_typography-font-size);--awb-caption-title-transform:var(--h2_typography-text-transform);--awb-caption-title-line-height:var(--h2_typography-line-height);--awb-caption-title-letter-spacing:var(--h2_typography-letter-spacing);\"><span class=\" fusion-imageframe imageframe-none imageframe-21 hover-type-none\"><img data-recalc-dims=\"1\" decoding=\"async\" width=\"300\" height=\"300\" title=\"Well Grounded Caesar Ngule\" src=\"https:\/\/i0.wp.com\/well-grounded.org\/wp-content\/uploads\/2023\/11\/Well-Grounded-Caesar-Ngule.png?resize=300%2C300&#038;ssl=1\" alt class=\"img-responsive wp-image-11208\" srcset=\"https:\/\/i0.wp.com\/well-grounded.org\/wp-content\/uploads\/2023\/11\/Well-Grounded-Caesar-Ngule.png?resize=66%2C66&amp;ssl=1 66w, https:\/\/i0.wp.com\/well-grounded.org\/wp-content\/uploads\/2023\/11\/Well-Grounded-Caesar-Ngule.png?resize=150%2C150&amp;ssl=1 150w, https:\/\/i0.wp.com\/well-grounded.org\/wp-content\/uploads\/2023\/11\/Well-Grounded-Caesar-Ngule.png?resize=200%2C200&amp;ssl=1 200w, https:\/\/i0.wp.com\/well-grounded.org\/wp-content\/uploads\/2023\/11\/Well-Grounded-Caesar-Ngule.png?resize=300%2C300&amp;ssl=1 300w, https:\/\/i0.wp.com\/well-grounded.org\/wp-content\/uploads\/2023\/11\/Well-Grounded-Caesar-Ngule.png?resize=400%2C400&amp;ssl=1 400w, https:\/\/i0.wp.com\/well-grounded.org\/wp-content\/uploads\/2023\/11\/Well-Grounded-Caesar-Ngule.png?w=468&amp;ssl=1 468w\" sizes=\"(max-width: 1024px) 100vw, (max-width: 640px) 100vw, 400px\" \/><\/span><\/div><div class=\"fusion-separator fusion-full-width-sep\" style=\"align-self: center;margin-left: auto;margin-right: auto;margin-top:20px;width:100%;\"><\/div><div class=\"accordian fusion-accordian\" style=\"--awb-border-size:1px;--awb-icon-size:25px;--awb-content-font-size:17px;--awb-icon-alignment:left;--awb-hover-color:#ffffff;--awb-border-color:#c7d300;--awb-background-color:#ffffff;--awb-divider-color:#e7e4e2;--awb-divider-hover-color:#e7e4e2;--awb-icon-color:#c7d300;--awb-title-color:#c7d300;--awb-content-color:#000000;--awb-icon-box-color:#333333;--awb-toggle-hover-accent-color:#c7d300;--awb-title-font-family:&quot;Zilla Slab&quot;;--awb-title-font-weight:regular;--awb-title-font-style:normal;--awb-title-font-size:15px;--awb-content-font-family:&quot;PT Sans&quot;;--awb-content-font-style:normal;--awb-content-font-weight:400;\"><div class=\"panel-group fusion-toggle-icon-unboxed\" id=\"accordion-5498-20\"><div class=\"fusion-panel panel-default panel-6de7c11f275710d36 fusion-toggle-no-divider fusion-toggle-boxed-mode\"><div class=\"panel-heading\"><h4 class=\"panel-title toggle\" id=\"toggle_6de7c11f275710d36\"><a aria-expanded=\"false\" aria-controls=\"6de7c11f275710d36\" role=\"button\" data-toggle=\"collapse\" data-parent=\"#accordion-5498-20\" data-target=\"#6de7c11f275710d36\" href=\"#6de7c11f275710d36\"><span class=\"fusion-toggle-icon-wrapper\" aria-hidden=\"true\"><i class=\"fa-fusion-box active-icon awb-icon-minus\" aria-hidden=\"true\"><\/i><i class=\"fa-fusion-box inactive-icon awb-icon-plus\" aria-hidden=\"true\"><\/i><\/span><span class=\"fusion-toggle-heading\">En savoir plus sur C\u00e9sar<\/span><\/a><\/h4><\/div><div id=\"6de7c11f275710d36\" class=\"panel-collapse collapse \" aria-labelledby=\"toggle_6de7c11f275710d36\"><div class=\"panel-body toggle-content fusion-clearfix\">\n<p><strong>Nationalit\u00e9 :<\/strong> Kenya<\/p>\n<p><strong>Lieu\/Base\u00a0:<\/strong> Nairobi, Kenya<\/p>\n<p><strong>Langues :<\/strong> Anglais, Kiswahili<\/p>\n<p><strong>Comp\u00e9tences cl\u00e9s :<\/strong> Planification strat\u00e9gique, suivi et \u00e9valuation, sauvegarde et risques, conception et mise en \u0153uvre de programmes, d\u00e9veloppement des capacit\u00e9s\/OD, durabilit\u00e9, localisation\/transfert de la main-d&rsquo;\u0153uvre.<\/p>\n<p>Travaillant actuellement pour le KCDF en tant que directeur des programmes, Caesar est un professionnel de la gestion de projet exp\u00e9riment\u00e9 et comp\u00e9tent, avec plus de 15 ans d&rsquo;exp\u00e9rience d\u00e9montrable, qui assume l&rsquo;enti\u00e8re responsabilit\u00e9 de la planification, de la structuration, de la direction et de l&rsquo;ex\u00e9cution de projets et de programmes \u00e0 fort impact.<\/p>\n<p>Il est hautement qualifi\u00e9 en mati\u00e8re de d\u00e9veloppement organisationnel, de syst\u00e8mes de march\u00e9 et de d\u00e9veloppement d&rsquo;entreprises sociales, de programmation de l&rsquo;\u00e9ducation, d&rsquo;att\u00e9nuation des effets du changement climatique et de moyens de subsistance s\u00fbrs dans le cadre d&rsquo;approches communautaires et de philanthropie locale visant \u00e0 transf\u00e9rer efficacement le pouvoir aux communaut\u00e9s.<\/p>\n<p>C&rsquo;est un leader, un formateur, un coach et un animateur chevronn\u00e9, passionn\u00e9 par le d\u00e9veloppement durable men\u00e9 par le Sud et la communaut\u00e9.<\/p>\n<p>Caesar a \u00e9galement travaill\u00e9 en tant que responsable chez Food for the Hungry International (FHI) et Caritas Kenya, o\u00f9 il a collabor\u00e9 avec de nombreuses communaut\u00e9s pour concevoir et mettre en \u0153uvre des programmes de sant\u00e9, d&rsquo;\u00e9ducation et de subsistance. Il a mis en \u0153uvre des programmes pluriannuels financ\u00e9s par diverses organisations gouvernementales et intergouvernementales, des fondations priv\u00e9es et publiques, des entreprises et d&rsquo;autres organisations non gouvernementales accordant des subventions.<\/p>\n<p>Caesar est titulaire d&rsquo;une ma\u00eetrise en planification et gestion de projets, d&rsquo;un dipl\u00f4me de troisi\u00e8me cycle en leadership et gestion du d\u00e9veloppement communautaire et d&rsquo;une licence en d\u00e9veloppement communautaire.<\/p>\n<\/div><\/div><\/div><\/div><\/div><\/div><\/div><div class=\"fusion-layout-column fusion_builder_column fusion-builder-column-27 fusion_builder_column_1_3 1_3 fusion-flex-column\" style=\"--awb-bg-size:cover;--awb-width-large:33.333333333333%;--awb-margin-top-large:10px;--awb-spacing-right-large:5.76%;--awb-margin-bottom-large:10px;--awb-spacing-left-large:5.76%;--awb-width-medium:100%;--awb-order-medium:0;--awb-spacing-right-medium:1.92%;--awb-spacing-left-medium:1.92%;--awb-width-small:100%;--awb-order-small:0;--awb-spacing-right-small:1.92%;--awb-spacing-left-small:1.92%;\"><div class=\"fusion-column-wrapper fusion-column-has-shadow fusion-flex-justify-content-flex-start fusion-content-layout-column\"><div class=\"fusion-text fusion-text-49\" style=\"--awb-text-transform:none;\"><h3><span style=\"color: #000000;\">Yulia Stange<\/span><\/h3>\n<\/div><div class=\"fusion-separator fusion-full-width-sep\" style=\"align-self: center;margin-left: auto;margin-right: auto;margin-top:20px;width:100%;\"><\/div><div class=\"fusion-image-element \" style=\"--awb-caption-title-font-family:var(--h2_typography-font-family);--awb-caption-title-font-weight:var(--h2_typography-font-weight);--awb-caption-title-font-style:var(--h2_typography-font-style);--awb-caption-title-size:var(--h2_typography-font-size);--awb-caption-title-transform:var(--h2_typography-text-transform);--awb-caption-title-line-height:var(--h2_typography-line-height);--awb-caption-title-letter-spacing:var(--h2_typography-letter-spacing);\"><span class=\" fusion-imageframe imageframe-none imageframe-22 hover-type-none\"><img data-recalc-dims=\"1\" decoding=\"async\" width=\"300\" height=\"300\" title=\"Well Grounded Yulia Stange\" src=\"https:\/\/i0.wp.com\/well-grounded.org\/wp-content\/uploads\/2023\/11\/Well-Grounded-Yulia-Stange-1.png?resize=300%2C300&#038;ssl=1\" alt class=\"img-responsive wp-image-11212\" srcset=\"https:\/\/i0.wp.com\/well-grounded.org\/wp-content\/uploads\/2023\/11\/Well-Grounded-Yulia-Stange-1.png?resize=66%2C66&amp;ssl=1 66w, https:\/\/i0.wp.com\/well-grounded.org\/wp-content\/uploads\/2023\/11\/Well-Grounded-Yulia-Stange-1.png?resize=150%2C150&amp;ssl=1 150w, https:\/\/i0.wp.com\/well-grounded.org\/wp-content\/uploads\/2023\/11\/Well-Grounded-Yulia-Stange-1.png?resize=200%2C200&amp;ssl=1 200w, https:\/\/i0.wp.com\/well-grounded.org\/wp-content\/uploads\/2023\/11\/Well-Grounded-Yulia-Stange-1.png?resize=300%2C300&amp;ssl=1 300w, https:\/\/i0.wp.com\/well-grounded.org\/wp-content\/uploads\/2023\/11\/Well-Grounded-Yulia-Stange-1.png?resize=400%2C400&amp;ssl=1 400w, https:\/\/i0.wp.com\/well-grounded.org\/wp-content\/uploads\/2023\/11\/Well-Grounded-Yulia-Stange-1.png?w=468&amp;ssl=1 468w\" sizes=\"(max-width: 1024px) 100vw, (max-width: 640px) 100vw, 400px\" \/><\/span><\/div><div class=\"fusion-separator fusion-full-width-sep\" style=\"align-self: center;margin-left: auto;margin-right: auto;margin-top:20px;width:100%;\"><\/div><div class=\"accordian fusion-accordian\" style=\"--awb-border-size:1px;--awb-icon-size:25px;--awb-content-font-size:17px;--awb-icon-alignment:left;--awb-hover-color:#ffffff;--awb-border-color:#c7d300;--awb-background-color:#ffffff;--awb-divider-color:#e7e4e2;--awb-divider-hover-color:#e7e4e2;--awb-icon-color:#c7d300;--awb-title-color:#c7d300;--awb-content-color:#000000;--awb-icon-box-color:#333333;--awb-toggle-hover-accent-color:#c7d300;--awb-title-font-family:&quot;Zilla Slab&quot;;--awb-title-font-weight:regular;--awb-title-font-style:normal;--awb-title-font-size:15px;--awb-content-font-family:&quot;PT Sans&quot;;--awb-content-font-style:normal;--awb-content-font-weight:400;\"><div class=\"panel-group fusion-toggle-icon-unboxed\" id=\"accordion-5498-21\"><div class=\"fusion-panel panel-default panel-81b5ff5637f10954b fusion-toggle-no-divider fusion-toggle-boxed-mode\"><div class=\"panel-heading\"><h4 class=\"panel-title toggle\" id=\"toggle_81b5ff5637f10954b\"><a aria-expanded=\"false\" aria-controls=\"81b5ff5637f10954b\" role=\"button\" data-toggle=\"collapse\" data-parent=\"#accordion-5498-21\" data-target=\"#81b5ff5637f10954b\" href=\"#81b5ff5637f10954b\"><span class=\"fusion-toggle-icon-wrapper\" aria-hidden=\"true\"><i class=\"fa-fusion-box active-icon awb-icon-minus\" aria-hidden=\"true\"><\/i><i class=\"fa-fusion-box inactive-icon awb-icon-plus\" aria-hidden=\"true\"><\/i><\/span><span class=\"fusion-toggle-heading\">En savoir plus sur Yulia<\/span><\/a><\/h4><\/div><div id=\"81b5ff5637f10954b\" class=\"panel-collapse collapse \" aria-labelledby=\"toggle_81b5ff5637f10954b\"><div class=\"panel-body toggle-content fusion-clearfix\">\n<p><strong>Nationalit\u00e9 :<\/strong> Britannique<\/p>\n<p><strong>Lieu\/Base :<\/strong> Royaume-Uni<\/p>\n<p><strong>Langues :<\/strong> Anglais et fran\u00e7ais<\/p>\n<p><strong>Comp\u00e9tences cl\u00e9s :<\/strong> Elle s&rsquo;appuie sur plus de 20 ans d&rsquo;exp\u00e9rience dans le secteur public, le secteur priv\u00e9, la soci\u00e9t\u00e9 civile, le monde universitaire et les organisations internationales pour relever les d\u00e9fis du climat, du d\u00e9veloppement et de la biodiversit\u00e9.<\/p>\n<p>Yulia est directrice principale du secr\u00e9tariat de la Nature Crime Alliance. Accueillie par le World Resources Institute, l&rsquo;Alliance est une initiative mondiale multipartite visant \u00e0 lutter contre l&rsquo;exploitation foresti\u00e8re ill\u00e9gale, la p\u00eache ill\u00e9gale, le commerce ill\u00e9gal d&rsquo;esp\u00e8ces sauvages, l&rsquo;exploitation mini\u00e8re ill\u00e9gale et la conversion ill\u00e9gale de terres et de for\u00eats \u00e0 des fins agricoles. Elle s&rsquo;int\u00e9resse particuli\u00e8rement aux coalitions multipartites pour le changement et au soutien des processus et des organisations qui favorisent l&rsquo;action communautaire.<\/p>\n<p>Avant de rejoindre le WRI pour d\u00e9velopper l&rsquo;Alliance contre les crimes contre la nature, Yulia \u00e9tait directrice principale du programme sur le climat et les for\u00eats de l&rsquo;organisation caritative de droit environnemental ClientEarth. Elle a coordonn\u00e9, d\u00e9velopp\u00e9 et g\u00e9r\u00e9 plusieurs initiatives pluriannuelles de plusieurs millions d&rsquo;euros, notamment des projets de gouvernance foresti\u00e8re et de foresterie communautaire en Afrique occidentale et centrale, ainsi que des projets sur l&rsquo;exploitation et le commerce ill\u00e9gaux, et les produits de base de la d\u00e9forestation en Europe, en Chine et dans le monde.<\/p>\n<\/div><\/div><\/div><\/div><\/div><\/div><\/div><\/div><\/div><\/p>\n","protected":false},"excerpt":{"rendered":"","protected":false},"author":1,"featured_media":0,"parent":0,"menu_order":0,"comment_status":"closed","ping_status":"closed","template":"","meta":{"footnotes":""},"class_list":["post-5498","page","type-page","status-publish","hentry"],"yoast_head":"<!-- This site is optimized with the Yoast SEO plugin v27.4 - https:\/\/yoast.com\/product\/yoast-seo-wordpress\/ -->\n<title>Membres de l&#039;\u00e9quipe - Well Grounded<\/title>\n<meta name=\"robots\" content=\"index, follow, max-snippet:-1, max-image-preview:large, max-video-preview:-1\" \/>\n<link rel=\"canonical\" href=\"https:\/\/well-grounded.org\/fr\/rencontrer-lequipe\/\" \/>\n<meta property=\"og:locale\" content=\"fr_FR\" \/>\n<meta property=\"og:type\" content=\"article\" \/>\n<meta property=\"og:title\" content=\"Membres de l&#039;\u00e9quipe - Well Grounded\" \/>\n<meta property=\"og:url\" content=\"https:\/\/well-grounded.org\/fr\/rencontrer-lequipe\/\" \/>\n<meta property=\"og:site_name\" content=\"Well Grounded\" \/>\n<meta property=\"article:modified_time\" content=\"2026-03-24T15:13:24+00:00\" \/>\n<meta name=\"twitter:card\" content=\"summary_large_image\" \/>\n<meta name=\"twitter:label1\" content=\"Dur\u00e9e de lecture estim\u00e9e\" \/>\n\t<meta name=\"twitter:data1\" content=\"31 minutes\" \/>\n<!-- \/ Yoast SEO plugin. -->","yoast_head_json":{"title":"Membres de l'\u00e9quipe - Well Grounded","robots":{"index":"index","follow":"follow","max-snippet":"max-snippet:-1","max-image-preview":"max-image-preview:large","max-video-preview":"max-video-preview:-1"},"canonical":"https:\/\/well-grounded.org\/fr\/rencontrer-lequipe\/","og_locale":"fr_FR","og_type":"article","og_title":"Membres de l'\u00e9quipe - Well Grounded","og_url":"https:\/\/well-grounded.org\/fr\/rencontrer-lequipe\/","og_site_name":"Well Grounded","article_modified_time":"2026-03-24T15:13:24+00:00","twitter_card":"summary_large_image","twitter_misc":{"Dur\u00e9e de lecture estim\u00e9e":"31 minutes"},"schema":{"@context":"https:\/\/schema.org","@graph":[{"@type":"WebPage","@id":"https:\/\/well-grounded.org\/fr\/rencontrer-lequipe\/","url":"https:\/\/well-grounded.org\/fr\/rencontrer-lequipe\/","name":"Membres de l'\u00e9quipe - Well Grounded","isPartOf":{"@id":"https:\/\/well-grounded.org\/fr\/#website"},"datePublished":"2022-04-05T15:20:09+00:00","dateModified":"2026-03-24T15:13:24+00:00","breadcrumb":{"@id":"https:\/\/well-grounded.org\/fr\/rencontrer-lequipe\/#breadcrumb"},"inLanguage":"fr-FR","potentialAction":[{"@type":"ReadAction","target":["https:\/\/well-grounded.org\/fr\/rencontrer-lequipe\/"]}]},{"@type":"BreadcrumbList","@id":"https:\/\/well-grounded.org\/fr\/rencontrer-lequipe\/#breadcrumb","itemListElement":[{"@type":"ListItem","position":1,"name":"Home","item":"https:\/\/well-grounded.org\/fr\/"},{"@type":"ListItem","position":2,"name":"Membres de l&#8217;\u00e9quipe"}]},{"@type":"WebSite","@id":"https:\/\/well-grounded.org\/fr\/#website","url":"https:\/\/well-grounded.org\/fr\/","name":"Well Grounded","description":"Empowering Civil Society","publisher":{"@id":"https:\/\/well-grounded.org\/fr\/#organization"},"potentialAction":[{"@type":"SearchAction","target":{"@type":"EntryPoint","urlTemplate":"https:\/\/well-grounded.org\/fr\/?s={search_term_string}"},"query-input":{"@type":"PropertyValueSpecification","valueRequired":true,"valueName":"search_term_string"}}],"inLanguage":"fr-FR"},{"@type":"Organization","@id":"https:\/\/well-grounded.org\/fr\/#organization","name":"Well Grounded","url":"https:\/\/well-grounded.org\/fr\/","logo":{"@type":"ImageObject","inLanguage":"fr-FR","@id":"https:\/\/well-grounded.org\/fr\/#\/schema\/logo\/image\/","url":"https:\/\/well-grounded.org\/wp-content\/uploads\/2022\/07\/Well-Grounded-Logo-with-tagline-no-Map.jpg","contentUrl":"https:\/\/well-grounded.org\/wp-content\/uploads\/2022\/07\/Well-Grounded-Logo-with-tagline-no-Map.jpg","width":1195,"height":809,"caption":"Well Grounded"},"image":{"@id":"https:\/\/well-grounded.org\/fr\/#\/schema\/logo\/image\/"}}]}},"jetpack_sharing_enabled":true,"_links":{"self":[{"href":"https:\/\/well-grounded.org\/fr\/wp-json\/wp\/v2\/pages\/5498","targetHints":{"allow":["GET"]}}],"collection":[{"href":"https:\/\/well-grounded.org\/fr\/wp-json\/wp\/v2\/pages"}],"about":[{"href":"https:\/\/well-grounded.org\/fr\/wp-json\/wp\/v2\/types\/page"}],"author":[{"embeddable":true,"href":"https:\/\/well-grounded.org\/fr\/wp-json\/wp\/v2\/users\/1"}],"replies":[{"embeddable":true,"href":"https:\/\/well-grounded.org\/fr\/wp-json\/wp\/v2\/comments?post=5498"}],"version-history":[{"count":0,"href":"https:\/\/well-grounded.org\/fr\/wp-json\/wp\/v2\/pages\/5498\/revisions"}],"wp:attachment":[{"href":"https:\/\/well-grounded.org\/fr\/wp-json\/wp\/v2\/media?parent=5498"}],"curies":[{"name":"wp","href":"https:\/\/api.w.org\/{rel}","templated":true}]}}